{"id":941,"date":"2013-08-15T17:50:58","date_gmt":"2013-08-15T09:50:58","guid":{"rendered":"http:\/\/vynz100photo.fr\/blog\/?page_id=941"},"modified":"2013-08-24T18:19:45","modified_gmt":"2013-08-24T10:19:45","slug":"pause-a-ashibetsu-15-juillet","status":"publish","type":"page","link":"https:\/\/vynz100photo.fr\/blog\/voyages\/japon-hokkaido\/pause-a-ashibetsu-15-juillet\/","title":{"rendered":"Pause \u00e0 Ashibetsu (15 juillet)"},"content":{"rendered":"<p style=\"text-align: justify;\"><a href=\"https:\/\/i0.wp.com\/vynz100photo.fr\/blog\/wp-content\/uploads\/2013\/08\/ashibetsu.jpg?ssl=1\"><img data-recalc-dims=\"1\" loading=\"lazy\" decoding=\"async\" data-attachment-id=\"1070\" data-permalink=\"https:\/\/vynz100photo.fr\/blog\/voyages\/japon-hokkaido\/pause-a-ashibetsu-15-juillet\/ashibetsu\/\" data-orig-file=\"https:\/\/i0.wp.com\/vynz100photo.fr\/blog\/wp-content\/uploads\/2013\/08\/ashibetsu.jpg?fit=1548%2C1165&amp;ssl=1\" data-orig-size=\"1548,1165\" data-comments-opened=\"1\" data-image-meta=\"{&quot;aperture&quot;:&quot;0&quot;,&quot;credit&quot;:&quot;&quot;,&quot;camera&quot;:&quot;&quot;,&quot;caption&quot;:&quot;&quot;,&quot;created_timestamp&quot;:&quot;0&quot;,&quot;copyright&quot;:&quot;&quot;,&quot;focal_length&quot;:&quot;0&quot;,&quot;iso&quot;:&quot;0&quot;,&quot;shutter_speed&quot;:&quot;0&quot;,&quot;title&quot;:&quot;&quot;}\" data-image-title=\"ashibetsu\" data-image-description=\"\" data-image-caption=\"\" data-large-file=\"https:\/\/i0.wp.com\/vynz100photo.fr\/blog\/wp-content\/uploads\/2013\/08\/ashibetsu.jpg?fit=800%2C602&amp;ssl=1\" class=\"aligncenter size-large wp-image-1070\" alt=\"ashibetsu\" src=\"https:\/\/i0.wp.com\/vynz100photo.fr\/blog\/wp-content\/uploads\/2013\/08\/ashibetsu.jpg?resize=800%2C601&#038;ssl=1\" width=\"800\" height=\"601\" srcset=\"https:\/\/i0.wp.com\/vynz100photo.fr\/blog\/wp-content\/uploads\/2013\/08\/ashibetsu.jpg?resize=1024%2C770&amp;ssl=1 1024w, https:\/\/i0.wp.com\/vynz100photo.fr\/blog\/wp-content\/uploads\/2013\/08\/ashibetsu.jpg?resize=300%2C225&amp;ssl=1 300w, https:\/\/i0.wp.com\/vynz100photo.fr\/blog\/wp-content\/uploads\/2013\/08\/ashibetsu.jpg?w=1548&amp;ssl=1 1548w\" sizes=\"auto, (max-width: 800px) 100vw, 800px\" \/><\/a>Ouf, le camping est parfait: grand, ombrag\u00e9, avec douches et machine \u00e0 laver, des prises \u00e9lectriques pour recharger les batteries des appareils photos, et le meilleur: il est vide d\u00e8s que le week-end se termine&#8230;<\/p>\n<p style=\"text-align: justify;\">Ce soir-l\u00e0, les filles se font plein de copains: les enfants ont des filets \u00e0 papillons avec lesquels ils essaient de capturer les innombrables insectes qui tournoient dans les projecteurs du parking: lucanes, papillons \u00e9normes, etc&#8230;<\/p>\n<p style=\"text-align: justify;\">Une bonne nuit par dessus, et nous voil\u00e0 pr\u00eats \u00e0&#8230; \u00e0&#8230; bon, le camping est bien, on d\u00e9cide de se poser un petit peu histoire de souffler. Olivane se fait de nouveaux amis pendant le petit d\u00e9jeuner&#8230;<\/p>\n<p><img data-recalc-dims=\"1\" loading=\"lazy\" decoding=\"async\" data-attachment-id=\"955\" data-permalink=\"https:\/\/vynz100photo.fr\/blog\/voyages\/japon-hokkaido\/pause-a-ashibetsu-15-juillet\/20130715-img_2476\/\" data-orig-file=\"https:\/\/i0.wp.com\/vynz100photo.fr\/blog\/wp-content\/uploads\/2013\/08\/20130715-IMG_2476.jpg?fit=683%2C1024&amp;ssl=1\" data-orig-size=\"683,1024\" data-comments-opened=\"1\" data-image-meta=\"{&quot;aperture&quot;:&quot;2.8&quot;,&quot;credit&quot;:&quot;Vincent Verger&quot;,&quot;camera&quot;:&quot;Canon EOS 5D Mark II&quot;,&quot;caption&quot;:&quot;&quot;,&quot;created_timestamp&quot;:&quot;1373890103&quot;,&quot;copyright&quot;:&quot;Vincent Verger&quot;,&quot;focal_length&quot;:&quot;50&quot;,&quot;iso&quot;:&quot;200&quot;,&quot;shutter_speed&quot;:&quot;0.002&quot;,&quot;title&quot;:&quot;&quot;}\" data-image-title=\"20130715-IMG_2476\" data-image-description=\"\" data-image-caption=\"\" data-large-file=\"https:\/\/i0.wp.com\/vynz100photo.fr\/blog\/wp-content\/uploads\/2013\/08\/20130715-IMG_2476.jpg?fit=683%2C1024&amp;ssl=1\" class=\"aligncenter size-full wp-image-955\" alt=\"20130715-IMG_2476\" src=\"https:\/\/i0.wp.com\/vynz100photo.fr\/blog\/wp-content\/uploads\/2013\/08\/20130715-IMG_2476.jpg?resize=683%2C1024&#038;ssl=1\" width=\"683\" height=\"1024\" srcset=\"https:\/\/i0.wp.com\/vynz100photo.fr\/blog\/wp-content\/uploads\/2013\/08\/20130715-IMG_2476.jpg?w=683&amp;ssl=1 683w, https:\/\/i0.wp.com\/vynz100photo.fr\/blog\/wp-content\/uploads\/2013\/08\/20130715-IMG_2476.jpg?resize=200%2C300&amp;ssl=1 200w\" sizes=\"auto, (max-width: 683px) 100vw, 683px\" \/><\/p>\n<p style=\"text-align: justify;\">On en profite donc pour faire le tour de ce coin presque d\u00e9sert, enfin quand Olivane \u00a0consent \u00e0 laisser sa nouvelle copine tranquille!<\/p>\n<p style=\"text-align: justify;\">En faisant quelques kilom\u00e8tres, dans le village voisin d&rsquo;Ashibetsu, une forme blanche \u00e9tincelante nous interpelle, on d\u00e9cide de se rapprocher. Une statue gigantesque de Bouddha domine des tire-fesses \u00e0 l&rsquo;arr\u00eat!<\/p>\n<p style=\"text-align: justify;\"><a href=\"https:\/\/i0.wp.com\/vynz100photo.fr\/blog\/wp-content\/uploads\/2013\/08\/20130715-DSC03223.jpg?ssl=1\"><img data-recalc-dims=\"1\" loading=\"lazy\" decoding=\"async\" data-attachment-id=\"954\" data-permalink=\"https:\/\/vynz100photo.fr\/blog\/voyages\/japon-hokkaido\/pause-a-ashibetsu-15-juillet\/20130715-dsc03223\/\" data-orig-file=\"https:\/\/i0.wp.com\/vynz100photo.fr\/blog\/wp-content\/uploads\/2013\/08\/20130715-DSC03223.jpg?fit=1023%2C680&amp;ssl=1\" data-orig-size=\"1023,680\" data-comments-opened=\"1\" data-image-meta=\"{&quot;aperture&quot;:&quot;8&quot;,&quot;credit&quot;:&quot;Claire Verger&quot;,&quot;camera&quot;:&quot;NEX-5N&quot;,&quot;caption&quot;:&quot;&quot;,&quot;created_timestamp&quot;:&quot;1373892340&quot;,&quot;copyright&quot;:&quot;Claire Verger&quot;,&quot;focal_length&quot;:&quot;30&quot;,&quot;iso&quot;:&quot;100&quot;,&quot;shutter_speed&quot;:&quot;0.00125&quot;,&quot;title&quot;:&quot;&quot;}\" data-image-title=\"20130715-DSC03223\" data-image-description=\"\" data-image-caption=\"\" data-large-file=\"https:\/\/i0.wp.com\/vynz100photo.fr\/blog\/wp-content\/uploads\/2013\/08\/20130715-DSC03223.jpg?fit=800%2C532&amp;ssl=1\" class=\"aligncenter size-full wp-image-954\" alt=\"20130715-DSC03223\" src=\"https:\/\/i0.wp.com\/vynz100photo.fr\/blog\/wp-content\/uploads\/2013\/08\/20130715-DSC03223.jpg?resize=800%2C532&#038;ssl=1\" width=\"800\" height=\"532\" srcset=\"https:\/\/i0.wp.com\/vynz100photo.fr\/blog\/wp-content\/uploads\/2013\/08\/20130715-DSC03223.jpg?w=1023&amp;ssl=1 1023w, https:\/\/i0.wp.com\/vynz100photo.fr\/blog\/wp-content\/uploads\/2013\/08\/20130715-DSC03223.jpg?resize=300%2C199&amp;ssl=1 300w\" sizes=\"auto, (max-width: 800px) 100vw, 800px\" \/><\/a><\/p>\n<p style=\"text-align: justify;\">Juste \u00e0 c\u00f4t\u00e9, on aper\u00e7oit un temple&#8230; on s&rsquo;arr\u00eate, on n&rsquo;en a pas vu beaucoup depuis notre arriv\u00e9e&#8230;<\/p>\n<p style=\"text-align: justify;\"><a href=\"https:\/\/i0.wp.com\/vynz100photo.fr\/blog\/wp-content\/uploads\/2013\/08\/20130715-DSC03228.jpg?ssl=1\"><img data-recalc-dims=\"1\" loading=\"lazy\" decoding=\"async\" data-attachment-id=\"953\" data-permalink=\"https:\/\/vynz100photo.fr\/blog\/voyages\/japon-hokkaido\/pause-a-ashibetsu-15-juillet\/20130715-dsc03228\/\" data-orig-file=\"https:\/\/i0.wp.com\/vynz100photo.fr\/blog\/wp-content\/uploads\/2013\/08\/20130715-DSC03228.jpg?fit=680%2C1023&amp;ssl=1\" data-orig-size=\"680,1023\" data-comments-opened=\"1\" data-image-meta=\"{&quot;aperture&quot;:&quot;8&quot;,&quot;credit&quot;:&quot;Claire Verger&quot;,&quot;camera&quot;:&quot;NEX-5N&quot;,&quot;caption&quot;:&quot;&quot;,&quot;created_timestamp&quot;:&quot;1373892682&quot;,&quot;copyright&quot;:&quot;Claire Verger&quot;,&quot;focal_length&quot;:&quot;30&quot;,&quot;iso&quot;:&quot;100&quot;,&quot;shutter_speed&quot;:&quot;0.003125&quot;,&quot;title&quot;:&quot;&quot;}\" data-image-title=\"20130715-DSC03228\" data-image-description=\"\" data-image-caption=\"\" data-large-file=\"https:\/\/i0.wp.com\/vynz100photo.fr\/blog\/wp-content\/uploads\/2013\/08\/20130715-DSC03228.jpg?fit=680%2C1023&amp;ssl=1\" class=\"aligncenter size-full wp-image-953\" alt=\"20130715-DSC03228\" src=\"https:\/\/i0.wp.com\/vynz100photo.fr\/blog\/wp-content\/uploads\/2013\/08\/20130715-DSC03228.jpg?resize=680%2C1023&#038;ssl=1\" width=\"680\" height=\"1023\" srcset=\"https:\/\/i0.wp.com\/vynz100photo.fr\/blog\/wp-content\/uploads\/2013\/08\/20130715-DSC03228.jpg?w=680&amp;ssl=1 680w, https:\/\/i0.wp.com\/vynz100photo.fr\/blog\/wp-content\/uploads\/2013\/08\/20130715-DSC03228.jpg?resize=199%2C300&amp;ssl=1 199w\" sizes=\"auto, (max-width: 680px) 100vw, 680px\" \/><\/a> <a href=\"https:\/\/i0.wp.com\/vynz100photo.fr\/blog\/wp-content\/uploads\/2013\/08\/20130715-DSC03229.jpg?ssl=1\"><img data-recalc-dims=\"1\" loading=\"lazy\" decoding=\"async\" data-attachment-id=\"952\" data-permalink=\"https:\/\/vynz100photo.fr\/blog\/voyages\/japon-hokkaido\/pause-a-ashibetsu-15-juillet\/20130715-dsc03229\/\" data-orig-file=\"https:\/\/i0.wp.com\/vynz100photo.fr\/blog\/wp-content\/uploads\/2013\/08\/20130715-DSC03229.jpg?fit=680%2C1023&amp;ssl=1\" data-orig-size=\"680,1023\" data-comments-opened=\"1\" data-image-meta=\"{&quot;aperture&quot;:&quot;8&quot;,&quot;credit&quot;:&quot;Claire Verger&quot;,&quot;camera&quot;:&quot;NEX-5N&quot;,&quot;caption&quot;:&quot;&quot;,&quot;created_timestamp&quot;:&quot;1373892743&quot;,&quot;copyright&quot;:&quot;Claire Verger&quot;,&quot;focal_length&quot;:&quot;30&quot;,&quot;iso&quot;:&quot;100&quot;,&quot;shutter_speed&quot;:&quot;0.004&quot;,&quot;title&quot;:&quot;&quot;}\" data-image-title=\"20130715-DSC03229\" data-image-description=\"\" data-image-caption=\"\" data-large-file=\"https:\/\/i0.wp.com\/vynz100photo.fr\/blog\/wp-content\/uploads\/2013\/08\/20130715-DSC03229.jpg?fit=680%2C1023&amp;ssl=1\" class=\"aligncenter size-full wp-image-952\" alt=\"20130715-DSC03229\" src=\"https:\/\/i0.wp.com\/vynz100photo.fr\/blog\/wp-content\/uploads\/2013\/08\/20130715-DSC03229.jpg?resize=680%2C1023&#038;ssl=1\" width=\"680\" height=\"1023\" srcset=\"https:\/\/i0.wp.com\/vynz100photo.fr\/blog\/wp-content\/uploads\/2013\/08\/20130715-DSC03229.jpg?w=680&amp;ssl=1 680w, https:\/\/i0.wp.com\/vynz100photo.fr\/blog\/wp-content\/uploads\/2013\/08\/20130715-DSC03229.jpg?resize=199%2C300&amp;ssl=1 199w\" sizes=\"auto, (max-width: 680px) 100vw, 680px\" \/><\/a> Fausse alerte, ce n&rsquo;est qu&rsquo;un \u00ab\u00a0h\u00f4tel\u00a0\u00bb fa\u00e7on temple, avec ses appartements dans la pagode, son temple aux portes arrach\u00e9es&#8230; tout est \u00e0 l&rsquo;abandon, comme partout dans ce village&#8230; crack touristique? P\u00e9riode de basse fr\u00e9quentation? Lubie d&rsquo;un allum\u00e9? On ne saura jamais&#8230;<\/p>\n<p style=\"text-align: justify;\">Apr\u00e8s toutes ses \u00e9motions, on s&rsquo;arr\u00eate pour un petit repas en bord de route. Il y a des dizaines de taons qui tournent autour de la voiture d\u00e8s qu&rsquo;elle est en marche, il faut laisser ouvert le temps du repas&#8230;<\/p>\n<p style=\"text-align: justify;\"><a href=\"https:\/\/i0.wp.com\/vynz100photo.fr\/blog\/wp-content\/uploads\/2013\/08\/20130715-DSC03230.jpg?ssl=1\"><img data-recalc-dims=\"1\" loading=\"lazy\" decoding=\"async\" data-attachment-id=\"951\" data-permalink=\"https:\/\/vynz100photo.fr\/blog\/voyages\/japon-hokkaido\/pause-a-ashibetsu-15-juillet\/20130715-dsc03230\/\" data-orig-file=\"https:\/\/i0.wp.com\/vynz100photo.fr\/blog\/wp-content\/uploads\/2013\/08\/20130715-DSC03230.jpg?fit=680%2C1023&amp;ssl=1\" data-orig-size=\"680,1023\" data-comments-opened=\"1\" data-image-meta=\"{&quot;aperture&quot;:&quot;6.3&quot;,&quot;credit&quot;:&quot;Claire Verger&quot;,&quot;camera&quot;:&quot;NEX-5N&quot;,&quot;caption&quot;:&quot;&quot;,&quot;created_timestamp&quot;:&quot;1373900375&quot;,&quot;copyright&quot;:&quot;Claire Verger&quot;,&quot;focal_length&quot;:&quot;30&quot;,&quot;iso&quot;:&quot;100&quot;,&quot;shutter_speed&quot;:&quot;0.00625&quot;,&quot;title&quot;:&quot;&quot;}\" data-image-title=\"20130715-DSC03230\" data-image-description=\"\" data-image-caption=\"\" data-large-file=\"https:\/\/i0.wp.com\/vynz100photo.fr\/blog\/wp-content\/uploads\/2013\/08\/20130715-DSC03230.jpg?fit=680%2C1023&amp;ssl=1\" class=\"aligncenter size-full wp-image-951\" alt=\"20130715-DSC03230\" src=\"https:\/\/i0.wp.com\/vynz100photo.fr\/blog\/wp-content\/uploads\/2013\/08\/20130715-DSC03230.jpg?resize=680%2C1023&#038;ssl=1\" width=\"680\" height=\"1023\" srcset=\"https:\/\/i0.wp.com\/vynz100photo.fr\/blog\/wp-content\/uploads\/2013\/08\/20130715-DSC03230.jpg?w=680&amp;ssl=1 680w, https:\/\/i0.wp.com\/vynz100photo.fr\/blog\/wp-content\/uploads\/2013\/08\/20130715-DSC03230.jpg?resize=199%2C300&amp;ssl=1 199w\" sizes=\"auto, (max-width: 680px) 100vw, 680px\" \/><\/a><\/p>\n<p style=\"text-align: justify;\">On comptait faire une promenade dans les montagnes qui nous entourent, mais il n&rsquo;y a pas de chemin de randonn\u00e9e et beaucoup d&rsquo;ours, comme nous le voyons au centre d&rsquo;information touristiques du coin&#8230; tant pis!<\/p>\n<p style=\"text-align: justify;\">On poursuit nos explorations, au milieu des fermes rouill\u00e9es et plus ou moins laiss\u00e9es \u00e0 l&rsquo;abandon&#8230;<\/p>\n<p style=\"text-align: justify;\"><a href=\"https:\/\/i0.wp.com\/vynz100photo.fr\/blog\/wp-content\/uploads\/2013\/08\/20130715-DSC03232.jpg?ssl=1\"><img data-recalc-dims=\"1\" loading=\"lazy\" decoding=\"async\" data-attachment-id=\"950\" data-permalink=\"https:\/\/vynz100photo.fr\/blog\/voyages\/japon-hokkaido\/pause-a-ashibetsu-15-juillet\/20130715-dsc03232\/\" data-orig-file=\"https:\/\/i0.wp.com\/vynz100photo.fr\/blog\/wp-content\/uploads\/2013\/08\/20130715-DSC03232.jpg?fit=1023%2C680&amp;ssl=1\" data-orig-size=\"1023,680\" data-comments-opened=\"1\" data-image-meta=\"{&quot;aperture&quot;:&quot;8&quot;,&quot;credit&quot;:&quot;Claire Verger&quot;,&quot;camera&quot;:&quot;NEX-5N&quot;,&quot;caption&quot;:&quot;&quot;,&quot;created_timestamp&quot;:&quot;1373908973&quot;,&quot;copyright&quot;:&quot;Claire Verger&quot;,&quot;focal_length&quot;:&quot;19&quot;,&quot;iso&quot;:&quot;100&quot;,&quot;shutter_speed&quot;:&quot;0.0025&quot;,&quot;title&quot;:&quot;&quot;}\" data-image-title=\"20130715-DSC03232\" data-image-description=\"\" data-image-caption=\"\" data-large-file=\"https:\/\/i0.wp.com\/vynz100photo.fr\/blog\/wp-content\/uploads\/2013\/08\/20130715-DSC03232.jpg?fit=800%2C532&amp;ssl=1\" class=\"aligncenter size-full wp-image-950\" alt=\"20130715-DSC03232\" src=\"https:\/\/i0.wp.com\/vynz100photo.fr\/blog\/wp-content\/uploads\/2013\/08\/20130715-DSC03232.jpg?resize=800%2C532&#038;ssl=1\" width=\"800\" height=\"532\" srcset=\"https:\/\/i0.wp.com\/vynz100photo.fr\/blog\/wp-content\/uploads\/2013\/08\/20130715-DSC03232.jpg?w=1023&amp;ssl=1 1023w, https:\/\/i0.wp.com\/vynz100photo.fr\/blog\/wp-content\/uploads\/2013\/08\/20130715-DSC03232.jpg?resize=300%2C199&amp;ssl=1 300w\" sizes=\"auto, (max-width: 800px) 100vw, 800px\" \/><\/a><\/p>\n<p style=\"text-align: justify;\">Et l\u00e0, un truc bizarre: un parc \u00e0 th\u00e8me \u00ab\u00a0Canada World\u00a0\u00bb, avec des pancartes proclamant fi\u00e8rement des trucs en japonais qu&rsquo;on ne comprend pas. Tant pis, on y va&#8230; c&rsquo;est d\u00e9sert, voire abandonn\u00e9 (tiens, c&rsquo;est rare ici), et on comprend que dans un trou de verdure, o\u00f9 coule une rivi\u00e8re, quelqu&rsquo;un a construit un village artificiel \u00e0 la Canadienne, mais \u00e0 l&rsquo;\u00e9poque de la conqu\u00eate de l&rsquo;Ouest! Place du village, train \u00e0 vapeur (un tantinet rouill\u00e9), mar\u00e9chal ferrant, fermes&#8230; tout y est, sauf les Canadiens!<a href=\"https:\/\/i0.wp.com\/vynz100photo.fr\/blog\/wp-content\/uploads\/2013\/08\/20130715-DSC03235.jpg?ssl=1\"><img data-recalc-dims=\"1\" loading=\"lazy\" decoding=\"async\" data-attachment-id=\"949\" data-permalink=\"https:\/\/vynz100photo.fr\/blog\/voyages\/japon-hokkaido\/pause-a-ashibetsu-15-juillet\/20130715-dsc03235\/\" data-orig-file=\"https:\/\/i0.wp.com\/vynz100photo.fr\/blog\/wp-content\/uploads\/2013\/08\/20130715-DSC03235.jpg?fit=1023%2C680&amp;ssl=1\" data-orig-size=\"1023,680\" data-comments-opened=\"1\" data-image-meta=\"{&quot;aperture&quot;:&quot;8&quot;,&quot;credit&quot;:&quot;Claire Verger&quot;,&quot;camera&quot;:&quot;NEX-5N&quot;,&quot;caption&quot;:&quot;&quot;,&quot;created_timestamp&quot;:&quot;1373909416&quot;,&quot;copyright&quot;:&quot;Claire Verger&quot;,&quot;focal_length&quot;:&quot;19&quot;,&quot;iso&quot;:&quot;100&quot;,&quot;shutter_speed&quot;:&quot;0.003125&quot;,&quot;title&quot;:&quot;&quot;}\" data-image-title=\"20130715-DSC03235\" data-image-description=\"\" data-image-caption=\"\" data-large-file=\"https:\/\/i0.wp.com\/vynz100photo.fr\/blog\/wp-content\/uploads\/2013\/08\/20130715-DSC03235.jpg?fit=800%2C532&amp;ssl=1\" class=\"aligncenter size-full wp-image-949\" alt=\"20130715-DSC03235\" src=\"https:\/\/i0.wp.com\/vynz100photo.fr\/blog\/wp-content\/uploads\/2013\/08\/20130715-DSC03235.jpg?resize=800%2C532&#038;ssl=1\" width=\"800\" height=\"532\" srcset=\"https:\/\/i0.wp.com\/vynz100photo.fr\/blog\/wp-content\/uploads\/2013\/08\/20130715-DSC03235.jpg?w=1023&amp;ssl=1 1023w, https:\/\/i0.wp.com\/vynz100photo.fr\/blog\/wp-content\/uploads\/2013\/08\/20130715-DSC03235.jpg?resize=300%2C199&amp;ssl=1 300w\" sizes=\"auto, (max-width: 800px) 100vw, 800px\" \/><\/a> <a href=\"https:\/\/i0.wp.com\/vynz100photo.fr\/blog\/wp-content\/uploads\/2013\/08\/20130715-DSC03236.jpg?ssl=1\"><img data-recalc-dims=\"1\" loading=\"lazy\" decoding=\"async\" data-attachment-id=\"948\" data-permalink=\"https:\/\/vynz100photo.fr\/blog\/voyages\/japon-hokkaido\/pause-a-ashibetsu-15-juillet\/20130715-dsc03236\/\" data-orig-file=\"https:\/\/i0.wp.com\/vynz100photo.fr\/blog\/wp-content\/uploads\/2013\/08\/20130715-DSC03236.jpg?fit=1023%2C680&amp;ssl=1\" data-orig-size=\"1023,680\" data-comments-opened=\"1\" data-image-meta=\"{&quot;aperture&quot;:&quot;3.2&quot;,&quot;credit&quot;:&quot;Claire Verger&quot;,&quot;camera&quot;:&quot;NEX-5N&quot;,&quot;caption&quot;:&quot;&quot;,&quot;created_timestamp&quot;:&quot;1373909748&quot;,&quot;copyright&quot;:&quot;Claire Verger&quot;,&quot;focal_length&quot;:&quot;19&quot;,&quot;iso&quot;:&quot;100&quot;,&quot;shutter_speed&quot;:&quot;0.0015625&quot;,&quot;title&quot;:&quot;&quot;}\" data-image-title=\"20130715-DSC03236\" data-image-description=\"\" data-image-caption=\"\" data-large-file=\"https:\/\/i0.wp.com\/vynz100photo.fr\/blog\/wp-content\/uploads\/2013\/08\/20130715-DSC03236.jpg?fit=800%2C532&amp;ssl=1\" class=\"aligncenter size-full wp-image-948\" alt=\"20130715-DSC03236\" src=\"https:\/\/i0.wp.com\/vynz100photo.fr\/blog\/wp-content\/uploads\/2013\/08\/20130715-DSC03236.jpg?resize=800%2C532&#038;ssl=1\" width=\"800\" height=\"532\" srcset=\"https:\/\/i0.wp.com\/vynz100photo.fr\/blog\/wp-content\/uploads\/2013\/08\/20130715-DSC03236.jpg?w=1023&amp;ssl=1 1023w, https:\/\/i0.wp.com\/vynz100photo.fr\/blog\/wp-content\/uploads\/2013\/08\/20130715-DSC03236.jpg?resize=300%2C199&amp;ssl=1 300w\" sizes=\"auto, (max-width: 800px) 100vw, 800px\" \/><\/a> <a href=\"https:\/\/i0.wp.com\/vynz100photo.fr\/blog\/wp-content\/uploads\/2013\/08\/20130715-DSC03237.jpg?ssl=1\"><img data-recalc-dims=\"1\" loading=\"lazy\" decoding=\"async\" data-attachment-id=\"947\" data-permalink=\"https:\/\/vynz100photo.fr\/blog\/voyages\/japon-hokkaido\/pause-a-ashibetsu-15-juillet\/20130715-dsc03237\/\" data-orig-file=\"https:\/\/i0.wp.com\/vynz100photo.fr\/blog\/wp-content\/uploads\/2013\/08\/20130715-DSC03237.jpg?fit=1023%2C680&amp;ssl=1\" data-orig-size=\"1023,680\" data-comments-opened=\"1\" data-image-meta=\"{&quot;aperture&quot;:&quot;3.2&quot;,&quot;credit&quot;:&quot;Claire Verger&quot;,&quot;camera&quot;:&quot;NEX-5N&quot;,&quot;caption&quot;:&quot;&quot;,&quot;created_timestamp&quot;:&quot;1373909801&quot;,&quot;copyright&quot;:&quot;Claire Verger&quot;,&quot;focal_length&quot;:&quot;19&quot;,&quot;iso&quot;:&quot;100&quot;,&quot;shutter_speed&quot;:&quot;0.003125&quot;,&quot;title&quot;:&quot;&quot;}\" data-image-title=\"20130715-DSC03237\" data-image-description=\"\" data-image-caption=\"\" data-large-file=\"https:\/\/i0.wp.com\/vynz100photo.fr\/blog\/wp-content\/uploads\/2013\/08\/20130715-DSC03237.jpg?fit=800%2C532&amp;ssl=1\" class=\"aligncenter size-full wp-image-947\" alt=\"20130715-DSC03237\" src=\"https:\/\/i0.wp.com\/vynz100photo.fr\/blog\/wp-content\/uploads\/2013\/08\/20130715-DSC03237.jpg?resize=800%2C532&#038;ssl=1\" width=\"800\" height=\"532\" srcset=\"https:\/\/i0.wp.com\/vynz100photo.fr\/blog\/wp-content\/uploads\/2013\/08\/20130715-DSC03237.jpg?w=1023&amp;ssl=1 1023w, https:\/\/i0.wp.com\/vynz100photo.fr\/blog\/wp-content\/uploads\/2013\/08\/20130715-DSC03237.jpg?resize=300%2C199&amp;ssl=1 300w\" sizes=\"auto, (max-width: 800px) 100vw, 800px\" \/><\/a> Il est temps de rentrer, on choisit de s&rsquo;acheter des grillades pour profiter des prix tr\u00e8s int\u00e9ressants sur le thon et le saumons, ainsi que quelques saucisses pour les filles, ainsi que quelque mat\u00e9riel de camping compl\u00e9mentaire&#8230; et un filet \u00e0 papillons.<\/p>\n<p style=\"text-align: justify;\">\u00ab\u00a0Maman, \u00e7a me gratte!\u00a0\u00bb Ah? Les moustiques? Ah non, des poux! Chouette, voil\u00e0 une activit\u00e9 que l&rsquo;on va souvent refaire ici! On essaie de trouver un pharmacien sur le GPS en japonais&#8230; et on finit par en trouver un, qui apr\u00e8s 30 minutes de recherches dans son bric-\u00e0-brac h\u00e9t\u00e9roclite, finit par nous dire que ces parasites n&rsquo;existent pas dans l&rsquo;archipel, qu&rsquo;il n&rsquo;y a donc pas de produit ou de peigne ici. On a d\u00fb les ramener de Chine, selon lui.<\/p>\n<p style=\"text-align: justify;\"><a href=\"https:\/\/i0.wp.com\/vynz100photo.fr\/blog\/wp-content\/uploads\/2013\/08\/20130715-DSC03239.jpg?ssl=1\"><img data-recalc-dims=\"1\" loading=\"lazy\" decoding=\"async\" data-attachment-id=\"946\" data-permalink=\"https:\/\/vynz100photo.fr\/blog\/voyages\/japon-hokkaido\/pause-a-ashibetsu-15-juillet\/20130715-dsc03239\/\" data-orig-file=\"https:\/\/i0.wp.com\/vynz100photo.fr\/blog\/wp-content\/uploads\/2013\/08\/20130715-DSC03239.jpg?fit=680%2C1023&amp;ssl=1\" data-orig-size=\"680,1023\" data-comments-opened=\"1\" data-image-meta=\"{&quot;aperture&quot;:&quot;3.2&quot;,&quot;credit&quot;:&quot;Claire Verger&quot;,&quot;camera&quot;:&quot;NEX-5N&quot;,&quot;caption&quot;:&quot;&quot;,&quot;created_timestamp&quot;:&quot;1373910280&quot;,&quot;copyright&quot;:&quot;Claire Verger&quot;,&quot;focal_length&quot;:&quot;30&quot;,&quot;iso&quot;:&quot;100&quot;,&quot;shutter_speed&quot;:&quot;0.01&quot;,&quot;title&quot;:&quot;&quot;}\" data-image-title=\"20130715-DSC03239\" data-image-description=\"\" data-image-caption=\"\" data-large-file=\"https:\/\/i0.wp.com\/vynz100photo.fr\/blog\/wp-content\/uploads\/2013\/08\/20130715-DSC03239.jpg?fit=680%2C1023&amp;ssl=1\" class=\"aligncenter size-full wp-image-946\" alt=\"20130715-DSC03239\" src=\"https:\/\/i0.wp.com\/vynz100photo.fr\/blog\/wp-content\/uploads\/2013\/08\/20130715-DSC03239.jpg?resize=680%2C1023&#038;ssl=1\" width=\"680\" height=\"1023\" srcset=\"https:\/\/i0.wp.com\/vynz100photo.fr\/blog\/wp-content\/uploads\/2013\/08\/20130715-DSC03239.jpg?w=680&amp;ssl=1 680w, https:\/\/i0.wp.com\/vynz100photo.fr\/blog\/wp-content\/uploads\/2013\/08\/20130715-DSC03239.jpg?resize=199%2C300&amp;ssl=1 199w\" sizes=\"auto, (max-width: 680px) 100vw, 680px\" \/><\/a><\/p>\n<p style=\"text-align: justify;\">De retour au camping d\u00e9sormais vid\u00e9, on donne leur nouveau jeu aux filles, que l&rsquo;on ne verra plus pendant 2 heures&#8230;<\/p>\n<p style=\"text-align: justify;\"><a href=\"https:\/\/i0.wp.com\/vynz100photo.fr\/blog\/wp-content\/uploads\/2013\/08\/20130715-DSC03242.jpg?ssl=1\"><img data-recalc-dims=\"1\" loading=\"lazy\" decoding=\"async\" data-attachment-id=\"945\" data-permalink=\"https:\/\/vynz100photo.fr\/blog\/voyages\/japon-hokkaido\/pause-a-ashibetsu-15-juillet\/20130715-dsc03242\/\" data-orig-file=\"https:\/\/i0.wp.com\/vynz100photo.fr\/blog\/wp-content\/uploads\/2013\/08\/20130715-DSC03242.jpg?fit=680%2C1023&amp;ssl=1\" data-orig-size=\"680,1023\" data-comments-opened=\"1\" data-image-meta=\"{&quot;aperture&quot;:&quot;2.8&quot;,&quot;credit&quot;:&quot;Claire Verger&quot;,&quot;camera&quot;:&quot;NEX-5N&quot;,&quot;caption&quot;:&quot;&quot;,&quot;created_timestamp&quot;:&quot;1373911159&quot;,&quot;copyright&quot;:&quot;Claire Verger&quot;,&quot;focal_length&quot;:&quot;30&quot;,&quot;iso&quot;:&quot;100&quot;,&quot;shutter_speed&quot;:&quot;0.008&quot;,&quot;title&quot;:&quot;&quot;}\" data-image-title=\"20130715-DSC03242\" data-image-description=\"\" data-image-caption=\"\" data-large-file=\"https:\/\/i0.wp.com\/vynz100photo.fr\/blog\/wp-content\/uploads\/2013\/08\/20130715-DSC03242.jpg?fit=680%2C1023&amp;ssl=1\" class=\"aligncenter size-full wp-image-945\" alt=\"20130715-DSC03242\" src=\"https:\/\/i0.wp.com\/vynz100photo.fr\/blog\/wp-content\/uploads\/2013\/08\/20130715-DSC03242.jpg?resize=680%2C1023&#038;ssl=1\" width=\"680\" height=\"1023\" srcset=\"https:\/\/i0.wp.com\/vynz100photo.fr\/blog\/wp-content\/uploads\/2013\/08\/20130715-DSC03242.jpg?w=680&amp;ssl=1 680w, https:\/\/i0.wp.com\/vynz100photo.fr\/blog\/wp-content\/uploads\/2013\/08\/20130715-DSC03242.jpg?resize=199%2C300&amp;ssl=1 199w\" sizes=\"auto, (max-width: 680px) 100vw, 680px\" \/><\/a> Pendant ce temps, on s&rsquo;amuse \u00e0 pr\u00e9parer un bon barbecue histoire de manger AVANT l&rsquo;heure des moustiques. Inutile de dire qu&rsquo;on n&rsquo;a pas gagn\u00e9 cette course contre la montre. Mais c&rsquo;\u00e9tait bon!<\/p>\n<p style=\"text-align: justify;\"><a href=\"https:\/\/i0.wp.com\/vynz100photo.fr\/blog\/wp-content\/uploads\/2013\/08\/20130715-DSC03255.jpg?ssl=1\"><img data-recalc-dims=\"1\" loading=\"lazy\" decoding=\"async\" data-attachment-id=\"944\" data-permalink=\"https:\/\/vynz100photo.fr\/blog\/voyages\/japon-hokkaido\/pause-a-ashibetsu-15-juillet\/20130715-dsc03255\/\" data-orig-file=\"https:\/\/i0.wp.com\/vynz100photo.fr\/blog\/wp-content\/uploads\/2013\/08\/20130715-DSC03255.jpg?fit=1023%2C680&amp;ssl=1\" data-orig-size=\"1023,680\" data-comments-opened=\"1\" data-image-meta=\"{&quot;aperture&quot;:&quot;2.8&quot;,&quot;credit&quot;:&quot;Claire Verger&quot;,&quot;camera&quot;:&quot;NEX-5N&quot;,&quot;caption&quot;:&quot;&quot;,&quot;created_timestamp&quot;:&quot;1373916736&quot;,&quot;copyright&quot;:&quot;Claire Verger&quot;,&quot;focal_length&quot;:&quot;30&quot;,&quot;iso&quot;:&quot;1600&quot;,&quot;shutter_speed&quot;:&quot;0.02&quot;,&quot;title&quot;:&quot;&quot;}\" data-image-title=\"20130715-DSC03255\" data-image-description=\"\" data-image-caption=\"\" data-large-file=\"https:\/\/i0.wp.com\/vynz100photo.fr\/blog\/wp-content\/uploads\/2013\/08\/20130715-DSC03255.jpg?fit=800%2C532&amp;ssl=1\" class=\"aligncenter size-full wp-image-944\" alt=\"20130715-DSC03255\" src=\"https:\/\/i0.wp.com\/vynz100photo.fr\/blog\/wp-content\/uploads\/2013\/08\/20130715-DSC03255.jpg?resize=800%2C532&#038;ssl=1\" width=\"800\" height=\"532\" srcset=\"https:\/\/i0.wp.com\/vynz100photo.fr\/blog\/wp-content\/uploads\/2013\/08\/20130715-DSC03255.jpg?w=1023&amp;ssl=1 1023w, https:\/\/i0.wp.com\/vynz100photo.fr\/blog\/wp-content\/uploads\/2013\/08\/20130715-DSC03255.jpg?resize=300%2C199&amp;ssl=1 300w\" sizes=\"auto, (max-width: 800px) 100vw, 800px\" \/><\/a> <a href=\"https:\/\/i0.wp.com\/vynz100photo.fr\/blog\/wp-content\/uploads\/2013\/08\/20130715-DSC03256.jpg?ssl=1\"><img data-recalc-dims=\"1\" loading=\"lazy\" decoding=\"async\" data-attachment-id=\"943\" data-permalink=\"https:\/\/vynz100photo.fr\/blog\/voyages\/japon-hokkaido\/pause-a-ashibetsu-15-juillet\/20130715-dsc03256\/\" data-orig-file=\"https:\/\/i0.wp.com\/vynz100photo.fr\/blog\/wp-content\/uploads\/2013\/08\/20130715-DSC03256.jpg?fit=1023%2C680&amp;ssl=1\" data-orig-size=\"1023,680\" data-comments-opened=\"1\" data-image-meta=\"{&quot;aperture&quot;:&quot;2.8&quot;,&quot;credit&quot;:&quot;Claire Verger&quot;,&quot;camera&quot;:&quot;NEX-5N&quot;,&quot;caption&quot;:&quot;&quot;,&quot;created_timestamp&quot;:&quot;1373916983&quot;,&quot;copyright&quot;:&quot;Claire Verger&quot;,&quot;focal_length&quot;:&quot;30&quot;,&quot;iso&quot;:&quot;1600&quot;,&quot;shutter_speed&quot;:&quot;0.01&quot;,&quot;title&quot;:&quot;&quot;}\" data-image-title=\"20130715-DSC03256\" data-image-description=\"\" data-image-caption=\"\" data-large-file=\"https:\/\/i0.wp.com\/vynz100photo.fr\/blog\/wp-content\/uploads\/2013\/08\/20130715-DSC03256.jpg?fit=800%2C532&amp;ssl=1\" class=\"aligncenter size-full wp-image-943\" alt=\"20130715-DSC03256\" src=\"https:\/\/i0.wp.com\/vynz100photo.fr\/blog\/wp-content\/uploads\/2013\/08\/20130715-DSC03256.jpg?resize=800%2C532&#038;ssl=1\" width=\"800\" height=\"532\" srcset=\"https:\/\/i0.wp.com\/vynz100photo.fr\/blog\/wp-content\/uploads\/2013\/08\/20130715-DSC03256.jpg?w=1023&amp;ssl=1 1023w, https:\/\/i0.wp.com\/vynz100photo.fr\/blog\/wp-content\/uploads\/2013\/08\/20130715-DSC03256.jpg?resize=300%2C199&amp;ssl=1 300w\" sizes=\"auto, (max-width: 800px) 100vw, 800px\" \/><\/a> <a href=\"https:\/\/i0.wp.com\/vynz100photo.fr\/blog\/wp-content\/uploads\/2013\/08\/20130715-DSC03258.jpg?ssl=1\"><img data-recalc-dims=\"1\" loading=\"lazy\" decoding=\"async\" data-attachment-id=\"942\" data-permalink=\"https:\/\/vynz100photo.fr\/blog\/voyages\/japon-hokkaido\/pause-a-ashibetsu-15-juillet\/20130715-dsc03258\/\" data-orig-file=\"https:\/\/i0.wp.com\/vynz100photo.fr\/blog\/wp-content\/uploads\/2013\/08\/20130715-DSC03258.jpg?fit=1023%2C680&amp;ssl=1\" data-orig-size=\"1023,680\" data-comments-opened=\"1\" data-image-meta=\"{&quot;aperture&quot;:&quot;2.8&quot;,&quot;credit&quot;:&quot;Claire Verger&quot;,&quot;camera&quot;:&quot;NEX-5N&quot;,&quot;caption&quot;:&quot;&quot;,&quot;created_timestamp&quot;:&quot;1373917123&quot;,&quot;copyright&quot;:&quot;Claire Verger&quot;,&quot;focal_length&quot;:&quot;30&quot;,&quot;iso&quot;:&quot;1600&quot;,&quot;shutter_speed&quot;:&quot;0.04&quot;,&quot;title&quot;:&quot;&quot;}\" data-image-title=\"20130715-DSC03258\" data-image-description=\"\" data-image-caption=\"\" data-large-file=\"https:\/\/i0.wp.com\/vynz100photo.fr\/blog\/wp-content\/uploads\/2013\/08\/20130715-DSC03258.jpg?fit=800%2C532&amp;ssl=1\" class=\"aligncenter size-full wp-image-942\" alt=\"20130715-DSC03258\" src=\"https:\/\/i0.wp.com\/vynz100photo.fr\/blog\/wp-content\/uploads\/2013\/08\/20130715-DSC03258.jpg?resize=800%2C532&#038;ssl=1\" width=\"800\" height=\"532\" srcset=\"https:\/\/i0.wp.com\/vynz100photo.fr\/blog\/wp-content\/uploads\/2013\/08\/20130715-DSC03258.jpg?w=1023&amp;ssl=1 1023w, https:\/\/i0.wp.com\/vynz100photo.fr\/blog\/wp-content\/uploads\/2013\/08\/20130715-DSC03258.jpg?resize=300%2C199&amp;ssl=1 300w\" sizes=\"auto, (max-width: 800px) 100vw, 800px\" \/><\/a>Deux nuits ici, c&rsquo;\u00e9tait parfait&#8230; demain, cap \u00e0 l&rsquo;est vers <a title=\"Les Monts Daisetzusan\" href=\"https:\/\/vynz100photo.fr\/blog\/voyages\/japon-hokkaido\/les-monts-daisetzusan\/\">les monts Daisetzusan<\/a>!<\/p>\n","protected":false},"excerpt":{"rendered":"<p>Ouf, le camping est parfait: grand, ombrag\u00e9, avec douches et machine \u00e0 laver, des prises \u00e9lectriques pour recharger les batteries des appareils photos, et le meilleur: il est vide d\u00e8s que le week-end se termine&#8230; Ce soir-l\u00e0, les filles se font plein de copains: les enfants ont des filets \u00e0 papillons avec lesquels ils essaient [&hellip;]<\/p>\n","protected":false},"author":1,"featured_media":0,"parent":630,"menu_order":5,"comment_status":"open","ping_status":"open","template":"full-width-page.php","meta":{"_mo_disable_npp":"","jetpack_post_was_ever_published":false,"footnotes":""},"class_list":["post-941","page","type-page","status-publish","hentry"],"jetpack_sharing_enabled":true,"jetpack_shortlink":"https:\/\/wp.me\/P3QNY7-fb","jetpack_likes_enabled":true,"jetpack-related-posts":[{"id":710,"url":"https:\/\/vynz100photo.fr\/blog\/voyages\/japon-hokkaido\/furano-14-juillet\/","url_meta":{"origin":941,"position":0},"title":"Furano (14 juillet)","author":"Vincent","date":"15 ao\u00fbt 2013","format":false,"excerpt":"Il est d\u00e9j\u00e0 temps de quitter le lac Toya... direction plein est, o\u00f9 nous voulons visiter les champs de lavande de Furano, avec ces couleurs incroyables dont on retrouve de nombreux clich\u00e9s sur la toile... Il faut d\u00e9monter les tentes, prendre un petit d\u00e9jeuner... ah non on n'a plus rien,\u2026","rel":"","context":"Article similaire","block_context":{"text":"Article similaire","link":""},"img":{"alt_text":"furano","src":"https:\/\/i0.wp.com\/vynz100photo.fr\/blog\/wp-content\/uploads\/2013\/08\/furano-1024x770.jpg?resize=350%2C200","width":350,"height":200,"srcset":"https:\/\/i0.wp.com\/vynz100photo.fr\/blog\/wp-content\/uploads\/2013\/08\/furano-1024x770.jpg?resize=350%2C200 1x, https:\/\/i0.wp.com\/vynz100photo.fr\/blog\/wp-content\/uploads\/2013\/08\/furano-1024x770.jpg?resize=525%2C300 1.5x, https:\/\/i0.wp.com\/vynz100photo.fr\/blog\/wp-content\/uploads\/2013\/08\/furano-1024x770.jpg?resize=700%2C400 2x"},"classes":[]},{"id":1169,"url":"https:\/\/vynz100photo.fr\/blog\/voyages\/japon-hokkaido\/la-region-du-lac-akan-18-20-juillet\/","url_meta":{"origin":941,"position":1},"title":"La r\u00e9gion du lac Akan (18-20 juillet)","author":"Vincent","date":"31 ao\u00fbt 2013","format":false,"excerpt":"\u00a0 17 juillet (suite): C'est \u00e0 regret que nous quittons le Daisetsuzan\u00a0que nous n'avons pas assez visit\u00e9... il faut continuer \u00e0 avancer, avec les filles on ne peut pas non plus faire toutes les ascensions de volcans et passer des heures \u00e0 marcher! La route est encore longue depuis le\u2026","rel":"","context":"Article similaire","block_context":{"text":"Article similaire","link":""},"img":{"alt_text":"akan dake","src":"https:\/\/i0.wp.com\/vynz100photo.fr\/blog\/wp-content\/uploads\/2013\/08\/akan-dake-1024x770.jpg?resize=350%2C200","width":350,"height":200,"srcset":"https:\/\/i0.wp.com\/vynz100photo.fr\/blog\/wp-content\/uploads\/2013\/08\/akan-dake-1024x770.jpg?resize=350%2C200 1x, https:\/\/i0.wp.com\/vynz100photo.fr\/blog\/wp-content\/uploads\/2013\/08\/akan-dake-1024x770.jpg?resize=525%2C300 1.5x, https:\/\/i0.wp.com\/vynz100photo.fr\/blog\/wp-content\/uploads\/2013\/08\/akan-dake-1024x770.jpg?resize=700%2C400 2x"},"classes":[]},{"id":1075,"url":"https:\/\/vynz100photo.fr\/blog\/voyages\/japon-hokkaido\/les-monts-daisetzusan\/","url_meta":{"origin":941,"position":2},"title":"Les Monts Daisetzusan","author":"Vincent","date":"24 ao\u00fbt 2013","format":false,"excerpt":"\u00a0 16 juillet: Un petit voyage nous m\u00e8ne de notre camping d'Ashibetsu au parc national du Daisetzusan, plus pr\u00e9cis\u00e9ment \u00e0 la ville thermale de Sonkyo. Premi\u00e8re \u00e9tape, trouver un camping pour \u00e9viter de monter la tente dans la nuit; on en trouve un gratuit, au pied d'une montagne, isol\u00e9, sombre\u2026","rel":"","context":"Article similaire","block_context":{"text":"Article similaire","link":""},"img":{"alt_text":"Daisetzusan","src":"https:\/\/i0.wp.com\/vynz100photo.fr\/blog\/wp-content\/uploads\/2013\/08\/Daisetzusan-1024x770.jpg?resize=350%2C200","width":350,"height":200,"srcset":"https:\/\/i0.wp.com\/vynz100photo.fr\/blog\/wp-content\/uploads\/2013\/08\/Daisetzusan-1024x770.jpg?resize=350%2C200 1x, https:\/\/i0.wp.com\/vynz100photo.fr\/blog\/wp-content\/uploads\/2013\/08\/Daisetzusan-1024x770.jpg?resize=525%2C300 1.5x, https:\/\/i0.wp.com\/vynz100photo.fr\/blog\/wp-content\/uploads\/2013\/08\/Daisetzusan-1024x770.jpg?resize=700%2C400 2x"},"classes":[]},{"id":707,"url":"https:\/\/vynz100photo.fr\/blog\/voyages\/japon-hokkaido\/lac-toya\/","url_meta":{"origin":941,"position":3},"title":"Sur les rives du lac Toya","author":"Vincent","date":"12 ao\u00fbt 2013","format":false,"excerpt":"12 juillet: Nous quittons donc dans la nuit les alentours du lac Shikotsu... les petites routes sinueuses et quasiment d\u00e9sertes de cette partie de la r\u00e9serve naturelle nous obligent \u00e0 garder l'oeil ouvert... pas question d'une rencontre impromptue avec un sanglier, un daim ou un ours! Heureusement, apr\u00e8s un repas\u2026","rel":"","context":"Article similaire","block_context":{"text":"Article similaire","link":""},"img":{"alt_text":"toya","src":"https:\/\/i0.wp.com\/vynz100photo.fr\/blog\/wp-content\/uploads\/2013\/08\/toya-1024x770.jpg?resize=350%2C200","width":350,"height":200,"srcset":"https:\/\/i0.wp.com\/vynz100photo.fr\/blog\/wp-content\/uploads\/2013\/08\/toya-1024x770.jpg?resize=350%2C200 1x, https:\/\/i0.wp.com\/vynz100photo.fr\/blog\/wp-content\/uploads\/2013\/08\/toya-1024x770.jpg?resize=525%2C300 1.5x, https:\/\/i0.wp.com\/vynz100photo.fr\/blog\/wp-content\/uploads\/2013\/08\/toya-1024x770.jpg?resize=700%2C400 2x"},"classes":[]},{"id":678,"url":"https:\/\/vynz100photo.fr\/blog\/voyages\/japon-hokkaido\/sapporo-premiers-pas-sur-le-sol-nippon-8-10-juillet\/","url_meta":{"origin":941,"position":4},"title":"Sapporo, premiers pas sur le sol nippon (8-10 juillet)","author":"Vincent","date":"5 ao\u00fbt 2013","format":false,"excerpt":"Partis de Shanghai en milieu de journ\u00e9e, apr\u00e8s une escale s\u00e9oulite, on arrive le lundi soir \u00e0 l'a\u00e9roport de Chitose (\u65b0\u5343\u6b73\u7a7a\u6e2f), un des plus importants de l'archipel tant par sa superficie que par son trafic... L\u00e0, il faut prendre un train, puis deux m\u00e9tros, pour arriver \u00e0 quelques centaines de\u2026","rel":"","context":"Article similaire","block_context":{"text":"Article similaire","link":""},"img":{"alt_text":"En route vers de nouvelles aventures!","src":"https:\/\/i0.wp.com\/vynz100photo.fr\/blog\/wp-content\/uploads\/2013\/08\/20130708-IMG_1785.jpg?resize=350%2C200","width":350,"height":200,"srcset":"https:\/\/i0.wp.com\/vynz100photo.fr\/blog\/wp-content\/uploads\/2013\/08\/20130708-IMG_1785.jpg?resize=350%2C200 1x, https:\/\/i0.wp.com\/vynz100photo.fr\/blog\/wp-content\/uploads\/2013\/08\/20130708-IMG_1785.jpg?resize=525%2C300 1.5x, https:\/\/i0.wp.com\/vynz100photo.fr\/blog\/wp-content\/uploads\/2013\/08\/20130708-IMG_1785.jpg?resize=700%2C400 2x"},"classes":[]},{"id":4753,"url":"https:\/\/vynz100photo.fr\/blog\/un-depart-mouvemente-15-avril\/","url_meta":{"origin":941,"position":5},"title":"Un d\u00e9part mouvement\u00e9 (15-16 avril)","author":"Vincent","date":"28 avril 2019","format":false,"excerpt":"La voiture \u00e9tait d\u00e9j\u00e0 r\u00e9serv\u00e9e, la mat\u00e9riel de camping achet\u00e9, bref, on \u00e9tait super pr\u00eats... ce qui n'est pas habituel! On a notre v\u00e9hicule \u00e0 10h du matin, ce qui veut dire que si on roule bien, on est dans la soir\u00e9e pas tr\u00e8s loin des Smoky Moutains, notre premi\u00e8re\u2026","rel":"","context":"Article similaire","block_context":{"text":"Article similaire","link":""},"img":{"alt_text":"","src":"https:\/\/i0.wp.com\/vynz100photo.fr\/blog\/wp-content\/uploads\/2019\/04\/20190415-IMG_9738.jpg?fit=1024%2C683&ssl=1&resize=350%2C200","width":350,"height":200,"srcset":"https:\/\/i0.wp.com\/vynz100photo.fr\/blog\/wp-content\/uploads\/2019\/04\/20190415-IMG_9738.jpg?fit=1024%2C683&ssl=1&resize=350%2C200 1x, https:\/\/i0.wp.com\/vynz100photo.fr\/blog\/wp-content\/uploads\/2019\/04\/20190415-IMG_9738.jpg?fit=1024%2C683&ssl=1&resize=525%2C300 1.5x, https:\/\/i0.wp.com\/vynz100photo.fr\/blog\/wp-content\/uploads\/2019\/04\/20190415-IMG_9738.jpg?fit=1024%2C683&ssl=1&resize=700%2C400 2x"},"classes":[]}],"_links":{"self":[{"href":"https:\/\/vynz100photo.fr\/blog\/wp-json\/wp\/v2\/pages\/941","targetHints":{"allow":["GET"]}}],"collection":[{"href":"https:\/\/vynz100photo.fr\/blog\/wp-json\/wp\/v2\/pages"}],"about":[{"href":"https:\/\/vynz100photo.fr\/blog\/wp-json\/wp\/v2\/types\/page"}],"author":[{"embeddable":true,"href":"https:\/\/vynz100photo.fr\/blog\/wp-json\/wp\/v2\/users\/1"}],"replies":[{"embeddable":true,"href":"https:\/\/vynz100photo.fr\/blog\/wp-json\/wp\/v2\/comments?post=941"}],"version-history":[{"count":0,"href":"https:\/\/vynz100photo.fr\/blog\/wp-json\/wp\/v2\/pages\/941\/revisions"}],"up":[{"embeddable":true,"href":"https:\/\/vynz100photo.fr\/blog\/wp-json\/wp\/v2\/pages\/630"}],"wp:attachment":[{"href":"https:\/\/vynz100photo.fr\/blog\/wp-json\/wp\/v2\/media?parent=941"}],"curies":[{"name":"wp","href":"https:\/\/api.w.org\/{rel}","templated":true}]}}