{"id":816,"date":"2013-08-07T10:08:44","date_gmt":"2013-08-07T02:08:44","guid":{"rendered":"http:\/\/vynz100photo.fr\/blog\/?page_id=816"},"modified":"2013-08-18T01:54:08","modified_gmt":"2013-08-17T17:54:08","slug":"canon-ef-50mm-f18","status":"publish","type":"page","link":"https:\/\/vynz100photo.fr\/blog\/photographie\/test-de-materiel\/objectifs\/canon-ef-50mm-f18\/","title":{"rendered":"Canon EF 50mm f\/1,8"},"content":{"rendered":"<div id=\"attachment_793\" style=\"width: 460px\" class=\"wp-caption aligncenter\"><a href=\"https:\/\/i0.wp.com\/vynz100photo.fr\/blog\/wp-content\/uploads\/2013\/08\/50mm.jpg?ssl=1\"><img data-recalc-dims=\"1\" loading=\"lazy\" decoding=\"async\" aria-describedby=\"caption-attachment-793\" data-attachment-id=\"793\" data-permalink=\"https:\/\/vynz100photo.fr\/blog\/photographie\/quelques-conseils-photo\/les-objectifs-a-ne-pas-negliger\/50mm\/\" data-orig-file=\"https:\/\/i0.wp.com\/vynz100photo.fr\/blog\/wp-content\/uploads\/2013\/08\/50mm.jpg?fit=450%2C450&amp;ssl=1\" data-orig-size=\"450,450\" data-comments-opened=\"1\" data-image-meta=\"{&quot;aperture&quot;:&quot;0&quot;,&quot;credit&quot;:&quot;&quot;,&quot;camera&quot;:&quot;&quot;,&quot;caption&quot;:&quot;&quot;,&quot;created_timestamp&quot;:&quot;0&quot;,&quot;copyright&quot;:&quot;&quot;,&quot;focal_length&quot;:&quot;0&quot;,&quot;iso&quot;:&quot;0&quot;,&quot;shutter_speed&quot;:&quot;0&quot;,&quot;title&quot;:&quot;&quot;}\" data-image-title=\"50mm\" data-image-description=\"\" data-image-caption=\"&lt;p&gt;Canon EF 50mm f\/1,8&lt;\/p&gt;\n\" data-large-file=\"https:\/\/i0.wp.com\/vynz100photo.fr\/blog\/wp-content\/uploads\/2013\/08\/50mm.jpg?fit=450%2C450&amp;ssl=1\" class=\"size-full wp-image-793\" alt=\"Canon EF 50mm f\/1,8\" src=\"https:\/\/i0.wp.com\/vynz100photo.fr\/blog\/wp-content\/uploads\/2013\/08\/50mm.jpg?resize=450%2C450&#038;ssl=1\" width=\"450\" height=\"450\" srcset=\"https:\/\/i0.wp.com\/vynz100photo.fr\/blog\/wp-content\/uploads\/2013\/08\/50mm.jpg?w=450&amp;ssl=1 450w, https:\/\/i0.wp.com\/vynz100photo.fr\/blog\/wp-content\/uploads\/2013\/08\/50mm.jpg?resize=150%2C150&amp;ssl=1 150w, https:\/\/i0.wp.com\/vynz100photo.fr\/blog\/wp-content\/uploads\/2013\/08\/50mm.jpg?resize=300%2C300&amp;ssl=1 300w\" sizes=\"auto, (max-width: 450px) 100vw, 450px\" \/><\/a><p id=\"caption-attachment-793\" class=\"wp-caption-text\">Canon EF 50mm f\/1,8<\/p><\/div>\n<p>&nbsp;<\/p>\n<h2><span style=\"color: #ff6600;\">Caract\u00e9ristiques<\/span><\/h2>\n<p><span style=\"text-decoration: underline;\">Poids<\/span>: 130 g<\/p>\n<p><span style=\"text-decoration: underline;\">Prix:<\/span> 100\u20ac environ<\/p>\n<p style=\"text-align: justify;\">C&rsquo;est le petit objectif \u00e0 avoir chez Canon, l\u00e9ger, superbe optiquement d\u00e8s que l&rsquo;on ferme le diaphragme, avec un beau rendu \u00e0 pleine ouverture&#8230; Sa <strong>focale de 50mm<\/strong> fait de lui un compagnon id\u00e9al au quotidien (sur 24&#215;36) et un tr\u00e8s bon choix pour faire du portrait en APS-C. Son <strong>ouverture maximale de f\/1,8<\/strong>\u00a0permet de prendre des photos sans flash en basse lumi\u00e8re et d&rsquo;avoir de beaux flous d&rsquo;arri\u00e8re-plan.<\/p>\n<h2><span style=\"color: #ff6600;\">Construction<\/span><\/h2>\n<p style=\"text-align: justify;\">Ce n&rsquo;est <strong>pas son point fort<\/strong>: il est \u00ab\u00a0tout plastique\u00a0\u00bb, il n&rsquo;y a pas d&rsquo;\u00e9chelle de distance et sa bague de mise au point est difficile \u00e0 utiliser manuellement.<\/p>\n<p style=\"text-align: justify;\">En revanche, <strong>sa petite taille et sa l\u00e9g\u00e8ret\u00e9<\/strong> font qu&rsquo;il s&rsquo;adapte parfaitement \u00e0 tous les bo\u00eetiers EOS, les gros comme les petits. Il ne p\u00e8sera pas lourd dans le sac \u00e0 dos!<\/p>\n<h2 style=\"text-align: justify;\"><span style=\"color: #ff6600;\">Sur le terrain<\/span><\/h2>\n<p style=\"text-align: justify;\">L&rsquo;<strong>autofocus est bruyant<\/strong> et n&rsquo;accroche pas tr\u00e8s bien quand les conditions sont difficiles,\u00a0mais c&rsquo;est un vrai plaisir \u00e0 l&rsquo;usage que ce petit bout de plastique. On fait ses armes avec, on apprend \u00e0 g\u00e9rer les faibles profondeurs de champ sur les portraits&#8230; <strong>jamais son image ne m&rsquo;a d\u00e9\u00e7u<\/strong>! Que ce soit sur capteur APS-C (550D) comme sur FF (5D MkII), il est encore largement au niveau des capteurs actuels \u00e0 20 MP&#8230;<\/p>\n<h2><span style=\"color: #ff6600;\">Exemples<\/span><\/h2>\n<div id=\"attachment_826\" style=\"width: 693px\" class=\"wp-caption aligncenter\"><a href=\"https:\/\/i0.wp.com\/vynz100photo.fr\/blog\/wp-content\/uploads\/2013\/08\/2010_08_26_0519.jpg?ssl=1\"><img data-recalc-dims=\"1\" loading=\"lazy\" decoding=\"async\" aria-describedby=\"caption-attachment-826\" data-attachment-id=\"826\" data-permalink=\"https:\/\/vynz100photo.fr\/blog\/photographie\/test-de-materiel\/objectifs\/canon-ef-50mm-f18\/2010_08_26_0519\/\" data-orig-file=\"https:\/\/i0.wp.com\/vynz100photo.fr\/blog\/wp-content\/uploads\/2013\/08\/2010_08_26_0519.jpg?fit=683%2C1024&amp;ssl=1\" data-orig-size=\"683,1024\" data-comments-opened=\"1\" data-image-meta=\"{&quot;aperture&quot;:&quot;1.8&quot;,&quot;credit&quot;:&quot;Vincent Verger&quot;,&quot;camera&quot;:&quot;Canon EOS 550D&quot;,&quot;caption&quot;:&quot;&quot;,&quot;created_timestamp&quot;:&quot;1282834450&quot;,&quot;copyright&quot;:&quot;@ Vincent VERGER&quot;,&quot;focal_length&quot;:&quot;50&quot;,&quot;iso&quot;:&quot;100&quot;,&quot;shutter_speed&quot;:&quot;0.01&quot;,&quot;title&quot;:&quot;&quot;}\" data-image-title=\"2010_08_26_0519\" data-image-description=\"\" data-image-caption=\"&lt;p&gt;50mm f\/1,8 sur APS-C (550D) &amp;#8211; Cuisine&lt;\/p&gt;\n\" data-large-file=\"https:\/\/i0.wp.com\/vynz100photo.fr\/blog\/wp-content\/uploads\/2013\/08\/2010_08_26_0519.jpg?fit=683%2C1024&amp;ssl=1\" class=\"size-full wp-image-826\" alt=\"50mm f\/1,8 sur APS-C (550D) - Cuisine\" src=\"https:\/\/i0.wp.com\/vynz100photo.fr\/blog\/wp-content\/uploads\/2013\/08\/2010_08_26_0519.jpg?resize=683%2C1024&#038;ssl=1\" width=\"683\" height=\"1024\" srcset=\"https:\/\/i0.wp.com\/vynz100photo.fr\/blog\/wp-content\/uploads\/2013\/08\/2010_08_26_0519.jpg?w=683&amp;ssl=1 683w, https:\/\/i0.wp.com\/vynz100photo.fr\/blog\/wp-content\/uploads\/2013\/08\/2010_08_26_0519.jpg?resize=200%2C300&amp;ssl=1 200w\" sizes=\"auto, (max-width: 683px) 100vw, 683px\" \/><\/a><p id=\"caption-attachment-826\" class=\"wp-caption-text\">50mm f\/1,8 sur APS-C (550D) &#8211; Cuisine<\/p><\/div>\n<div id=\"attachment_827\" style=\"width: 1034px\" class=\"wp-caption aligncenter\"><a href=\"https:\/\/i0.wp.com\/vynz100photo.fr\/blog\/wp-content\/uploads\/2013\/08\/27062011-IMG_9611.jpg?ssl=1\"><img data-recalc-dims=\"1\" loading=\"lazy\" decoding=\"async\" aria-describedby=\"caption-attachment-827\" data-attachment-id=\"827\" data-permalink=\"https:\/\/vynz100photo.fr\/blog\/photographie\/test-de-materiel\/objectifs\/canon-ef-50mm-f18\/27062011-img_9611\/\" data-orig-file=\"https:\/\/i0.wp.com\/vynz100photo.fr\/blog\/wp-content\/uploads\/2013\/08\/27062011-IMG_9611.jpg?fit=1024%2C683&amp;ssl=1\" data-orig-size=\"1024,683\" data-comments-opened=\"1\" data-image-meta=\"{&quot;aperture&quot;:&quot;2.2&quot;,&quot;credit&quot;:&quot;Vincent Verger&quot;,&quot;camera&quot;:&quot;Canon EOS 550D&quot;,&quot;caption&quot;:&quot;&quot;,&quot;created_timestamp&quot;:&quot;1309187162&quot;,&quot;copyright&quot;:&quot;@ Vincent VERGER&quot;,&quot;focal_length&quot;:&quot;50&quot;,&quot;iso&quot;:&quot;200&quot;,&quot;shutter_speed&quot;:&quot;0.0025&quot;,&quot;title&quot;:&quot;&quot;}\" data-image-title=\"27062011-IMG_9611\" data-image-description=\"\" data-image-caption=\"&lt;p&gt;50mm f\/1,8 sur APS-C (550D) &amp;#8211; Portrait&lt;\/p&gt;\n\" data-large-file=\"https:\/\/i0.wp.com\/vynz100photo.fr\/blog\/wp-content\/uploads\/2013\/08\/27062011-IMG_9611.jpg?fit=800%2C534&amp;ssl=1\" class=\"size-full wp-image-827\" alt=\"50mm f\/1,8 sur APS-C (550D) - Portrait\" src=\"https:\/\/i0.wp.com\/vynz100photo.fr\/blog\/wp-content\/uploads\/2013\/08\/27062011-IMG_9611.jpg?resize=800%2C534&#038;ssl=1\" width=\"800\" height=\"534\" srcset=\"https:\/\/i0.wp.com\/vynz100photo.fr\/blog\/wp-content\/uploads\/2013\/08\/27062011-IMG_9611.jpg?w=1024&amp;ssl=1 1024w, https:\/\/i0.wp.com\/vynz100photo.fr\/blog\/wp-content\/uploads\/2013\/08\/27062011-IMG_9611.jpg?resize=300%2C200&amp;ssl=1 300w\" sizes=\"auto, (max-width: 800px) 100vw, 800px\" \/><\/a><p id=\"caption-attachment-827\" class=\"wp-caption-text\">50mm f\/1,8 sur APS-C (550D) &#8211; Portrait<\/p><\/div>\n<div id=\"attachment_820\" style=\"width: 1034px\" class=\"wp-caption aligncenter\"><a href=\"https:\/\/i0.wp.com\/vynz100photo.fr\/blog\/wp-content\/uploads\/2013\/08\/222011587.jpg?ssl=1\"><img data-recalc-dims=\"1\" loading=\"lazy\" decoding=\"async\" aria-describedby=\"caption-attachment-820\" data-attachment-id=\"820\" data-permalink=\"https:\/\/vynz100photo.fr\/blog\/photographie\/test-de-materiel\/objectifs\/canon-ef-50mm-f18\/attachment\/222011587\/\" data-orig-file=\"https:\/\/i0.wp.com\/vynz100photo.fr\/blog\/wp-content\/uploads\/2013\/08\/222011587.jpg?fit=1024%2C683&amp;ssl=1\" data-orig-size=\"1024,683\" data-comments-opened=\"1\" data-image-meta=\"{&quot;aperture&quot;:&quot;2.5&quot;,&quot;credit&quot;:&quot;Vincent Verger&quot;,&quot;camera&quot;:&quot;Canon EOS 5D Mark II&quot;,&quot;caption&quot;:&quot;&quot;,&quot;created_timestamp&quot;:&quot;1320429571&quot;,&quot;copyright&quot;:&quot;&quot;,&quot;focal_length&quot;:&quot;50&quot;,&quot;iso&quot;:&quot;400&quot;,&quot;shutter_speed&quot;:&quot;0.002&quot;,&quot;title&quot;:&quot;&quot;}\" data-image-title=\"50mm f\/1,8 sur 5D MkII\" data-image-description=\"\" data-image-caption=\"&lt;p&gt;50mm f\/1,8 sur 5D MkII&lt;\/p&gt;\n\" data-large-file=\"https:\/\/i0.wp.com\/vynz100photo.fr\/blog\/wp-content\/uploads\/2013\/08\/222011587.jpg?fit=800%2C534&amp;ssl=1\" class=\"size-full wp-image-820\" alt=\"50mm f\/1,8 sur 5D MkII\" src=\"https:\/\/i0.wp.com\/vynz100photo.fr\/blog\/wp-content\/uploads\/2013\/08\/222011587.jpg?resize=800%2C534&#038;ssl=1\" width=\"800\" height=\"534\" srcset=\"https:\/\/i0.wp.com\/vynz100photo.fr\/blog\/wp-content\/uploads\/2013\/08\/222011587.jpg?w=1024&amp;ssl=1 1024w, https:\/\/i0.wp.com\/vynz100photo.fr\/blog\/wp-content\/uploads\/2013\/08\/222011587.jpg?resize=300%2C200&amp;ssl=1 300w\" sizes=\"auto, (max-width: 800px) 100vw, 800px\" \/><\/a><p id=\"caption-attachment-820\" class=\"wp-caption-text\">50mm f\/1,8 sur 5D MkII<\/p><\/div>\n<p>&nbsp;<\/p>\n<div id=\"attachment_829\" style=\"width: 693px\" class=\"wp-caption aligncenter\"><a href=\"https:\/\/i0.wp.com\/vynz100photo.fr\/blog\/wp-content\/uploads\/2013\/08\/06012012-IMG_7091.jpg?ssl=1\"><img data-recalc-dims=\"1\" loading=\"lazy\" decoding=\"async\" aria-describedby=\"caption-attachment-829\" data-attachment-id=\"829\" data-permalink=\"https:\/\/vynz100photo.fr\/blog\/photographie\/test-de-materiel\/objectifs\/canon-ef-50mm-f18\/06012012-img_7091\/\" data-orig-file=\"https:\/\/i0.wp.com\/vynz100photo.fr\/blog\/wp-content\/uploads\/2013\/08\/06012012-IMG_7091.jpg?fit=683%2C1024&amp;ssl=1\" data-orig-size=\"683,1024\" data-comments-opened=\"1\" data-image-meta=\"{&quot;aperture&quot;:&quot;2&quot;,&quot;credit&quot;:&quot;Vincent Verger&quot;,&quot;camera&quot;:&quot;Canon EOS 5D Mark II&quot;,&quot;caption&quot;:&quot;&quot;,&quot;created_timestamp&quot;:&quot;1325849607&quot;,&quot;copyright&quot;:&quot;@ Vincent VERGER&quot;,&quot;focal_length&quot;:&quot;50&quot;,&quot;iso&quot;:&quot;100&quot;,&quot;shutter_speed&quot;:&quot;0.00015625&quot;,&quot;title&quot;:&quot;&quot;}\" data-image-title=\"06012012-IMG_7091\" data-image-description=\"\" data-image-caption=\"&lt;p&gt;50mm f\/1,8 sur 24&amp;#215;36 (5D MarkII)&lt;\/p&gt;\n\" data-large-file=\"https:\/\/i0.wp.com\/vynz100photo.fr\/blog\/wp-content\/uploads\/2013\/08\/06012012-IMG_7091.jpg?fit=683%2C1024&amp;ssl=1\" class=\"size-full wp-image-829\" alt=\"50mm f\/1,8 sur 24x36 (5D MarkII)\" src=\"https:\/\/i0.wp.com\/vynz100photo.fr\/blog\/wp-content\/uploads\/2013\/08\/06012012-IMG_7091.jpg?resize=683%2C1024&#038;ssl=1\" width=\"683\" height=\"1024\" srcset=\"https:\/\/i0.wp.com\/vynz100photo.fr\/blog\/wp-content\/uploads\/2013\/08\/06012012-IMG_7091.jpg?w=683&amp;ssl=1 683w, https:\/\/i0.wp.com\/vynz100photo.fr\/blog\/wp-content\/uploads\/2013\/08\/06012012-IMG_7091.jpg?resize=200%2C300&amp;ssl=1 200w\" sizes=\"auto, (max-width: 683px) 100vw, 683px\" \/><\/a><p id=\"caption-attachment-829\" class=\"wp-caption-text\">50mm f\/1,8 sur 24&#215;36 (5D MarkII)<\/p><\/div>\n<h2><span style=\"color: #ff6600;\">Conclusion<\/span><\/h2>\n<p style=\"text-align: justify;\">Voil\u00e0 <strong>un achat que tout possesseur de r\u00e9flex Canon se doit de faire<\/strong>&#8230; son faible prix n&rsquo;est pas du tout en accord avec la qualit\u00e9 des images qu&rsquo;il peut sortir. Si sa construction laisse \u00e0 d\u00e9sirer, le mien n&rsquo;a jamais connu le moindre probl\u00e8me.<\/p>\n<p style=\"text-align: justify;\">Il a n\u00e9anmoins d\u00fb laisser sa place au Canon EF35mm f\/2 sur le 550D (focale plus proche de la vision humaine avec le coefficient multiplicateur x1,6) au quotidien, concurrenc\u00e9 sur les portraits par le superbe <a title=\"Canon EF 85mm f\/1,8 USM\" href=\"https:\/\/vynz100photo.fr\/blog\/photographie\/test-de-materiel\/objectifs\/canon-ef-85mm-f18-usm\/\">EF 85mm f\/1,8<\/a>&#8230; sur le 5D MarkII, j&rsquo;ai d\u00fb aller chercher un Zeiss MakroPlanar pour le surpasser franchement, il n&rsquo;a pas \u00e9t\u00e9 ridicule face \u00e0 un Zeiss Planar 50mm f\/1,4 ou un EF Canon f\/1,4&#8230;<\/p>\n","protected":false},"excerpt":{"rendered":"<p>&nbsp; Caract\u00e9ristiques Poids: 130 g Prix: 100\u20ac environ C&rsquo;est le petit objectif \u00e0 avoir chez Canon, l\u00e9ger, superbe optiquement d\u00e8s que l&rsquo;on ferme le diaphragme, avec un beau rendu \u00e0 pleine ouverture&#8230; Sa focale de 50mm fait de lui un compagnon id\u00e9al au quotidien (sur 24&#215;36) et un tr\u00e8s bon choix pour faire du portrait [&hellip;]<\/p>\n","protected":false},"author":1,"featured_media":0,"parent":814,"menu_order":1,"comment_status":"open","ping_status":"open","template":"full-width-page.php","meta":{"_mo_disable_npp":"","jetpack_post_was_ever_published":false,"footnotes":""},"class_list":["post-816","page","type-page","status-publish","hentry"],"jetpack_sharing_enabled":true,"jetpack_shortlink":"https:\/\/wp.me\/P3QNY7-da","jetpack_likes_enabled":true,"jetpack-related-posts":[{"id":814,"url":"https:\/\/vynz100photo.fr\/blog\/photographie\/test-de-materiel\/objectifs\/","url_meta":{"origin":816,"position":0},"title":"Objectifs","author":"Vincent","date":"7 ao\u00fbt 2013","format":false,"excerpt":"Quelques retours d'objectifs que j'ai poss\u00e9d\u00e9s ou test\u00e9s... Au menu, des focales fixes, qui peuvent aller tout aussi bien sur un r\u00e9flex Canon APS-C qu'un 24x36: - Canon EF 28 mm f\/2,8, - Canon\u00a0EF 35mm f\/2, - Canon EF 40mm f\/2,8, - Canon\u00a0EF 50mm f\/1,8, - Canon\u00a0EF 85mm f\/1,8 USM,\u2026","rel":"","context":"Article similaire","block_context":{"text":"Article similaire","link":""},"img":{"alt_text":"","src":"","width":0,"height":0},"classes":[]},{"id":831,"url":"https:\/\/vynz100photo.fr\/blog\/photographie\/test-de-materiel\/objectifs\/canon-ef-85mm-f18-usm\/","url_meta":{"origin":816,"position":1},"title":"Canon EF 85mm f\/1,8 USM","author":"Vincent","date":"7 ao\u00fbt 2013","format":false,"excerpt":"Caract\u00e9ristiques Poids: 425 g \u00a0 Prix:\u00a0350\u20ac environ Un des best-sellers de Canon, dans la s\u00e9rie des focales fixes \u00e0 prix raisonnable. Sa focale de 85mm est id\u00e9ale pour les portraits serr\u00e9es (APS-C) ou de buste (24x36); de plus sa grande ouverture de f.1,8 permet de tr\u00e8s jolis flous d'arri\u00e8re-plan... Construction\u2026","rel":"","context":"Avec 2 commentaires","block_context":{"text":"Avec 2 commentaires","link":"https:\/\/vynz100photo.fr\/blog\/photographie\/test-de-materiel\/objectifs\/canon-ef-85mm-f18-usm\/#comments"},"img":{"alt_text":"Canon EF 85mm f1.8 USM","src":"https:\/\/i0.wp.com\/vynz100photo.fr\/blog\/wp-content\/uploads\/2013\/08\/Canon-EF-85mm-f1.8-USM-01.jpg?resize=350%2C200","width":350,"height":200},"classes":[]},{"id":1903,"url":"https:\/\/vynz100photo.fr\/blog\/photographie\/test-de-materiel\/objectifs\/canon-ef-40mm-f28\/","url_meta":{"origin":816,"position":2},"title":"Canon EF 40mm f\/2,8","author":"Vincent","date":"20 d\u00e9cembre 2013","format":false,"excerpt":"\u00a0 \u00a0 Caract\u00e9ristiques Poids: 130 g \u00a0 Prix:\u00a0150\u20ac environ Le petit nouveau de chez Canon, avec un moteur STM utilisable sur les nouveaux r\u00e9flexs de la marque en vid\u00e9o: il est petit, voire tr\u00e8s petit, discret et efficace. Sur un petit capteur APS-C il sera un \u00e9quivalent 65mm, alors que\u2026","rel":"","context":"Article similaire","block_context":{"text":"Article similaire","link":""},"img":{"alt_text":"D3S_8821-1200","src":"https:\/\/i0.wp.com\/vynz100photo.fr\/blog\/wp-content\/uploads\/2013\/12\/D3S_8821-1200-1024x685.jpg?resize=350%2C200","width":350,"height":200},"classes":[]},{"id":778,"url":"https:\/\/vynz100photo.fr\/blog\/about\/notre-equipement-photographique\/","url_meta":{"origin":816,"position":3},"title":"Notre \u00e9quipement photographique","author":"Vincent","date":"6 ao\u00fbt 2013","format":false,"excerpt":"Bien \u00e9videmment, ce n'est pas l'\u00e9quipement photographique qui fait la photo, mais le photographe. Le mat\u00e9riel permet de s'affranchir de certaines limites, de composer diff\u00e9remment et de jouer avec plus de cr\u00e9ativit\u00e9... Les images qui sont sur ce blog sont r\u00e9alis\u00e9es avec les couples bo\u00eetier\/objectif qui suivent. Claire Claire a\u2026","rel":"","context":"Article similaire","block_context":{"text":"Article similaire","link":""},"img":{"alt_text":"20140506-IMG_9417","src":"https:\/\/i0.wp.com\/vynz100photo.fr\/blog\/wp-content\/uploads\/2014\/05\/20140506-IMG_9417-200x300.jpg?resize=350%2C200","width":350,"height":200},"classes":[]},{"id":786,"url":"https:\/\/vynz100photo.fr\/blog\/photographie\/quelques-conseils-photo\/les-objectifs-a-ne-pas-negliger\/","url_meta":{"origin":816,"position":4},"title":"Les objectifs, \u00e0 ne pas n\u00e9gliger!","author":"Vincent","date":"7 ao\u00fbt 2013","format":false,"excerpt":"Quand on a fait le choix de son r\u00e9flex, on pense que le plus dur est fait... mais c'est une erreur, ce n'est que le d\u00e9but! La qualit\u00e9 de l'image d\u00e9pend effectivement du capteur du bo\u00eetier, mais elle est en premier lieu d\u00e9pendante de l'objectif qui fait passer la lumi\u00e8re...\u2026","rel":"","context":"Article similaire","block_context":{"text":"Article similaire","link":""},"img":{"alt_text":"Emploi d'un 21mm","src":"https:\/\/i0.wp.com\/vynz100photo.fr\/blog\/wp-content\/uploads\/2012\/09\/16092012-IMG_8801-300x200.jpg?resize=350%2C200","width":350,"height":200},"classes":[]},{"id":1221,"url":"https:\/\/vynz100photo.fr\/blog\/photographie\/test-de-materiel\/objectifs\/zeiss-makro-planar-t-50mm-f2-ze\/","url_meta":{"origin":816,"position":5},"title":"ZEISS Makro-Planar T* 50mm f2 ZE","author":"Vincent","date":"1 septembre 2013","format":false,"excerpt":"\u00a0 Caract\u00e9ristiques Poids: 570 g \u00a0 Prix:\u00a01100\u20ac environ Un des deux objectifs 50mm de la gamme Zeiss pour Canon avec le Planar 50mm f\/1,4. Les Makro Planar ont la possibilit\u00e9 de faire des plans tr\u00e8s rapproch\u00e9s (1:2) que n'ont pas les autres objectifs de la marque allemande. Comme ces derniers,\u2026","rel":"","context":"Avec 1 commentaire","block_context":{"text":"Avec 1 commentaire","link":"https:\/\/vynz100photo.fr\/blog\/photographie\/test-de-materiel\/objectifs\/zeiss-makro-planar-t-50mm-f2-ze\/#comments"},"img":{"alt_text":"Le ZEISS Makro-Planar T* 50mm f2","src":"https:\/\/i0.wp.com\/vynz100photo.fr\/blog\/wp-content\/uploads\/2013\/09\/261882-big.jpg?resize=350%2C200","width":350,"height":200,"srcset":"https:\/\/i0.wp.com\/vynz100photo.fr\/blog\/wp-content\/uploads\/2013\/09\/261882-big.jpg?resize=350%2C200 1x, https:\/\/i0.wp.com\/vynz100photo.fr\/blog\/wp-content\/uploads\/2013\/09\/261882-big.jpg?resize=525%2C300 1.5x"},"classes":[]}],"_links":{"self":[{"href":"https:\/\/vynz100photo.fr\/blog\/wp-json\/wp\/v2\/pages\/816","targetHints":{"allow":["GET"]}}],"collection":[{"href":"https:\/\/vynz100photo.fr\/blog\/wp-json\/wp\/v2\/pages"}],"about":[{"href":"https:\/\/vynz100photo.fr\/blog\/wp-json\/wp\/v2\/types\/page"}],"author":[{"embeddable":true,"href":"https:\/\/vynz100photo.fr\/blog\/wp-json\/wp\/v2\/users\/1"}],"replies":[{"embeddable":true,"href":"https:\/\/vynz100photo.fr\/blog\/wp-json\/wp\/v2\/comments?post=816"}],"version-history":[{"count":0,"href":"https:\/\/vynz100photo.fr\/blog\/wp-json\/wp\/v2\/pages\/816\/revisions"}],"up":[{"embeddable":true,"href":"https:\/\/vynz100photo.fr\/blog\/wp-json\/wp\/v2\/pages\/814"}],"wp:attachment":[{"href":"https:\/\/vynz100photo.fr\/blog\/wp-json\/wp\/v2\/media?parent=816"}],"curies":[{"name":"wp","href":"https:\/\/api.w.org\/{rel}","templated":true}]}}