{"id":784,"date":"2013-08-08T21:01:43","date_gmt":"2013-08-08T13:01:43","guid":{"rendered":"http:\/\/vynz100photo.fr\/blog\/?page_id=784"},"modified":"2013-08-08T21:29:44","modified_gmt":"2013-08-08T13:29:44","slug":"un-reflex-mais-lequel","status":"publish","type":"page","link":"https:\/\/vynz100photo.fr\/blog\/photographie\/quelques-conseils-photo\/un-reflex-mais-lequel\/","title":{"rendered":"Un r\u00e9flex, mais lequel?"},"content":{"rendered":"<blockquote>\n<p style=\"text-align: justify;\">Actuellement, les ventes d&rsquo;appareils r\u00e9flex se portent bien, voire tr\u00e8s bien&#8230; en t\u00eate des ventes du secteur photographique, ces appareils paraissent \u00eatre \u00e0 la port\u00e9e de beaucoup&#8230; Pourtant, le choix d&rsquo;un r\u00e9flex doit se faire en connaissance de cause, les gammes sont diversifi\u00e9es et il est facile de s&rsquo;y \u00e9garer&#8230;<\/p>\n<\/blockquote>\n<h1 style=\"text-align: justify;\"><\/h1>\n<h1 style=\"text-align: justify;\">Les diff\u00e9rentes cat\u00e9gories<\/h1>\n<h2 style=\"text-align: justify;\"><\/h2>\n<h2 style=\"text-align: justify;\"><\/h2>\n<h2 style=\"text-align: justify;\"><span style=\"color: #ff6600;\">Le r\u00e9flex \u00ab\u00a0amateur\u00a0\u00bb<\/span><\/h2>\n<p style=\"text-align: justify; padding-left: 30px;\">Les r\u00e9flexes d&rsquo;entr\u00e9e de gamme sont qualifi\u00e9s \u00ab\u00a0d&rsquo;amateurs\u00a0\u00bb; en effet, <strong>leurs caract\u00e9ristiques techniques sont plus simples <\/strong>que celles des autres cat\u00e9gories, <strong>leur ergonomie <\/strong>est<strong> simplifi\u00e9e, leur poids et leur taille <\/strong>sont<strong> plus r\u00e9duits<\/strong>&#8230; et<strong> leur prix aussi.<\/strong><\/p>\n<div id=\"attachment_842\" style=\"width: 310px\" class=\"wp-caption aligncenter\"><a href=\"https:\/\/i0.wp.com\/vynz100photo.fr\/blog\/wp-content\/uploads\/2013\/08\/canon-eos-100d_1363685960.jpg?ssl=1\"><img data-recalc-dims=\"1\" loading=\"lazy\" decoding=\"async\" aria-describedby=\"caption-attachment-842\" data-attachment-id=\"842\" data-permalink=\"https:\/\/vynz100photo.fr\/blog\/photographie\/quelques-conseils-photo\/un-reflex-mais-lequel\/canon-eos-100d_1363685960\/\" data-orig-file=\"https:\/\/i0.wp.com\/vynz100photo.fr\/blog\/wp-content\/uploads\/2013\/08\/canon-eos-100d_1363685960.jpg?fit=400%2C400&amp;ssl=1\" data-orig-size=\"400,400\" data-comments-opened=\"1\" data-image-meta=\"{&quot;aperture&quot;:&quot;0&quot;,&quot;credit&quot;:&quot;&quot;,&quot;camera&quot;:&quot;&quot;,&quot;caption&quot;:&quot;&quot;,&quot;created_timestamp&quot;:&quot;0&quot;,&quot;copyright&quot;:&quot;&quot;,&quot;focal_length&quot;:&quot;0&quot;,&quot;iso&quot;:&quot;0&quot;,&quot;shutter_speed&quot;:&quot;0&quot;,&quot;title&quot;:&quot;&quot;}\" data-image-title=\"canon-eos-100d_1363685960\" data-image-description=\"\" data-image-caption=\"&lt;p&gt;Le minuscule Canon Eos 100D&lt;\/p&gt;\n\" data-large-file=\"https:\/\/i0.wp.com\/vynz100photo.fr\/blog\/wp-content\/uploads\/2013\/08\/canon-eos-100d_1363685960.jpg?fit=400%2C400&amp;ssl=1\" class=\"size-medium wp-image-842\" alt=\"Le minuscule Canon Eos 100D\" src=\"https:\/\/i0.wp.com\/vynz100photo.fr\/blog\/wp-content\/uploads\/2013\/08\/canon-eos-100d_1363685960.jpg?resize=300%2C300&#038;ssl=1\" width=\"300\" height=\"300\" srcset=\"https:\/\/i0.wp.com\/vynz100photo.fr\/blog\/wp-content\/uploads\/2013\/08\/canon-eos-100d_1363685960.jpg?resize=300%2C300&amp;ssl=1 300w, https:\/\/i0.wp.com\/vynz100photo.fr\/blog\/wp-content\/uploads\/2013\/08\/canon-eos-100d_1363685960.jpg?resize=150%2C150&amp;ssl=1 150w, https:\/\/i0.wp.com\/vynz100photo.fr\/blog\/wp-content\/uploads\/2013\/08\/canon-eos-100d_1363685960.jpg?w=400&amp;ssl=1 400w\" sizes=\"auto, (max-width: 300px) 100vw, 300px\" \/><\/a><p id=\"caption-attachment-842\" class=\"wp-caption-text\">Le minuscule Canon Eos 100D<\/p><\/div>\n<p style=\"text-align: justify; padding-left: 30px;\">Pourtant, on aurait tort de n\u00e9gliger ces bo\u00eetiers: actuellement, <strong>les capteurs de tous ces bo\u00eetiers sont d&rsquo;un excellent niveau<\/strong>, avec un <strong>nombre de pixels tr\u00e8s correct<\/strong> (on consid\u00e8re que 12 MP suffisent \u00e0 l&rsquo;impression de posters de grande taille). Ils ont aussi une <strong>sensibilit\u00e9 sup\u00e9rieure \u00e0 leurs concurrents plus compacts<\/strong>, qui leur permet de monter \u00e0 1600 iso sans probl\u00e8me, voire au-del\u00e0 avec un traitement adapt\u00e9.<\/p>\n<div id=\"attachment_843\" style=\"width: 310px\" class=\"wp-caption aligncenter\"><a href=\"https:\/\/i0.wp.com\/vynz100photo.fr\/blog\/wp-content\/uploads\/2013\/08\/nikon-d3200.jpg?ssl=1\"><img data-recalc-dims=\"1\" loading=\"lazy\" decoding=\"async\" aria-describedby=\"caption-attachment-843\" data-attachment-id=\"843\" data-permalink=\"https:\/\/vynz100photo.fr\/blog\/photographie\/quelques-conseils-photo\/un-reflex-mais-lequel\/nikon-d3200\/\" data-orig-file=\"https:\/\/i0.wp.com\/vynz100photo.fr\/blog\/wp-content\/uploads\/2013\/08\/nikon-d3200.jpg?fit=400%2C400&amp;ssl=1\" data-orig-size=\"400,400\" data-comments-opened=\"1\" data-image-meta=\"{&quot;aperture&quot;:&quot;0&quot;,&quot;credit&quot;:&quot;&quot;,&quot;camera&quot;:&quot;&quot;,&quot;caption&quot;:&quot;&quot;,&quot;created_timestamp&quot;:&quot;0&quot;,&quot;copyright&quot;:&quot;&quot;,&quot;focal_length&quot;:&quot;0&quot;,&quot;iso&quot;:&quot;0&quot;,&quot;shutter_speed&quot;:&quot;0&quot;,&quot;title&quot;:&quot;&quot;}\" data-image-title=\"nikon-d3200\" data-image-description=\"\" data-image-caption=\"&lt;p&gt;Color\u00e9, le petit Nikon D3200&lt;\/p&gt;\n\" data-large-file=\"https:\/\/i0.wp.com\/vynz100photo.fr\/blog\/wp-content\/uploads\/2013\/08\/nikon-d3200.jpg?fit=400%2C400&amp;ssl=1\" class=\"size-medium wp-image-843\" alt=\"Color\u00e9, le petit Nikon D3200\" src=\"https:\/\/i0.wp.com\/vynz100photo.fr\/blog\/wp-content\/uploads\/2013\/08\/nikon-d3200.jpg?resize=300%2C300&#038;ssl=1\" width=\"300\" height=\"300\" srcset=\"https:\/\/i0.wp.com\/vynz100photo.fr\/blog\/wp-content\/uploads\/2013\/08\/nikon-d3200.jpg?resize=300%2C300&amp;ssl=1 300w, https:\/\/i0.wp.com\/vynz100photo.fr\/blog\/wp-content\/uploads\/2013\/08\/nikon-d3200.jpg?resize=150%2C150&amp;ssl=1 150w, https:\/\/i0.wp.com\/vynz100photo.fr\/blog\/wp-content\/uploads\/2013\/08\/nikon-d3200.jpg?w=400&amp;ssl=1 400w\" sizes=\"auto, (max-width: 300px) 100vw, 300px\" \/><\/a><p id=\"caption-attachment-843\" class=\"wp-caption-text\">Color\u00e9, le petit Nikon D3200<\/p><\/div>\n<p style=\"text-align: justify; padding-left: 30px;\">Leurs faiblesses sont d&rsquo;ordre technologique, mais pas seulement: ils n&rsquo;ont <strong>pas les m\u00eames capacit\u00e9s que les gammes sup\u00e9rieures<\/strong>, leur <strong>ergonomie est simplifi\u00e9e et moins pratique<\/strong>, leur <strong>protection<\/strong> anti-ruissellement et anti-poussi\u00e8res est <strong>moins bonne<\/strong>, la <strong>mont\u00e9e en iso <\/strong>est<strong> moins qualitative<\/strong>, le bo\u00eetier est plus plastique que magn\u00e9sium, <strong>l&rsquo;autofocus <\/strong>est<strong> moins performant<\/strong>, etc&#8230; On peut difficilement les personnaliser et l<strong>&lsquo;acc\u00e8s aux fonctions avanc\u00e9es est beaucoup plus complexe<\/strong>.<\/p>\n<div id=\"attachment_850\" style=\"width: 568px\" class=\"wp-caption aligncenter\"><a href=\"https:\/\/i0.wp.com\/vynz100photo.fr\/blog\/wp-content\/uploads\/2013\/08\/pentax-k-500.jpg?ssl=1\"><img data-recalc-dims=\"1\" loading=\"lazy\" decoding=\"async\" aria-describedby=\"caption-attachment-850\" data-attachment-id=\"850\" data-permalink=\"https:\/\/vynz100photo.fr\/blog\/photographie\/quelques-conseils-photo\/un-reflex-mais-lequel\/pentax-k-500\/\" data-orig-file=\"https:\/\/i0.wp.com\/vynz100photo.fr\/blog\/wp-content\/uploads\/2013\/08\/pentax-k-500.jpg?fit=620%2C312&amp;ssl=1\" data-orig-size=\"620,312\" data-comments-opened=\"1\" data-image-meta=\"{&quot;aperture&quot;:&quot;0&quot;,&quot;credit&quot;:&quot;&quot;,&quot;camera&quot;:&quot;&quot;,&quot;caption&quot;:&quot;&quot;,&quot;created_timestamp&quot;:&quot;0&quot;,&quot;copyright&quot;:&quot;&quot;,&quot;focal_length&quot;:&quot;0&quot;,&quot;iso&quot;:&quot;0&quot;,&quot;shutter_speed&quot;:&quot;0&quot;,&quot;title&quot;:&quot;&quot;}\" data-image-title=\"pentax-k-500\" data-image-description=\"\" data-image-caption=\"&lt;p&gt;Le discret K-500&lt;\/p&gt;\n\" data-large-file=\"https:\/\/i0.wp.com\/vynz100photo.fr\/blog\/wp-content\/uploads\/2013\/08\/pentax-k-500.jpg?fit=620%2C312&amp;ssl=1\" class=\" wp-image-850 \" alt=\"Le discret K-500\" src=\"https:\/\/i0.wp.com\/vynz100photo.fr\/blog\/wp-content\/uploads\/2013\/08\/pentax-k-500.jpg?resize=558%2C281&#038;ssl=1\" width=\"558\" height=\"281\" srcset=\"https:\/\/i0.wp.com\/vynz100photo.fr\/blog\/wp-content\/uploads\/2013\/08\/pentax-k-500.jpg?w=620&amp;ssl=1 620w, https:\/\/i0.wp.com\/vynz100photo.fr\/blog\/wp-content\/uploads\/2013\/08\/pentax-k-500.jpg?resize=300%2C150&amp;ssl=1 300w\" sizes=\"auto, (max-width: 558px) 100vw, 558px\" \/><\/a><p id=\"caption-attachment-850\" class=\"wp-caption-text\">Le discret K-500<\/p><\/div>\n<p style=\"text-align: justify; padding-left: 30px;\">Mais ils ont aussi bien des avantages: leur <strong>petite taille<\/strong> est <strong>plus discr\u00e8te<\/strong> que leurs confr\u00e8res experts, leur prix est int\u00e9ressant (moins de 700\u20ac), ils sont fournis en petits effets (HDR, d\u00e9saturation partielle, etc&#8230;) qui peuvent s&rsquo;appliquer aux images d\u00e8s la prise de vue. Leur simplicit\u00e9 et leur d\u00e9pouillement les destinent <strong>\u00e0 un public qui ne veut pas se poser trop de questions<\/strong> et s&rsquo;en remet aux automatismes de leur bo\u00eetier (qui sont souvent au point et suffisent pour 90% des situations). Ils sont n\u00e9anmoins <strong>concurrenc\u00e9s par les hybrides \u00e0 objectifs interchangeables<\/strong> qui sont un peu plus compacts mais n&rsquo;ont pas toujours de viseur optique&#8230;<\/p>\n<div id=\"attachment_845\" style=\"width: 310px\" class=\"wp-caption aligncenter\"><a href=\"https:\/\/i0.wp.com\/vynz100photo.fr\/blog\/wp-content\/uploads\/2013\/08\/sony-alpha-58_1361304836.jpg?ssl=1\"><img data-recalc-dims=\"1\" loading=\"lazy\" decoding=\"async\" aria-describedby=\"caption-attachment-845\" data-attachment-id=\"845\" data-permalink=\"https:\/\/vynz100photo.fr\/blog\/photographie\/quelques-conseils-photo\/un-reflex-mais-lequel\/sony-alpha-58_1361304836\/\" data-orig-file=\"https:\/\/i0.wp.com\/vynz100photo.fr\/blog\/wp-content\/uploads\/2013\/08\/sony-alpha-58_1361304836.jpg?fit=400%2C400&amp;ssl=1\" data-orig-size=\"400,400\" data-comments-opened=\"1\" data-image-meta=\"{&quot;aperture&quot;:&quot;0&quot;,&quot;credit&quot;:&quot;&quot;,&quot;camera&quot;:&quot;&quot;,&quot;caption&quot;:&quot;&quot;,&quot;created_timestamp&quot;:&quot;1355322285&quot;,&quot;copyright&quot;:&quot;&quot;,&quot;focal_length&quot;:&quot;0&quot;,&quot;iso&quot;:&quot;0&quot;,&quot;shutter_speed&quot;:&quot;0&quot;,&quot;title&quot;:&quot;&quot;}\" data-image-title=\"sony-alpha-58_1361304836\" data-image-description=\"\" data-image-caption=\"&lt;p&gt;Le Sony Alpha 58 et son viseur \u00e9lectronique&lt;\/p&gt;\n\" data-large-file=\"https:\/\/i0.wp.com\/vynz100photo.fr\/blog\/wp-content\/uploads\/2013\/08\/sony-alpha-58_1361304836.jpg?fit=400%2C400&amp;ssl=1\" class=\"size-medium wp-image-845\" alt=\"Le Sony Alpha 58 et son viseur \u00e9lectronique\" src=\"https:\/\/i0.wp.com\/vynz100photo.fr\/blog\/wp-content\/uploads\/2013\/08\/sony-alpha-58_1361304836.jpg?resize=300%2C300&#038;ssl=1\" width=\"300\" height=\"300\" srcset=\"https:\/\/i0.wp.com\/vynz100photo.fr\/blog\/wp-content\/uploads\/2013\/08\/sony-alpha-58_1361304836.jpg?resize=300%2C300&amp;ssl=1 300w, https:\/\/i0.wp.com\/vynz100photo.fr\/blog\/wp-content\/uploads\/2013\/08\/sony-alpha-58_1361304836.jpg?resize=150%2C150&amp;ssl=1 150w, https:\/\/i0.wp.com\/vynz100photo.fr\/blog\/wp-content\/uploads\/2013\/08\/sony-alpha-58_1361304836.jpg?w=400&amp;ssl=1 400w\" sizes=\"auto, (max-width: 300px) 100vw, 300px\" \/><\/a><p id=\"caption-attachment-845\" class=\"wp-caption-text\">Le Sony Alpha 58 et son viseur \u00e9lectronique<\/p><\/div>\n<h3 style=\"text-align: justify; padding-left: 30px;\"><\/h3>\n<h3 style=\"text-align: justify; padding-left: 30px;\">Les diff\u00e9rents mod\u00e8les actuels:<\/h3>\n<p style=\"padding-left: 30px;\"><span style=\"text-decoration: underline;\">Canon<\/span>: ce sont les bo\u00eetiers <strong>xxxD<\/strong> (ou xxxxD): <em>1100D (fin de vie), 100D, 600D, 650D, 700D.<\/em><\/p>\n<p style=\"padding-left: 30px;\"><span style=\"text-decoration: underline;\">Nikon<\/span>: ce sont les bo\u00eetiers <strong>D3xxx et D5xxx<\/strong>: <em>D3100, D3200, D5100, D5200.<\/em><\/p>\n<p style=\"padding-left: 30px;\"><span style=\"text-decoration: underline;\">Sony<\/span>: ce sont les bo\u00eetiers <strong>Alpha SLT-A5x <\/strong>et<strong> SLT-A6x<\/strong>: <em>SLT-A57, SLT-A58, SLT-A65.<\/em><\/p>\n<p style=\"padding-left: 30px;\"><span style=\"text-decoration: underline;\">Pentax<\/span>: ce sont les bo\u00eetiers K-xxx: <em>K-500.<\/em><\/p>\n<h2 style=\"text-align: justify; padding-left: 30px;\"><\/h2>\n<p>&nbsp;<\/p>\n<h2 style=\"text-align: justify;\"><span style=\"color: #ff6600;\">Le r\u00e9flex \u00ab\u00a0expert\u00a0\u00bb (800-1500\u20ac)<\/span><\/h2>\n<p style=\"padding-left: 30px; text-align: justify;\">Ces bo\u00eetiers marquent une \u00e9volution par rapport \u00e0 leurs cong\u00e9n\u00e8res d&rsquo;entr\u00e9e de gamme: le capteur est parfois plus fourni en pixel, les <strong>processeurs sont plus performants<\/strong> (traitement de l&rsquo;image) et plus rapides, <strong>l&rsquo;ergonomie est mieux pens\u00e9e<\/strong> (pr\u00e9sence de boutons ou de roues suppl\u00e9mentaires), le <strong>bo\u00eetier est plus gros<\/strong> et <strong>tient mieux en main<\/strong>, il est aussi <strong>plus solide et mieux prot\u00e9g\u00e9<\/strong>.<\/p>\n<div id=\"attachment_851\" style=\"width: 310px\" class=\"wp-caption aligncenter\"><a href=\"https:\/\/i0.wp.com\/vynz100photo.fr\/blog\/wp-content\/uploads\/2013\/08\/EOS-70D-pantalla.jpg?ssl=1\"><img data-recalc-dims=\"1\" loading=\"lazy\" decoding=\"async\" aria-describedby=\"caption-attachment-851\" data-attachment-id=\"851\" data-permalink=\"https:\/\/vynz100photo.fr\/blog\/photographie\/quelques-conseils-photo\/un-reflex-mais-lequel\/eos-70d-pantalla\/\" data-orig-file=\"https:\/\/i0.wp.com\/vynz100photo.fr\/blog\/wp-content\/uploads\/2013\/08\/EOS-70D-pantalla.jpg?fit=650%2C391&amp;ssl=1\" data-orig-size=\"650,391\" data-comments-opened=\"1\" data-image-meta=\"{&quot;aperture&quot;:&quot;0&quot;,&quot;credit&quot;:&quot;&quot;,&quot;camera&quot;:&quot;&quot;,&quot;caption&quot;:&quot;&quot;,&quot;created_timestamp&quot;:&quot;0&quot;,&quot;copyright&quot;:&quot;&quot;,&quot;focal_length&quot;:&quot;0&quot;,&quot;iso&quot;:&quot;0&quot;,&quot;shutter_speed&quot;:&quot;0&quot;,&quot;title&quot;:&quot;&quot;}\" data-image-title=\"EOS 70D  pantalla\" data-image-description=\"\" data-image-caption=\"&lt;p&gt;Le tout frais 70D&lt;\/p&gt;\n\" data-large-file=\"https:\/\/i0.wp.com\/vynz100photo.fr\/blog\/wp-content\/uploads\/2013\/08\/EOS-70D-pantalla.jpg?fit=650%2C391&amp;ssl=1\" class=\"size-medium wp-image-851\" alt=\"Le tout frais 70D\" src=\"https:\/\/i0.wp.com\/vynz100photo.fr\/blog\/wp-content\/uploads\/2013\/08\/EOS-70D-pantalla.jpg?resize=300%2C180&#038;ssl=1\" width=\"300\" height=\"180\" srcset=\"https:\/\/i0.wp.com\/vynz100photo.fr\/blog\/wp-content\/uploads\/2013\/08\/EOS-70D-pantalla.jpg?resize=300%2C180&amp;ssl=1 300w, https:\/\/i0.wp.com\/vynz100photo.fr\/blog\/wp-content\/uploads\/2013\/08\/EOS-70D-pantalla.jpg?w=650&amp;ssl=1 650w\" sizes=\"auto, (max-width: 300px) 100vw, 300px\" \/><\/a><p id=\"caption-attachment-851\" class=\"wp-caption-text\">Le tout frais 70D<\/p><\/div>\n<p style=\"padding-left: 30px; text-align: justify;\"><strong>Le prix est aussi plus cons\u00e9quent que les r\u00e9flexs d&rsquo;entr\u00e9e de gamme<\/strong>, puisque l&rsquo;on tourne aux alentours du millier d&rsquo;euros. La qualit\u00e9 de l&rsquo;image ne sera <strong>pas n\u00e9cessairement meilleure que celle des appareils amateurs<\/strong>, mais l&rsquo;usage sera <strong>plus ais\u00e9 au quotidien<\/strong>, notamment si on se sert des r\u00e9glages manuels d&rsquo;exposition (vitesse, ouverture, sensibilit\u00e9).<\/p>\n<div id=\"attachment_844\" style=\"width: 310px\" class=\"wp-caption aligncenter\"><a href=\"https:\/\/i0.wp.com\/vynz100photo.fr\/blog\/wp-content\/uploads\/2013\/08\/pentax-k-30.jpg?ssl=1\"><img data-recalc-dims=\"1\" loading=\"lazy\" decoding=\"async\" aria-describedby=\"caption-attachment-844\" data-attachment-id=\"844\" data-permalink=\"https:\/\/vynz100photo.fr\/blog\/photographie\/quelques-conseils-photo\/un-reflex-mais-lequel\/pentax-k-30\/\" data-orig-file=\"https:\/\/i0.wp.com\/vynz100photo.fr\/blog\/wp-content\/uploads\/2013\/08\/pentax-k-30.jpg?fit=400%2C400&amp;ssl=1\" data-orig-size=\"400,400\" data-comments-opened=\"1\" data-image-meta=\"{&quot;aperture&quot;:&quot;0&quot;,&quot;credit&quot;:&quot;&quot;,&quot;camera&quot;:&quot;&quot;,&quot;caption&quot;:&quot;&quot;,&quot;created_timestamp&quot;:&quot;0&quot;,&quot;copyright&quot;:&quot;&quot;,&quot;focal_length&quot;:&quot;0&quot;,&quot;iso&quot;:&quot;0&quot;,&quot;shutter_speed&quot;:&quot;0&quot;,&quot;title&quot;:&quot;&quot;}\" data-image-title=\"pentax-k-30\" data-image-description=\"\" data-image-caption=\"&lt;p&gt;Le Pentax K-30, prot\u00e9g\u00e9 tout temps&lt;\/p&gt;\n\" data-large-file=\"https:\/\/i0.wp.com\/vynz100photo.fr\/blog\/wp-content\/uploads\/2013\/08\/pentax-k-30.jpg?fit=400%2C400&amp;ssl=1\" class=\"size-medium wp-image-844\" alt=\"Le Pentax K-30, prot\u00e9g\u00e9 tout temps\" src=\"https:\/\/i0.wp.com\/vynz100photo.fr\/blog\/wp-content\/uploads\/2013\/08\/pentax-k-30.jpg?resize=300%2C300&#038;ssl=1\" width=\"300\" height=\"300\" srcset=\"https:\/\/i0.wp.com\/vynz100photo.fr\/blog\/wp-content\/uploads\/2013\/08\/pentax-k-30.jpg?resize=300%2C300&amp;ssl=1 300w, https:\/\/i0.wp.com\/vynz100photo.fr\/blog\/wp-content\/uploads\/2013\/08\/pentax-k-30.jpg?resize=150%2C150&amp;ssl=1 150w, https:\/\/i0.wp.com\/vynz100photo.fr\/blog\/wp-content\/uploads\/2013\/08\/pentax-k-30.jpg?w=400&amp;ssl=1 400w\" sizes=\"auto, (max-width: 300px) 100vw, 300px\" \/><\/a><p id=\"caption-attachment-844\" class=\"wp-caption-text\">Le Pentax K-30, prot\u00e9g\u00e9 tout temps<\/p><\/div>\n<p style=\"padding-left: 30px; text-align: justify;\">Ces appareils sont de <strong>bons compromis<\/strong> \u00e0 l&rsquo;usage pour qui veut jouer un peu avec les param\u00e8tres de l&rsquo;appareil pour obtenir de meilleurs r\u00e9sultats <strong>quand les conditions sont plus difficiles<\/strong> (p\u00e9nombre, contrastes violents, mouvements, etc&#8230;) et qui auraient besoin d&rsquo;un <strong>appareil plus r\u00e9actif<\/strong>; le calcul de <strong>l&rsquo;exposition<\/strong>, <strong>l&rsquo;autofocus<\/strong>, la <strong>vitesse de r\u00e9action<\/strong> du bo\u00eetier et ses <strong>capacit\u00e9s en rafale<\/strong> sont sup\u00e9rieurs aux bo\u00eetiers amateurs.<\/p>\n<div id=\"attachment_852\" style=\"width: 310px\" class=\"wp-caption aligncenter\"><a href=\"https:\/\/i0.wp.com\/vynz100photo.fr\/blog\/wp-content\/uploads\/2013\/08\/nikon-d7100-1.jpg?ssl=1\"><img data-recalc-dims=\"1\" loading=\"lazy\" decoding=\"async\" aria-describedby=\"caption-attachment-852\" data-attachment-id=\"852\" data-permalink=\"https:\/\/vynz100photo.fr\/blog\/photographie\/quelques-conseils-photo\/un-reflex-mais-lequel\/nikon-d7100-1\/\" data-orig-file=\"https:\/\/i0.wp.com\/vynz100photo.fr\/blog\/wp-content\/uploads\/2013\/08\/nikon-d7100-1.jpg?fit=900%2C600&amp;ssl=1\" data-orig-size=\"900,600\" data-comments-opened=\"1\" data-image-meta=\"{&quot;aperture&quot;:&quot;0&quot;,&quot;credit&quot;:&quot;&quot;,&quot;camera&quot;:&quot;&quot;,&quot;caption&quot;:&quot;&quot;,&quot;created_timestamp&quot;:&quot;0&quot;,&quot;copyright&quot;:&quot;&quot;,&quot;focal_length&quot;:&quot;0&quot;,&quot;iso&quot;:&quot;0&quot;,&quot;shutter_speed&quot;:&quot;0&quot;,&quot;title&quot;:&quot;&quot;}\" data-image-title=\"nikon-d7100-1\" data-image-description=\"\" data-image-caption=\"&lt;p&gt;Sur\u00e9quip\u00e9, le Nikon D7100!&lt;\/p&gt;\n\" data-large-file=\"https:\/\/i0.wp.com\/vynz100photo.fr\/blog\/wp-content\/uploads\/2013\/08\/nikon-d7100-1.jpg?fit=800%2C533&amp;ssl=1\" class=\"size-medium wp-image-852\" alt=\"Sur\u00e9quip\u00e9, le Nikon D7100!\" src=\"https:\/\/i0.wp.com\/vynz100photo.fr\/blog\/wp-content\/uploads\/2013\/08\/nikon-d7100-1.jpg?resize=300%2C200&#038;ssl=1\" width=\"300\" height=\"200\" srcset=\"https:\/\/i0.wp.com\/vynz100photo.fr\/blog\/wp-content\/uploads\/2013\/08\/nikon-d7100-1.jpg?resize=300%2C200&amp;ssl=1 300w, https:\/\/i0.wp.com\/vynz100photo.fr\/blog\/wp-content\/uploads\/2013\/08\/nikon-d7100-1.jpg?w=900&amp;ssl=1 900w\" sizes=\"auto, (max-width: 300px) 100vw, 300px\" \/><\/a><p id=\"caption-attachment-852\" class=\"wp-caption-text\">Sur\u00e9quip\u00e9, le Nikon D7100!<\/p><\/div>\n<h3 style=\"padding-left: 30px;\">Les diff\u00e9rents mod\u00e8les actuels:<\/h3>\n<p style=\"padding-left: 30px;\"><span style=\"text-decoration: underline;\">Canon<\/span>: ce sont les bo\u00eetiers\u00a0<strong>xxD\u00a0<\/strong>:\u00a0<em>\u00a060D, \u00a070D.<\/em><\/p>\n<p style=\"padding-left: 30px;\"><span style=\"text-decoration: underline;\">Nikon<\/span>: ce sont les bo\u00eetiers\u00a0<strong>D7xxx <\/strong>:\u00a0<em>D7000, D7100.<\/em><\/p>\n<p style=\"padding-left: 30px;\"><span style=\"text-decoration: underline;\"><span>Pentax<\/span>:<\/span> ce sont les bo\u00eetiers <strong>K-xx\u00a0<\/strong>:\u00a0<em>K-30, K-50.<\/em><\/p>\n<p style=\"padding-left: 30px;\"><span style=\"text-decoration: underline;\">Sony<\/span>: ce sont les bo\u00eetiers\u00a0<strong>Alpha SLT-A7x<\/strong>:\u00a0<em>SLT-A77.<\/em><\/p>\n<h2><\/h2>\n<p>&nbsp;<\/p>\n<h2><span style=\"color: #ff6600;\">Le r\u00e9flex \u00ab\u00a0semi-pro\u00a0\u00bb (1500-3000 \u20ac)<\/span><\/h2>\n<p style=\"text-align: justify; padding-left: 30px;\">Dans cette cat\u00e9gorie coexistent deux types de capteurs, les \u00ab\u00a0petits\u00a0\u00bb APS-C et les \u00ab\u00a0plein-formats\u00a0\u00bb 24&#215;36: pour les premiers, il s&rsquo;agit de <strong>bo\u00eetiers tr\u00e8s r\u00e9actifs<\/strong>, dot\u00e9s d&rsquo;un <strong>excellent autofocus<\/strong>, d&rsquo;une <strong>bonne rafale<\/strong> et d&rsquo;une construction \u00e0 l&rsquo;avenant, et pour les seconds u<strong>n ticket d&rsquo;entr\u00e9e dans le monde du plein format<\/strong>, avec des <strong>capteurs d&rsquo;excellente facture<\/strong> mais des p<strong>erformances de vitesse un peu brid\u00e9es<\/strong>.<\/p>\n<div id=\"attachment_866\" style=\"width: 394px\" class=\"wp-caption aligncenter\"><a href=\"https:\/\/i0.wp.com\/vynz100photo.fr\/blog\/wp-content\/uploads\/2013\/08\/Sony-Alpha-SLT-A99-1.jpg?ssl=1\"><img data-recalc-dims=\"1\" loading=\"lazy\" decoding=\"async\" aria-describedby=\"caption-attachment-866\" data-attachment-id=\"866\" data-permalink=\"https:\/\/vynz100photo.fr\/blog\/photographie\/quelques-conseils-photo\/un-reflex-mais-lequel\/sony-alpha-slt-a99-1\/\" data-orig-file=\"https:\/\/i0.wp.com\/vynz100photo.fr\/blog\/wp-content\/uploads\/2013\/08\/Sony-Alpha-SLT-A99-1.jpg?fit=600%2C518&amp;ssl=1\" data-orig-size=\"600,518\" data-comments-opened=\"1\" data-image-meta=\"{&quot;aperture&quot;:&quot;0&quot;,&quot;credit&quot;:&quot;&quot;,&quot;camera&quot;:&quot;&quot;,&quot;caption&quot;:&quot;&quot;,&quot;created_timestamp&quot;:&quot;1343221870&quot;,&quot;copyright&quot;:&quot;&quot;,&quot;focal_length&quot;:&quot;0&quot;,&quot;iso&quot;:&quot;0&quot;,&quot;shutter_speed&quot;:&quot;0&quot;,&quot;title&quot;:&quot;&quot;}\" data-image-title=\"Sony-Alpha-SLT-A99-1\" data-image-description=\"\" data-image-caption=\"&lt;p&gt;Le Sony Alpha SLT-A99, le seul plein format de la marque&lt;\/p&gt;\n\" data-large-file=\"https:\/\/i0.wp.com\/vynz100photo.fr\/blog\/wp-content\/uploads\/2013\/08\/Sony-Alpha-SLT-A99-1.jpg?fit=600%2C518&amp;ssl=1\" class=\" wp-image-866  \" alt=\"Le Sony Alpha SLT-A99, le seul plein format de la marque\" src=\"https:\/\/i0.wp.com\/vynz100photo.fr\/blog\/wp-content\/uploads\/2013\/08\/Sony-Alpha-SLT-A99-1.jpg?resize=384%2C331&#038;ssl=1\" width=\"384\" height=\"331\" srcset=\"https:\/\/i0.wp.com\/vynz100photo.fr\/blog\/wp-content\/uploads\/2013\/08\/Sony-Alpha-SLT-A99-1.jpg?w=600&amp;ssl=1 600w, https:\/\/i0.wp.com\/vynz100photo.fr\/blog\/wp-content\/uploads\/2013\/08\/Sony-Alpha-SLT-A99-1.jpg?resize=300%2C259&amp;ssl=1 300w\" sizes=\"auto, (max-width: 384px) 100vw, 384px\" \/><\/a><p id=\"caption-attachment-866\" class=\"wp-caption-text\">Le Sony Alpha SLT-A99, le seul plein format de la marque<\/p><\/div>\n<p style=\"text-align: justify; padding-left: 30px;\">Les <strong>APS-C haut de gamme<\/strong> sont privil\u00e9gi\u00e9s par les photographes qui veulent <strong>conserver leurs objectifs au format APS-C<\/strong> et qui veulent <strong>garder le facteur multiplicateur x1,5 (ou x1,6)<\/strong>. Ils sont <strong>solides<\/strong>, prot\u00e9g\u00e9s contre les \u00e9l\u00e9ments, ont un <strong>autofocus qui int\u00e8gre certaines particularit\u00e9s des appareils professionnels<\/strong> et qui se r\u00e8gle assez finement. <strong>Leur prix est assez \u00e9lev\u00e9<\/strong>, mais ils peuvent profiter des meilleurs objectifs de la marque qui seront n\u00e9cessaire \u00e0 leur <strong>capteur \u00e0 forte densit\u00e9 de photosites<\/strong> (peu de place, beaucoup de pixels).<\/p>\n<div id=\"attachment_867\" style=\"width: 410px\" class=\"wp-caption aligncenter\"><a href=\"https:\/\/i0.wp.com\/vynz100photo.fr\/blog\/wp-content\/uploads\/2013\/08\/Nikon-D800E.jpg?ssl=1\"><img data-recalc-dims=\"1\" loading=\"lazy\" decoding=\"async\" aria-describedby=\"caption-attachment-867\" data-attachment-id=\"867\" data-permalink=\"https:\/\/vynz100photo.fr\/blog\/photographie\/quelques-conseils-photo\/un-reflex-mais-lequel\/nikon-d800e\/\" data-orig-file=\"https:\/\/i0.wp.com\/vynz100photo.fr\/blog\/wp-content\/uploads\/2013\/08\/Nikon-D800E.jpg?fit=400%2C400&amp;ssl=1\" data-orig-size=\"400,400\" data-comments-opened=\"1\" data-image-meta=\"{&quot;aperture&quot;:&quot;0&quot;,&quot;credit&quot;:&quot;&quot;,&quot;camera&quot;:&quot;&quot;,&quot;caption&quot;:&quot;&quot;,&quot;created_timestamp&quot;:&quot;0&quot;,&quot;copyright&quot;:&quot;&quot;,&quot;focal_length&quot;:&quot;0&quot;,&quot;iso&quot;:&quot;0&quot;,&quot;shutter_speed&quot;:&quot;0&quot;,&quot;title&quot;:&quot;&quot;}\" data-image-title=\"Nikon D800E\" data-image-description=\"\" data-image-caption=\"&lt;p&gt;Le Nikon D800E et ses 36,3 MP!&lt;\/p&gt;\n\" data-large-file=\"https:\/\/i0.wp.com\/vynz100photo.fr\/blog\/wp-content\/uploads\/2013\/08\/Nikon-D800E.jpg?fit=400%2C400&amp;ssl=1\" class=\"size-full wp-image-867\" alt=\"Le Nikon D800E et ses 36,3 MP!\" src=\"https:\/\/i0.wp.com\/vynz100photo.fr\/blog\/wp-content\/uploads\/2013\/08\/Nikon-D800E.jpg?resize=400%2C400&#038;ssl=1\" width=\"400\" height=\"400\" srcset=\"https:\/\/i0.wp.com\/vynz100photo.fr\/blog\/wp-content\/uploads\/2013\/08\/Nikon-D800E.jpg?w=400&amp;ssl=1 400w, https:\/\/i0.wp.com\/vynz100photo.fr\/blog\/wp-content\/uploads\/2013\/08\/Nikon-D800E.jpg?resize=150%2C150&amp;ssl=1 150w, https:\/\/i0.wp.com\/vynz100photo.fr\/blog\/wp-content\/uploads\/2013\/08\/Nikon-D800E.jpg?resize=300%2C300&amp;ssl=1 300w\" sizes=\"auto, (max-width: 400px) 100vw, 400px\" \/><\/a><p id=\"caption-attachment-867\" class=\"wp-caption-text\">Le Nikon D800E et ses 36,3 MP!<\/p><\/div>\n<p style=\"text-align: justify; padding-left: 30px;\">Pourtant, leur qualit\u00e9 d&rsquo;image est inf\u00e9rieure \u00e0 la seconde cat\u00e9gorie, les <strong>appareils semi-professionnels \u00e0 capteur plein format<\/strong>. En effet, ces bo\u00eetiers sont ceux pour lesquels l&rsquo;accent est mis sur la <strong>qualit\u00e9 d&rsquo;image avant tout<\/strong> (21 \u00e0 36 millions de pixels), avec des caract\u00e9ristiques qui les destinent plus \u00e0 la <strong>photographie \u00ab\u00a0calme\u00a0\u00bb comme le paysage et le portrait<\/strong>&#8230; tout en sachant faire le reste! Ce sont aussi les appareils qui ont le plus grand nombre de pixels, et l&rsquo;image <strong>la plus agr\u00e9able \u00e0 regarder<\/strong>.<\/p>\n<div id=\"attachment_868\" style=\"width: 379px\" class=\"wp-caption aligncenter\"><a href=\"https:\/\/i0.wp.com\/vynz100photo.fr\/blog\/wp-content\/uploads\/2013\/08\/305620-pentax-k-5-iis-angle.jpg?ssl=1\"><img data-recalc-dims=\"1\" loading=\"lazy\" decoding=\"async\" aria-describedby=\"caption-attachment-868\" data-attachment-id=\"868\" data-permalink=\"https:\/\/vynz100photo.fr\/blog\/photographie\/quelques-conseils-photo\/un-reflex-mais-lequel\/305620-pentax-k-5-iis-angle\/\" data-orig-file=\"https:\/\/i0.wp.com\/vynz100photo.fr\/blog\/wp-content\/uploads\/2013\/08\/305620-pentax-k-5-iis-angle.jpg?fit=513%2C550&amp;ssl=1\" data-orig-size=\"513,550\" data-comments-opened=\"1\" data-image-meta=\"{&quot;aperture&quot;:&quot;0&quot;,&quot;credit&quot;:&quot;&quot;,&quot;camera&quot;:&quot;&quot;,&quot;caption&quot;:&quot;&quot;,&quot;created_timestamp&quot;:&quot;0&quot;,&quot;copyright&quot;:&quot;&quot;,&quot;focal_length&quot;:&quot;0&quot;,&quot;iso&quot;:&quot;0&quot;,&quot;shutter_speed&quot;:&quot;0&quot;,&quot;title&quot;:&quot;&quot;}\" data-image-title=\"305620-pentax-k-5-iis-angle\" data-image-description=\"\" data-image-caption=\"&lt;p&gt;Le Pentax K-5IIs&lt;\/p&gt;\n\" data-large-file=\"https:\/\/i0.wp.com\/vynz100photo.fr\/blog\/wp-content\/uploads\/2013\/08\/305620-pentax-k-5-iis-angle.jpg?fit=513%2C550&amp;ssl=1\" class=\" wp-image-868  \" alt=\"Le Pentax K-5IIs\" src=\"https:\/\/i0.wp.com\/vynz100photo.fr\/blog\/wp-content\/uploads\/2013\/08\/305620-pentax-k-5-iis-angle.jpg?resize=369%2C396&#038;ssl=1\" width=\"369\" height=\"396\" srcset=\"https:\/\/i0.wp.com\/vynz100photo.fr\/blog\/wp-content\/uploads\/2013\/08\/305620-pentax-k-5-iis-angle.jpg?w=513&amp;ssl=1 513w, https:\/\/i0.wp.com\/vynz100photo.fr\/blog\/wp-content\/uploads\/2013\/08\/305620-pentax-k-5-iis-angle.jpg?resize=279%2C300&amp;ssl=1 279w\" sizes=\"auto, (max-width: 369px) 100vw, 369px\" \/><\/a><p id=\"caption-attachment-868\" class=\"wp-caption-text\">Le Pentax K-5IIs<\/p><\/div>\n<p style=\"text-align: justify; padding-left: 30px;\">Ces appareils sont aussi <strong>tr\u00e8s pris\u00e9s pour leur capacit\u00e9 en vid\u00e9o<\/strong>, ils ont d\u00e9j\u00e0 \u00e9t\u00e9 utilis\u00e9s dans de nombreux films pour leur <strong>qualit\u00e9 superlative<\/strong> et leur <strong>faible encombrement<\/strong>. Ils n\u00e9cessiteront des <strong>objectifs tr\u00e8s qualitatifs<\/strong> pour profiter des capacit\u00e9s de leur capteur survitamin\u00e9, le budget risque de monter assez rapidement&#8230;<\/p>\n<div id=\"attachment_869\" style=\"width: 410px\" class=\"wp-caption aligncenter\"><a href=\"https:\/\/i0.wp.com\/vynz100photo.fr\/blog\/wp-content\/uploads\/2013\/08\/Canon-EOS-7D-18-135mm-02.jpg?ssl=1\"><img data-recalc-dims=\"1\" loading=\"lazy\" decoding=\"async\" aria-describedby=\"caption-attachment-869\" data-attachment-id=\"869\" data-permalink=\"https:\/\/vynz100photo.fr\/blog\/photographie\/quelques-conseils-photo\/un-reflex-mais-lequel\/canon-eos-7d-18-135mm-02\/\" data-orig-file=\"https:\/\/i0.wp.com\/vynz100photo.fr\/blog\/wp-content\/uploads\/2013\/08\/Canon-EOS-7D-18-135mm-02.jpg?fit=500%2C500&amp;ssl=1\" data-orig-size=\"500,500\" data-comments-opened=\"1\" data-image-meta=\"{&quot;aperture&quot;:&quot;0&quot;,&quot;credit&quot;:&quot;&quot;,&quot;camera&quot;:&quot;&quot;,&quot;caption&quot;:&quot;&quot;,&quot;created_timestamp&quot;:&quot;0&quot;,&quot;copyright&quot;:&quot;&quot;,&quot;focal_length&quot;:&quot;0&quot;,&quot;iso&quot;:&quot;0&quot;,&quot;shutter_speed&quot;:&quot;0&quot;,&quot;title&quot;:&quot;&quot;}\" data-image-title=\"Canon-EOS-7D&amp;#8212;18-135mm-02\" data-image-description=\"\" data-image-caption=\"&lt;p&gt;Le 7D, chef de file des APS-C Canon&lt;\/p&gt;\n\" data-large-file=\"https:\/\/i0.wp.com\/vynz100photo.fr\/blog\/wp-content\/uploads\/2013\/08\/Canon-EOS-7D-18-135mm-02.jpg?fit=500%2C500&amp;ssl=1\" class=\" wp-image-869 \" alt=\"Le 7D, chef de file des APS-C Canon\" src=\"https:\/\/i0.wp.com\/vynz100photo.fr\/blog\/wp-content\/uploads\/2013\/08\/Canon-EOS-7D-18-135mm-02.jpg?resize=400%2C400&#038;ssl=1\" width=\"400\" height=\"400\" srcset=\"https:\/\/i0.wp.com\/vynz100photo.fr\/blog\/wp-content\/uploads\/2013\/08\/Canon-EOS-7D-18-135mm-02.jpg?w=500&amp;ssl=1 500w, https:\/\/i0.wp.com\/vynz100photo.fr\/blog\/wp-content\/uploads\/2013\/08\/Canon-EOS-7D-18-135mm-02.jpg?resize=150%2C150&amp;ssl=1 150w, https:\/\/i0.wp.com\/vynz100photo.fr\/blog\/wp-content\/uploads\/2013\/08\/Canon-EOS-7D-18-135mm-02.jpg?resize=300%2C300&amp;ssl=1 300w\" sizes=\"auto, (max-width: 400px) 100vw, 400px\" \/><\/a><p id=\"caption-attachment-869\" class=\"wp-caption-text\">Le 7D, chef de file des APS-C Canon<\/p><\/div>\n<h3 style=\"padding-left: 30px;\"><\/h3>\n<h3 style=\"padding-left: 30px;\">Les diff\u00e9rents mod\u00e8les actuels:<\/h3>\n<p style=\"padding-left: 30px;\"><span style=\"text-decoration: underline;\">Canon<\/span>: ce sont les bo\u00eetiers\u00a0<strong>xD<\/strong>\u00a0(sauf 1Dx):\u00a0<em>7D (<\/em><em>APS-C)<\/em><em>,\u00a0<\/em><em>6D,\u00a0<\/em><em>5D Mark II, 5D MarkIII (24&#215;36).<\/em><\/p>\n<p style=\"padding-left: 30px;\"><span style=\"text-decoration: underline;\">Nikon<\/span>: ce sont les bo\u00eetiers\u00a0<strong>Dx00 <\/strong>:\u00a0<em>D300, D300s (APS-C), D600, D700, D800, D800E (24&#215;36).<\/em><\/p>\n<p style=\"padding-left: 30px;\"><span style=\"text-decoration: underline;\">Pentax<\/span>: ce sont les bo\u00eetiers <strong>K-x<\/strong>:\u00a0<em>K-5II, K-5IIs (APS-C).<\/em><\/p>\n<p style=\"padding-left: 30px;\"><span style=\"text-decoration: underline;\">Sony<\/span>: ce sont les bo\u00eetiers\u00a0<strong>Alpha SLT-A9x<\/strong>:\u00a0<em>SLT-A99 (24&#215;36).<\/em><\/p>\n<h2><\/h2>\n<p>&nbsp;<\/p>\n<h2><span style=\"color: #ff6600;\">Le r\u00e9flex \u00ab\u00a0professionnel\u00a0\u00bb (6000-8000\u20ac)<\/span><\/h2>\n<p style=\"padding-left: 30px; text-align: justify;\">On entre dans une autre dimension, \u00e0 tous les niveaux: ces appareils sont <strong>les vaisseaux amiraux des constructeurs<\/strong>, dans lesquels ils ont mis tout leur savoir-faire. Ces concentr\u00e9s de technologie sont tr\u00e8s rapides, tr\u00e8s solides et fournissent une qualit\u00e9 d&rsquo;image superlative. <strong>Leur autofocus est extr\u00eamement r\u00e9actif<\/strong> et permet de r\u00e9pondre aux situations les plus difficiles: c&rsquo;est normal, leur prix assez exclusif les destine \u00e0 un public professionnel, \u00e0 savoir <strong>les photographes sportifs et animaliers<\/strong>, dont le bo\u00eetier doit pouvoir s&rsquo;adapter \u00e0 toutes les situations.<\/p>\n<div id=\"attachment_855\" style=\"width: 442px\" class=\"wp-caption aligncenter\"><a href=\"https:\/\/i0.wp.com\/vynz100photo.fr\/blog\/wp-content\/uploads\/2013\/08\/Nikon_D4_DSLR.jpg?ssl=1\"><img data-recalc-dims=\"1\" loading=\"lazy\" decoding=\"async\" aria-describedby=\"caption-attachment-855\" data-attachment-id=\"855\" data-permalink=\"https:\/\/vynz100photo.fr\/blog\/photographie\/quelques-conseils-photo\/un-reflex-mais-lequel\/nikon_d4_dslr\/\" data-orig-file=\"https:\/\/i0.wp.com\/vynz100photo.fr\/blog\/wp-content\/uploads\/2013\/08\/Nikon_D4_DSLR.jpg?fit=600%2C544&amp;ssl=1\" data-orig-size=\"600,544\" data-comments-opened=\"1\" data-image-meta=\"{&quot;aperture&quot;:&quot;0&quot;,&quot;credit&quot;:&quot;&quot;,&quot;camera&quot;:&quot;&quot;,&quot;caption&quot;:&quot;&quot;,&quot;created_timestamp&quot;:&quot;0&quot;,&quot;copyright&quot;:&quot;&quot;,&quot;focal_length&quot;:&quot;0&quot;,&quot;iso&quot;:&quot;0&quot;,&quot;shutter_speed&quot;:&quot;0&quot;,&quot;title&quot;:&quot;&quot;}\" data-image-title=\"Nikon_D4_DSLR\" data-image-description=\"\" data-image-caption=\"&lt;p&gt;Le Nikon D4, au sommet de la gamme Nikon&lt;\/p&gt;\n\" data-large-file=\"https:\/\/i0.wp.com\/vynz100photo.fr\/blog\/wp-content\/uploads\/2013\/08\/Nikon_D4_DSLR.jpg?fit=600%2C544&amp;ssl=1\" class=\" wp-image-855  \" alt=\"Le Nikon D4, au sommet de la gamme Nikon\" src=\"https:\/\/i0.wp.com\/vynz100photo.fr\/blog\/wp-content\/uploads\/2013\/08\/Nikon_D4_DSLR.jpg?resize=432%2C392&#038;ssl=1\" width=\"432\" height=\"392\" srcset=\"https:\/\/i0.wp.com\/vynz100photo.fr\/blog\/wp-content\/uploads\/2013\/08\/Nikon_D4_DSLR.jpg?w=600&amp;ssl=1 600w, https:\/\/i0.wp.com\/vynz100photo.fr\/blog\/wp-content\/uploads\/2013\/08\/Nikon_D4_DSLR.jpg?resize=300%2C272&amp;ssl=1 300w\" sizes=\"auto, (max-width: 432px) 100vw, 432px\" \/><\/a><p id=\"caption-attachment-855\" class=\"wp-caption-text\">Le Nikon D4, au sommet de la gamme Nikon<\/p><\/div>\n<p style=\"padding-left: 30px; text-align: justify;\">Les bo\u00eetiers professionnels ont donc une structure particuli\u00e8rement solide, avec des <strong>joints d&rsquo;\u00e9tanch\u00e9it\u00e9<\/strong> qui permettront aux utilisateurs de les utiliser sous une pluie battante au Stade de France, sur des pistes poussi\u00e9reuses en Namibie ou \u00e0 l&rsquo;aff\u00fbt dans un marais d&rsquo;Indon\u00e9sie&#8230; Le corollaire de cette construction exemplaire est un <strong>poids cons\u00e9quent<\/strong> (entre 1 et 1,5 kg), auquel il faudra rajouter celui des objectifs \u00e0 la hauteur, tropicalis\u00e9s eux aussi&#8230;<\/p>\n<div id=\"attachment_856\" style=\"width: 510px\" class=\"wp-caption aligncenter\"><a href=\"https:\/\/i0.wp.com\/vynz100photo.fr\/blog\/wp-content\/uploads\/2013\/08\/Canon-1DX-Face.jpg?ssl=1\"><img data-recalc-dims=\"1\" loading=\"lazy\" decoding=\"async\" aria-describedby=\"caption-attachment-856\" data-attachment-id=\"856\" data-permalink=\"https:\/\/vynz100photo.fr\/blog\/photographie\/quelques-conseils-photo\/un-reflex-mais-lequel\/canon-1dx-face\/\" data-orig-file=\"https:\/\/i0.wp.com\/vynz100photo.fr\/blog\/wp-content\/uploads\/2013\/08\/Canon-1DX-Face.jpg?fit=500%2C375&amp;ssl=1\" data-orig-size=\"500,375\" data-comments-opened=\"1\" data-image-meta=\"{&quot;aperture&quot;:&quot;0&quot;,&quot;credit&quot;:&quot;&quot;,&quot;camera&quot;:&quot;&quot;,&quot;caption&quot;:&quot;&quot;,&quot;created_timestamp&quot;:&quot;0&quot;,&quot;copyright&quot;:&quot;&quot;,&quot;focal_length&quot;:&quot;0&quot;,&quot;iso&quot;:&quot;0&quot;,&quot;shutter_speed&quot;:&quot;0&quot;,&quot;title&quot;:&quot;&quot;}\" data-image-title=\"Canon-1DX-Face\" data-image-description=\"\" data-image-caption=\"&lt;p&gt;Le Canon 1DX, nouvelle star des stades&lt;\/p&gt;\n\" data-large-file=\"https:\/\/i0.wp.com\/vynz100photo.fr\/blog\/wp-content\/uploads\/2013\/08\/Canon-1DX-Face.jpg?fit=500%2C375&amp;ssl=1\" class=\"size-full wp-image-856\" alt=\"Le Canon 1DX, nouvelle star des stades\" src=\"https:\/\/i0.wp.com\/vynz100photo.fr\/blog\/wp-content\/uploads\/2013\/08\/Canon-1DX-Face.jpg?resize=500%2C375&#038;ssl=1\" width=\"500\" height=\"375\" srcset=\"https:\/\/i0.wp.com\/vynz100photo.fr\/blog\/wp-content\/uploads\/2013\/08\/Canon-1DX-Face.jpg?w=500&amp;ssl=1 500w, https:\/\/i0.wp.com\/vynz100photo.fr\/blog\/wp-content\/uploads\/2013\/08\/Canon-1DX-Face.jpg?resize=300%2C225&amp;ssl=1 300w\" sizes=\"auto, (max-width: 500px) 100vw, 500px\" \/><\/a><p id=\"caption-attachment-856\" class=\"wp-caption-text\">Le Canon 1DX, nouvelle star des stades<\/p><\/div>\n<p style=\"padding-left: 30px; text-align: justify;\">Les caract\u00e9ristiques de ces bo\u00eetiers sont, en plus de leur construction fa\u00e7on tank: des <strong>rafales tr\u00e8s rapides<\/strong> (10 images par seconde), une <strong>sensibilit\u00e9 tr\u00e8s haute<\/strong> (plus de 100 000 iso pour les meilleurs!), une <strong>qualit\u00e9 d&rsquo;image excellente<\/strong> (grand format de capteur), une <strong>tenue exemplaire<\/strong> en main avec le \u00ab\u00a0grip\u00a0\u00bb int\u00e9gr\u00e9 qui permet de les tenir fa\u00e7on portrait, une <strong>ergonomie \u00e9prouv\u00e9e<\/strong> (des boutons plac\u00e9s exactement o\u00f9 il le faut), des <strong>possibilit\u00e9s de personnalisation quasiment infinies<\/strong>, un <strong>autofocus survitamin\u00e9<\/strong> capable de suivre les mouvements de la cible. Les nouveaux mod\u00e8les sont d\u00e9sormais capables de filmer avec une qualit\u00e9 professionnelle, et sont donc utilis\u00e9s sur certains plateaux de cin\u00e9ma&#8230;<\/p>\n<div id=\"attachment_858\" style=\"width: 429px\" class=\"wp-caption aligncenter\"><a href=\"https:\/\/i0.wp.com\/vynz100photo.fr\/blog\/wp-content\/uploads\/2013\/08\/Canon_1D_mark_III.jpg?ssl=1\"><img data-recalc-dims=\"1\" loading=\"lazy\" decoding=\"async\" aria-describedby=\"caption-attachment-858\" data-attachment-id=\"858\" data-permalink=\"https:\/\/vynz100photo.fr\/blog\/photographie\/quelques-conseils-photo\/un-reflex-mais-lequel\/canon_1d_mark_iii\/\" data-orig-file=\"https:\/\/i0.wp.com\/vynz100photo.fr\/blog\/wp-content\/uploads\/2013\/08\/Canon_1D_mark_III.jpg?fit=466%2C472&amp;ssl=1\" data-orig-size=\"466,472\" data-comments-opened=\"1\" data-image-meta=\"{&quot;aperture&quot;:&quot;0&quot;,&quot;credit&quot;:&quot;&quot;,&quot;camera&quot;:&quot;&quot;,&quot;caption&quot;:&quot;&quot;,&quot;created_timestamp&quot;:&quot;0&quot;,&quot;copyright&quot;:&quot;&quot;,&quot;focal_length&quot;:&quot;0&quot;,&quot;iso&quot;:&quot;0&quot;,&quot;shutter_speed&quot;:&quot;0&quot;,&quot;title&quot;:&quot;&quot;}\" data-image-title=\"Canon_1D_mark_III\" data-image-description=\"\" data-image-caption=\"&lt;p&gt;Le vieux 1D Mark III, bo\u00eetier pro au format APS-H pour moins de 1000\u20ac&amp;#8230;&lt;\/p&gt;\n\" data-large-file=\"https:\/\/i0.wp.com\/vynz100photo.fr\/blog\/wp-content\/uploads\/2013\/08\/Canon_1D_mark_III.jpg?fit=466%2C472&amp;ssl=1\" class=\" wp-image-858 \" alt=\"Le vieux 1D Mark III, bo\u00eetier pro au format APS-H pour moins de 1000\u20ac...\" src=\"https:\/\/i0.wp.com\/vynz100photo.fr\/blog\/wp-content\/uploads\/2013\/08\/Canon_1D_mark_III.jpg?resize=419%2C425&#038;ssl=1\" width=\"419\" height=\"425\" srcset=\"https:\/\/i0.wp.com\/vynz100photo.fr\/blog\/wp-content\/uploads\/2013\/08\/Canon_1D_mark_III.jpg?w=466&amp;ssl=1 466w, https:\/\/i0.wp.com\/vynz100photo.fr\/blog\/wp-content\/uploads\/2013\/08\/Canon_1D_mark_III.jpg?resize=296%2C300&amp;ssl=1 296w\" sizes=\"auto, (max-width: 419px) 100vw, 419px\" \/><\/a><p id=\"caption-attachment-858\" class=\"wp-caption-text\">Le vieux 1D Mark III, bo\u00eetier pro au format APS-H pour moins de 1000\u20ac&#8230;<\/p><\/div>\n<p style=\"padding-left: 30px; text-align: justify;\">Ce sont donc des<strong> bo\u00eetiers assez exclusifs<\/strong>, que l&rsquo;on peut n\u00e9anmoins toucher pour des tarifs plus humains <strong>en occasion<\/strong>&#8230; encore faut-il avoir besoin de ces monstres: il faut pouvoir les accorder avec <strong>des objectifs \u00e0 la hauteur<\/strong>, les porter toute une journ\u00e9e autour du cou, etc&#8230; Par contre, <strong>leur dur\u00e9e de vie est extraordinaire<\/strong>, puisque que leur obturateur est donn\u00e9 pour <strong>plus de 200 000 d\u00e9clenchements<\/strong>&#8230; toute une vie de photo pour un amateur!<\/p>\n<h3 style=\"padding-left: 30px; text-align: justify;\">Les diff\u00e9rents mod\u00e8les actuels:<\/h3>\n<p style=\"padding-left: 30px;\"><span style=\"text-decoration: underline;\">Canon<\/span>: ce sont les bo\u00eetiers\u00a0<strong>1Dx<\/strong>\u00a0: <em>1D Mark III, 1DX (24&#215;36), 1D MarkIV (APS-H).<\/em><\/p>\n<p style=\"padding-left: 30px;\"><span style=\"text-decoration: underline;\">Nikon<\/span>: ce sont les bo\u00eetiers\u00a0<strong>Dx\u00a0<\/strong>:\u00a0<em>D3, D3x, D4.<\/em><\/p>\n<p>&nbsp;<\/p>\n<h1>Quel r\u00e9flex pour quelle utilisation?<\/h1>\n<p style=\"text-align: justify; padding-left: 30px;\"><strong><span style=\"text-decoration: underline;\">R\u00e9flex amateur:<\/span><\/strong> pour ceux qui veulent une bonne qualit\u00e9 d&rsquo;image sans vouloir trop rentrer dans les aspects techniques de l&rsquo;appareil. Les automatismes du bo\u00eetier seront souvent sollicit\u00e9s.<\/p>\n<address style=\"text-align: justify; padding-left: 60px;\"><span style=\"text-decoration: underline;\">Mon conseil:<\/span> \u00e9viter les entr\u00e9es de gamme, privil\u00e9gier les deuxi\u00e8mes gammes comme les Canon 650D et 700D ou le Nikon D5200.<\/address>\n<address style=\"text-align: justify; padding-left: 60px;\">\u00a0<\/address>\n<p style=\"text-align: justify; padding-left: 30px;\"><span style=\"text-decoration: underline;\"><strong>R\u00e9flex expert:<\/strong><\/span> pour ceux qui commencent \u00e0 bien g\u00e9rer les aspects techniques et veulent d\u00e9cider eux-m\u00eame des r\u00e9glages de l&rsquo;appareil, tout en restant avec un appareil d&rsquo;usage simple.<\/p>\n<address style=\"text-align: justify; padding-left: 60px;\"><span style=\"text-decoration: underline;\">Mon conseil:<\/span> le Nikon D7100 et le Canon 70D sont tr\u00e8s bien plac\u00e9s avec des caract\u00e9ristiques \u00e9tonnantes pour leur prix; les anciennes gammes D7000 et 60D voient donc leur prix chuter! Le Pentax K-50 est compl\u00e8tement tropicalis\u00e9&#8230;<\/address>\n<address style=\"text-align: justify; padding-left: 60px;\">\u00a0<\/address>\n<p style=\"text-align: justify; padding-left: 30px;\"><span style=\"text-decoration: underline;\"><strong>R\u00e9flex semi-professionnel:<\/strong><\/span> pour ceux qui veulent un bo\u00eetier sportif ou animalier (capteurs APS-C) ou ceux qui privil\u00e9gient la qualit\u00e9 de l&rsquo;image, en axant leur pratique sur les portraits et le paysage (capteur 24&#215;36).<\/p>\n<address style=\"text-align: justify; padding-left: 60px;\"><span style=\"text-decoration: underline;\">Mon conseil:<\/span> le Canon 6D arrive \u00e0 1500\u20ac, premier prix pour un 24&#215;36, et le D800 qui a 36MP&#8230; le Canon 5D MkIII est tr\u00e8s polyvalent et concurrence la gamme professionnelle par sa polyvalence.<\/address>\n<address style=\"text-align: justify; padding-left: 60px;\">\u00a0<\/address>\n<p style=\"text-align: justify; padding-left: 30px;\"><strong><span style=\"text-decoration: underline;\">R\u00e9flex professionnel:<\/span><\/strong> pour ceux qui ont vraiment besoin d&rsquo;appareils solides, robustes, avec des qualit\u00e9s techniques qui seront sollicit\u00e9es par une pratique tr\u00e8s exigeante (sports en faible luminosit\u00e9, animalier&#8230;), et qui ont les moyens de se l&rsquo;offrir&#8230;<\/p>\n<address style=\"text-align: justify; padding-left: 60px;\"><span style=\"text-decoration: underline;\">Mon conseil:<\/span> si vous cherchez un r\u00e9flex professionnel, vous n&rsquo;avez pas de conseils \u00e0 recevoir de ma part&#8230; si vous voulez commencer avec un tel bo\u00eetier, vous pouvez n\u00e9anmoins essayer le march\u00e9 de l&rsquo;occasion avec les vieux Canon 1D Mark II (300-400\u20ac) ou 1D Mark III (600-800\u20ac), qui restent de fabuleux bo\u00eetiers malgr\u00e9 leur nombre de pixels limit\u00e9.<\/address>\n","protected":false},"excerpt":{"rendered":"<p>Actuellement, les ventes d&rsquo;appareils r\u00e9flex se portent bien, voire tr\u00e8s bien&#8230; en t\u00eate des ventes du secteur photographique, ces appareils paraissent \u00eatre \u00e0 la port\u00e9e de beaucoup&#8230; Pourtant, le choix d&rsquo;un r\u00e9flex doit se faire en connaissance de cause, les gammes sont diversifi\u00e9es et il est facile de s&rsquo;y \u00e9garer&#8230; Les diff\u00e9rentes cat\u00e9gories Le r\u00e9flex [&hellip;]<\/p>\n","protected":false},"author":1,"featured_media":0,"parent":781,"menu_order":2,"comment_status":"open","ping_status":"open","template":"full-width-page.php","meta":{"_mo_disable_npp":"","jetpack_post_was_ever_published":false,"footnotes":""},"class_list":["post-784","page","type-page","status-publish","hentry"],"jetpack_sharing_enabled":true,"jetpack_shortlink":"https:\/\/wp.me\/P3QNY7-cE","jetpack_likes_enabled":true,"jetpack-related-posts":[{"id":654,"url":"https:\/\/vynz100photo.fr\/blog\/photographie\/quelques-conseils-photo\/quel-appareil-photo-choisir\/","url_meta":{"origin":784,"position":0},"title":"Quel appareil photo choisir?","author":"Vincent","date":"3 ao\u00fbt 2013","format":false,"excerpt":"\u00a0 \u00a0 La \u00a0photographie num\u00e9rique est en perp\u00e9tuel renouvellement, les technologies se bousculent et s'entrem\u00ealent, promettant des images toujours plus extraordinaires, des zooms x100, des couleurs \u00e9clatantes, des possibilit\u00e9s cr\u00e9atives \u00e0 foison... Comment s'y retrouver dans cette jungle? \u00a0 \u00a0La premi\u00e8re chose \u00e0 savoir avant de faire l'acquisition d'un nouvel\u2026","rel":"","context":"Article similaire","block_context":{"text":"Article similaire","link":""},"img":{"alt_text":"Les diff\u00e9rents formats de capteurs","src":"https:\/\/i0.wp.com\/vynz100photo.fr\/blog\/wp-content\/uploads\/2013\/08\/taille-format-capteur-photo-aps-c-micro-4-3-cx-582x1024.jpg?resize=350%2C200","width":350,"height":200},"classes":[]},{"id":781,"url":"https:\/\/vynz100photo.fr\/blog\/photographie\/quelques-conseils-photo\/","url_meta":{"origin":784,"position":1},"title":"Quelques conseils photo","author":"Vincent","date":"6 ao\u00fbt 2013","format":false,"excerpt":"Au fur et \u00e0 mesure, l'exp\u00e9rience accumul\u00e9e par quelques ann\u00e9es de pratique assidue de la photographie amateur m'a donn\u00e9 envie de partager cette passion avec mes amis et ma famille. Apr\u00e8s avoir h\u00e9sit\u00e9, cherch\u00e9, fait d'innombrables erreurs et \u00eatre tomb\u00e9 dans autant de pi\u00e8ges, il y a quelques bases qui\u2026","rel":"","context":"Article similaire","block_context":{"text":"Article similaire","link":""},"img":{"alt_text":"","src":"","width":0,"height":0},"classes":[]},{"id":786,"url":"https:\/\/vynz100photo.fr\/blog\/photographie\/quelques-conseils-photo\/les-objectifs-a-ne-pas-negliger\/","url_meta":{"origin":784,"position":2},"title":"Les objectifs, \u00e0 ne pas n\u00e9gliger!","author":"Vincent","date":"7 ao\u00fbt 2013","format":false,"excerpt":"Quand on a fait le choix de son r\u00e9flex, on pense que le plus dur est fait... mais c'est une erreur, ce n'est que le d\u00e9but! La qualit\u00e9 de l'image d\u00e9pend effectivement du capteur du bo\u00eetier, mais elle est en premier lieu d\u00e9pendante de l'objectif qui fait passer la lumi\u00e8re...\u2026","rel":"","context":"Article similaire","block_context":{"text":"Article similaire","link":""},"img":{"alt_text":"Emploi d'un 21mm","src":"https:\/\/i0.wp.com\/vynz100photo.fr\/blog\/wp-content\/uploads\/2012\/09\/16092012-IMG_8801-300x200.jpg?resize=350%2C200","width":350,"height":200},"classes":[]},{"id":1903,"url":"https:\/\/vynz100photo.fr\/blog\/photographie\/test-de-materiel\/objectifs\/canon-ef-40mm-f28\/","url_meta":{"origin":784,"position":3},"title":"Canon EF 40mm f\/2,8","author":"Vincent","date":"20 d\u00e9cembre 2013","format":false,"excerpt":"\u00a0 \u00a0 Caract\u00e9ristiques Poids: 130 g \u00a0 Prix:\u00a0150\u20ac environ Le petit nouveau de chez Canon, avec un moteur STM utilisable sur les nouveaux r\u00e9flexs de la marque en vid\u00e9o: il est petit, voire tr\u00e8s petit, discret et efficace. Sur un petit capteur APS-C il sera un \u00e9quivalent 65mm, alors que\u2026","rel":"","context":"Article similaire","block_context":{"text":"Article similaire","link":""},"img":{"alt_text":"D3S_8821-1200","src":"https:\/\/i0.wp.com\/vynz100photo.fr\/blog\/wp-content\/uploads\/2013\/12\/D3S_8821-1200-1024x685.jpg?resize=350%2C200","width":350,"height":200},"classes":[]},{"id":814,"url":"https:\/\/vynz100photo.fr\/blog\/photographie\/test-de-materiel\/objectifs\/","url_meta":{"origin":784,"position":4},"title":"Objectifs","author":"Vincent","date":"7 ao\u00fbt 2013","format":false,"excerpt":"Quelques retours d'objectifs que j'ai poss\u00e9d\u00e9s ou test\u00e9s... Au menu, des focales fixes, qui peuvent aller tout aussi bien sur un r\u00e9flex Canon APS-C qu'un 24x36: - Canon EF 28 mm f\/2,8, - Canon\u00a0EF 35mm f\/2, - Canon EF 40mm f\/2,8, - Canon\u00a0EF 50mm f\/1,8, - Canon\u00a0EF 85mm f\/1,8 USM,\u2026","rel":"","context":"Article similaire","block_context":{"text":"Article similaire","link":""},"img":{"alt_text":"","src":"","width":0,"height":0},"classes":[]},{"id":816,"url":"https:\/\/vynz100photo.fr\/blog\/photographie\/test-de-materiel\/objectifs\/canon-ef-50mm-f18\/","url_meta":{"origin":784,"position":5},"title":"Canon EF 50mm f\/1,8","author":"Vincent","date":"7 ao\u00fbt 2013","format":false,"excerpt":"\u00a0 Caract\u00e9ristiques Poids: 130 g Prix: 100\u20ac environ C'est le petit objectif \u00e0 avoir chez Canon, l\u00e9ger, superbe optiquement d\u00e8s que l'on ferme le diaphragme, avec un beau rendu \u00e0 pleine ouverture... Sa focale de 50mm fait de lui un compagnon id\u00e9al au quotidien (sur 24x36) et un tr\u00e8s bon\u2026","rel":"","context":"Avec 1 commentaire","block_context":{"text":"Avec 1 commentaire","link":"https:\/\/vynz100photo.fr\/blog\/photographie\/test-de-materiel\/objectifs\/canon-ef-50mm-f18\/#comments"},"img":{"alt_text":"Canon EF 50mm f\/1,8","src":"https:\/\/i0.wp.com\/vynz100photo.fr\/blog\/wp-content\/uploads\/2013\/08\/50mm.jpg?resize=350%2C200","width":350,"height":200},"classes":[]}],"_links":{"self":[{"href":"https:\/\/vynz100photo.fr\/blog\/wp-json\/wp\/v2\/pages\/784","targetHints":{"allow":["GET"]}}],"collection":[{"href":"https:\/\/vynz100photo.fr\/blog\/wp-json\/wp\/v2\/pages"}],"about":[{"href":"https:\/\/vynz100photo.fr\/blog\/wp-json\/wp\/v2\/types\/page"}],"author":[{"embeddable":true,"href":"https:\/\/vynz100photo.fr\/blog\/wp-json\/wp\/v2\/users\/1"}],"replies":[{"embeddable":true,"href":"https:\/\/vynz100photo.fr\/blog\/wp-json\/wp\/v2\/comments?post=784"}],"version-history":[{"count":0,"href":"https:\/\/vynz100photo.fr\/blog\/wp-json\/wp\/v2\/pages\/784\/revisions"}],"up":[{"embeddable":true,"href":"https:\/\/vynz100photo.fr\/blog\/wp-json\/wp\/v2\/pages\/781"}],"wp:attachment":[{"href":"https:\/\/vynz100photo.fr\/blog\/wp-json\/wp\/v2\/media?parent=784"}],"curies":[{"name":"wp","href":"https:\/\/api.w.org\/{rel}","templated":true}]}}