{"id":654,"date":"2013-08-03T22:17:53","date_gmt":"2013-08-03T14:17:53","guid":{"rendered":"http:\/\/vynz100photo.fr\/blog\/?page_id=654"},"modified":"2013-08-07T02:33:43","modified_gmt":"2013-08-06T18:33:43","slug":"quel-appareil-photo-choisir","status":"publish","type":"page","link":"https:\/\/vynz100photo.fr\/blog\/photographie\/quelques-conseils-photo\/quel-appareil-photo-choisir\/","title":{"rendered":"Quel appareil photo choisir?"},"content":{"rendered":"<blockquote>\n<p style=\"text-align: justify;\">\u00a0 \u00a0 La \u00a0photographie num\u00e9rique est en perp\u00e9tuel renouvellement, les technologies se bousculent et s&rsquo;entrem\u00ealent, promettant des images toujours plus extraordinaires, des zooms x100, des couleurs \u00e9clatantes, des possibilit\u00e9s cr\u00e9atives \u00e0 foison&#8230; Comment s&rsquo;y retrouver dans cette jungle?<\/p>\n<p style=\"text-align: justify;\">\u00a0 \u00a0La premi\u00e8re chose \u00e0 savoir avant de faire l&rsquo;acquisition d&rsquo;un nouvel appareil photo num\u00e9rique, c&rsquo;est de conna\u00eetre la technologie employ\u00e9e par la pi\u00e8ce charg\u00e9e de capturer l&rsquo;image, c&rsquo;est-\u00e0-dire le <span style=\"text-decoration: underline;\">capteur<\/span>.<\/p>\n<\/blockquote>\n<h1>Les diff\u00e9rents types de capteurs<\/h1>\n<p style=\"text-align: justify;\">\u00a0 \u00a0 \u00a0 \u00a0 \u00a0 En effet, il existe actuellement une multitude de tailles de capteurs diff\u00e9rents: de celui du <em>smartphone<\/em> au r\u00e9flex professionnel, on n&rsquo;a pas du tout la m\u00eame technologie. Plus l&rsquo;appareil sera compact, plus la taille dudit capteur sera r\u00e9duite&#8230;<\/p>\n<p style=\"text-align: justify;\">Pour que ce soit plus clair, une image qui r\u00e9sume ce propos&#8230;<\/p>\n<p style=\"text-align: center;\"><a href=\"https:\/\/i0.wp.com\/vynz100photo.fr\/blog\/wp-content\/uploads\/2013\/08\/taille-format-capteur-photo-aps-c-micro-4-3-cx.jpg?ssl=1\"><img data-recalc-dims=\"1\" loading=\"lazy\" decoding=\"async\" data-attachment-id=\"660\" data-permalink=\"https:\/\/vynz100photo.fr\/blog\/photographie\/quelques-conseils-photo\/quel-appareil-photo-choisir\/taille-format-capteur-photo-aps-c-micro-4-3-cx\/\" data-orig-file=\"https:\/\/i0.wp.com\/vynz100photo.fr\/blog\/wp-content\/uploads\/2013\/08\/taille-format-capteur-photo-aps-c-micro-4-3-cx.jpg?fit=735%2C1291&amp;ssl=1\" data-orig-size=\"735,1291\" data-comments-opened=\"1\" data-image-meta=\"{&quot;aperture&quot;:&quot;0&quot;,&quot;credit&quot;:&quot;&quot;,&quot;camera&quot;:&quot;&quot;,&quot;caption&quot;:&quot;&quot;,&quot;created_timestamp&quot;:&quot;0&quot;,&quot;copyright&quot;:&quot;&quot;,&quot;focal_length&quot;:&quot;0&quot;,&quot;iso&quot;:&quot;0&quot;,&quot;shutter_speed&quot;:&quot;0&quot;,&quot;title&quot;:&quot;&quot;}\" data-image-title=\"Les diff\u00e9rents formats de capteurs\" data-image-description=\"\" data-image-caption=\"\" data-large-file=\"https:\/\/i0.wp.com\/vynz100photo.fr\/blog\/wp-content\/uploads\/2013\/08\/taille-format-capteur-photo-aps-c-micro-4-3-cx.jpg?fit=582%2C1024&amp;ssl=1\" class=\"aligncenter  wp-image-660\" alt=\"Les diff\u00e9rents formats de capteurs\" src=\"https:\/\/i0.wp.com\/vynz100photo.fr\/blog\/wp-content\/uploads\/2013\/08\/taille-format-capteur-photo-aps-c-micro-4-3-cx.jpg?resize=524%2C922&#038;ssl=1\" width=\"524\" height=\"922\" srcset=\"https:\/\/i0.wp.com\/vynz100photo.fr\/blog\/wp-content\/uploads\/2013\/08\/taille-format-capteur-photo-aps-c-micro-4-3-cx.jpg?resize=582%2C1024&amp;ssl=1 582w, https:\/\/i0.wp.com\/vynz100photo.fr\/blog\/wp-content\/uploads\/2013\/08\/taille-format-capteur-photo-aps-c-micro-4-3-cx.jpg?resize=170%2C300&amp;ssl=1 170w\" sizes=\"auto, (max-width: 524px) 100vw, 524px\" \/><\/a><\/p>\n<p style=\"text-align: justify;\">\u00a0 \u00a0 \u00a0 Bien \u00e9videmment, ces capteurs n&rsquo;auront pas les m\u00eames possibilit\u00e9s et donc pas le m\u00eame rendu, avec des avantages et des inconv\u00e9nients pour chacun&#8230;<\/p>\n<h1 style=\"text-align: justify;\"><\/h1>\n<h2>\u00a0Quelle technologie dans quel appareil?<\/h2>\n<p style=\"text-align: justify;\">\u00a0 \u00a0 \u00a0Les <strong>petits capteurs<\/strong> (inf\u00e9rieurs \u00e0 1&Prime;) vont se retrouver dans les <strong>compacts et les bridges\u00a0<\/strong>principalement, c&rsquo;est-\u00e0-dire dans les appareils les plus petits: la qualit\u00e9 d&rsquo;image sera moins bonne, mais la l\u00e9g\u00e8ret\u00e9 et le prix contenu (inf\u00e9rieur \u00e0 500\u20ac) seront des atouts recherch\u00e9s.<\/p>\n<div style=\"width: 578px\" class=\"wp-caption aligncenter\"><img data-recalc-dims=\"1\" loading=\"lazy\" decoding=\"async\" class=\" \" alt=\"\" src=\"https:\/\/i0.wp.com\/cdn.slashgear.com\/wp-content\/uploads\/2013\/06\/sony-cybershot-rx100II-6.png?resize=568%2C378\" width=\"568\" height=\"378\" \/><p class=\"wp-caption-text\">Le Sony RX-100 II, star des compacts experts<\/p><\/div>\n<p style=\"text-align: justify;\">\u00a0 \u00a0 \u00a0Les capteurs micro 4\/3 sont apparus il y a quelques ann\u00e9es et ont connu un succ\u00e8s certain dans les <strong>appareils hybrides \u00e0 objectifs interchangeables<\/strong>; si la taille du capteur reste petite, sa surface est n\u00e9anmoins bien plus importante que celle des compacts et permet des images de meilleure qualit\u00e9 et des possibilit\u00e9s cr\u00e9atrices accrues. Les prix montent n\u00e9anmoins, de 200\u20ac \u00e0 plus de 1000\u20ac&#8230;<\/p>\n<div style=\"width: 532px\" class=\"wp-caption aligncenter\"><img data-recalc-dims=\"1\" loading=\"lazy\" decoding=\"async\" class=\" \" alt=\"\" src=\"https:\/\/i0.wp.com\/www.cnetfrance.fr\/i\/edit\/2009\/pr\/06\/olympus-pen-e-p1-01.jpg?resize=522%2C267\" width=\"522\" height=\"267\" \/><p class=\"wp-caption-text\">Le tr\u00e8s cher Olympus Pen E-P1<\/p><\/div>\n<p style=\"text-align: justify;\">\u00a0 \u00a0 \u00a0 \u00a0Les <strong>capteurs APS-C<\/strong>\u00a0sont le royaume des <strong>r\u00e9flexes d&rsquo;entr\u00e9e de gamme et des hybrides experts<\/strong>; l\u00e0, la taille du capteur devient vraiment un outil permettant de jouer avec la profondeur de champ, les objectifs lumineux, et la qualit\u00e9 est au rendez-vous. La technologie est m\u00fbre et tous les constructeurs proposent des solutions satisfaisantes, que ce soit chez les poids lourds Canon et Nikon que chez les <em>outsiders<\/em>\u00a0Fuji, Pentax et Sony&#8230; L\u00e0 par contre, l&rsquo;encombrement devient plus important (notamment par la faute des optiques n\u00e9cessairement plus imposantes) et les prix s&rsquo;envolent (de 300\u20ac \u00e0 2000\u20ac)&#8230; d&rsquo;autant qu&rsquo;il faut rajouter les optiques!<\/p>\n<div style=\"width: 460px\" class=\"wp-caption aligncenter\"><img data-recalc-dims=\"1\" loading=\"lazy\" decoding=\"async\" alt=\"\" src=\"https:\/\/i0.wp.com\/www.zone-numerique.com\/uploads\/Appareils\/Sony\/NEX-3%20et%20NEX-5\/sony_nex-5_450.JPG?resize=450%2C282\" width=\"450\" height=\"282\" \/><p class=\"wp-caption-text\">Le Sony Nex 5, best-seller et pionnier des hybrides<\/p><\/div>\n<p>Enfin, les <strong>grands capteurs 24&#215;36<\/strong> \u00e9quipent le <strong>haut de gamme des r\u00e9flexes<\/strong>, uniquement chez Leica, Sony, Nikon et Canon. L\u00e0, pas de compromis sur la qualit\u00e9 d&rsquo;image, ni sur le poids ni sur les tarifs, de 1500\u20ac \u00e0 7000\u20ac (bo\u00eetier nu). \u00a0Cette taille de capteur correspond \u00e0 celle des appareils argentiques du si\u00e8cle dernier&#8230;<\/p>\n<div style=\"width: 410px\" class=\"wp-caption aligncenter\"><img data-recalc-dims=\"1\" loading=\"lazy\" decoding=\"async\" alt=\"\" src=\"https:\/\/i0.wp.com\/cdn-4.nikon-cdn.com\/en_INC\/o\/q8z-1fOCm8zcgo8vQ94jz1cX5Wk\/Overview\/4-Cam-Design.jpg?resize=400%2C421\" width=\"400\" height=\"421\" \/><p class=\"wp-caption-text\">Le muscl\u00e9 Nikon D4<\/p><\/div>\n<address><span style=\"line-height: 1.3;\">\u00a0 \u00a0 \u00a0A noter qu&rsquo;un format interm\u00e9diaire existait chez Canon, le format <strong>APS-H<\/strong>, sur les appareils professionnels de la gamme sport (1D, 1D Mark II, 1D Mark III et 1D Mark IV). Cette distinction a disparu avec le nouveau 1DX&#8230;<\/span><\/address>\n<h2><\/h2>\n<h2><span style=\"line-height: 1.3;\">Avantages et inconv\u00e9nients des diff\u00e9rents types d&rsquo;appareils<\/span><\/h2>\n<p>&nbsp;<\/p>\n<p style=\"text-align: justify;\">Le choix des appareils sera d&rsquo;abord dict\u00e9 par le <strong>prix<\/strong>: \u00e0 ce jeu-l\u00e0, les <strong>compacts<\/strong> sont bien \u00e9videmment le premier choix&#8230; pourtant, ils semblent vou\u00e9 \u00e0 dispara\u00eetre, leurs part de march\u00e9 \u00e9tant peu \u00e0 peu grignot\u00e9e par les <em>smartphones<\/em> qui permettent de partager rapidement les photos. La qualit\u00e9 d&rsquo;image reste limit\u00e9e, comme la sensibilit\u00e9 en basses lumi\u00e8res et l&rsquo;autonomie des batteries.<\/p>\n<p style=\"text-align: justify;\">Les <strong>bridges<\/strong> ont en commun avec le compact le petit capteur, et avec le r\u00e9flex la taille: r\u00e9unissant les inconv\u00e9nients des deux mondes, ils sont en voie de disparition&#8230; leur \u00ab\u00a0super-zoom\u00a0\u00bb peut n\u00e9anmoins encore convaincre les voyageurs qui ne veulent pas transporter un r\u00e9flex et ses t\u00e9l\u00e9-objectifs&#8230;<\/p>\n<p style=\"text-align: justify;\">Les <strong>hybrides \u00e0 objectif interchangeables<\/strong> sont les stars du moment: grand capteur, bonnes optiques, taille relativement compacte, bonne sensibilit\u00e9, qualit\u00e9 d&rsquo;image tr\u00e8s satisfaisante. Leurs principaux d\u00e9fauts sont leur prix (plus chers qu&rsquo;un r\u00e9flex d&rsquo;entr\u00e9e de gamme), leur encombrement avec optique et le manque de r\u00e9activit\u00e9 de l&rsquo;autofocus. Toutefois, on peut -au moyen de bague d&rsquo;adaptation- leur adjoindre de vieux objectifs argentiques de bonne qualit\u00e9 \u00e0 prix contenus; la mise au point sera manuelle, mais la qualit\u00e9 des images superlative!<\/p>\n<p style=\"text-align: justify;\">Enfin, ceux qui ne veulent pas transiger sur la qualit\u00e9 des images et la r\u00e9activit\u00e9 de leur appareil choisiront le <strong>r\u00e9flex<\/strong>; le budget n&rsquo;est toutefois pas le m\u00eame, l&rsquo;encombrement non plus&#8230; les optiques sont vite ch\u00e8res, voire tr\u00e8s ch\u00e8res, il faut aussi acheter tout un mat\u00e9riel annexe (sac, tr\u00e9pied, batteries suppl\u00e9mentaires, etc&#8230;) et avoir un ordinateur capable de traiter les fichiers plus imposants&#8230;<\/p>\n<h2 style=\"text-align: justify;\">Et les pixels dans tout \u00e7a?<\/h2>\n<p style=\"text-align: justify;\">\u00a0 \u00a0 La plupart du temps, l&rsquo;argument de vente des appareils photos est le nombre de pixels du capteur, cens\u00e9 \u00eatre un indicateur de la qualit\u00e9 des images \u00e0 venir. C&rsquo;est pourtant une erreur classique&#8230;<\/p>\n<p style=\"text-align: justify;\">\u00a0 \u00a0 En effet, la taille du capteur sera la limite technologique qui pourra influer sur la qualit\u00e9 de l&rsquo;image: la lumi\u00e8re est captur\u00e9e par des photosites, petites cellules sensibles \u00e0 la lumi\u00e8re, qui transforment celle-ci en impulsion \u00e9lectrique.<\/p>\n<p style=\"text-align: justify;\">\u00a0 \u00a0 Or ces photosites sont au moins 10 fois plus petits sur un capteur compact que sur un capteur APS-C: le signal \u00e9lectrique transmis est donc 10 fois plus faible, et il faudra que l&rsquo;\u00e9lectronique de l&rsquo;appareil amplifie ce signal pour que l&rsquo;image soit aussi lumineuse&#8230;<\/p>\n<p style=\"text-align: justify;\">\u00a0 \u00a0 Il en r\u00e9sulte l&rsquo;apparition d&rsquo;un \u00ab\u00a0bruit\u00a0\u00bb num\u00e9rique particuli\u00e8rement disgracieux, comme dans l&rsquo;exemple ci-dessous:<\/p>\n<p><a href=\"https:\/\/i0.wp.com\/vynz100photo.fr\/blog\/wp-content\/uploads\/2013\/08\/sensibilite_capteurs.jpg?ssl=1\"><img data-recalc-dims=\"1\" loading=\"lazy\" decoding=\"async\" data-attachment-id=\"662\" data-permalink=\"https:\/\/vynz100photo.fr\/blog\/photographie\/quelques-conseils-photo\/quel-appareil-photo-choisir\/sensibilite_capteurs\/\" data-orig-file=\"https:\/\/i0.wp.com\/vynz100photo.fr\/blog\/wp-content\/uploads\/2013\/08\/sensibilite_capteurs.jpg?fit=350%2C240&amp;ssl=1\" data-orig-size=\"350,240\" data-comments-opened=\"1\" data-image-meta=\"{&quot;aperture&quot;:&quot;0&quot;,&quot;credit&quot;:&quot;&quot;,&quot;camera&quot;:&quot;&quot;,&quot;caption&quot;:&quot;&quot;,&quot;created_timestamp&quot;:&quot;0&quot;,&quot;copyright&quot;:&quot;&quot;,&quot;focal_length&quot;:&quot;0&quot;,&quot;iso&quot;:&quot;0&quot;,&quot;shutter_speed&quot;:&quot;0&quot;,&quot;title&quot;:&quot;&quot;}\" data-image-title=\"Bruit num\u00e9rique\" data-image-description=\"\" data-image-caption=\"\" data-large-file=\"https:\/\/i0.wp.com\/vynz100photo.fr\/blog\/wp-content\/uploads\/2013\/08\/sensibilite_capteurs.jpg?fit=350%2C240&amp;ssl=1\" class=\"aligncenter size-full wp-image-662\" alt=\"Bruit num\u00e9rique\" src=\"https:\/\/i0.wp.com\/vynz100photo.fr\/blog\/wp-content\/uploads\/2013\/08\/sensibilite_capteurs.jpg?resize=350%2C240&#038;ssl=1\" width=\"350\" height=\"240\" srcset=\"https:\/\/i0.wp.com\/vynz100photo.fr\/blog\/wp-content\/uploads\/2013\/08\/sensibilite_capteurs.jpg?w=350&amp;ssl=1 350w, https:\/\/i0.wp.com\/vynz100photo.fr\/blog\/wp-content\/uploads\/2013\/08\/sensibilite_capteurs.jpg?resize=300%2C205&amp;ssl=1 300w\" sizes=\"auto, (max-width: 350px) 100vw, 350px\" \/><\/a><\/p>\n<p style=\"text-align: justify;\">\u00a0 \u00a0 Du coup, l&rsquo;avantage apport\u00e9 par le grand nombre de pixels, qui permettrait de \u00ab\u00a0zoomer\u00a0\u00bb sur l&rsquo;image, est annul\u00e9 par ce bruit&#8230; On a donc des compacts 12 MP qui ont une image meilleure que des 20 MP!<\/p>\n<p style=\"text-align: justify;\">\u00a0 \u00a0 Un des autres handicaps de ces petits photosites est que le capteur a une dynamique (capacit\u00e9 \u00e0 avoir des zones claires et fonc\u00e9es dans une m\u00eame image) tr\u00e8s inf\u00e9rieure \u00e0 celle des grands capteurs&#8230; on a donc plus facilement des zones bouch\u00e9es (noires) et br\u00fbl\u00e9es (blanches)!<\/p>\n<p style=\"text-align: justify;\">\u00a0 \u00a0 Enfin, la photographie reste une histoire optique: les objectifs par lesquels passent la lumi\u00e8re ont un diam\u00e8tre tr\u00e8s r\u00e9duit sur les petit capteurs, ce qui donne \u00e0 l&rsquo;arriv\u00e9e une image de moins bonne qualit\u00e9&#8230;<\/p>\n<p style=\"text-align: justify;\">\u00a0 \u00a0 En conclusion, <strong>ne portez pas attention au nombre de pixels de votre appareil<\/strong>, il y en a de toutes fa\u00e7ons largement assez pour vous&#8230; la qualit\u00e9 de l&rsquo;optique et la taille du capteur seront les meilleurs gages de qualit\u00e9!<\/p>\n<h1 style=\"text-align: left;\">Les bons choix du moment<\/h1>\n<p style=\"text-align: justify;\">\u00a0 \u00a0 Il y a des appareils qui font l&rsquo;unanimit\u00e9 sur leur cas, et avec plus de 150 nouveaux bo\u00eetiers par an en moyenne, ce n&rsquo;est pas chose facile!<\/p>\n<h2 style=\"text-align: justify;\">Les compacts<\/h2>\n<p style=\"text-align: justify;\">\u00a0 \u00a0 La plupart des compacts d&rsquo;aujourd&rsquo;hui sont capables de fournir de tr\u00e8s belles images quand les conditions sont id\u00e9ales&#8230; les choses se compliquent lorsque la lumi\u00e8re baisse et que l&rsquo;on compte vraiment sur eux. Quelques appareils se d\u00e9tachent n\u00e9anmoins:<\/p>\n<h3>Le luxe avec le Sony RX100II<\/h3>\n<p><a href=\"https:\/\/i0.wp.com\/vynz100photo.fr\/blog\/wp-content\/uploads\/2013\/08\/sony-cybershot-rx100II-6.png?ssl=1\"><img data-recalc-dims=\"1\" loading=\"lazy\" decoding=\"async\" data-attachment-id=\"664\" data-permalink=\"https:\/\/vynz100photo.fr\/blog\/photographie\/quelques-conseils-photo\/quel-appareil-photo-choisir\/sony-cybershot-rx100ii-6\/\" data-orig-file=\"https:\/\/i0.wp.com\/vynz100photo.fr\/blog\/wp-content\/uploads\/2013\/08\/sony-cybershot-rx100II-6.png?fit=710%2C473&amp;ssl=1\" data-orig-size=\"710,473\" data-comments-opened=\"1\" data-image-meta=\"{&quot;aperture&quot;:&quot;0&quot;,&quot;credit&quot;:&quot;&quot;,&quot;camera&quot;:&quot;&quot;,&quot;caption&quot;:&quot;&quot;,&quot;created_timestamp&quot;:&quot;0&quot;,&quot;copyright&quot;:&quot;&quot;,&quot;focal_length&quot;:&quot;0&quot;,&quot;iso&quot;:&quot;0&quot;,&quot;shutter_speed&quot;:&quot;0&quot;,&quot;title&quot;:&quot;&quot;}\" data-image-title=\"\" data-image-description=\"\" data-image-caption=\"\" data-large-file=\"https:\/\/i0.wp.com\/vynz100photo.fr\/blog\/wp-content\/uploads\/2013\/08\/sony-cybershot-rx100II-6.png?fit=710%2C473&amp;ssl=1\" class=\"aligncenter size-full wp-image-664\" alt=\"\" src=\"https:\/\/i0.wp.com\/vynz100photo.fr\/blog\/wp-content\/uploads\/2013\/08\/sony-cybershot-rx100II-6.png?resize=710%2C473&#038;ssl=1\" width=\"710\" height=\"473\" srcset=\"https:\/\/i0.wp.com\/vynz100photo.fr\/blog\/wp-content\/uploads\/2013\/08\/sony-cybershot-rx100II-6.png?w=710&amp;ssl=1 710w, https:\/\/i0.wp.com\/vynz100photo.fr\/blog\/wp-content\/uploads\/2013\/08\/sony-cybershot-rx100II-6.png?resize=300%2C199&amp;ssl=1 300w\" sizes=\"auto, (max-width: 710px) 100vw, 710px\" \/><\/a>\u00a0 \u00a0 Deuxi\u00e8me mouture de la star des compacts, \u00e9quip\u00e9 d&rsquo;un zoom Zeiss, finition luxueuse, c&rsquo;est un bel objet qui fournit de belles images (capteur 1&Prime;). Le hic, et il est de taille, le prix est de <strong>750\u20ac<\/strong>&#8230;<\/p>\n<h3>Olympus TG-20 pour les baroudeurs<\/h3>\n<p><a href=\"https:\/\/i0.wp.com\/vynz100photo.fr\/blog\/wp-content\/uploads\/2013\/08\/olympus-tg-2_1357566604.jpg?ssl=1\"><img data-recalc-dims=\"1\" loading=\"lazy\" decoding=\"async\" data-attachment-id=\"666\" data-permalink=\"https:\/\/vynz100photo.fr\/blog\/photographie\/quelques-conseils-photo\/quel-appareil-photo-choisir\/olympus-tg-2_1357566604\/\" data-orig-file=\"https:\/\/i0.wp.com\/vynz100photo.fr\/blog\/wp-content\/uploads\/2013\/08\/olympus-tg-2_1357566604.jpg?fit=400%2C400&amp;ssl=1\" data-orig-size=\"400,400\" data-comments-opened=\"1\" data-image-meta=\"{&quot;aperture&quot;:&quot;0&quot;,&quot;credit&quot;:&quot;&quot;,&quot;camera&quot;:&quot;&quot;,&quot;caption&quot;:&quot;&quot;,&quot;created_timestamp&quot;:&quot;0&quot;,&quot;copyright&quot;:&quot;&quot;,&quot;focal_length&quot;:&quot;0&quot;,&quot;iso&quot;:&quot;0&quot;,&quot;shutter_speed&quot;:&quot;0&quot;,&quot;title&quot;:&quot;&quot;}\" data-image-title=\"\" data-image-description=\"\" data-image-caption=\"\" data-large-file=\"https:\/\/i0.wp.com\/vynz100photo.fr\/blog\/wp-content\/uploads\/2013\/08\/olympus-tg-2_1357566604.jpg?fit=400%2C400&amp;ssl=1\" class=\"aligncenter size-full wp-image-666\" alt=\"\" src=\"https:\/\/i0.wp.com\/vynz100photo.fr\/blog\/wp-content\/uploads\/2013\/08\/olympus-tg-2_1357566604.jpg?resize=400%2C400&#038;ssl=1\" width=\"400\" height=\"400\" srcset=\"https:\/\/i0.wp.com\/vynz100photo.fr\/blog\/wp-content\/uploads\/2013\/08\/olympus-tg-2_1357566604.jpg?w=400&amp;ssl=1 400w, https:\/\/i0.wp.com\/vynz100photo.fr\/blog\/wp-content\/uploads\/2013\/08\/olympus-tg-2_1357566604.jpg?resize=150%2C150&amp;ssl=1 150w, https:\/\/i0.wp.com\/vynz100photo.fr\/blog\/wp-content\/uploads\/2013\/08\/olympus-tg-2_1357566604.jpg?resize=300%2C300&amp;ssl=1 300w\" sizes=\"auto, (max-width: 400px) 100vw, 400px\" \/><\/a><\/p>\n<p>&nbsp;<\/p>\n<p style=\"text-align: justify;\">\u00a0 \u00a0 Tout est \u00a0dit: il n&rsquo;est pas tr\u00e8s beau, sa qualit\u00e9 d&rsquo;image est quelconque, mais il est parfait pour une utilisation de vacances: solide, \u00e9tanche jusqu&rsquo;\u00e0 15 m\u00e8tres, il sera un parfait compagnon de plage et ne craindra ni la pluie, ni le sable. Le prix reste correct, on le touche en g\u00e9n\u00e9ral pour <strong>moins de 350\u20ac<\/strong>.<\/p>\n<h3>Mon chouchou, le Fuji X20<\/h3>\n<p style=\"text-align: justify;\"><a href=\"https:\/\/i0.wp.com\/vynz100photo.fr\/blog\/wp-content\/uploads\/2013\/08\/05640864-photo-fujifilm-x20.jpg?ssl=1\"><img data-recalc-dims=\"1\" loading=\"lazy\" decoding=\"async\" data-attachment-id=\"668\" data-permalink=\"https:\/\/vynz100photo.fr\/blog\/photographie\/quelques-conseils-photo\/quel-appareil-photo-choisir\/05640864-photo-fujifilm-x20\/\" data-orig-file=\"https:\/\/i0.wp.com\/vynz100photo.fr\/blog\/wp-content\/uploads\/2013\/08\/05640864-photo-fujifilm-x20.jpg?fit=1280%2C980&amp;ssl=1\" data-orig-size=\"1280,980\" data-comments-opened=\"1\" data-image-meta=\"{&quot;aperture&quot;:&quot;0&quot;,&quot;credit&quot;:&quot;&quot;,&quot;camera&quot;:&quot;&quot;,&quot;caption&quot;:&quot;&quot;,&quot;created_timestamp&quot;:&quot;0&quot;,&quot;copyright&quot;:&quot;&quot;,&quot;focal_length&quot;:&quot;0&quot;,&quot;iso&quot;:&quot;0&quot;,&quot;shutter_speed&quot;:&quot;0&quot;,&quot;title&quot;:&quot;&quot;}\" data-image-title=\"\" data-image-description=\"\" data-image-caption=\"\" data-large-file=\"https:\/\/i0.wp.com\/vynz100photo.fr\/blog\/wp-content\/uploads\/2013\/08\/05640864-photo-fujifilm-x20.jpg?fit=800%2C613&amp;ssl=1\" class=\"aligncenter  wp-image-668\" alt=\"\" src=\"https:\/\/i0.wp.com\/vynz100photo.fr\/blog\/wp-content\/uploads\/2013\/08\/05640864-photo-fujifilm-x20.jpg?resize=483%2C370&#038;ssl=1\" width=\"483\" height=\"370\" srcset=\"https:\/\/i0.wp.com\/vynz100photo.fr\/blog\/wp-content\/uploads\/2013\/08\/05640864-photo-fujifilm-x20.jpg?resize=1024%2C784&amp;ssl=1 1024w, https:\/\/i0.wp.com\/vynz100photo.fr\/blog\/wp-content\/uploads\/2013\/08\/05640864-photo-fujifilm-x20.jpg?resize=300%2C229&amp;ssl=1 300w, https:\/\/i0.wp.com\/vynz100photo.fr\/blog\/wp-content\/uploads\/2013\/08\/05640864-photo-fujifilm-x20.jpg?w=1280&amp;ssl=1 1280w\" sizes=\"auto, (max-width: 483px) 100vw, 483px\" \/><\/a>Si je devais choisir un compact pour m&rsquo;accompagner l\u00e9ger, je choisirais ce petit Fuji: look \u00ab\u00a0r\u00e9tro\u00a0\u00bb super sympa, construction solide, qualit\u00e9 d&rsquo;image excellente, viseur optique (une exception dans les compacts), objectif lumineux (f\/2 \u00e0 f\/2,8)&#8230; Si l&rsquo;autonomie est meilleure que celle du X10 premier de la s\u00e9rie, c&rsquo;est le compact parfait! On le trouve aux alentours de <strong>500\u20ac.<\/strong><\/p>\n<h2 style=\"text-align: left;\">Les hybrides \u00e0 objectifs interchangeables<\/h2>\n<p style=\"text-align: justify;\">\u00a0 \u00a0 Pour moi, pas de questions \u00e0 se poser dans cette gamme, Sony a pris une telle avance que la s\u00e9rie des Nex est incontournable. On peut y adapter des objectifs argentiques tr\u00e8s facilement, la r\u00e9activit\u00e9 est moyenne, comme les objectifs de base (18-55 quelconque), mais on trouve quelques focales fixes lumineuses d&rsquo;excellente facture chez Sigma (19mm et 30mm), chez Sony (35 et 50mm f\/1,8) ou chez Zeiss (le superbe 24mm f\/1,4).<\/p>\n<p style=\"text-align: justify;\">\u00a0 \u00a0 Dans cette s\u00e9rie se d\u00e9gagent les Nex de milieu de gamme, \u00e0 savoir les <strong>Nex 5<\/strong> (N ou R) et surtout le <strong>Nex 6<\/strong> et son viseur optique.<\/p>\n<p style=\"text-align: center;\"><a href=\"https:\/\/i0.wp.com\/vynz100photo.fr\/blog\/wp-content\/uploads\/2013\/08\/sony-nex-5r.jpg?ssl=1\"><img data-recalc-dims=\"1\" loading=\"lazy\" decoding=\"async\" data-attachment-id=\"670\" data-permalink=\"https:\/\/vynz100photo.fr\/blog\/photographie\/quelques-conseils-photo\/quel-appareil-photo-choisir\/sony-nex-5r\/\" data-orig-file=\"https:\/\/i0.wp.com\/vynz100photo.fr\/blog\/wp-content\/uploads\/2013\/08\/sony-nex-5r.jpg?fit=400%2C400&amp;ssl=1\" data-orig-size=\"400,400\" data-comments-opened=\"1\" data-image-meta=\"{&quot;aperture&quot;:&quot;0&quot;,&quot;credit&quot;:&quot;&quot;,&quot;camera&quot;:&quot;&quot;,&quot;caption&quot;:&quot;&quot;,&quot;created_timestamp&quot;:&quot;0&quot;,&quot;copyright&quot;:&quot;&quot;,&quot;focal_length&quot;:&quot;0&quot;,&quot;iso&quot;:&quot;0&quot;,&quot;shutter_speed&quot;:&quot;0&quot;,&quot;title&quot;:&quot;&quot;}\" data-image-title=\"Sony Nex 5R\" data-image-description=\"\" data-image-caption=\"\" data-large-file=\"https:\/\/i0.wp.com\/vynz100photo.fr\/blog\/wp-content\/uploads\/2013\/08\/sony-nex-5r.jpg?fit=400%2C400&amp;ssl=1\" class=\"aligncenter  wp-image-670\" title=\"Sony Nex 5R\" alt=\"Sony Nex 5R\" src=\"https:\/\/i0.wp.com\/vynz100photo.fr\/blog\/wp-content\/uploads\/2013\/08\/sony-nex-5r.jpg?resize=320%2C320&#038;ssl=1\" width=\"320\" height=\"320\" srcset=\"https:\/\/i0.wp.com\/vynz100photo.fr\/blog\/wp-content\/uploads\/2013\/08\/sony-nex-5r.jpg?w=400&amp;ssl=1 400w, https:\/\/i0.wp.com\/vynz100photo.fr\/blog\/wp-content\/uploads\/2013\/08\/sony-nex-5r.jpg?resize=150%2C150&amp;ssl=1 150w, https:\/\/i0.wp.com\/vynz100photo.fr\/blog\/wp-content\/uploads\/2013\/08\/sony-nex-5r.jpg?resize=300%2C300&amp;ssl=1 300w\" sizes=\"auto, (max-width: 320px) 100vw, 320px\" \/><\/a><\/p>\n<div id=\"attachment_671\" style=\"width: 662px\" class=\"wp-caption aligncenter\"><a href=\"https:\/\/i0.wp.com\/vynz100photo.fr\/blog\/wp-content\/uploads\/2013\/08\/mshariqen-218-2.jpg?ssl=1\"><img data-recalc-dims=\"1\" loading=\"lazy\" decoding=\"async\" aria-describedby=\"caption-attachment-671\" data-attachment-id=\"671\" data-permalink=\"https:\/\/vynz100photo.fr\/blog\/photographie\/quelques-conseils-photo\/quel-appareil-photo-choisir\/mshariqen-218-2\/\" data-orig-file=\"https:\/\/i0.wp.com\/vynz100photo.fr\/blog\/wp-content\/uploads\/2013\/08\/mshariqen-218-2.jpg?fit=652%2C456&amp;ssl=1\" data-orig-size=\"652,456\" data-comments-opened=\"1\" data-image-meta=\"{&quot;aperture&quot;:&quot;0&quot;,&quot;credit&quot;:&quot;&quot;,&quot;camera&quot;:&quot;&quot;,&quot;caption&quot;:&quot;&quot;,&quot;created_timestamp&quot;:&quot;0&quot;,&quot;copyright&quot;:&quot;&quot;,&quot;focal_length&quot;:&quot;0&quot;,&quot;iso&quot;:&quot;0&quot;,&quot;shutter_speed&quot;:&quot;0&quot;,&quot;title&quot;:&quot;&quot;}\" data-image-title=\"Sony Nex 6\" data-image-description=\"\" data-image-caption=\"&lt;p&gt;Sony Nex 6&lt;\/p&gt;\n\" data-large-file=\"https:\/\/i0.wp.com\/vynz100photo.fr\/blog\/wp-content\/uploads\/2013\/08\/mshariqen-218-2.jpg?fit=652%2C456&amp;ssl=1\" class=\"size-full wp-image-671\" alt=\"Sony Nex 6\" src=\"https:\/\/i0.wp.com\/vynz100photo.fr\/blog\/wp-content\/uploads\/2013\/08\/mshariqen-218-2.jpg?resize=652%2C456&#038;ssl=1\" width=\"652\" height=\"456\" srcset=\"https:\/\/i0.wp.com\/vynz100photo.fr\/blog\/wp-content\/uploads\/2013\/08\/mshariqen-218-2.jpg?w=652&amp;ssl=1 652w, https:\/\/i0.wp.com\/vynz100photo.fr\/blog\/wp-content\/uploads\/2013\/08\/mshariqen-218-2.jpg?resize=300%2C209&amp;ssl=1 300w\" sizes=\"auto, (max-width: 652px) 100vw, 652px\" \/><\/a><p id=\"caption-attachment-671\" class=\"wp-caption-text\">Sony Nex 6<\/p><\/div>\n<h2>Les compacts \u00e0 grand capteur<\/h2>\n<h3>Le Fuji X100S<\/h3>\n<p style=\"text-align: justify;\"><a href=\"https:\/\/i0.wp.com\/vynz100photo.fr\/blog\/wp-content\/uploads\/2013\/08\/Fuji-X100s-01.jpg?ssl=1\"><img data-recalc-dims=\"1\" loading=\"lazy\" decoding=\"async\" data-attachment-id=\"672\" data-permalink=\"https:\/\/vynz100photo.fr\/blog\/photographie\/quelques-conseils-photo\/quel-appareil-photo-choisir\/fuji-x100s-01\/\" data-orig-file=\"https:\/\/i0.wp.com\/vynz100photo.fr\/blog\/wp-content\/uploads\/2013\/08\/Fuji-X100s-01.jpg?fit=1024%2C789&amp;ssl=1\" data-orig-size=\"1024,789\" data-comments-opened=\"1\" data-image-meta=\"{&quot;aperture&quot;:&quot;0&quot;,&quot;credit&quot;:&quot;&quot;,&quot;camera&quot;:&quot;&quot;,&quot;caption&quot;:&quot;&quot;,&quot;created_timestamp&quot;:&quot;0&quot;,&quot;copyright&quot;:&quot;&quot;,&quot;focal_length&quot;:&quot;0&quot;,&quot;iso&quot;:&quot;0&quot;,&quot;shutter_speed&quot;:&quot;0&quot;,&quot;title&quot;:&quot;&quot;}\" data-image-title=\"Fuji X100s\" data-image-description=\"\" data-image-caption=\"\" data-large-file=\"https:\/\/i0.wp.com\/vynz100photo.fr\/blog\/wp-content\/uploads\/2013\/08\/Fuji-X100s-01.jpg?fit=800%2C616&amp;ssl=1\" class=\"aligncenter size-full wp-image-672\" alt=\"Fuji X100s\" src=\"https:\/\/i0.wp.com\/vynz100photo.fr\/blog\/wp-content\/uploads\/2013\/08\/Fuji-X100s-01.jpg?resize=800%2C616&#038;ssl=1\" width=\"800\" height=\"616\" srcset=\"https:\/\/i0.wp.com\/vynz100photo.fr\/blog\/wp-content\/uploads\/2013\/08\/Fuji-X100s-01.jpg?w=1024&amp;ssl=1 1024w, https:\/\/i0.wp.com\/vynz100photo.fr\/blog\/wp-content\/uploads\/2013\/08\/Fuji-X100s-01.jpg?resize=300%2C231&amp;ssl=1 300w\" sizes=\"auto, (max-width: 800px) 100vw, 800px\" \/><\/a>\u00a0 \u00a0 Une tr\u00e8s belle qualit\u00e9 d&rsquo;image avec son capteur APS-C, une focale fixe lumineuse \u00e9quivalente \u00e0 un 35mm f\/2, un viseur mi-optique mi-\u00e9lectronique de qualit\u00e9, un look super sympa&#8230; bref, un appareil int\u00e9ressant pour qui peut se le permettre (<strong>1200\u20ac<\/strong>)!<\/p>\n<h2>Le seul compact 24&#215;36 au monde, le dispendieux Sony RX1-R<\/h2>\n<p>&nbsp;<\/p>\n<div id=\"attachment_675\" style=\"width: 506px\" class=\"wp-caption aligncenter\"><a href=\"https:\/\/i0.wp.com\/vynz100photo.fr\/blog\/wp-content\/uploads\/2013\/08\/sony-rx1r-3_4.jpg?ssl=1\"><img data-recalc-dims=\"1\" loading=\"lazy\" decoding=\"async\" aria-describedby=\"caption-attachment-675\" data-attachment-id=\"675\" data-permalink=\"https:\/\/vynz100photo.fr\/blog\/photographie\/quelques-conseils-photo\/quel-appareil-photo-choisir\/sony-rx1r-3_4\/\" data-orig-file=\"https:\/\/i0.wp.com\/vynz100photo.fr\/blog\/wp-content\/uploads\/2013\/08\/sony-rx1r-3_4.jpg?fit=620%2C437&amp;ssl=1\" data-orig-size=\"620,437\" data-comments-opened=\"1\" data-image-meta=\"{&quot;aperture&quot;:&quot;0&quot;,&quot;credit&quot;:&quot;&quot;,&quot;camera&quot;:&quot;&quot;,&quot;caption&quot;:&quot;&quot;,&quot;created_timestamp&quot;:&quot;0&quot;,&quot;copyright&quot;:&quot;&quot;,&quot;focal_length&quot;:&quot;0&quot;,&quot;iso&quot;:&quot;0&quot;,&quot;shutter_speed&quot;:&quot;0&quot;,&quot;title&quot;:&quot;&quot;}\" data-image-title=\"Sony RX1-R\" data-image-description=\"\" data-image-caption=\"&lt;p&gt;Sony RX1-R&lt;\/p&gt;\n\" data-large-file=\"https:\/\/i0.wp.com\/vynz100photo.fr\/blog\/wp-content\/uploads\/2013\/08\/sony-rx1r-3_4.jpg?fit=620%2C437&amp;ssl=1\" class=\" wp-image-675 \" alt=\"Sony RX1-R\" src=\"https:\/\/i0.wp.com\/vynz100photo.fr\/blog\/wp-content\/uploads\/2013\/08\/sony-rx1r-3_4.jpg?resize=496%2C350&#038;ssl=1\" width=\"496\" height=\"350\" srcset=\"https:\/\/i0.wp.com\/vynz100photo.fr\/blog\/wp-content\/uploads\/2013\/08\/sony-rx1r-3_4.jpg?w=620&amp;ssl=1 620w, https:\/\/i0.wp.com\/vynz100photo.fr\/blog\/wp-content\/uploads\/2013\/08\/sony-rx1r-3_4.jpg?resize=300%2C211&amp;ssl=1 300w\" sizes=\"auto, (max-width: 496px) 100vw, 496px\" \/><\/a><p id=\"caption-attachment-675\" class=\"wp-caption-text\">Sony RX1-R<\/p><\/div>\n<p style=\"text-align: justify;\">Ici on touche \u00e0 la d\u00e9mesure, puisque Sony a r\u00e9ussi l&rsquo;exploit de faire rentrer un capteur plein format (24x36mm) dans un bo\u00eetier de compact. La qualit\u00e9 d&rsquo;image est exceptionnelle, gr\u00e2ce au capteur 24MP et \u00e0 l&rsquo;optique 35mm f\/2 sign\u00e9e Zeiss. Le souci, et c&rsquo;est peu de le dire, c&rsquo;est le prix de <strong>3200\u20ac<\/strong> pour un bo\u00eetier \u00a0sans viseur optique ni possibilit\u00e9 de changer d&rsquo;objectif&#8230;<\/p>\n<p>&nbsp;<\/p>\n<blockquote><p>Les r\u00e9flexes feront l&rsquo;objet d&rsquo;un article suivant&#8230; merci d&rsquo;avoir tenu jusque l\u00e0, et merci d&rsquo;avance pour vos remarques!<\/p><\/blockquote>\n","protected":false},"excerpt":{"rendered":"<p>\u00a0 \u00a0 La \u00a0photographie num\u00e9rique est en perp\u00e9tuel renouvellement, les technologies se bousculent et s&rsquo;entrem\u00ealent, promettant des images toujours plus extraordinaires, des zooms x100, des couleurs \u00e9clatantes, des possibilit\u00e9s cr\u00e9atives \u00e0 foison&#8230; Comment s&rsquo;y retrouver dans cette jungle? \u00a0 \u00a0La premi\u00e8re chose \u00e0 savoir avant de faire l&rsquo;acquisition d&rsquo;un nouvel appareil photo num\u00e9rique, c&rsquo;est de [&hellip;]<\/p>\n","protected":false},"author":1,"featured_media":0,"parent":781,"menu_order":0,"comment_status":"open","ping_status":"closed","template":"full-width-page.php","meta":{"_mo_disable_npp":"","jetpack_post_was_ever_published":false,"footnotes":""},"class_list":["post-654","page","type-page","status-publish","hentry"],"jetpack_sharing_enabled":true,"jetpack_shortlink":"https:\/\/wp.me\/P3QNY7-ay","jetpack_likes_enabled":true,"jetpack-related-posts":[{"id":784,"url":"https:\/\/vynz100photo.fr\/blog\/photographie\/quelques-conseils-photo\/un-reflex-mais-lequel\/","url_meta":{"origin":654,"position":0},"title":"Un r\u00e9flex, mais lequel?","author":"Vincent","date":"8 ao\u00fbt 2013","format":false,"excerpt":"Actuellement, les ventes d'appareils r\u00e9flex se portent bien, voire tr\u00e8s bien... en t\u00eate des ventes du secteur photographique, ces appareils paraissent \u00eatre \u00e0 la port\u00e9e de beaucoup... Pourtant, le choix d'un r\u00e9flex doit se faire en connaissance de cause, les gammes sont diversifi\u00e9es et il est facile de s'y \u00e9garer...\u2026","rel":"","context":"Article similaire","block_context":{"text":"Article similaire","link":""},"img":{"alt_text":"Le minuscule Canon Eos 100D","src":"https:\/\/i0.wp.com\/vynz100photo.fr\/blog\/wp-content\/uploads\/2013\/08\/canon-eos-100d_1363685960-300x300.jpg?resize=350%2C200","width":350,"height":200},"classes":[]},{"id":786,"url":"https:\/\/vynz100photo.fr\/blog\/photographie\/quelques-conseils-photo\/les-objectifs-a-ne-pas-negliger\/","url_meta":{"origin":654,"position":1},"title":"Les objectifs, \u00e0 ne pas n\u00e9gliger!","author":"Vincent","date":"7 ao\u00fbt 2013","format":false,"excerpt":"Quand on a fait le choix de son r\u00e9flex, on pense que le plus dur est fait... mais c'est une erreur, ce n'est que le d\u00e9but! La qualit\u00e9 de l'image d\u00e9pend effectivement du capteur du bo\u00eetier, mais elle est en premier lieu d\u00e9pendante de l'objectif qui fait passer la lumi\u00e8re...\u2026","rel":"","context":"Article similaire","block_context":{"text":"Article similaire","link":""},"img":{"alt_text":"Emploi d'un 21mm","src":"https:\/\/i0.wp.com\/vynz100photo.fr\/blog\/wp-content\/uploads\/2012\/09\/16092012-IMG_8801-300x200.jpg?resize=350%2C200","width":350,"height":200},"classes":[]},{"id":2466,"url":"https:\/\/vynz100photo.fr\/blog\/photographie\/test-de-materiel\/objectifs\/industar-50-2-50mm-f35-m42\/","url_meta":{"origin":654,"position":2},"title":"Industar 50-2 50mm f\/3,5 (M42)","author":"Vincent","date":"10 mars 2014","format":false,"excerpt":"Caract\u00e9ristiques Poids:\u00a065g Prix:\u00a05-10\u20ac environ Une focale fixe en monture M42, une vieille monture \u00e0 vis tr\u00e8s r\u00e9pandue. Si les appareils actuels n'utilisent plus cette fixation, il est tr\u00e8s facile de trouver des bagues d'adaptation sur les diff\u00e9rents mod\u00e8les (Canon Eos, Sony Nex, Panasonic GF...). Les deux tr\u00e8s gros avantages de\u2026","rel":"","context":"Avec 1 commentaire","block_context":{"text":"Avec 1 commentaire","link":"https:\/\/vynz100photo.fr\/blog\/photographie\/test-de-materiel\/objectifs\/industar-50-2-50mm-f35-m42\/#comments"},"img":{"alt_text":"industar_50-2_f3.5","src":"https:\/\/i0.wp.com\/vynz100photo.fr\/blog\/wp-content\/uploads\/2014\/03\/industar_50-2_f3.5.jpg?resize=350%2C200","width":350,"height":200},"classes":[]},{"id":816,"url":"https:\/\/vynz100photo.fr\/blog\/photographie\/test-de-materiel\/objectifs\/canon-ef-50mm-f18\/","url_meta":{"origin":654,"position":3},"title":"Canon EF 50mm f\/1,8","author":"Vincent","date":"7 ao\u00fbt 2013","format":false,"excerpt":"\u00a0 Caract\u00e9ristiques Poids: 130 g Prix: 100\u20ac environ C'est le petit objectif \u00e0 avoir chez Canon, l\u00e9ger, superbe optiquement d\u00e8s que l'on ferme le diaphragme, avec un beau rendu \u00e0 pleine ouverture... Sa focale de 50mm fait de lui un compagnon id\u00e9al au quotidien (sur 24x36) et un tr\u00e8s bon\u2026","rel":"","context":"Avec 1 commentaire","block_context":{"text":"Avec 1 commentaire","link":"https:\/\/vynz100photo.fr\/blog\/photographie\/test-de-materiel\/objectifs\/canon-ef-50mm-f18\/#comments"},"img":{"alt_text":"Canon EF 50mm f\/1,8","src":"https:\/\/i0.wp.com\/vynz100photo.fr\/blog\/wp-content\/uploads\/2013\/08\/50mm.jpg?resize=350%2C200","width":350,"height":200},"classes":[]},{"id":831,"url":"https:\/\/vynz100photo.fr\/blog\/photographie\/test-de-materiel\/objectifs\/canon-ef-85mm-f18-usm\/","url_meta":{"origin":654,"position":4},"title":"Canon EF 85mm f\/1,8 USM","author":"Vincent","date":"7 ao\u00fbt 2013","format":false,"excerpt":"Caract\u00e9ristiques Poids: 425 g \u00a0 Prix:\u00a0350\u20ac environ Un des best-sellers de Canon, dans la s\u00e9rie des focales fixes \u00e0 prix raisonnable. Sa focale de 85mm est id\u00e9ale pour les portraits serr\u00e9es (APS-C) ou de buste (24x36); de plus sa grande ouverture de f.1,8 permet de tr\u00e8s jolis flous d'arri\u00e8re-plan... Construction\u2026","rel":"","context":"Avec 2 commentaires","block_context":{"text":"Avec 2 commentaires","link":"https:\/\/vynz100photo.fr\/blog\/photographie\/test-de-materiel\/objectifs\/canon-ef-85mm-f18-usm\/#comments"},"img":{"alt_text":"Canon EF 85mm f1.8 USM","src":"https:\/\/i0.wp.com\/vynz100photo.fr\/blog\/wp-content\/uploads\/2013\/08\/Canon-EF-85mm-f1.8-USM-01.jpg?resize=350%2C200","width":350,"height":200},"classes":[]},{"id":781,"url":"https:\/\/vynz100photo.fr\/blog\/photographie\/quelques-conseils-photo\/","url_meta":{"origin":654,"position":5},"title":"Quelques conseils photo","author":"Vincent","date":"6 ao\u00fbt 2013","format":false,"excerpt":"Au fur et \u00e0 mesure, l'exp\u00e9rience accumul\u00e9e par quelques ann\u00e9es de pratique assidue de la photographie amateur m'a donn\u00e9 envie de partager cette passion avec mes amis et ma famille. Apr\u00e8s avoir h\u00e9sit\u00e9, cherch\u00e9, fait d'innombrables erreurs et \u00eatre tomb\u00e9 dans autant de pi\u00e8ges, il y a quelques bases qui\u2026","rel":"","context":"Article similaire","block_context":{"text":"Article similaire","link":""},"img":{"alt_text":"","src":"","width":0,"height":0},"classes":[]}],"_links":{"self":[{"href":"https:\/\/vynz100photo.fr\/blog\/wp-json\/wp\/v2\/pages\/654","targetHints":{"allow":["GET"]}}],"collection":[{"href":"https:\/\/vynz100photo.fr\/blog\/wp-json\/wp\/v2\/pages"}],"about":[{"href":"https:\/\/vynz100photo.fr\/blog\/wp-json\/wp\/v2\/types\/page"}],"author":[{"embeddable":true,"href":"https:\/\/vynz100photo.fr\/blog\/wp-json\/wp\/v2\/users\/1"}],"replies":[{"embeddable":true,"href":"https:\/\/vynz100photo.fr\/blog\/wp-json\/wp\/v2\/comments?post=654"}],"version-history":[{"count":0,"href":"https:\/\/vynz100photo.fr\/blog\/wp-json\/wp\/v2\/pages\/654\/revisions"}],"up":[{"embeddable":true,"href":"https:\/\/vynz100photo.fr\/blog\/wp-json\/wp\/v2\/pages\/781"}],"wp:attachment":[{"href":"https:\/\/vynz100photo.fr\/blog\/wp-json\/wp\/v2\/media?parent=654"}],"curies":[{"name":"wp","href":"https:\/\/api.w.org\/{rel}","templated":true}]}}