{"id":4319,"date":"2017-05-28T15:09:15","date_gmt":"2017-05-28T13:09:15","guid":{"rendered":"http:\/\/vynz100photo.fr\/blog\/?page_id=4319"},"modified":"2017-05-28T19:25:23","modified_gmt":"2017-05-28T17:25:23","slug":"7-10-avril-dans-les-collines-de-citrusdal-cederberg","status":"publish","type":"page","link":"https:\/\/vynz100photo.fr\/blog\/voyages\/voyage-en-terre-australe-lafrique-du-sud\/7-10-avril-dans-les-collines-de-citrusdal-cederberg\/","title":{"rendered":"7-10 avril: dans les collines de Citrusdal (Cederberg)"},"content":{"rendered":"<p style=\"text-align: justify;\"><\/p>\n<h2 style=\"text-align: justify;\"><span style=\"color: #ff6600;\">Vendredi 7 avril 2017 &#8211; l&rsquo;arriv\u00e9e<\/span><\/h2>\n<p style=\"text-align: justify;\">Apr\u00e8s 9h30 de vol (Qatar Airways, le plus court), on arrive enfin \u00e0 l&rsquo;a\u00e9roport de Capetown (ou Le Cap). Le temps de passer les formalit\u00e9s administratives, de prendre la voiture de location (qui est plus petite que pr\u00e9vue et donc tr\u00e8s bien remplie), et c&rsquo;est parti! Cap au nord vers le Cederberg, \u00e0 presque 4 heures de route!<\/p>\n<p style=\"text-align: justify;\">On croise la fameuse Table Mountain qui surplombe la ville du Cap, et c&rsquo;est assez pour se familiariser avec la conduite \u00e0 gauche (facile), le changement de vitesse de la main gauche aussi (plus compliqu\u00e9) et l&rsquo;inversion des commandes feux\/essuie-glaces (nettement plus bal\u00e8ze!)&#8230;<\/p>\n<p style=\"text-align: justify;\"><img data-recalc-dims=\"1\" loading=\"lazy\" decoding=\"async\" data-attachment-id=\"4377\" data-permalink=\"https:\/\/vynz100photo.fr\/blog\/voyages\/voyage-en-terre-australe-lafrique-du-sud\/7-10-avril-dans-les-collines-de-citrusdal-cederberg\/20170407-img_2864\/\" data-orig-file=\"https:\/\/i0.wp.com\/vynz100photo.fr\/blog\/wp-content\/uploads\/2017\/05\/20170407-IMG_2864.jpg?fit=1024%2C726&amp;ssl=1\" data-orig-size=\"1024,726\" data-comments-opened=\"1\" data-image-meta=\"{&quot;aperture&quot;:&quot;2&quot;,&quot;credit&quot;:&quot;Vincent Verger&quot;,&quot;camera&quot;:&quot;Canon EOS 5D Mark II&quot;,&quot;caption&quot;:&quot;&quot;,&quot;created_timestamp&quot;:&quot;1491579775&quot;,&quot;copyright&quot;:&quot;\\u00a9 Vincent Verger&quot;,&quot;focal_length&quot;:&quot;50&quot;,&quot;iso&quot;:&quot;640&quot;,&quot;shutter_speed&quot;:&quot;0.000125&quot;,&quot;title&quot;:&quot;&quot;,&quot;orientation&quot;:&quot;0&quot;}\" data-image-title=\"20170407-IMG_2864\" data-image-description=\"\" data-image-caption=\"\" data-large-file=\"https:\/\/i0.wp.com\/vynz100photo.fr\/blog\/wp-content\/uploads\/2017\/05\/20170407-IMG_2864.jpg?fit=800%2C567&amp;ssl=1\" class=\"size-full wp-image-4377 aligncenter\" src=\"https:\/\/i0.wp.com\/vynz100photo.fr\/blog\/wp-content\/uploads\/2017\/05\/20170407-IMG_2864.jpg?resize=800%2C567&#038;ssl=1\" alt=\"\" width=\"800\" height=\"567\" srcset=\"https:\/\/i0.wp.com\/vynz100photo.fr\/blog\/wp-content\/uploads\/2017\/05\/20170407-IMG_2864.jpg?w=1024&amp;ssl=1 1024w, https:\/\/i0.wp.com\/vynz100photo.fr\/blog\/wp-content\/uploads\/2017\/05\/20170407-IMG_2864.jpg?resize=300%2C213&amp;ssl=1 300w, https:\/\/i0.wp.com\/vynz100photo.fr\/blog\/wp-content\/uploads\/2017\/05\/20170407-IMG_2864.jpg?resize=768%2C545&amp;ssl=1 768w, https:\/\/i0.wp.com\/vynz100photo.fr\/blog\/wp-content\/uploads\/2017\/05\/20170407-IMG_2864.jpg?resize=250%2C177&amp;ssl=1 250w\" sizes=\"auto, (max-width: 800px) 100vw, 800px\" \/><\/p>\n<p style=\"text-align: justify;\">A la sortie de la ville, on va vite prendre l&rsquo;habitude de croiser les fameux \u00ab\u00a0townships\u00a0\u00bb, ces bidonvilles peupl\u00e9s quasiment exclusivement de noirs. L&rsquo;apartheid est termin\u00e9, mais les conditions de vie des plus pauvres n&rsquo;ont pas tellement chang\u00e9&#8230;<\/p>\n<p style=\"text-align: justify;\"><img data-recalc-dims=\"1\" loading=\"lazy\" decoding=\"async\" data-attachment-id=\"4373\" data-permalink=\"https:\/\/vynz100photo.fr\/blog\/voyages\/voyage-en-terre-australe-lafrique-du-sud\/7-10-avril-dans-les-collines-de-citrusdal-cederberg\/20170407-img_2870\/\" data-orig-file=\"https:\/\/i0.wp.com\/vynz100photo.fr\/blog\/wp-content\/uploads\/2017\/05\/20170407-IMG_2870.jpg?fit=1024%2C476&amp;ssl=1\" data-orig-size=\"1024,476\" data-comments-opened=\"1\" data-image-meta=\"{&quot;aperture&quot;:&quot;2&quot;,&quot;credit&quot;:&quot;Vincent Verger&quot;,&quot;camera&quot;:&quot;Canon EOS 5D Mark II&quot;,&quot;caption&quot;:&quot;&quot;,&quot;created_timestamp&quot;:&quot;1491580640&quot;,&quot;copyright&quot;:&quot;\\u00a9 Vincent Verger&quot;,&quot;focal_length&quot;:&quot;50&quot;,&quot;iso&quot;:&quot;640&quot;,&quot;shutter_speed&quot;:&quot;0.000125&quot;,&quot;title&quot;:&quot;&quot;,&quot;orientation&quot;:&quot;0&quot;}\" data-image-title=\"20170407-IMG_2870\" data-image-description=\"\" data-image-caption=\"\" data-large-file=\"https:\/\/i0.wp.com\/vynz100photo.fr\/blog\/wp-content\/uploads\/2017\/05\/20170407-IMG_2870.jpg?fit=800%2C372&amp;ssl=1\" class=\"size-full wp-image-4373 aligncenter\" src=\"https:\/\/i0.wp.com\/vynz100photo.fr\/blog\/wp-content\/uploads\/2017\/05\/20170407-IMG_2870.jpg?resize=800%2C372&#038;ssl=1\" alt=\"\" width=\"800\" height=\"372\" srcset=\"https:\/\/i0.wp.com\/vynz100photo.fr\/blog\/wp-content\/uploads\/2017\/05\/20170407-IMG_2870.jpg?w=1024&amp;ssl=1 1024w, https:\/\/i0.wp.com\/vynz100photo.fr\/blog\/wp-content\/uploads\/2017\/05\/20170407-IMG_2870.jpg?resize=300%2C139&amp;ssl=1 300w, https:\/\/i0.wp.com\/vynz100photo.fr\/blog\/wp-content\/uploads\/2017\/05\/20170407-IMG_2870.jpg?resize=768%2C357&amp;ssl=1 768w, https:\/\/i0.wp.com\/vynz100photo.fr\/blog\/wp-content\/uploads\/2017\/05\/20170407-IMG_2870.jpg?resize=250%2C116&amp;ssl=1 250w\" sizes=\"auto, (max-width: 800px) 100vw, 800px\" \/><\/p>\n<p style=\"text-align: justify;\">Heureusement sur la route, nous avons une halte bienvenue. Nous sommes dans la r\u00e9gion du Piketberg, lieu de nombreuses propri\u00e9t\u00e9s vinicoles. Une nous fait de l&rsquo;oeil, malgr\u00e9 le temps qui presse, <a href=\"http:\/\/www.orgderac.co.za\">Org de Rac<\/a> (vins biologiques).<\/p>\n<p style=\"text-align: justify;\">On s&rsquo;y arr\u00eate pour une d\u00e9gustation bien agr\u00e9able, et on repart avec quelques bricoles (un \u00ab\u00a0champagne\u00a0\u00bb local et un bon vin rouge, quelques confitures du coin, des condiments divers et vari\u00e9s). L&rsquo;endroit est battu par les vents, sur une petit colline qui domine la plaine alentours, mais \u00e0 l&rsquo;int\u00e9rieur on est bien&#8230;<\/p>\n<p style=\"text-align: justify;\"><img data-recalc-dims=\"1\" loading=\"lazy\" decoding=\"async\" data-attachment-id=\"4376\" data-permalink=\"https:\/\/vynz100photo.fr\/blog\/voyages\/voyage-en-terre-australe-lafrique-du-sud\/7-10-avril-dans-les-collines-de-citrusdal-cederberg\/20170407-img_2879\/\" data-orig-file=\"https:\/\/i0.wp.com\/vynz100photo.fr\/blog\/wp-content\/uploads\/2017\/05\/20170407-IMG_2879.jpg?fit=683%2C1024&amp;ssl=1\" data-orig-size=\"683,1024\" data-comments-opened=\"1\" data-image-meta=\"{&quot;aperture&quot;:&quot;2.5&quot;,&quot;credit&quot;:&quot;Vincent Verger&quot;,&quot;camera&quot;:&quot;Canon EOS 5D Mark II&quot;,&quot;caption&quot;:&quot;&quot;,&quot;created_timestamp&quot;:&quot;1491585627&quot;,&quot;copyright&quot;:&quot;\\u00a9 Vincent Verger&quot;,&quot;focal_length&quot;:&quot;50&quot;,&quot;iso&quot;:&quot;250&quot;,&quot;shutter_speed&quot;:&quot;0.02&quot;,&quot;title&quot;:&quot;&quot;,&quot;orientation&quot;:&quot;0&quot;}\" data-image-title=\"20170407-IMG_2879\" data-image-description=\"\" data-image-caption=\"\" data-large-file=\"https:\/\/i0.wp.com\/vynz100photo.fr\/blog\/wp-content\/uploads\/2017\/05\/20170407-IMG_2879.jpg?fit=683%2C1024&amp;ssl=1\" class=\"size-full wp-image-4376 aligncenter\" src=\"https:\/\/i0.wp.com\/vynz100photo.fr\/blog\/wp-content\/uploads\/2017\/05\/20170407-IMG_2879.jpg?resize=683%2C1024&#038;ssl=1\" alt=\"\" width=\"683\" height=\"1024\" srcset=\"https:\/\/i0.wp.com\/vynz100photo.fr\/blog\/wp-content\/uploads\/2017\/05\/20170407-IMG_2879.jpg?w=683&amp;ssl=1 683w, https:\/\/i0.wp.com\/vynz100photo.fr\/blog\/wp-content\/uploads\/2017\/05\/20170407-IMG_2879.jpg?resize=200%2C300&amp;ssl=1 200w, https:\/\/i0.wp.com\/vynz100photo.fr\/blog\/wp-content\/uploads\/2017\/05\/20170407-IMG_2879.jpg?resize=250%2C375&amp;ssl=1 250w\" sizes=\"auto, (max-width: 683px) 100vw, 683px\" \/> <img data-recalc-dims=\"1\" loading=\"lazy\" decoding=\"async\" data-attachment-id=\"4375\" data-permalink=\"https:\/\/vynz100photo.fr\/blog\/voyages\/voyage-en-terre-australe-lafrique-du-sud\/7-10-avril-dans-les-collines-de-citrusdal-cederberg\/20170407-img_2880\/\" data-orig-file=\"https:\/\/i0.wp.com\/vynz100photo.fr\/blog\/wp-content\/uploads\/2017\/05\/20170407-IMG_2880.jpg?fit=1024%2C683&amp;ssl=1\" data-orig-size=\"1024,683\" data-comments-opened=\"1\" data-image-meta=\"{&quot;aperture&quot;:&quot;9&quot;,&quot;credit&quot;:&quot;Vincent Verger&quot;,&quot;camera&quot;:&quot;Canon EOS 5D Mark II&quot;,&quot;caption&quot;:&quot;&quot;,&quot;created_timestamp&quot;:&quot;1491586977&quot;,&quot;copyright&quot;:&quot;\\u00a9 Vincent Verger&quot;,&quot;focal_length&quot;:&quot;50&quot;,&quot;iso&quot;:&quot;100&quot;,&quot;shutter_speed&quot;:&quot;0.005&quot;,&quot;title&quot;:&quot;&quot;,&quot;orientation&quot;:&quot;0&quot;}\" data-image-title=\"20170407-IMG_2880\" data-image-description=\"\" data-image-caption=\"\" data-large-file=\"https:\/\/i0.wp.com\/vynz100photo.fr\/blog\/wp-content\/uploads\/2017\/05\/20170407-IMG_2880.jpg?fit=800%2C534&amp;ssl=1\" class=\"size-full wp-image-4375 aligncenter\" src=\"https:\/\/i0.wp.com\/vynz100photo.fr\/blog\/wp-content\/uploads\/2017\/05\/20170407-IMG_2880.jpg?resize=800%2C534&#038;ssl=1\" alt=\"\" width=\"800\" height=\"534\" srcset=\"https:\/\/i0.wp.com\/vynz100photo.fr\/blog\/wp-content\/uploads\/2017\/05\/20170407-IMG_2880.jpg?w=1024&amp;ssl=1 1024w, https:\/\/i0.wp.com\/vynz100photo.fr\/blog\/wp-content\/uploads\/2017\/05\/20170407-IMG_2880.jpg?resize=300%2C200&amp;ssl=1 300w, https:\/\/i0.wp.com\/vynz100photo.fr\/blog\/wp-content\/uploads\/2017\/05\/20170407-IMG_2880.jpg?resize=768%2C512&amp;ssl=1 768w, https:\/\/i0.wp.com\/vynz100photo.fr\/blog\/wp-content\/uploads\/2017\/05\/20170407-IMG_2880.jpg?resize=250%2C167&amp;ssl=1 250w\" sizes=\"auto, (max-width: 800px) 100vw, 800px\" \/><\/p>\n<p style=\"text-align: justify;\">On poursuit la route, il faut imp\u00e9rativement arriver t\u00f4t (avant 18h, quand la nuit se montre), la s\u00e9curit\u00e9 n&rsquo;est plus la m\u00eame pass\u00e9 le cr\u00e9puscule. On passe rapidement dans la ville de Citrusdal, o\u00f9 effectivement l&rsquo;ambiance est un peu sombre (mendiants, \u00e9changes de drogue devant la voiture, regards en coin). Bigre, on n&rsquo;est pas tr\u00e8s \u00e0 l&rsquo;aise! Un petit tout au Super Spar pour faire un brin de course, et on se d\u00e9p\u00eache avant d&rsquo;arriver dans la maison que l&rsquo;on a lou\u00e9e pour trois jours, l&rsquo;<a href=\"https:\/\/www.airbnb.fr\/rooms\/11942694\">Arborea Cottage<\/a>, perdue au milieu d&rsquo;une vall\u00e9e.<\/p>\n<p style=\"text-align: justify;\"><img data-recalc-dims=\"1\" loading=\"lazy\" decoding=\"async\" data-attachment-id=\"4374\" data-permalink=\"https:\/\/vynz100photo.fr\/blog\/voyages\/voyage-en-terre-australe-lafrique-du-sud\/7-10-avril-dans-les-collines-de-citrusdal-cederberg\/20170407-img_2876\/\" data-orig-file=\"https:\/\/i0.wp.com\/vynz100photo.fr\/blog\/wp-content\/uploads\/2017\/05\/20170407-IMG_2876.jpg?fit=1024%2C576&amp;ssl=1\" data-orig-size=\"1024,576\" data-comments-opened=\"1\" data-image-meta=\"{&quot;aperture&quot;:&quot;2&quot;,&quot;credit&quot;:&quot;Vincent Verger&quot;,&quot;camera&quot;:&quot;Canon EOS 5D Mark II&quot;,&quot;caption&quot;:&quot;&quot;,&quot;created_timestamp&quot;:&quot;1491583917&quot;,&quot;copyright&quot;:&quot;\\u00a9 Vincent Verger&quot;,&quot;focal_length&quot;:&quot;50&quot;,&quot;iso&quot;:&quot;640&quot;,&quot;shutter_speed&quot;:&quot;0.000125&quot;,&quot;title&quot;:&quot;&quot;,&quot;orientation&quot;:&quot;0&quot;}\" data-image-title=\"20170407-IMG_2876\" data-image-description=\"\" data-image-caption=\"\" data-large-file=\"https:\/\/i0.wp.com\/vynz100photo.fr\/blog\/wp-content\/uploads\/2017\/05\/20170407-IMG_2876.jpg?fit=800%2C450&amp;ssl=1\" class=\"size-full wp-image-4374 aligncenter\" src=\"https:\/\/i0.wp.com\/vynz100photo.fr\/blog\/wp-content\/uploads\/2017\/05\/20170407-IMG_2876.jpg?resize=800%2C450&#038;ssl=1\" alt=\"\" width=\"800\" height=\"450\" srcset=\"https:\/\/i0.wp.com\/vynz100photo.fr\/blog\/wp-content\/uploads\/2017\/05\/20170407-IMG_2876.jpg?w=1024&amp;ssl=1 1024w, https:\/\/i0.wp.com\/vynz100photo.fr\/blog\/wp-content\/uploads\/2017\/05\/20170407-IMG_2876.jpg?resize=300%2C169&amp;ssl=1 300w, https:\/\/i0.wp.com\/vynz100photo.fr\/blog\/wp-content\/uploads\/2017\/05\/20170407-IMG_2876.jpg?resize=768%2C432&amp;ssl=1 768w, https:\/\/i0.wp.com\/vynz100photo.fr\/blog\/wp-content\/uploads\/2017\/05\/20170407-IMG_2876.jpg?resize=250%2C141&amp;ssl=1 250w\" sizes=\"auto, (max-width: 800px) 100vw, 800px\" \/><\/p>\n<p style=\"text-align: justify;\">On quitte la route, et on va pouvoir tester les capacit\u00e9s de 4&#215;4 de notre magnifique carrosse&#8230; On va vite regretter notre voiture qatarienne!<\/p>\n<p style=\"text-align: justify;\"><img data-recalc-dims=\"1\" loading=\"lazy\" decoding=\"async\" data-attachment-id=\"4371\" data-permalink=\"https:\/\/vynz100photo.fr\/blog\/voyages\/voyage-en-terre-australe-lafrique-du-sud\/7-10-avril-dans-les-collines-de-citrusdal-cederberg\/20170407-img_2889\/\" data-orig-file=\"https:\/\/i0.wp.com\/vynz100photo.fr\/blog\/wp-content\/uploads\/2017\/05\/20170407-IMG_2889.jpg?fit=1024%2C683&amp;ssl=1\" data-orig-size=\"1024,683\" data-comments-opened=\"1\" data-image-meta=\"{&quot;aperture&quot;:&quot;3.2&quot;,&quot;credit&quot;:&quot;Vincent Verger&quot;,&quot;camera&quot;:&quot;Canon EOS 5D Mark II&quot;,&quot;caption&quot;:&quot;&quot;,&quot;created_timestamp&quot;:&quot;1491592709&quot;,&quot;copyright&quot;:&quot;\\u00a9 Vincent Verger&quot;,&quot;focal_length&quot;:&quot;50&quot;,&quot;iso&quot;:&quot;100&quot;,&quot;shutter_speed&quot;:&quot;0.00625&quot;,&quot;title&quot;:&quot;&quot;,&quot;orientation&quot;:&quot;0&quot;}\" data-image-title=\"20170407-IMG_2889\" data-image-description=\"\" data-image-caption=\"\" data-large-file=\"https:\/\/i0.wp.com\/vynz100photo.fr\/blog\/wp-content\/uploads\/2017\/05\/20170407-IMG_2889.jpg?fit=800%2C534&amp;ssl=1\" class=\"size-full wp-image-4371 aligncenter\" src=\"https:\/\/i0.wp.com\/vynz100photo.fr\/blog\/wp-content\/uploads\/2017\/05\/20170407-IMG_2889.jpg?resize=800%2C534&#038;ssl=1\" alt=\"\" width=\"800\" height=\"534\" srcset=\"https:\/\/i0.wp.com\/vynz100photo.fr\/blog\/wp-content\/uploads\/2017\/05\/20170407-IMG_2889.jpg?w=1024&amp;ssl=1 1024w, https:\/\/i0.wp.com\/vynz100photo.fr\/blog\/wp-content\/uploads\/2017\/05\/20170407-IMG_2889.jpg?resize=300%2C200&amp;ssl=1 300w, https:\/\/i0.wp.com\/vynz100photo.fr\/blog\/wp-content\/uploads\/2017\/05\/20170407-IMG_2889.jpg?resize=768%2C512&amp;ssl=1 768w, https:\/\/i0.wp.com\/vynz100photo.fr\/blog\/wp-content\/uploads\/2017\/05\/20170407-IMG_2889.jpg?resize=250%2C167&amp;ssl=1 250w\" sizes=\"auto, (max-width: 800px) 100vw, 800px\" \/><\/p>\n<p style=\"text-align: justify;\">On fait le chemin au bord des pr\u00e9cipices dans une lumi\u00e8re magnifique, un premier aper\u00e7u gourmand de ce qui nous attend!<\/p>\n<p style=\"text-align: justify;\"><img data-recalc-dims=\"1\" loading=\"lazy\" decoding=\"async\" data-attachment-id=\"4370\" data-permalink=\"https:\/\/vynz100photo.fr\/blog\/voyages\/voyage-en-terre-australe-lafrique-du-sud\/7-10-avril-dans-les-collines-de-citrusdal-cederberg\/20170407-img_2895-panorama\/\" data-orig-file=\"https:\/\/i0.wp.com\/vynz100photo.fr\/blog\/wp-content\/uploads\/2017\/05\/20170407-IMG_2895-Panorama.jpg?fit=1024%2C369&amp;ssl=1\" data-orig-size=\"1024,369\" data-comments-opened=\"1\" data-image-meta=\"{&quot;aperture&quot;:&quot;2&quot;,&quot;credit&quot;:&quot;Vincent Verger&quot;,&quot;camera&quot;:&quot;Canon EOS 5D Mark II&quot;,&quot;caption&quot;:&quot;&quot;,&quot;created_timestamp&quot;:&quot;1491593359&quot;,&quot;copyright&quot;:&quot;\\u00a9 Vincent Verger&quot;,&quot;focal_length&quot;:&quot;50&quot;,&quot;iso&quot;:&quot;100&quot;,&quot;shutter_speed&quot;:&quot;0.00625&quot;,&quot;title&quot;:&quot;&quot;,&quot;orientation&quot;:&quot;0&quot;}\" data-image-title=\"20170407-IMG_2895-Panorama\" data-image-description=\"\" data-image-caption=\"\" data-large-file=\"https:\/\/i0.wp.com\/vynz100photo.fr\/blog\/wp-content\/uploads\/2017\/05\/20170407-IMG_2895-Panorama.jpg?fit=800%2C288&amp;ssl=1\" class=\"size-full wp-image-4370 aligncenter\" src=\"https:\/\/i0.wp.com\/vynz100photo.fr\/blog\/wp-content\/uploads\/2017\/05\/20170407-IMG_2895-Panorama.jpg?resize=800%2C288&#038;ssl=1\" alt=\"\" width=\"800\" height=\"288\" srcset=\"https:\/\/i0.wp.com\/vynz100photo.fr\/blog\/wp-content\/uploads\/2017\/05\/20170407-IMG_2895-Panorama.jpg?w=1024&amp;ssl=1 1024w, https:\/\/i0.wp.com\/vynz100photo.fr\/blog\/wp-content\/uploads\/2017\/05\/20170407-IMG_2895-Panorama.jpg?resize=300%2C108&amp;ssl=1 300w, https:\/\/i0.wp.com\/vynz100photo.fr\/blog\/wp-content\/uploads\/2017\/05\/20170407-IMG_2895-Panorama.jpg?resize=768%2C277&amp;ssl=1 768w, https:\/\/i0.wp.com\/vynz100photo.fr\/blog\/wp-content\/uploads\/2017\/05\/20170407-IMG_2895-Panorama.jpg?resize=250%2C90&amp;ssl=1 250w\" sizes=\"auto, (max-width: 800px) 100vw, 800px\" \/> <img data-recalc-dims=\"1\" loading=\"lazy\" decoding=\"async\" data-attachment-id=\"4369\" data-permalink=\"https:\/\/vynz100photo.fr\/blog\/voyages\/voyage-en-terre-australe-lafrique-du-sud\/7-10-avril-dans-les-collines-de-citrusdal-cederberg\/20170407-img_2924\/\" data-orig-file=\"https:\/\/i0.wp.com\/vynz100photo.fr\/blog\/wp-content\/uploads\/2017\/05\/20170407-IMG_2924.jpg?fit=1024%2C683&amp;ssl=1\" data-orig-size=\"1024,683\" data-comments-opened=\"1\" data-image-meta=\"{&quot;aperture&quot;:&quot;2.8&quot;,&quot;credit&quot;:&quot;Vincent Verger&quot;,&quot;camera&quot;:&quot;Canon EOS 5D Mark II&quot;,&quot;caption&quot;:&quot;&quot;,&quot;created_timestamp&quot;:&quot;1491593766&quot;,&quot;copyright&quot;:&quot;\\u00a9 Vincent Verger&quot;,&quot;focal_length&quot;:&quot;21&quot;,&quot;iso&quot;:&quot;100&quot;,&quot;shutter_speed&quot;:&quot;0.025&quot;,&quot;title&quot;:&quot;&quot;,&quot;orientation&quot;:&quot;0&quot;}\" data-image-title=\"20170407-IMG_2924\" data-image-description=\"\" data-image-caption=\"\" data-large-file=\"https:\/\/i0.wp.com\/vynz100photo.fr\/blog\/wp-content\/uploads\/2017\/05\/20170407-IMG_2924.jpg?fit=800%2C534&amp;ssl=1\" class=\"alignnone size-full wp-image-4369\" src=\"https:\/\/i0.wp.com\/vynz100photo.fr\/blog\/wp-content\/uploads\/2017\/05\/20170407-IMG_2924.jpg?resize=800%2C534&#038;ssl=1\" alt=\"\" width=\"800\" height=\"534\" srcset=\"https:\/\/i0.wp.com\/vynz100photo.fr\/blog\/wp-content\/uploads\/2017\/05\/20170407-IMG_2924.jpg?w=1024&amp;ssl=1 1024w, https:\/\/i0.wp.com\/vynz100photo.fr\/blog\/wp-content\/uploads\/2017\/05\/20170407-IMG_2924.jpg?resize=300%2C200&amp;ssl=1 300w, https:\/\/i0.wp.com\/vynz100photo.fr\/blog\/wp-content\/uploads\/2017\/05\/20170407-IMG_2924.jpg?resize=768%2C512&amp;ssl=1 768w, https:\/\/i0.wp.com\/vynz100photo.fr\/blog\/wp-content\/uploads\/2017\/05\/20170407-IMG_2924.jpg?resize=250%2C167&amp;ssl=1 250w\" sizes=\"auto, (max-width: 800px) 100vw, 800px\" \/> <img data-recalc-dims=\"1\" loading=\"lazy\" decoding=\"async\" data-attachment-id=\"4368\" data-permalink=\"https:\/\/vynz100photo.fr\/blog\/voyages\/voyage-en-terre-australe-lafrique-du-sud\/7-10-avril-dans-les-collines-de-citrusdal-cederberg\/20170407-img_2927\/\" data-orig-file=\"https:\/\/i0.wp.com\/vynz100photo.fr\/blog\/wp-content\/uploads\/2017\/05\/20170407-IMG_2927.jpg?fit=1024%2C683&amp;ssl=1\" data-orig-size=\"1024,683\" data-comments-opened=\"1\" data-image-meta=\"{&quot;aperture&quot;:&quot;2.8&quot;,&quot;credit&quot;:&quot;Vincent Verger&quot;,&quot;camera&quot;:&quot;Canon EOS 5D Mark II&quot;,&quot;caption&quot;:&quot;&quot;,&quot;created_timestamp&quot;:&quot;1491593793&quot;,&quot;copyright&quot;:&quot;\\u00a9 Vincent Verger&quot;,&quot;focal_length&quot;:&quot;21&quot;,&quot;iso&quot;:&quot;100&quot;,&quot;shutter_speed&quot;:&quot;0.0125&quot;,&quot;title&quot;:&quot;&quot;,&quot;orientation&quot;:&quot;0&quot;}\" data-image-title=\"20170407-IMG_2927\" data-image-description=\"\" data-image-caption=\"\" data-large-file=\"https:\/\/i0.wp.com\/vynz100photo.fr\/blog\/wp-content\/uploads\/2017\/05\/20170407-IMG_2927.jpg?fit=800%2C534&amp;ssl=1\" class=\"alignnone size-full wp-image-4368\" src=\"https:\/\/i0.wp.com\/vynz100photo.fr\/blog\/wp-content\/uploads\/2017\/05\/20170407-IMG_2927.jpg?resize=800%2C534&#038;ssl=1\" alt=\"\" width=\"800\" height=\"534\" srcset=\"https:\/\/i0.wp.com\/vynz100photo.fr\/blog\/wp-content\/uploads\/2017\/05\/20170407-IMG_2927.jpg?w=1024&amp;ssl=1 1024w, https:\/\/i0.wp.com\/vynz100photo.fr\/blog\/wp-content\/uploads\/2017\/05\/20170407-IMG_2927.jpg?resize=300%2C200&amp;ssl=1 300w, https:\/\/i0.wp.com\/vynz100photo.fr\/blog\/wp-content\/uploads\/2017\/05\/20170407-IMG_2927.jpg?resize=768%2C512&amp;ssl=1 768w, https:\/\/i0.wp.com\/vynz100photo.fr\/blog\/wp-content\/uploads\/2017\/05\/20170407-IMG_2927.jpg?resize=250%2C167&amp;ssl=1 250w\" sizes=\"auto, (max-width: 800px) 100vw, 800px\" \/><\/p>\n<p style=\"text-align: justify;\">La maison est tr\u00e8s bien, tr\u00e8s rustique (pas de lumi\u00e8re, pas de prise \u00e9lectrique \u00e0 part pour le frigo antique), mais c&rsquo;est que qui nous fallait pour couper du monde pendant ces trois jours.<\/p>\n<p style=\"text-align: justify;\"><img data-recalc-dims=\"1\" loading=\"lazy\" decoding=\"async\" data-attachment-id=\"4367\" data-permalink=\"https:\/\/vynz100photo.fr\/blog\/voyages\/voyage-en-terre-australe-lafrique-du-sud\/7-10-avril-dans-les-collines-de-citrusdal-cederberg\/20170407-img_2928\/\" data-orig-file=\"https:\/\/i0.wp.com\/vynz100photo.fr\/blog\/wp-content\/uploads\/2017\/05\/20170407-IMG_2928.jpg?fit=1024%2C683&amp;ssl=1\" data-orig-size=\"1024,683\" data-comments-opened=\"1\" data-image-meta=\"{&quot;aperture&quot;:&quot;2&quot;,&quot;credit&quot;:&quot;Vincent Verger&quot;,&quot;camera&quot;:&quot;Canon EOS 5D Mark II&quot;,&quot;caption&quot;:&quot;&quot;,&quot;created_timestamp&quot;:&quot;1491599048&quot;,&quot;copyright&quot;:&quot;\\u00a9 Vincent Verger&quot;,&quot;focal_length&quot;:&quot;50&quot;,&quot;iso&quot;:&quot;500&quot;,&quot;shutter_speed&quot;:&quot;0.025&quot;,&quot;title&quot;:&quot;&quot;,&quot;orientation&quot;:&quot;0&quot;}\" data-image-title=\"20170407-IMG_2928\" data-image-description=\"\" data-image-caption=\"\" data-large-file=\"https:\/\/i0.wp.com\/vynz100photo.fr\/blog\/wp-content\/uploads\/2017\/05\/20170407-IMG_2928.jpg?fit=800%2C534&amp;ssl=1\" class=\"size-full wp-image-4367 aligncenter\" src=\"https:\/\/i0.wp.com\/vynz100photo.fr\/blog\/wp-content\/uploads\/2017\/05\/20170407-IMG_2928.jpg?resize=800%2C534&#038;ssl=1\" alt=\"\" width=\"800\" height=\"534\" srcset=\"https:\/\/i0.wp.com\/vynz100photo.fr\/blog\/wp-content\/uploads\/2017\/05\/20170407-IMG_2928.jpg?w=1024&amp;ssl=1 1024w, https:\/\/i0.wp.com\/vynz100photo.fr\/blog\/wp-content\/uploads\/2017\/05\/20170407-IMG_2928.jpg?resize=300%2C200&amp;ssl=1 300w, https:\/\/i0.wp.com\/vynz100photo.fr\/blog\/wp-content\/uploads\/2017\/05\/20170407-IMG_2928.jpg?resize=768%2C512&amp;ssl=1 768w, https:\/\/i0.wp.com\/vynz100photo.fr\/blog\/wp-content\/uploads\/2017\/05\/20170407-IMG_2928.jpg?resize=250%2C167&amp;ssl=1 250w\" sizes=\"auto, (max-width: 800px) 100vw, 800px\" \/> <img data-recalc-dims=\"1\" loading=\"lazy\" decoding=\"async\" data-attachment-id=\"4366\" data-permalink=\"https:\/\/vynz100photo.fr\/blog\/voyages\/voyage-en-terre-australe-lafrique-du-sud\/7-10-avril-dans-les-collines-de-citrusdal-cederberg\/20170407-img_2930\/\" data-orig-file=\"https:\/\/i0.wp.com\/vynz100photo.fr\/blog\/wp-content\/uploads\/2017\/05\/20170407-IMG_2930.jpg?fit=1024%2C683&amp;ssl=1\" data-orig-size=\"1024,683\" data-comments-opened=\"1\" data-image-meta=\"{&quot;aperture&quot;:&quot;2&quot;,&quot;credit&quot;:&quot;Vincent Verger&quot;,&quot;camera&quot;:&quot;Canon EOS 5D Mark II&quot;,&quot;caption&quot;:&quot;&quot;,&quot;created_timestamp&quot;:&quot;1491599070&quot;,&quot;copyright&quot;:&quot;\\u00a9 Vincent Verger&quot;,&quot;focal_length&quot;:&quot;50&quot;,&quot;iso&quot;:&quot;1000&quot;,&quot;shutter_speed&quot;:&quot;0.025&quot;,&quot;title&quot;:&quot;&quot;,&quot;orientation&quot;:&quot;0&quot;}\" data-image-title=\"20170407-IMG_2930\" data-image-description=\"\" data-image-caption=\"\" data-large-file=\"https:\/\/i0.wp.com\/vynz100photo.fr\/blog\/wp-content\/uploads\/2017\/05\/20170407-IMG_2930.jpg?fit=800%2C534&amp;ssl=1\" class=\"size-full wp-image-4366 aligncenter\" src=\"https:\/\/i0.wp.com\/vynz100photo.fr\/blog\/wp-content\/uploads\/2017\/05\/20170407-IMG_2930.jpg?resize=800%2C534&#038;ssl=1\" alt=\"\" width=\"800\" height=\"534\" srcset=\"https:\/\/i0.wp.com\/vynz100photo.fr\/blog\/wp-content\/uploads\/2017\/05\/20170407-IMG_2930.jpg?w=1024&amp;ssl=1 1024w, https:\/\/i0.wp.com\/vynz100photo.fr\/blog\/wp-content\/uploads\/2017\/05\/20170407-IMG_2930.jpg?resize=300%2C200&amp;ssl=1 300w, https:\/\/i0.wp.com\/vynz100photo.fr\/blog\/wp-content\/uploads\/2017\/05\/20170407-IMG_2930.jpg?resize=768%2C512&amp;ssl=1 768w, https:\/\/i0.wp.com\/vynz100photo.fr\/blog\/wp-content\/uploads\/2017\/05\/20170407-IMG_2930.jpg?resize=250%2C167&amp;ssl=1 250w\" sizes=\"auto, (max-width: 800px) 100vw, 800px\" \/> <img data-recalc-dims=\"1\" loading=\"lazy\" decoding=\"async\" data-attachment-id=\"4365\" data-permalink=\"https:\/\/vynz100photo.fr\/blog\/voyages\/voyage-en-terre-australe-lafrique-du-sud\/7-10-avril-dans-les-collines-de-citrusdal-cederberg\/20170407-img_2932\/\" data-orig-file=\"https:\/\/i0.wp.com\/vynz100photo.fr\/blog\/wp-content\/uploads\/2017\/05\/20170407-IMG_2932.jpg?fit=683%2C1024&amp;ssl=1\" data-orig-size=\"683,1024\" data-comments-opened=\"1\" data-image-meta=\"{&quot;aperture&quot;:&quot;2&quot;,&quot;credit&quot;:&quot;Vincent Verger&quot;,&quot;camera&quot;:&quot;Canon EOS 5D Mark II&quot;,&quot;caption&quot;:&quot;&quot;,&quot;created_timestamp&quot;:&quot;1491599086&quot;,&quot;copyright&quot;:&quot;\\u00a9 Vincent Verger&quot;,&quot;focal_length&quot;:&quot;50&quot;,&quot;iso&quot;:&quot;3200&quot;,&quot;shutter_speed&quot;:&quot;0.025&quot;,&quot;title&quot;:&quot;&quot;,&quot;orientation&quot;:&quot;0&quot;}\" data-image-title=\"20170407-IMG_2932\" data-image-description=\"\" data-image-caption=\"\" data-large-file=\"https:\/\/i0.wp.com\/vynz100photo.fr\/blog\/wp-content\/uploads\/2017\/05\/20170407-IMG_2932.jpg?fit=683%2C1024&amp;ssl=1\" class=\"size-full wp-image-4365 aligncenter\" src=\"https:\/\/i0.wp.com\/vynz100photo.fr\/blog\/wp-content\/uploads\/2017\/05\/20170407-IMG_2932.jpg?resize=683%2C1024&#038;ssl=1\" alt=\"\" width=\"683\" height=\"1024\" srcset=\"https:\/\/i0.wp.com\/vynz100photo.fr\/blog\/wp-content\/uploads\/2017\/05\/20170407-IMG_2932.jpg?w=683&amp;ssl=1 683w, https:\/\/i0.wp.com\/vynz100photo.fr\/blog\/wp-content\/uploads\/2017\/05\/20170407-IMG_2932.jpg?resize=200%2C300&amp;ssl=1 200w, https:\/\/i0.wp.com\/vynz100photo.fr\/blog\/wp-content\/uploads\/2017\/05\/20170407-IMG_2932.jpg?resize=250%2C375&amp;ssl=1 250w\" sizes=\"auto, (max-width: 683px) 100vw, 683px\" \/><\/p>\n<h2 style=\"text-align: justify;\"><span style=\"color: #ff6600;\">Samedi 8 avril 2017 &#8211; journ\u00e9e d\u00e9tente<\/span><\/h2>\n<p>On se r\u00e9veille tranquillement, aujourd&rsquo;hui on profite&#8230; petite promenade, lecture(s) le matin&#8230;<\/p>\n<p><img data-recalc-dims=\"1\" loading=\"lazy\" decoding=\"async\" data-attachment-id=\"4364\" data-permalink=\"https:\/\/vynz100photo.fr\/blog\/voyages\/voyage-en-terre-australe-lafrique-du-sud\/7-10-avril-dans-les-collines-de-citrusdal-cederberg\/20170408-img_2933\/\" data-orig-file=\"https:\/\/i0.wp.com\/vynz100photo.fr\/blog\/wp-content\/uploads\/2017\/05\/20170408-IMG_2933.jpg?fit=1024%2C683&amp;ssl=1\" data-orig-size=\"1024,683\" data-comments-opened=\"1\" data-image-meta=\"{&quot;aperture&quot;:&quot;2.8&quot;,&quot;credit&quot;:&quot;Vincent Verger&quot;,&quot;camera&quot;:&quot;Canon EOS 5D Mark II&quot;,&quot;caption&quot;:&quot;&quot;,&quot;created_timestamp&quot;:&quot;1491645646&quot;,&quot;copyright&quot;:&quot;\\u00a9 Vincent Verger&quot;,&quot;focal_length&quot;:&quot;21&quot;,&quot;iso&quot;:&quot;100&quot;,&quot;shutter_speed&quot;:&quot;0.008&quot;,&quot;title&quot;:&quot;&quot;,&quot;orientation&quot;:&quot;0&quot;}\" data-image-title=\"20170408-IMG_2933\" data-image-description=\"\" data-image-caption=\"\" data-large-file=\"https:\/\/i0.wp.com\/vynz100photo.fr\/blog\/wp-content\/uploads\/2017\/05\/20170408-IMG_2933.jpg?fit=800%2C534&amp;ssl=1\" class=\"alignnone size-full wp-image-4364 aligncenter\" src=\"https:\/\/i0.wp.com\/vynz100photo.fr\/blog\/wp-content\/uploads\/2017\/05\/20170408-IMG_2933.jpg?resize=800%2C534&#038;ssl=1\" alt=\"\" width=\"800\" height=\"534\" srcset=\"https:\/\/i0.wp.com\/vynz100photo.fr\/blog\/wp-content\/uploads\/2017\/05\/20170408-IMG_2933.jpg?w=1024&amp;ssl=1 1024w, https:\/\/i0.wp.com\/vynz100photo.fr\/blog\/wp-content\/uploads\/2017\/05\/20170408-IMG_2933.jpg?resize=300%2C200&amp;ssl=1 300w, https:\/\/i0.wp.com\/vynz100photo.fr\/blog\/wp-content\/uploads\/2017\/05\/20170408-IMG_2933.jpg?resize=768%2C512&amp;ssl=1 768w, https:\/\/i0.wp.com\/vynz100photo.fr\/blog\/wp-content\/uploads\/2017\/05\/20170408-IMG_2933.jpg?resize=250%2C167&amp;ssl=1 250w\" sizes=\"auto, (max-width: 800px) 100vw, 800px\" \/> <img data-recalc-dims=\"1\" loading=\"lazy\" decoding=\"async\" data-attachment-id=\"4363\" data-permalink=\"https:\/\/vynz100photo.fr\/blog\/voyages\/voyage-en-terre-australe-lafrique-du-sud\/7-10-avril-dans-les-collines-de-citrusdal-cederberg\/20170408-img_2934\/\" data-orig-file=\"https:\/\/i0.wp.com\/vynz100photo.fr\/blog\/wp-content\/uploads\/2017\/05\/20170408-IMG_2934.jpg?fit=1024%2C683&amp;ssl=1\" data-orig-size=\"1024,683\" data-comments-opened=\"1\" data-image-meta=\"{&quot;aperture&quot;:&quot;2.8&quot;,&quot;credit&quot;:&quot;Vincent Verger&quot;,&quot;camera&quot;:&quot;Canon EOS 5D Mark II&quot;,&quot;caption&quot;:&quot;&quot;,&quot;created_timestamp&quot;:&quot;1491645664&quot;,&quot;copyright&quot;:&quot;\\u00a9 Vincent Verger&quot;,&quot;focal_length&quot;:&quot;21&quot;,&quot;iso&quot;:&quot;100&quot;,&quot;shutter_speed&quot;:&quot;0.002&quot;,&quot;title&quot;:&quot;&quot;,&quot;orientation&quot;:&quot;0&quot;}\" data-image-title=\"20170408-IMG_2934\" data-image-description=\"\" data-image-caption=\"\" data-large-file=\"https:\/\/i0.wp.com\/vynz100photo.fr\/blog\/wp-content\/uploads\/2017\/05\/20170408-IMG_2934.jpg?fit=800%2C534&amp;ssl=1\" class=\"alignnone size-full wp-image-4363 aligncenter\" src=\"https:\/\/i0.wp.com\/vynz100photo.fr\/blog\/wp-content\/uploads\/2017\/05\/20170408-IMG_2934.jpg?resize=800%2C534&#038;ssl=1\" alt=\"\" width=\"800\" height=\"534\" srcset=\"https:\/\/i0.wp.com\/vynz100photo.fr\/blog\/wp-content\/uploads\/2017\/05\/20170408-IMG_2934.jpg?w=1024&amp;ssl=1 1024w, https:\/\/i0.wp.com\/vynz100photo.fr\/blog\/wp-content\/uploads\/2017\/05\/20170408-IMG_2934.jpg?resize=300%2C200&amp;ssl=1 300w, https:\/\/i0.wp.com\/vynz100photo.fr\/blog\/wp-content\/uploads\/2017\/05\/20170408-IMG_2934.jpg?resize=768%2C512&amp;ssl=1 768w, https:\/\/i0.wp.com\/vynz100photo.fr\/blog\/wp-content\/uploads\/2017\/05\/20170408-IMG_2934.jpg?resize=250%2C167&amp;ssl=1 250w\" sizes=\"auto, (max-width: 800px) 100vw, 800px\" \/> <img data-recalc-dims=\"1\" loading=\"lazy\" decoding=\"async\" data-attachment-id=\"4362\" data-permalink=\"https:\/\/vynz100photo.fr\/blog\/voyages\/voyage-en-terre-australe-lafrique-du-sud\/7-10-avril-dans-les-collines-de-citrusdal-cederberg\/20170408-img_2938\/\" data-orig-file=\"https:\/\/i0.wp.com\/vynz100photo.fr\/blog\/wp-content\/uploads\/2017\/05\/20170408-IMG_2938.jpg?fit=1024%2C576&amp;ssl=1\" data-orig-size=\"1024,576\" data-comments-opened=\"1\" data-image-meta=\"{&quot;aperture&quot;:&quot;2.8&quot;,&quot;credit&quot;:&quot;Vincent Verger&quot;,&quot;camera&quot;:&quot;Canon EOS 5D Mark II&quot;,&quot;caption&quot;:&quot;&quot;,&quot;created_timestamp&quot;:&quot;1491645746&quot;,&quot;copyright&quot;:&quot;\\u00a9 Vincent Verger&quot;,&quot;focal_length&quot;:&quot;21&quot;,&quot;iso&quot;:&quot;100&quot;,&quot;shutter_speed&quot;:&quot;0.0025&quot;,&quot;title&quot;:&quot;&quot;,&quot;orientation&quot;:&quot;0&quot;}\" data-image-title=\"20170408-IMG_2938\" data-image-description=\"\" data-image-caption=\"\" data-large-file=\"https:\/\/i0.wp.com\/vynz100photo.fr\/blog\/wp-content\/uploads\/2017\/05\/20170408-IMG_2938.jpg?fit=800%2C450&amp;ssl=1\" class=\"alignnone size-full wp-image-4362 aligncenter\" src=\"https:\/\/i0.wp.com\/vynz100photo.fr\/blog\/wp-content\/uploads\/2017\/05\/20170408-IMG_2938.jpg?resize=800%2C450&#038;ssl=1\" alt=\"\" width=\"800\" height=\"450\" srcset=\"https:\/\/i0.wp.com\/vynz100photo.fr\/blog\/wp-content\/uploads\/2017\/05\/20170408-IMG_2938.jpg?w=1024&amp;ssl=1 1024w, https:\/\/i0.wp.com\/vynz100photo.fr\/blog\/wp-content\/uploads\/2017\/05\/20170408-IMG_2938.jpg?resize=300%2C169&amp;ssl=1 300w, https:\/\/i0.wp.com\/vynz100photo.fr\/blog\/wp-content\/uploads\/2017\/05\/20170408-IMG_2938.jpg?resize=768%2C432&amp;ssl=1 768w, https:\/\/i0.wp.com\/vynz100photo.fr\/blog\/wp-content\/uploads\/2017\/05\/20170408-IMG_2938.jpg?resize=250%2C141&amp;ssl=1 250w\" sizes=\"auto, (max-width: 800px) 100vw, 800px\" \/><\/p>\n<p style=\"text-align: justify;\">Puis on file un peu plus loin, au restaurant <a href=\"http:\/\/www.hebron.co.za\">Hebron<\/a> qui est un de ceux qui sont ouverts&#8230; et chaudement recommand\u00e9s.<\/p>\n<p><img data-recalc-dims=\"1\" loading=\"lazy\" decoding=\"async\" data-attachment-id=\"4361\" data-permalink=\"https:\/\/vynz100photo.fr\/blog\/voyages\/voyage-en-terre-australe-lafrique-du-sud\/7-10-avril-dans-les-collines-de-citrusdal-cederberg\/20170408-img_2941\/\" data-orig-file=\"https:\/\/i0.wp.com\/vynz100photo.fr\/blog\/wp-content\/uploads\/2017\/05\/20170408-IMG_2941.jpg?fit=1024%2C683&amp;ssl=1\" data-orig-size=\"1024,683\" data-comments-opened=\"1\" data-image-meta=\"{&quot;aperture&quot;:&quot;2&quot;,&quot;credit&quot;:&quot;Vincent Verger&quot;,&quot;camera&quot;:&quot;Canon EOS 5D Mark II&quot;,&quot;caption&quot;:&quot;&quot;,&quot;created_timestamp&quot;:&quot;1491651509&quot;,&quot;copyright&quot;:&quot;\\u00a9 Vincent Verger&quot;,&quot;focal_length&quot;:&quot;35&quot;,&quot;iso&quot;:&quot;100&quot;,&quot;shutter_speed&quot;:&quot;0.0004&quot;,&quot;title&quot;:&quot;&quot;,&quot;orientation&quot;:&quot;0&quot;}\" data-image-title=\"20170408-IMG_2941\" data-image-description=\"\" data-image-caption=\"\" data-large-file=\"https:\/\/i0.wp.com\/vynz100photo.fr\/blog\/wp-content\/uploads\/2017\/05\/20170408-IMG_2941.jpg?fit=800%2C534&amp;ssl=1\" class=\"alignnone size-full wp-image-4361 aligncenter\" src=\"https:\/\/i0.wp.com\/vynz100photo.fr\/blog\/wp-content\/uploads\/2017\/05\/20170408-IMG_2941.jpg?resize=800%2C534&#038;ssl=1\" alt=\"\" width=\"800\" height=\"534\" srcset=\"https:\/\/i0.wp.com\/vynz100photo.fr\/blog\/wp-content\/uploads\/2017\/05\/20170408-IMG_2941.jpg?w=1024&amp;ssl=1 1024w, https:\/\/i0.wp.com\/vynz100photo.fr\/blog\/wp-content\/uploads\/2017\/05\/20170408-IMG_2941.jpg?resize=300%2C200&amp;ssl=1 300w, https:\/\/i0.wp.com\/vynz100photo.fr\/blog\/wp-content\/uploads\/2017\/05\/20170408-IMG_2941.jpg?resize=768%2C512&amp;ssl=1 768w, https:\/\/i0.wp.com\/vynz100photo.fr\/blog\/wp-content\/uploads\/2017\/05\/20170408-IMG_2941.jpg?resize=250%2C167&amp;ssl=1 250w\" sizes=\"auto, (max-width: 800px) 100vw, 800px\" \/> <img data-recalc-dims=\"1\" loading=\"lazy\" decoding=\"async\" data-attachment-id=\"4360\" data-permalink=\"https:\/\/vynz100photo.fr\/blog\/voyages\/voyage-en-terre-australe-lafrique-du-sud\/7-10-avril-dans-les-collines-de-citrusdal-cederberg\/20170408-img_2945\/\" data-orig-file=\"https:\/\/i0.wp.com\/vynz100photo.fr\/blog\/wp-content\/uploads\/2017\/05\/20170408-IMG_2945.jpg?fit=1024%2C683&amp;ssl=1\" data-orig-size=\"1024,683\" data-comments-opened=\"1\" data-image-meta=\"{&quot;aperture&quot;:&quot;2&quot;,&quot;credit&quot;:&quot;Vincent Verger&quot;,&quot;camera&quot;:&quot;Canon EOS 5D Mark II&quot;,&quot;caption&quot;:&quot;&quot;,&quot;created_timestamp&quot;:&quot;1491653142&quot;,&quot;copyright&quot;:&quot;\\u00a9 Vincent Verger&quot;,&quot;focal_length&quot;:&quot;35&quot;,&quot;iso&quot;:&quot;100&quot;,&quot;shutter_speed&quot;:&quot;0.0004&quot;,&quot;title&quot;:&quot;&quot;,&quot;orientation&quot;:&quot;0&quot;}\" data-image-title=\"20170408-IMG_2945\" data-image-description=\"\" data-image-caption=\"\" data-large-file=\"https:\/\/i0.wp.com\/vynz100photo.fr\/blog\/wp-content\/uploads\/2017\/05\/20170408-IMG_2945.jpg?fit=800%2C534&amp;ssl=1\" class=\"alignnone size-full wp-image-4360 aligncenter\" src=\"https:\/\/i0.wp.com\/vynz100photo.fr\/blog\/wp-content\/uploads\/2017\/05\/20170408-IMG_2945.jpg?resize=800%2C534&#038;ssl=1\" alt=\"\" width=\"800\" height=\"534\" srcset=\"https:\/\/i0.wp.com\/vynz100photo.fr\/blog\/wp-content\/uploads\/2017\/05\/20170408-IMG_2945.jpg?w=1024&amp;ssl=1 1024w, https:\/\/i0.wp.com\/vynz100photo.fr\/blog\/wp-content\/uploads\/2017\/05\/20170408-IMG_2945.jpg?resize=300%2C200&amp;ssl=1 300w, https:\/\/i0.wp.com\/vynz100photo.fr\/blog\/wp-content\/uploads\/2017\/05\/20170408-IMG_2945.jpg?resize=768%2C512&amp;ssl=1 768w, https:\/\/i0.wp.com\/vynz100photo.fr\/blog\/wp-content\/uploads\/2017\/05\/20170408-IMG_2945.jpg?resize=250%2C167&amp;ssl=1 250w\" sizes=\"auto, (max-width: 800px) 100vw, 800px\" \/> <img data-recalc-dims=\"1\" loading=\"lazy\" decoding=\"async\" data-attachment-id=\"4359\" data-permalink=\"https:\/\/vynz100photo.fr\/blog\/voyages\/voyage-en-terre-australe-lafrique-du-sud\/7-10-avril-dans-les-collines-de-citrusdal-cederberg\/20170408-img_2948\/\" data-orig-file=\"https:\/\/i0.wp.com\/vynz100photo.fr\/blog\/wp-content\/uploads\/2017\/05\/20170408-IMG_2948.jpg?fit=1024%2C683&amp;ssl=1\" data-orig-size=\"1024,683\" data-comments-opened=\"1\" data-image-meta=\"{&quot;aperture&quot;:&quot;2&quot;,&quot;credit&quot;:&quot;Vincent Verger&quot;,&quot;camera&quot;:&quot;Canon EOS 5D Mark II&quot;,&quot;caption&quot;:&quot;&quot;,&quot;created_timestamp&quot;:&quot;1491656920&quot;,&quot;copyright&quot;:&quot;\\u00a9 Vincent Verger&quot;,&quot;focal_length&quot;:&quot;35&quot;,&quot;iso&quot;:&quot;100&quot;,&quot;shutter_speed&quot;:&quot;0.0025&quot;,&quot;title&quot;:&quot;&quot;,&quot;orientation&quot;:&quot;0&quot;}\" data-image-title=\"20170408-IMG_2948\" data-image-description=\"\" data-image-caption=\"\" data-large-file=\"https:\/\/i0.wp.com\/vynz100photo.fr\/blog\/wp-content\/uploads\/2017\/05\/20170408-IMG_2948.jpg?fit=800%2C534&amp;ssl=1\" class=\"alignnone size-full wp-image-4359 aligncenter\" src=\"https:\/\/i0.wp.com\/vynz100photo.fr\/blog\/wp-content\/uploads\/2017\/05\/20170408-IMG_2948.jpg?resize=800%2C534&#038;ssl=1\" alt=\"\" width=\"800\" height=\"534\" srcset=\"https:\/\/i0.wp.com\/vynz100photo.fr\/blog\/wp-content\/uploads\/2017\/05\/20170408-IMG_2948.jpg?w=1024&amp;ssl=1 1024w, https:\/\/i0.wp.com\/vynz100photo.fr\/blog\/wp-content\/uploads\/2017\/05\/20170408-IMG_2948.jpg?resize=300%2C200&amp;ssl=1 300w, https:\/\/i0.wp.com\/vynz100photo.fr\/blog\/wp-content\/uploads\/2017\/05\/20170408-IMG_2948.jpg?resize=768%2C512&amp;ssl=1 768w, https:\/\/i0.wp.com\/vynz100photo.fr\/blog\/wp-content\/uploads\/2017\/05\/20170408-IMG_2948.jpg?resize=250%2C167&amp;ssl=1 250w\" sizes=\"auto, (max-width: 800px) 100vw, 800px\" \/> <img data-recalc-dims=\"1\" loading=\"lazy\" decoding=\"async\" data-attachment-id=\"4358\" data-permalink=\"https:\/\/vynz100photo.fr\/blog\/voyages\/voyage-en-terre-australe-lafrique-du-sud\/7-10-avril-dans-les-collines-de-citrusdal-cederberg\/20170408-img_2954\/\" data-orig-file=\"https:\/\/i0.wp.com\/vynz100photo.fr\/blog\/wp-content\/uploads\/2017\/05\/20170408-IMG_2954.jpg?fit=683%2C1024&amp;ssl=1\" data-orig-size=\"683,1024\" data-comments-opened=\"1\" data-image-meta=\"{&quot;aperture&quot;:&quot;2&quot;,&quot;credit&quot;:&quot;Vincent Verger&quot;,&quot;camera&quot;:&quot;Canon EOS 5D Mark II&quot;,&quot;caption&quot;:&quot;&quot;,&quot;created_timestamp&quot;:&quot;1491657967&quot;,&quot;copyright&quot;:&quot;\\u00a9 Vincent Verger&quot;,&quot;focal_length&quot;:&quot;50&quot;,&quot;iso&quot;:&quot;100&quot;,&quot;shutter_speed&quot;:&quot;0.002&quot;,&quot;title&quot;:&quot;&quot;,&quot;orientation&quot;:&quot;0&quot;}\" data-image-title=\"20170408-IMG_2954\" data-image-description=\"\" data-image-caption=\"\" data-large-file=\"https:\/\/i0.wp.com\/vynz100photo.fr\/blog\/wp-content\/uploads\/2017\/05\/20170408-IMG_2954.jpg?fit=683%2C1024&amp;ssl=1\" class=\"alignnone size-full wp-image-4358 aligncenter\" src=\"https:\/\/i0.wp.com\/vynz100photo.fr\/blog\/wp-content\/uploads\/2017\/05\/20170408-IMG_2954.jpg?resize=683%2C1024&#038;ssl=1\" alt=\"\" width=\"683\" height=\"1024\" srcset=\"https:\/\/i0.wp.com\/vynz100photo.fr\/blog\/wp-content\/uploads\/2017\/05\/20170408-IMG_2954.jpg?w=683&amp;ssl=1 683w, https:\/\/i0.wp.com\/vynz100photo.fr\/blog\/wp-content\/uploads\/2017\/05\/20170408-IMG_2954.jpg?resize=200%2C300&amp;ssl=1 200w, https:\/\/i0.wp.com\/vynz100photo.fr\/blog\/wp-content\/uploads\/2017\/05\/20170408-IMG_2954.jpg?resize=250%2C375&amp;ssl=1 250w\" sizes=\"auto, (max-width: 683px) 100vw, 683px\" \/> <img data-recalc-dims=\"1\" loading=\"lazy\" decoding=\"async\" data-attachment-id=\"4357\" data-permalink=\"https:\/\/vynz100photo.fr\/blog\/voyages\/voyage-en-terre-australe-lafrique-du-sud\/7-10-avril-dans-les-collines-de-citrusdal-cederberg\/20170408-img_2959\/\" data-orig-file=\"https:\/\/i0.wp.com\/vynz100photo.fr\/blog\/wp-content\/uploads\/2017\/05\/20170408-IMG_2959.jpg?fit=683%2C1024&amp;ssl=1\" data-orig-size=\"683,1024\" data-comments-opened=\"1\" data-image-meta=\"{&quot;aperture&quot;:&quot;2&quot;,&quot;credit&quot;:&quot;Vincent Verger&quot;,&quot;camera&quot;:&quot;Canon EOS 5D Mark II&quot;,&quot;caption&quot;:&quot;&quot;,&quot;created_timestamp&quot;:&quot;1491658721&quot;,&quot;copyright&quot;:&quot;\\u00a9 Vincent Verger&quot;,&quot;focal_length&quot;:&quot;50&quot;,&quot;iso&quot;:&quot;100&quot;,&quot;shutter_speed&quot;:&quot;0.01&quot;,&quot;title&quot;:&quot;&quot;,&quot;orientation&quot;:&quot;0&quot;}\" data-image-title=\"20170408-IMG_2959\" data-image-description=\"\" data-image-caption=\"\" data-large-file=\"https:\/\/i0.wp.com\/vynz100photo.fr\/blog\/wp-content\/uploads\/2017\/05\/20170408-IMG_2959.jpg?fit=683%2C1024&amp;ssl=1\" class=\"alignnone size-full wp-image-4357 aligncenter\" src=\"https:\/\/i0.wp.com\/vynz100photo.fr\/blog\/wp-content\/uploads\/2017\/05\/20170408-IMG_2959.jpg?resize=683%2C1024&#038;ssl=1\" alt=\"\" width=\"683\" height=\"1024\" srcset=\"https:\/\/i0.wp.com\/vynz100photo.fr\/blog\/wp-content\/uploads\/2017\/05\/20170408-IMG_2959.jpg?w=683&amp;ssl=1 683w, https:\/\/i0.wp.com\/vynz100photo.fr\/blog\/wp-content\/uploads\/2017\/05\/20170408-IMG_2959.jpg?resize=200%2C300&amp;ssl=1 200w, https:\/\/i0.wp.com\/vynz100photo.fr\/blog\/wp-content\/uploads\/2017\/05\/20170408-IMG_2959.jpg?resize=250%2C375&amp;ssl=1 250w\" sizes=\"auto, (max-width: 683px) 100vw, 683px\" \/> <img data-recalc-dims=\"1\" loading=\"lazy\" decoding=\"async\" data-attachment-id=\"4356\" data-permalink=\"https:\/\/vynz100photo.fr\/blog\/voyages\/voyage-en-terre-australe-lafrique-du-sud\/7-10-avril-dans-les-collines-de-citrusdal-cederberg\/20170408-img_2961\/\" data-orig-file=\"https:\/\/i0.wp.com\/vynz100photo.fr\/blog\/wp-content\/uploads\/2017\/05\/20170408-IMG_2961.jpg?fit=1024%2C683&amp;ssl=1\" data-orig-size=\"1024,683\" data-comments-opened=\"1\" data-image-meta=\"{&quot;aperture&quot;:&quot;2&quot;,&quot;credit&quot;:&quot;Vincent Verger&quot;,&quot;camera&quot;:&quot;Canon EOS 5D Mark II&quot;,&quot;caption&quot;:&quot;&quot;,&quot;created_timestamp&quot;:&quot;1491658746&quot;,&quot;copyright&quot;:&quot;\\u00a9 Vincent Verger&quot;,&quot;focal_length&quot;:&quot;50&quot;,&quot;iso&quot;:&quot;100&quot;,&quot;shutter_speed&quot;:&quot;0.008&quot;,&quot;title&quot;:&quot;&quot;,&quot;orientation&quot;:&quot;0&quot;}\" data-image-title=\"20170408-IMG_2961\" data-image-description=\"\" data-image-caption=\"\" data-large-file=\"https:\/\/i0.wp.com\/vynz100photo.fr\/blog\/wp-content\/uploads\/2017\/05\/20170408-IMG_2961.jpg?fit=800%2C534&amp;ssl=1\" class=\"alignnone size-full wp-image-4356 aligncenter\" src=\"https:\/\/i0.wp.com\/vynz100photo.fr\/blog\/wp-content\/uploads\/2017\/05\/20170408-IMG_2961.jpg?resize=800%2C534&#038;ssl=1\" alt=\"\" width=\"800\" height=\"534\" srcset=\"https:\/\/i0.wp.com\/vynz100photo.fr\/blog\/wp-content\/uploads\/2017\/05\/20170408-IMG_2961.jpg?w=1024&amp;ssl=1 1024w, https:\/\/i0.wp.com\/vynz100photo.fr\/blog\/wp-content\/uploads\/2017\/05\/20170408-IMG_2961.jpg?resize=300%2C200&amp;ssl=1 300w, https:\/\/i0.wp.com\/vynz100photo.fr\/blog\/wp-content\/uploads\/2017\/05\/20170408-IMG_2961.jpg?resize=768%2C512&amp;ssl=1 768w, https:\/\/i0.wp.com\/vynz100photo.fr\/blog\/wp-content\/uploads\/2017\/05\/20170408-IMG_2961.jpg?resize=250%2C167&amp;ssl=1 250w\" sizes=\"auto, (max-width: 800px) 100vw, 800px\" \/> <img data-recalc-dims=\"1\" loading=\"lazy\" decoding=\"async\" data-attachment-id=\"4355\" data-permalink=\"https:\/\/vynz100photo.fr\/blog\/voyages\/voyage-en-terre-australe-lafrique-du-sud\/7-10-avril-dans-les-collines-de-citrusdal-cederberg\/20170408-img_2963\/\" data-orig-file=\"https:\/\/i0.wp.com\/vynz100photo.fr\/blog\/wp-content\/uploads\/2017\/05\/20170408-IMG_2963.jpg?fit=1024%2C683&amp;ssl=1\" data-orig-size=\"1024,683\" data-comments-opened=\"1\" data-image-meta=\"{&quot;aperture&quot;:&quot;2&quot;,&quot;credit&quot;:&quot;Vincent Verger&quot;,&quot;camera&quot;:&quot;Canon EOS 5D Mark II&quot;,&quot;caption&quot;:&quot;&quot;,&quot;created_timestamp&quot;:&quot;1491658807&quot;,&quot;copyright&quot;:&quot;\\u00a9 Vincent Verger&quot;,&quot;focal_length&quot;:&quot;50&quot;,&quot;iso&quot;:&quot;100&quot;,&quot;shutter_speed&quot;:&quot;0.0025&quot;,&quot;title&quot;:&quot;&quot;,&quot;orientation&quot;:&quot;0&quot;}\" data-image-title=\"20170408-IMG_2963\" data-image-description=\"\" data-image-caption=\"\" data-large-file=\"https:\/\/i0.wp.com\/vynz100photo.fr\/blog\/wp-content\/uploads\/2017\/05\/20170408-IMG_2963.jpg?fit=800%2C534&amp;ssl=1\" class=\"alignnone size-full wp-image-4355 aligncenter\" src=\"https:\/\/i0.wp.com\/vynz100photo.fr\/blog\/wp-content\/uploads\/2017\/05\/20170408-IMG_2963.jpg?resize=800%2C534&#038;ssl=1\" alt=\"\" width=\"800\" height=\"534\" srcset=\"https:\/\/i0.wp.com\/vynz100photo.fr\/blog\/wp-content\/uploads\/2017\/05\/20170408-IMG_2963.jpg?w=1024&amp;ssl=1 1024w, https:\/\/i0.wp.com\/vynz100photo.fr\/blog\/wp-content\/uploads\/2017\/05\/20170408-IMG_2963.jpg?resize=300%2C200&amp;ssl=1 300w, https:\/\/i0.wp.com\/vynz100photo.fr\/blog\/wp-content\/uploads\/2017\/05\/20170408-IMG_2963.jpg?resize=768%2C512&amp;ssl=1 768w, https:\/\/i0.wp.com\/vynz100photo.fr\/blog\/wp-content\/uploads\/2017\/05\/20170408-IMG_2963.jpg?resize=250%2C167&amp;ssl=1 250w\" sizes=\"auto, (max-width: 800px) 100vw, 800px\" \/><\/p>\n<p>Et l\u00e0 on n&rsquo;est pas d\u00e9\u00e7us, c&rsquo;est tr\u00e8s simple, tr\u00e8s frais, tr\u00e8s \u00e9quilibr\u00e9&#8230; on s&rsquo;en r\u00e9gale!<\/p>\n<p><img data-recalc-dims=\"1\" loading=\"lazy\" decoding=\"async\" data-attachment-id=\"4354\" data-permalink=\"https:\/\/vynz100photo.fr\/blog\/voyages\/voyage-en-terre-australe-lafrique-du-sud\/7-10-avril-dans-les-collines-de-citrusdal-cederberg\/20170408-img_2964\/\" data-orig-file=\"https:\/\/i0.wp.com\/vynz100photo.fr\/blog\/wp-content\/uploads\/2017\/05\/20170408-IMG_2964.jpg?fit=683%2C1024&amp;ssl=1\" data-orig-size=\"683,1024\" data-comments-opened=\"1\" data-image-meta=\"{&quot;aperture&quot;:&quot;2&quot;,&quot;credit&quot;:&quot;Vincent Verger&quot;,&quot;camera&quot;:&quot;Canon EOS 5D Mark II&quot;,&quot;caption&quot;:&quot;&quot;,&quot;created_timestamp&quot;:&quot;1491658829&quot;,&quot;copyright&quot;:&quot;\\u00a9 Vincent Verger&quot;,&quot;focal_length&quot;:&quot;50&quot;,&quot;iso&quot;:&quot;100&quot;,&quot;shutter_speed&quot;:&quot;0.0025&quot;,&quot;title&quot;:&quot;&quot;,&quot;orientation&quot;:&quot;0&quot;}\" data-image-title=\"20170408-IMG_2964\" data-image-description=\"\" data-image-caption=\"\" data-large-file=\"https:\/\/i0.wp.com\/vynz100photo.fr\/blog\/wp-content\/uploads\/2017\/05\/20170408-IMG_2964.jpg?fit=683%2C1024&amp;ssl=1\" class=\"alignnone size-full wp-image-4354 aligncenter\" src=\"https:\/\/i0.wp.com\/vynz100photo.fr\/blog\/wp-content\/uploads\/2017\/05\/20170408-IMG_2964.jpg?resize=683%2C1024&#038;ssl=1\" alt=\"\" width=\"683\" height=\"1024\" srcset=\"https:\/\/i0.wp.com\/vynz100photo.fr\/blog\/wp-content\/uploads\/2017\/05\/20170408-IMG_2964.jpg?w=683&amp;ssl=1 683w, https:\/\/i0.wp.com\/vynz100photo.fr\/blog\/wp-content\/uploads\/2017\/05\/20170408-IMG_2964.jpg?resize=200%2C300&amp;ssl=1 200w, https:\/\/i0.wp.com\/vynz100photo.fr\/blog\/wp-content\/uploads\/2017\/05\/20170408-IMG_2964.jpg?resize=250%2C375&amp;ssl=1 250w\" sizes=\"auto, (max-width: 683px) 100vw, 683px\" \/> <img data-recalc-dims=\"1\" loading=\"lazy\" decoding=\"async\" data-attachment-id=\"4353\" data-permalink=\"https:\/\/vynz100photo.fr\/blog\/voyages\/voyage-en-terre-australe-lafrique-du-sud\/7-10-avril-dans-les-collines-de-citrusdal-cederberg\/20170408-img_2965\/\" data-orig-file=\"https:\/\/i0.wp.com\/vynz100photo.fr\/blog\/wp-content\/uploads\/2017\/05\/20170408-IMG_2965.jpg?fit=1024%2C683&amp;ssl=1\" data-orig-size=\"1024,683\" data-comments-opened=\"1\" data-image-meta=\"{&quot;aperture&quot;:&quot;2&quot;,&quot;credit&quot;:&quot;Vincent Verger&quot;,&quot;camera&quot;:&quot;Canon EOS 5D Mark II&quot;,&quot;caption&quot;:&quot;&quot;,&quot;created_timestamp&quot;:&quot;1491658836&quot;,&quot;copyright&quot;:&quot;\\u00a9 Vincent Verger&quot;,&quot;focal_length&quot;:&quot;50&quot;,&quot;iso&quot;:&quot;100&quot;,&quot;shutter_speed&quot;:&quot;0.0025&quot;,&quot;title&quot;:&quot;&quot;,&quot;orientation&quot;:&quot;0&quot;}\" data-image-title=\"20170408-IMG_2965\" data-image-description=\"\" data-image-caption=\"\" data-large-file=\"https:\/\/i0.wp.com\/vynz100photo.fr\/blog\/wp-content\/uploads\/2017\/05\/20170408-IMG_2965.jpg?fit=800%2C534&amp;ssl=1\" class=\"alignnone size-full wp-image-4353 aligncenter\" src=\"https:\/\/i0.wp.com\/vynz100photo.fr\/blog\/wp-content\/uploads\/2017\/05\/20170408-IMG_2965.jpg?resize=800%2C534&#038;ssl=1\" alt=\"\" width=\"800\" height=\"534\" srcset=\"https:\/\/i0.wp.com\/vynz100photo.fr\/blog\/wp-content\/uploads\/2017\/05\/20170408-IMG_2965.jpg?w=1024&amp;ssl=1 1024w, https:\/\/i0.wp.com\/vynz100photo.fr\/blog\/wp-content\/uploads\/2017\/05\/20170408-IMG_2965.jpg?resize=300%2C200&amp;ssl=1 300w, https:\/\/i0.wp.com\/vynz100photo.fr\/blog\/wp-content\/uploads\/2017\/05\/20170408-IMG_2965.jpg?resize=768%2C512&amp;ssl=1 768w, https:\/\/i0.wp.com\/vynz100photo.fr\/blog\/wp-content\/uploads\/2017\/05\/20170408-IMG_2965.jpg?resize=250%2C167&amp;ssl=1 250w\" sizes=\"auto, (max-width: 800px) 100vw, 800px\" \/> <img data-recalc-dims=\"1\" loading=\"lazy\" decoding=\"async\" data-attachment-id=\"4352\" data-permalink=\"https:\/\/vynz100photo.fr\/blog\/voyages\/voyage-en-terre-australe-lafrique-du-sud\/7-10-avril-dans-les-collines-de-citrusdal-cederberg\/20170408-img_2968\/\" data-orig-file=\"https:\/\/i0.wp.com\/vynz100photo.fr\/blog\/wp-content\/uploads\/2017\/05\/20170408-IMG_2968.jpg?fit=1024%2C683&amp;ssl=1\" data-orig-size=\"1024,683\" data-comments-opened=\"1\" data-image-meta=\"{&quot;aperture&quot;:&quot;2&quot;,&quot;credit&quot;:&quot;Vincent Verger&quot;,&quot;camera&quot;:&quot;Canon EOS 5D Mark II&quot;,&quot;caption&quot;:&quot;&quot;,&quot;created_timestamp&quot;:&quot;1491658897&quot;,&quot;copyright&quot;:&quot;\\u00a9 Vincent Verger&quot;,&quot;focal_length&quot;:&quot;50&quot;,&quot;iso&quot;:&quot;100&quot;,&quot;shutter_speed&quot;:&quot;0.005&quot;,&quot;title&quot;:&quot;&quot;,&quot;orientation&quot;:&quot;0&quot;}\" data-image-title=\"20170408-IMG_2968\" data-image-description=\"\" data-image-caption=\"\" data-large-file=\"https:\/\/i0.wp.com\/vynz100photo.fr\/blog\/wp-content\/uploads\/2017\/05\/20170408-IMG_2968.jpg?fit=800%2C534&amp;ssl=1\" class=\"alignnone size-full wp-image-4352 aligncenter\" src=\"https:\/\/i0.wp.com\/vynz100photo.fr\/blog\/wp-content\/uploads\/2017\/05\/20170408-IMG_2968.jpg?resize=800%2C534&#038;ssl=1\" alt=\"\" width=\"800\" height=\"534\" srcset=\"https:\/\/i0.wp.com\/vynz100photo.fr\/blog\/wp-content\/uploads\/2017\/05\/20170408-IMG_2968.jpg?w=1024&amp;ssl=1 1024w, https:\/\/i0.wp.com\/vynz100photo.fr\/blog\/wp-content\/uploads\/2017\/05\/20170408-IMG_2968.jpg?resize=300%2C200&amp;ssl=1 300w, https:\/\/i0.wp.com\/vynz100photo.fr\/blog\/wp-content\/uploads\/2017\/05\/20170408-IMG_2968.jpg?resize=768%2C512&amp;ssl=1 768w, https:\/\/i0.wp.com\/vynz100photo.fr\/blog\/wp-content\/uploads\/2017\/05\/20170408-IMG_2968.jpg?resize=250%2C167&amp;ssl=1 250w\" sizes=\"auto, (max-width: 800px) 100vw, 800px\" \/> <img data-recalc-dims=\"1\" loading=\"lazy\" decoding=\"async\" data-attachment-id=\"4351\" data-permalink=\"https:\/\/vynz100photo.fr\/blog\/voyages\/voyage-en-terre-australe-lafrique-du-sud\/7-10-avril-dans-les-collines-de-citrusdal-cederberg\/20170408-img_2966\/\" data-orig-file=\"https:\/\/i0.wp.com\/vynz100photo.fr\/blog\/wp-content\/uploads\/2017\/05\/20170408-IMG_2966.jpg?fit=1024%2C683&amp;ssl=1\" data-orig-size=\"1024,683\" data-comments-opened=\"1\" data-image-meta=\"{&quot;aperture&quot;:&quot;2&quot;,&quot;credit&quot;:&quot;Vincent Verger&quot;,&quot;camera&quot;:&quot;Canon EOS 5D Mark II&quot;,&quot;caption&quot;:&quot;&quot;,&quot;created_timestamp&quot;:&quot;1491658877&quot;,&quot;copyright&quot;:&quot;\\u00a9 Vincent Verger&quot;,&quot;focal_length&quot;:&quot;50&quot;,&quot;iso&quot;:&quot;100&quot;,&quot;shutter_speed&quot;:&quot;0.003125&quot;,&quot;title&quot;:&quot;&quot;,&quot;orientation&quot;:&quot;0&quot;}\" data-image-title=\"20170408-IMG_2966\" data-image-description=\"\" data-image-caption=\"\" data-large-file=\"https:\/\/i0.wp.com\/vynz100photo.fr\/blog\/wp-content\/uploads\/2017\/05\/20170408-IMG_2966.jpg?fit=800%2C534&amp;ssl=1\" class=\"alignnone size-full wp-image-4351 aligncenter\" src=\"https:\/\/i0.wp.com\/vynz100photo.fr\/blog\/wp-content\/uploads\/2017\/05\/20170408-IMG_2966.jpg?resize=800%2C534&#038;ssl=1\" alt=\"\" width=\"800\" height=\"534\" srcset=\"https:\/\/i0.wp.com\/vynz100photo.fr\/blog\/wp-content\/uploads\/2017\/05\/20170408-IMG_2966.jpg?w=1024&amp;ssl=1 1024w, https:\/\/i0.wp.com\/vynz100photo.fr\/blog\/wp-content\/uploads\/2017\/05\/20170408-IMG_2966.jpg?resize=300%2C200&amp;ssl=1 300w, https:\/\/i0.wp.com\/vynz100photo.fr\/blog\/wp-content\/uploads\/2017\/05\/20170408-IMG_2966.jpg?resize=768%2C512&amp;ssl=1 768w, https:\/\/i0.wp.com\/vynz100photo.fr\/blog\/wp-content\/uploads\/2017\/05\/20170408-IMG_2966.jpg?resize=250%2C167&amp;ssl=1 250w\" sizes=\"auto, (max-width: 800px) 100vw, 800px\" \/> <img data-recalc-dims=\"1\" loading=\"lazy\" decoding=\"async\" data-attachment-id=\"4349\" data-permalink=\"https:\/\/vynz100photo.fr\/blog\/voyages\/voyage-en-terre-australe-lafrique-du-sud\/7-10-avril-dans-les-collines-de-citrusdal-cederberg\/20170408-img_2970\/\" data-orig-file=\"https:\/\/i0.wp.com\/vynz100photo.fr\/blog\/wp-content\/uploads\/2017\/05\/20170408-IMG_2970.jpg?fit=683%2C1024&amp;ssl=1\" data-orig-size=\"683,1024\" data-comments-opened=\"1\" data-image-meta=\"{&quot;aperture&quot;:&quot;2&quot;,&quot;credit&quot;:&quot;Vincent Verger&quot;,&quot;camera&quot;:&quot;Canon EOS 5D Mark II&quot;,&quot;caption&quot;:&quot;&quot;,&quot;created_timestamp&quot;:&quot;1491658926&quot;,&quot;copyright&quot;:&quot;\\u00a9 Vincent Verger&quot;,&quot;focal_length&quot;:&quot;50&quot;,&quot;iso&quot;:&quot;100&quot;,&quot;shutter_speed&quot;:&quot;0.005&quot;,&quot;title&quot;:&quot;&quot;,&quot;orientation&quot;:&quot;0&quot;}\" data-image-title=\"20170408-IMG_2970\" data-image-description=\"\" data-image-caption=\"\" data-large-file=\"https:\/\/i0.wp.com\/vynz100photo.fr\/blog\/wp-content\/uploads\/2017\/05\/20170408-IMG_2970.jpg?fit=683%2C1024&amp;ssl=1\" class=\"alignnone size-full wp-image-4349 aligncenter\" src=\"https:\/\/i0.wp.com\/vynz100photo.fr\/blog\/wp-content\/uploads\/2017\/05\/20170408-IMG_2970.jpg?resize=683%2C1024&#038;ssl=1\" alt=\"\" width=\"683\" height=\"1024\" srcset=\"https:\/\/i0.wp.com\/vynz100photo.fr\/blog\/wp-content\/uploads\/2017\/05\/20170408-IMG_2970.jpg?w=683&amp;ssl=1 683w, https:\/\/i0.wp.com\/vynz100photo.fr\/blog\/wp-content\/uploads\/2017\/05\/20170408-IMG_2970.jpg?resize=200%2C300&amp;ssl=1 200w, https:\/\/i0.wp.com\/vynz100photo.fr\/blog\/wp-content\/uploads\/2017\/05\/20170408-IMG_2970.jpg?resize=250%2C375&amp;ssl=1 250w\" sizes=\"auto, (max-width: 683px) 100vw, 683px\" \/> <img data-recalc-dims=\"1\" loading=\"lazy\" decoding=\"async\" data-attachment-id=\"4350\" data-permalink=\"https:\/\/vynz100photo.fr\/blog\/voyages\/voyage-en-terre-australe-lafrique-du-sud\/7-10-avril-dans-les-collines-de-citrusdal-cederberg\/20170408-img_2973\/\" data-orig-file=\"https:\/\/i0.wp.com\/vynz100photo.fr\/blog\/wp-content\/uploads\/2017\/05\/20170408-IMG_2973.jpg?fit=1024%2C683&amp;ssl=1\" data-orig-size=\"1024,683\" data-comments-opened=\"1\" data-image-meta=\"{&quot;aperture&quot;:&quot;4.5&quot;,&quot;credit&quot;:&quot;Vincent Verger&quot;,&quot;camera&quot;:&quot;Canon EOS 5D Mark II&quot;,&quot;caption&quot;:&quot;&quot;,&quot;created_timestamp&quot;:&quot;1491661519&quot;,&quot;copyright&quot;:&quot;\\u00a9 Vincent Verger&quot;,&quot;focal_length&quot;:&quot;50&quot;,&quot;iso&quot;:&quot;100&quot;,&quot;shutter_speed&quot;:&quot;0.0125&quot;,&quot;title&quot;:&quot;&quot;,&quot;orientation&quot;:&quot;0&quot;}\" data-image-title=\"20170408-IMG_2973\" data-image-description=\"\" data-image-caption=\"\" data-large-file=\"https:\/\/i0.wp.com\/vynz100photo.fr\/blog\/wp-content\/uploads\/2017\/05\/20170408-IMG_2973.jpg?fit=800%2C534&amp;ssl=1\" class=\"alignnone size-full wp-image-4350 aligncenter\" src=\"https:\/\/i0.wp.com\/vynz100photo.fr\/blog\/wp-content\/uploads\/2017\/05\/20170408-IMG_2973.jpg?resize=800%2C534&#038;ssl=1\" alt=\"\" width=\"800\" height=\"534\" srcset=\"https:\/\/i0.wp.com\/vynz100photo.fr\/blog\/wp-content\/uploads\/2017\/05\/20170408-IMG_2973.jpg?w=1024&amp;ssl=1 1024w, https:\/\/i0.wp.com\/vynz100photo.fr\/blog\/wp-content\/uploads\/2017\/05\/20170408-IMG_2973.jpg?resize=300%2C200&amp;ssl=1 300w, https:\/\/i0.wp.com\/vynz100photo.fr\/blog\/wp-content\/uploads\/2017\/05\/20170408-IMG_2973.jpg?resize=768%2C512&amp;ssl=1 768w, https:\/\/i0.wp.com\/vynz100photo.fr\/blog\/wp-content\/uploads\/2017\/05\/20170408-IMG_2973.jpg?resize=250%2C167&amp;ssl=1 250w\" sizes=\"auto, (max-width: 800px) 100vw, 800px\" \/> <img data-recalc-dims=\"1\" loading=\"lazy\" decoding=\"async\" data-attachment-id=\"4348\" data-permalink=\"https:\/\/vynz100photo.fr\/blog\/voyages\/voyage-en-terre-australe-lafrique-du-sud\/7-10-avril-dans-les-collines-de-citrusdal-cederberg\/20170408-img_2976\/\" data-orig-file=\"https:\/\/i0.wp.com\/vynz100photo.fr\/blog\/wp-content\/uploads\/2017\/05\/20170408-IMG_2976.jpg?fit=1024%2C683&amp;ssl=1\" data-orig-size=\"1024,683\" data-comments-opened=\"1\" data-image-meta=\"{&quot;aperture&quot;:&quot;3.2&quot;,&quot;credit&quot;:&quot;Vincent Verger&quot;,&quot;camera&quot;:&quot;Canon EOS 5D Mark II&quot;,&quot;caption&quot;:&quot;&quot;,&quot;created_timestamp&quot;:&quot;1491661536&quot;,&quot;copyright&quot;:&quot;\\u00a9 Vincent Verger&quot;,&quot;focal_length&quot;:&quot;50&quot;,&quot;iso&quot;:&quot;100&quot;,&quot;shutter_speed&quot;:&quot;0.005&quot;,&quot;title&quot;:&quot;&quot;,&quot;orientation&quot;:&quot;0&quot;}\" data-image-title=\"20170408-IMG_2976\" data-image-description=\"\" data-image-caption=\"\" data-large-file=\"https:\/\/i0.wp.com\/vynz100photo.fr\/blog\/wp-content\/uploads\/2017\/05\/20170408-IMG_2976.jpg?fit=800%2C534&amp;ssl=1\" class=\"alignnone size-full wp-image-4348 aligncenter\" src=\"https:\/\/i0.wp.com\/vynz100photo.fr\/blog\/wp-content\/uploads\/2017\/05\/20170408-IMG_2976.jpg?resize=800%2C534&#038;ssl=1\" alt=\"\" width=\"800\" height=\"534\" srcset=\"https:\/\/i0.wp.com\/vynz100photo.fr\/blog\/wp-content\/uploads\/2017\/05\/20170408-IMG_2976.jpg?w=1024&amp;ssl=1 1024w, https:\/\/i0.wp.com\/vynz100photo.fr\/blog\/wp-content\/uploads\/2017\/05\/20170408-IMG_2976.jpg?resize=300%2C200&amp;ssl=1 300w, https:\/\/i0.wp.com\/vynz100photo.fr\/blog\/wp-content\/uploads\/2017\/05\/20170408-IMG_2976.jpg?resize=768%2C512&amp;ssl=1 768w, https:\/\/i0.wp.com\/vynz100photo.fr\/blog\/wp-content\/uploads\/2017\/05\/20170408-IMG_2976.jpg?resize=250%2C167&amp;ssl=1 250w\" sizes=\"auto, (max-width: 800px) 100vw, 800px\" \/><\/p>\n<p>On a m\u00eame des petits oiseaux qui viennent nous observer.<\/p>\n<p><img data-recalc-dims=\"1\" loading=\"lazy\" decoding=\"async\" data-attachment-id=\"4347\" data-permalink=\"https:\/\/vynz100photo.fr\/blog\/voyages\/voyage-en-terre-australe-lafrique-du-sud\/7-10-avril-dans-les-collines-de-citrusdal-cederberg\/20170408-img_2982\/\" data-orig-file=\"https:\/\/i0.wp.com\/vynz100photo.fr\/blog\/wp-content\/uploads\/2017\/05\/20170408-IMG_2982.jpg?fit=683%2C1024&amp;ssl=1\" data-orig-size=\"683,1024\" data-comments-opened=\"1\" data-image-meta=\"{&quot;aperture&quot;:&quot;2&quot;,&quot;credit&quot;:&quot;Vincent Verger&quot;,&quot;camera&quot;:&quot;Canon EOS 5D Mark II&quot;,&quot;caption&quot;:&quot;&quot;,&quot;created_timestamp&quot;:&quot;1491662531&quot;,&quot;copyright&quot;:&quot;\\u00a9 Vincent Verger&quot;,&quot;focal_length&quot;:&quot;50&quot;,&quot;iso&quot;:&quot;100&quot;,&quot;shutter_speed&quot;:&quot;0.0008&quot;,&quot;title&quot;:&quot;&quot;,&quot;orientation&quot;:&quot;0&quot;}\" data-image-title=\"20170408-IMG_2982\" data-image-description=\"\" data-image-caption=\"\" data-large-file=\"https:\/\/i0.wp.com\/vynz100photo.fr\/blog\/wp-content\/uploads\/2017\/05\/20170408-IMG_2982.jpg?fit=683%2C1024&amp;ssl=1\" class=\"alignnone size-full wp-image-4347 aligncenter\" src=\"https:\/\/i0.wp.com\/vynz100photo.fr\/blog\/wp-content\/uploads\/2017\/05\/20170408-IMG_2982.jpg?resize=683%2C1024&#038;ssl=1\" alt=\"\" width=\"683\" height=\"1024\" srcset=\"https:\/\/i0.wp.com\/vynz100photo.fr\/blog\/wp-content\/uploads\/2017\/05\/20170408-IMG_2982.jpg?w=683&amp;ssl=1 683w, https:\/\/i0.wp.com\/vynz100photo.fr\/blog\/wp-content\/uploads\/2017\/05\/20170408-IMG_2982.jpg?resize=200%2C300&amp;ssl=1 200w, https:\/\/i0.wp.com\/vynz100photo.fr\/blog\/wp-content\/uploads\/2017\/05\/20170408-IMG_2982.jpg?resize=250%2C375&amp;ssl=1 250w\" sizes=\"auto, (max-width: 683px) 100vw, 683px\" \/><\/p>\n<p style=\"text-align: justify;\">L&rsquo;estomac raisonnablement lest\u00e9, on rentre \u00e0 la maison&#8230; on encha\u00eene par une petite balade au milieu des citronniers, qui tapissent par milliers la vall\u00e9e (le propri\u00e9taire de la maison est un fermier qui poss\u00e8de le coin, qui passe avec ses employ\u00e9s pour v\u00e9rifier que les babouins ne ravagent pas la plantation).<\/p>\n<p style=\"text-align: justify;\">Il y a l\u00e0 diff\u00e9rentes sortes de citrons, verts, jaunes, gros, frip\u00e9s, lourds&#8230; on s&rsquo;en fait une provision pour des desserts ce soir!<\/p>\n<p><img data-recalc-dims=\"1\" loading=\"lazy\" decoding=\"async\" data-attachment-id=\"4346\" data-permalink=\"https:\/\/vynz100photo.fr\/blog\/voyages\/voyage-en-terre-australe-lafrique-du-sud\/7-10-avril-dans-les-collines-de-citrusdal-cederberg\/20170408-img_2984\/\" data-orig-file=\"https:\/\/i0.wp.com\/vynz100photo.fr\/blog\/wp-content\/uploads\/2017\/05\/20170408-IMG_2984.jpg?fit=1024%2C683&amp;ssl=1\" data-orig-size=\"1024,683\" data-comments-opened=\"1\" data-image-meta=\"{&quot;aperture&quot;:&quot;2&quot;,&quot;credit&quot;:&quot;Vincent Verger&quot;,&quot;camera&quot;:&quot;Canon EOS 5D Mark II&quot;,&quot;caption&quot;:&quot;&quot;,&quot;created_timestamp&quot;:&quot;1491668140&quot;,&quot;copyright&quot;:&quot;\\u00a9 Vincent Verger&quot;,&quot;focal_length&quot;:&quot;35&quot;,&quot;iso&quot;:&quot;100&quot;,&quot;shutter_speed&quot;:&quot;0.0002&quot;,&quot;title&quot;:&quot;&quot;,&quot;orientation&quot;:&quot;0&quot;}\" data-image-title=\"20170408-IMG_2984\" data-image-description=\"\" data-image-caption=\"\" data-large-file=\"https:\/\/i0.wp.com\/vynz100photo.fr\/blog\/wp-content\/uploads\/2017\/05\/20170408-IMG_2984.jpg?fit=800%2C534&amp;ssl=1\" class=\"alignnone size-full wp-image-4346 aligncenter\" src=\"https:\/\/i0.wp.com\/vynz100photo.fr\/blog\/wp-content\/uploads\/2017\/05\/20170408-IMG_2984.jpg?resize=800%2C534&#038;ssl=1\" alt=\"\" width=\"800\" height=\"534\" srcset=\"https:\/\/i0.wp.com\/vynz100photo.fr\/blog\/wp-content\/uploads\/2017\/05\/20170408-IMG_2984.jpg?w=1024&amp;ssl=1 1024w, https:\/\/i0.wp.com\/vynz100photo.fr\/blog\/wp-content\/uploads\/2017\/05\/20170408-IMG_2984.jpg?resize=300%2C200&amp;ssl=1 300w, https:\/\/i0.wp.com\/vynz100photo.fr\/blog\/wp-content\/uploads\/2017\/05\/20170408-IMG_2984.jpg?resize=768%2C512&amp;ssl=1 768w, https:\/\/i0.wp.com\/vynz100photo.fr\/blog\/wp-content\/uploads\/2017\/05\/20170408-IMG_2984.jpg?resize=250%2C167&amp;ssl=1 250w\" sizes=\"auto, (max-width: 800px) 100vw, 800px\" \/> <img data-recalc-dims=\"1\" loading=\"lazy\" decoding=\"async\" data-attachment-id=\"4345\" data-permalink=\"https:\/\/vynz100photo.fr\/blog\/voyages\/voyage-en-terre-australe-lafrique-du-sud\/7-10-avril-dans-les-collines-de-citrusdal-cederberg\/20170408-img_2995\/\" data-orig-file=\"https:\/\/i0.wp.com\/vynz100photo.fr\/blog\/wp-content\/uploads\/2017\/05\/20170408-IMG_2995.jpg?fit=683%2C1024&amp;ssl=1\" data-orig-size=\"683,1024\" data-comments-opened=\"1\" data-image-meta=\"{&quot;aperture&quot;:&quot;2&quot;,&quot;credit&quot;:&quot;Vincent Verger&quot;,&quot;camera&quot;:&quot;Canon EOS 5D Mark II&quot;,&quot;caption&quot;:&quot;&quot;,&quot;created_timestamp&quot;:&quot;1491674094&quot;,&quot;copyright&quot;:&quot;\\u00a9 Vincent Verger&quot;,&quot;focal_length&quot;:&quot;35&quot;,&quot;iso&quot;:&quot;100&quot;,&quot;shutter_speed&quot;:&quot;0.0003125&quot;,&quot;title&quot;:&quot;&quot;,&quot;orientation&quot;:&quot;0&quot;}\" data-image-title=\"20170408-IMG_2995\" data-image-description=\"\" data-image-caption=\"\" data-large-file=\"https:\/\/i0.wp.com\/vynz100photo.fr\/blog\/wp-content\/uploads\/2017\/05\/20170408-IMG_2995.jpg?fit=683%2C1024&amp;ssl=1\" class=\"alignnone size-full wp-image-4345 aligncenter\" src=\"https:\/\/i0.wp.com\/vynz100photo.fr\/blog\/wp-content\/uploads\/2017\/05\/20170408-IMG_2995.jpg?resize=683%2C1024&#038;ssl=1\" alt=\"\" width=\"683\" height=\"1024\" srcset=\"https:\/\/i0.wp.com\/vynz100photo.fr\/blog\/wp-content\/uploads\/2017\/05\/20170408-IMG_2995.jpg?w=683&amp;ssl=1 683w, https:\/\/i0.wp.com\/vynz100photo.fr\/blog\/wp-content\/uploads\/2017\/05\/20170408-IMG_2995.jpg?resize=200%2C300&amp;ssl=1 200w, https:\/\/i0.wp.com\/vynz100photo.fr\/blog\/wp-content\/uploads\/2017\/05\/20170408-IMG_2995.jpg?resize=250%2C375&amp;ssl=1 250w\" sizes=\"auto, (max-width: 683px) 100vw, 683px\" \/> <img data-recalc-dims=\"1\" loading=\"lazy\" decoding=\"async\" data-attachment-id=\"4344\" data-permalink=\"https:\/\/vynz100photo.fr\/blog\/voyages\/voyage-en-terre-australe-lafrique-du-sud\/7-10-avril-dans-les-collines-de-citrusdal-cederberg\/20170408-img_2998\/\" data-orig-file=\"https:\/\/i0.wp.com\/vynz100photo.fr\/blog\/wp-content\/uploads\/2017\/05\/20170408-IMG_2998.jpg?fit=1024%2C683&amp;ssl=1\" data-orig-size=\"1024,683\" data-comments-opened=\"1\" data-image-meta=\"{&quot;aperture&quot;:&quot;2&quot;,&quot;credit&quot;:&quot;Vincent Verger&quot;,&quot;camera&quot;:&quot;Canon EOS 5D Mark II&quot;,&quot;caption&quot;:&quot;&quot;,&quot;created_timestamp&quot;:&quot;1491674247&quot;,&quot;copyright&quot;:&quot;\\u00a9 Vincent Verger&quot;,&quot;focal_length&quot;:&quot;35&quot;,&quot;iso&quot;:&quot;100&quot;,&quot;shutter_speed&quot;:&quot;0.0008&quot;,&quot;title&quot;:&quot;&quot;,&quot;orientation&quot;:&quot;0&quot;}\" data-image-title=\"20170408-IMG_2998\" data-image-description=\"\" data-image-caption=\"\" data-large-file=\"https:\/\/i0.wp.com\/vynz100photo.fr\/blog\/wp-content\/uploads\/2017\/05\/20170408-IMG_2998.jpg?fit=800%2C534&amp;ssl=1\" class=\"alignnone size-full wp-image-4344 aligncenter\" src=\"https:\/\/i0.wp.com\/vynz100photo.fr\/blog\/wp-content\/uploads\/2017\/05\/20170408-IMG_2998.jpg?resize=800%2C534&#038;ssl=1\" alt=\"\" width=\"800\" height=\"534\" srcset=\"https:\/\/i0.wp.com\/vynz100photo.fr\/blog\/wp-content\/uploads\/2017\/05\/20170408-IMG_2998.jpg?w=1024&amp;ssl=1 1024w, https:\/\/i0.wp.com\/vynz100photo.fr\/blog\/wp-content\/uploads\/2017\/05\/20170408-IMG_2998.jpg?resize=300%2C200&amp;ssl=1 300w, https:\/\/i0.wp.com\/vynz100photo.fr\/blog\/wp-content\/uploads\/2017\/05\/20170408-IMG_2998.jpg?resize=768%2C512&amp;ssl=1 768w, https:\/\/i0.wp.com\/vynz100photo.fr\/blog\/wp-content\/uploads\/2017\/05\/20170408-IMG_2998.jpg?resize=250%2C167&amp;ssl=1 250w\" sizes=\"auto, (max-width: 800px) 100vw, 800px\" \/> <img data-recalc-dims=\"1\" loading=\"lazy\" decoding=\"async\" data-attachment-id=\"4343\" data-permalink=\"https:\/\/vynz100photo.fr\/blog\/voyages\/voyage-en-terre-australe-lafrique-du-sud\/7-10-avril-dans-les-collines-de-citrusdal-cederberg\/20170408-img_3003\/\" data-orig-file=\"https:\/\/i0.wp.com\/vynz100photo.fr\/blog\/wp-content\/uploads\/2017\/05\/20170408-IMG_3003.jpg?fit=1024%2C683&amp;ssl=1\" data-orig-size=\"1024,683\" data-comments-opened=\"1\" data-image-meta=\"{&quot;aperture&quot;:&quot;2&quot;,&quot;credit&quot;:&quot;Vincent Verger&quot;,&quot;camera&quot;:&quot;Canon EOS 5D Mark II&quot;,&quot;caption&quot;:&quot;&quot;,&quot;created_timestamp&quot;:&quot;1491674719&quot;,&quot;copyright&quot;:&quot;\\u00a9 Vincent Verger&quot;,&quot;focal_length&quot;:&quot;35&quot;,&quot;iso&quot;:&quot;100&quot;,&quot;shutter_speed&quot;:&quot;0.0004&quot;,&quot;title&quot;:&quot;&quot;,&quot;orientation&quot;:&quot;0&quot;}\" data-image-title=\"20170408-IMG_3003\" data-image-description=\"\" data-image-caption=\"\" data-large-file=\"https:\/\/i0.wp.com\/vynz100photo.fr\/blog\/wp-content\/uploads\/2017\/05\/20170408-IMG_3003.jpg?fit=800%2C534&amp;ssl=1\" class=\"alignnone size-full wp-image-4343 aligncenter\" src=\"https:\/\/i0.wp.com\/vynz100photo.fr\/blog\/wp-content\/uploads\/2017\/05\/20170408-IMG_3003.jpg?resize=800%2C534&#038;ssl=1\" alt=\"\" width=\"800\" height=\"534\" srcset=\"https:\/\/i0.wp.com\/vynz100photo.fr\/blog\/wp-content\/uploads\/2017\/05\/20170408-IMG_3003.jpg?w=1024&amp;ssl=1 1024w, https:\/\/i0.wp.com\/vynz100photo.fr\/blog\/wp-content\/uploads\/2017\/05\/20170408-IMG_3003.jpg?resize=300%2C200&amp;ssl=1 300w, https:\/\/i0.wp.com\/vynz100photo.fr\/blog\/wp-content\/uploads\/2017\/05\/20170408-IMG_3003.jpg?resize=768%2C512&amp;ssl=1 768w, https:\/\/i0.wp.com\/vynz100photo.fr\/blog\/wp-content\/uploads\/2017\/05\/20170408-IMG_3003.jpg?resize=250%2C167&amp;ssl=1 250w\" sizes=\"auto, (max-width: 800px) 100vw, 800px\" \/> <img data-recalc-dims=\"1\" loading=\"lazy\" decoding=\"async\" data-attachment-id=\"4342\" data-permalink=\"https:\/\/vynz100photo.fr\/blog\/voyages\/voyage-en-terre-australe-lafrique-du-sud\/7-10-avril-dans-les-collines-de-citrusdal-cederberg\/20170408-img_3013\/\" data-orig-file=\"https:\/\/i0.wp.com\/vynz100photo.fr\/blog\/wp-content\/uploads\/2017\/05\/20170408-IMG_3013.jpg?fit=683%2C1024&amp;ssl=1\" data-orig-size=\"683,1024\" data-comments-opened=\"1\" data-image-meta=\"{&quot;aperture&quot;:&quot;2&quot;,&quot;credit&quot;:&quot;Vincent Verger&quot;,&quot;camera&quot;:&quot;Canon EOS 5D Mark II&quot;,&quot;caption&quot;:&quot;&quot;,&quot;created_timestamp&quot;:&quot;1491675945&quot;,&quot;copyright&quot;:&quot;\\u00a9 Vincent Verger&quot;,&quot;focal_length&quot;:&quot;35&quot;,&quot;iso&quot;:&quot;100&quot;,&quot;shutter_speed&quot;:&quot;0.00125&quot;,&quot;title&quot;:&quot;&quot;,&quot;orientation&quot;:&quot;0&quot;}\" data-image-title=\"20170408-IMG_3013\" data-image-description=\"\" data-image-caption=\"\" data-large-file=\"https:\/\/i0.wp.com\/vynz100photo.fr\/blog\/wp-content\/uploads\/2017\/05\/20170408-IMG_3013.jpg?fit=683%2C1024&amp;ssl=1\" class=\"alignnone size-full wp-image-4342 aligncenter\" src=\"https:\/\/i0.wp.com\/vynz100photo.fr\/blog\/wp-content\/uploads\/2017\/05\/20170408-IMG_3013.jpg?resize=683%2C1024&#038;ssl=1\" alt=\"\" width=\"683\" height=\"1024\" srcset=\"https:\/\/i0.wp.com\/vynz100photo.fr\/blog\/wp-content\/uploads\/2017\/05\/20170408-IMG_3013.jpg?w=683&amp;ssl=1 683w, https:\/\/i0.wp.com\/vynz100photo.fr\/blog\/wp-content\/uploads\/2017\/05\/20170408-IMG_3013.jpg?resize=200%2C300&amp;ssl=1 200w, https:\/\/i0.wp.com\/vynz100photo.fr\/blog\/wp-content\/uploads\/2017\/05\/20170408-IMG_3013.jpg?resize=250%2C375&amp;ssl=1 250w\" sizes=\"auto, (max-width: 683px) 100vw, 683px\" \/> <img data-recalc-dims=\"1\" loading=\"lazy\" decoding=\"async\" data-attachment-id=\"4341\" data-permalink=\"https:\/\/vynz100photo.fr\/blog\/voyages\/voyage-en-terre-australe-lafrique-du-sud\/7-10-avril-dans-les-collines-de-citrusdal-cederberg\/20170408-img_3014\/\" data-orig-file=\"https:\/\/i0.wp.com\/vynz100photo.fr\/blog\/wp-content\/uploads\/2017\/05\/20170408-IMG_3014.jpg?fit=683%2C1024&amp;ssl=1\" data-orig-size=\"683,1024\" data-comments-opened=\"1\" data-image-meta=\"{&quot;aperture&quot;:&quot;2&quot;,&quot;credit&quot;:&quot;Vincent Verger&quot;,&quot;camera&quot;:&quot;Canon EOS 5D Mark II&quot;,&quot;caption&quot;:&quot;&quot;,&quot;created_timestamp&quot;:&quot;1491676098&quot;,&quot;copyright&quot;:&quot;\\u00a9 Vincent Verger&quot;,&quot;focal_length&quot;:&quot;35&quot;,&quot;iso&quot;:&quot;100&quot;,&quot;shutter_speed&quot;:&quot;0.004&quot;,&quot;title&quot;:&quot;&quot;,&quot;orientation&quot;:&quot;0&quot;}\" data-image-title=\"20170408-IMG_3014\" data-image-description=\"\" data-image-caption=\"\" data-large-file=\"https:\/\/i0.wp.com\/vynz100photo.fr\/blog\/wp-content\/uploads\/2017\/05\/20170408-IMG_3014.jpg?fit=683%2C1024&amp;ssl=1\" class=\"alignnone size-full wp-image-4341 aligncenter\" src=\"https:\/\/i0.wp.com\/vynz100photo.fr\/blog\/wp-content\/uploads\/2017\/05\/20170408-IMG_3014.jpg?resize=683%2C1024&#038;ssl=1\" alt=\"\" width=\"683\" height=\"1024\" srcset=\"https:\/\/i0.wp.com\/vynz100photo.fr\/blog\/wp-content\/uploads\/2017\/05\/20170408-IMG_3014.jpg?w=683&amp;ssl=1 683w, https:\/\/i0.wp.com\/vynz100photo.fr\/blog\/wp-content\/uploads\/2017\/05\/20170408-IMG_3014.jpg?resize=200%2C300&amp;ssl=1 200w, https:\/\/i0.wp.com\/vynz100photo.fr\/blog\/wp-content\/uploads\/2017\/05\/20170408-IMG_3014.jpg?resize=250%2C375&amp;ssl=1 250w\" sizes=\"auto, (max-width: 683px) 100vw, 683px\" \/> <img data-recalc-dims=\"1\" loading=\"lazy\" decoding=\"async\" data-attachment-id=\"4340\" data-permalink=\"https:\/\/vynz100photo.fr\/blog\/voyages\/voyage-en-terre-australe-lafrique-du-sud\/7-10-avril-dans-les-collines-de-citrusdal-cederberg\/20170408-img_3018\/\" data-orig-file=\"https:\/\/i0.wp.com\/vynz100photo.fr\/blog\/wp-content\/uploads\/2017\/05\/20170408-IMG_3018.jpg?fit=683%2C1024&amp;ssl=1\" data-orig-size=\"683,1024\" data-comments-opened=\"1\" data-image-meta=\"{&quot;aperture&quot;:&quot;2&quot;,&quot;credit&quot;:&quot;Vincent Verger&quot;,&quot;camera&quot;:&quot;Canon EOS 5D Mark II&quot;,&quot;caption&quot;:&quot;&quot;,&quot;created_timestamp&quot;:&quot;1491676126&quot;,&quot;copyright&quot;:&quot;\\u00a9 Vincent Verger&quot;,&quot;focal_length&quot;:&quot;35&quot;,&quot;iso&quot;:&quot;100&quot;,&quot;shutter_speed&quot;:&quot;0.002&quot;,&quot;title&quot;:&quot;&quot;,&quot;orientation&quot;:&quot;0&quot;}\" data-image-title=\"20170408-IMG_3018\" data-image-description=\"\" data-image-caption=\"\" data-large-file=\"https:\/\/i0.wp.com\/vynz100photo.fr\/blog\/wp-content\/uploads\/2017\/05\/20170408-IMG_3018.jpg?fit=683%2C1024&amp;ssl=1\" class=\"alignnone size-full wp-image-4340 aligncenter\" src=\"https:\/\/i0.wp.com\/vynz100photo.fr\/blog\/wp-content\/uploads\/2017\/05\/20170408-IMG_3018.jpg?resize=683%2C1024&#038;ssl=1\" alt=\"\" width=\"683\" height=\"1024\" srcset=\"https:\/\/i0.wp.com\/vynz100photo.fr\/blog\/wp-content\/uploads\/2017\/05\/20170408-IMG_3018.jpg?w=683&amp;ssl=1 683w, https:\/\/i0.wp.com\/vynz100photo.fr\/blog\/wp-content\/uploads\/2017\/05\/20170408-IMG_3018.jpg?resize=200%2C300&amp;ssl=1 200w, https:\/\/i0.wp.com\/vynz100photo.fr\/blog\/wp-content\/uploads\/2017\/05\/20170408-IMG_3018.jpg?resize=250%2C375&amp;ssl=1 250w\" sizes=\"auto, (max-width: 683px) 100vw, 683px\" \/> <img data-recalc-dims=\"1\" loading=\"lazy\" decoding=\"async\" data-attachment-id=\"4339\" data-permalink=\"https:\/\/vynz100photo.fr\/blog\/voyages\/voyage-en-terre-australe-lafrique-du-sud\/7-10-avril-dans-les-collines-de-citrusdal-cederberg\/20170408-img_3031\/\" data-orig-file=\"https:\/\/i0.wp.com\/vynz100photo.fr\/blog\/wp-content\/uploads\/2017\/05\/20170408-IMG_3031.jpg?fit=1024%2C640&amp;ssl=1\" data-orig-size=\"1024,640\" data-comments-opened=\"1\" data-image-meta=\"{&quot;aperture&quot;:&quot;2.8&quot;,&quot;credit&quot;:&quot;Vincent Verger&quot;,&quot;camera&quot;:&quot;Canon EOS 5D Mark II&quot;,&quot;caption&quot;:&quot;&quot;,&quot;created_timestamp&quot;:&quot;1491676923&quot;,&quot;copyright&quot;:&quot;\\u00a9 Vincent Verger&quot;,&quot;focal_length&quot;:&quot;21&quot;,&quot;iso&quot;:&quot;100&quot;,&quot;shutter_speed&quot;:&quot;0.0008&quot;,&quot;title&quot;:&quot;&quot;,&quot;orientation&quot;:&quot;0&quot;}\" data-image-title=\"20170408-IMG_3031\" data-image-description=\"\" data-image-caption=\"\" data-large-file=\"https:\/\/i0.wp.com\/vynz100photo.fr\/blog\/wp-content\/uploads\/2017\/05\/20170408-IMG_3031.jpg?fit=800%2C500&amp;ssl=1\" class=\"alignnone size-full wp-image-4339 aligncenter\" src=\"https:\/\/i0.wp.com\/vynz100photo.fr\/blog\/wp-content\/uploads\/2017\/05\/20170408-IMG_3031.jpg?resize=800%2C500&#038;ssl=1\" alt=\"\" width=\"800\" height=\"500\" srcset=\"https:\/\/i0.wp.com\/vynz100photo.fr\/blog\/wp-content\/uploads\/2017\/05\/20170408-IMG_3031.jpg?w=1024&amp;ssl=1 1024w, https:\/\/i0.wp.com\/vynz100photo.fr\/blog\/wp-content\/uploads\/2017\/05\/20170408-IMG_3031.jpg?resize=300%2C188&amp;ssl=1 300w, https:\/\/i0.wp.com\/vynz100photo.fr\/blog\/wp-content\/uploads\/2017\/05\/20170408-IMG_3031.jpg?resize=768%2C480&amp;ssl=1 768w, https:\/\/i0.wp.com\/vynz100photo.fr\/blog\/wp-content\/uploads\/2017\/05\/20170408-IMG_3031.jpg?resize=250%2C156&amp;ssl=1 250w\" sizes=\"auto, (max-width: 800px) 100vw, 800px\" \/> <img data-recalc-dims=\"1\" loading=\"lazy\" decoding=\"async\" data-attachment-id=\"4338\" data-permalink=\"https:\/\/vynz100photo.fr\/blog\/voyages\/voyage-en-terre-australe-lafrique-du-sud\/7-10-avril-dans-les-collines-de-citrusdal-cederberg\/20170408-img_3019\/\" data-orig-file=\"https:\/\/i0.wp.com\/vynz100photo.fr\/blog\/wp-content\/uploads\/2017\/05\/20170408-IMG_3019.jpg?fit=683%2C1024&amp;ssl=1\" data-orig-size=\"683,1024\" data-comments-opened=\"1\" data-image-meta=\"{&quot;aperture&quot;:&quot;2&quot;,&quot;credit&quot;:&quot;Vincent Verger&quot;,&quot;camera&quot;:&quot;Canon EOS 5D Mark II&quot;,&quot;caption&quot;:&quot;&quot;,&quot;created_timestamp&quot;:&quot;1491676155&quot;,&quot;copyright&quot;:&quot;\\u00a9 Vincent Verger&quot;,&quot;focal_length&quot;:&quot;35&quot;,&quot;iso&quot;:&quot;100&quot;,&quot;shutter_speed&quot;:&quot;0.008&quot;,&quot;title&quot;:&quot;&quot;,&quot;orientation&quot;:&quot;0&quot;}\" data-image-title=\"20170408-IMG_3019\" data-image-description=\"\" data-image-caption=\"\" data-large-file=\"https:\/\/i0.wp.com\/vynz100photo.fr\/blog\/wp-content\/uploads\/2017\/05\/20170408-IMG_3019.jpg?fit=683%2C1024&amp;ssl=1\" class=\"alignnone size-full wp-image-4338 aligncenter\" src=\"https:\/\/i0.wp.com\/vynz100photo.fr\/blog\/wp-content\/uploads\/2017\/05\/20170408-IMG_3019.jpg?resize=683%2C1024&#038;ssl=1\" alt=\"\" width=\"683\" height=\"1024\" srcset=\"https:\/\/i0.wp.com\/vynz100photo.fr\/blog\/wp-content\/uploads\/2017\/05\/20170408-IMG_3019.jpg?w=683&amp;ssl=1 683w, https:\/\/i0.wp.com\/vynz100photo.fr\/blog\/wp-content\/uploads\/2017\/05\/20170408-IMG_3019.jpg?resize=200%2C300&amp;ssl=1 200w, https:\/\/i0.wp.com\/vynz100photo.fr\/blog\/wp-content\/uploads\/2017\/05\/20170408-IMG_3019.jpg?resize=250%2C375&amp;ssl=1 250w\" sizes=\"auto, (max-width: 683px) 100vw, 683px\" \/> <img data-recalc-dims=\"1\" loading=\"lazy\" decoding=\"async\" data-attachment-id=\"4337\" data-permalink=\"https:\/\/vynz100photo.fr\/blog\/voyages\/voyage-en-terre-australe-lafrique-du-sud\/7-10-avril-dans-les-collines-de-citrusdal-cederberg\/20170408-img_3039\/\" data-orig-file=\"https:\/\/i0.wp.com\/vynz100photo.fr\/blog\/wp-content\/uploads\/2017\/05\/20170408-IMG_3039.jpg?fit=683%2C1024&amp;ssl=1\" data-orig-size=\"683,1024\" data-comments-opened=\"1\" data-image-meta=\"{&quot;aperture&quot;:&quot;2.8&quot;,&quot;credit&quot;:&quot;Vincent Verger&quot;,&quot;camera&quot;:&quot;Canon EOS 5D Mark II&quot;,&quot;caption&quot;:&quot;&quot;,&quot;created_timestamp&quot;:&quot;1491677658&quot;,&quot;copyright&quot;:&quot;\\u00a9 Vincent Verger&quot;,&quot;focal_length&quot;:&quot;21&quot;,&quot;iso&quot;:&quot;400&quot;,&quot;shutter_speed&quot;:&quot;0.0005&quot;,&quot;title&quot;:&quot;&quot;,&quot;orientation&quot;:&quot;0&quot;}\" data-image-title=\"20170408-IMG_3039\" data-image-description=\"\" data-image-caption=\"\" data-large-file=\"https:\/\/i0.wp.com\/vynz100photo.fr\/blog\/wp-content\/uploads\/2017\/05\/20170408-IMG_3039.jpg?fit=683%2C1024&amp;ssl=1\" class=\"alignnone size-full wp-image-4337 aligncenter\" src=\"https:\/\/i0.wp.com\/vynz100photo.fr\/blog\/wp-content\/uploads\/2017\/05\/20170408-IMG_3039.jpg?resize=683%2C1024&#038;ssl=1\" alt=\"\" width=\"683\" height=\"1024\" srcset=\"https:\/\/i0.wp.com\/vynz100photo.fr\/blog\/wp-content\/uploads\/2017\/05\/20170408-IMG_3039.jpg?w=683&amp;ssl=1 683w, https:\/\/i0.wp.com\/vynz100photo.fr\/blog\/wp-content\/uploads\/2017\/05\/20170408-IMG_3039.jpg?resize=200%2C300&amp;ssl=1 200w, https:\/\/i0.wp.com\/vynz100photo.fr\/blog\/wp-content\/uploads\/2017\/05\/20170408-IMG_3039.jpg?resize=250%2C375&amp;ssl=1 250w\" sizes=\"auto, (max-width: 683px) 100vw, 683px\" \/><\/p>\n<p>Mais au loin l&rsquo;orage gronde, il est temps de rentrer. La vall\u00e9e voisine grogne et r\u00e9sonne, on h\u00e2te le pas pour \u00e9viter l&rsquo;averse avec nos b\u00e9b\u00e9s&#8230;<\/p>\n<p><img data-recalc-dims=\"1\" loading=\"lazy\" decoding=\"async\" data-attachment-id=\"4336\" data-permalink=\"https:\/\/vynz100photo.fr\/blog\/voyages\/voyage-en-terre-australe-lafrique-du-sud\/7-10-avril-dans-les-collines-de-citrusdal-cederberg\/20170408-img_3056\/\" data-orig-file=\"https:\/\/i0.wp.com\/vynz100photo.fr\/blog\/wp-content\/uploads\/2017\/05\/20170408-IMG_3056.jpg?fit=1024%2C640&amp;ssl=1\" data-orig-size=\"1024,640\" data-comments-opened=\"1\" data-image-meta=\"{&quot;aperture&quot;:&quot;2&quot;,&quot;credit&quot;:&quot;Vincent Verger&quot;,&quot;camera&quot;:&quot;Canon EOS 5D Mark II&quot;,&quot;caption&quot;:&quot;&quot;,&quot;created_timestamp&quot;:&quot;1491679615&quot;,&quot;copyright&quot;:&quot;\\u00a9 Vincent Verger&quot;,&quot;focal_length&quot;:&quot;35&quot;,&quot;iso&quot;:&quot;250&quot;,&quot;shutter_speed&quot;:&quot;0.0025&quot;,&quot;title&quot;:&quot;&quot;,&quot;orientation&quot;:&quot;0&quot;}\" data-image-title=\"20170408-IMG_3056\" data-image-description=\"\" data-image-caption=\"\" data-large-file=\"https:\/\/i0.wp.com\/vynz100photo.fr\/blog\/wp-content\/uploads\/2017\/05\/20170408-IMG_3056.jpg?fit=800%2C500&amp;ssl=1\" class=\"alignnone size-full wp-image-4336 aligncenter\" src=\"https:\/\/i0.wp.com\/vynz100photo.fr\/blog\/wp-content\/uploads\/2017\/05\/20170408-IMG_3056.jpg?resize=800%2C500&#038;ssl=1\" alt=\"\" width=\"800\" height=\"500\" srcset=\"https:\/\/i0.wp.com\/vynz100photo.fr\/blog\/wp-content\/uploads\/2017\/05\/20170408-IMG_3056.jpg?w=1024&amp;ssl=1 1024w, https:\/\/i0.wp.com\/vynz100photo.fr\/blog\/wp-content\/uploads\/2017\/05\/20170408-IMG_3056.jpg?resize=300%2C188&amp;ssl=1 300w, https:\/\/i0.wp.com\/vynz100photo.fr\/blog\/wp-content\/uploads\/2017\/05\/20170408-IMG_3056.jpg?resize=768%2C480&amp;ssl=1 768w, https:\/\/i0.wp.com\/vynz100photo.fr\/blog\/wp-content\/uploads\/2017\/05\/20170408-IMG_3056.jpg?resize=250%2C156&amp;ssl=1 250w\" sizes=\"auto, (max-width: 800px) 100vw, 800px\" \/> <img data-recalc-dims=\"1\" loading=\"lazy\" decoding=\"async\" data-attachment-id=\"4335\" data-permalink=\"https:\/\/vynz100photo.fr\/blog\/voyages\/voyage-en-terre-australe-lafrique-du-sud\/7-10-avril-dans-les-collines-de-citrusdal-cederberg\/20170408-img_3049\/\" data-orig-file=\"https:\/\/i0.wp.com\/vynz100photo.fr\/blog\/wp-content\/uploads\/2017\/05\/20170408-IMG_3049.jpg?fit=1024%2C683&amp;ssl=1\" data-orig-size=\"1024,683\" data-comments-opened=\"1\" data-image-meta=\"{&quot;aperture&quot;:&quot;2&quot;,&quot;credit&quot;:&quot;Vincent Verger&quot;,&quot;camera&quot;:&quot;Canon EOS 5D Mark II&quot;,&quot;caption&quot;:&quot;&quot;,&quot;created_timestamp&quot;:&quot;1491679341&quot;,&quot;copyright&quot;:&quot;\\u00a9 Vincent Verger&quot;,&quot;focal_length&quot;:&quot;35&quot;,&quot;iso&quot;:&quot;250&quot;,&quot;shutter_speed&quot;:&quot;0.0015625&quot;,&quot;title&quot;:&quot;&quot;,&quot;orientation&quot;:&quot;0&quot;}\" data-image-title=\"20170408-IMG_3049\" data-image-description=\"\" data-image-caption=\"\" data-large-file=\"https:\/\/i0.wp.com\/vynz100photo.fr\/blog\/wp-content\/uploads\/2017\/05\/20170408-IMG_3049.jpg?fit=800%2C534&amp;ssl=1\" class=\"alignnone size-full wp-image-4335 aligncenter\" src=\"https:\/\/i0.wp.com\/vynz100photo.fr\/blog\/wp-content\/uploads\/2017\/05\/20170408-IMG_3049.jpg?resize=800%2C534&#038;ssl=1\" alt=\"\" width=\"800\" height=\"534\" srcset=\"https:\/\/i0.wp.com\/vynz100photo.fr\/blog\/wp-content\/uploads\/2017\/05\/20170408-IMG_3049.jpg?w=1024&amp;ssl=1 1024w, https:\/\/i0.wp.com\/vynz100photo.fr\/blog\/wp-content\/uploads\/2017\/05\/20170408-IMG_3049.jpg?resize=300%2C200&amp;ssl=1 300w, https:\/\/i0.wp.com\/vynz100photo.fr\/blog\/wp-content\/uploads\/2017\/05\/20170408-IMG_3049.jpg?resize=768%2C512&amp;ssl=1 768w, https:\/\/i0.wp.com\/vynz100photo.fr\/blog\/wp-content\/uploads\/2017\/05\/20170408-IMG_3049.jpg?resize=250%2C167&amp;ssl=1 250w\" sizes=\"auto, (max-width: 800px) 100vw, 800px\" \/> <img data-recalc-dims=\"1\" loading=\"lazy\" decoding=\"async\" data-attachment-id=\"4334\" data-permalink=\"https:\/\/vynz100photo.fr\/blog\/voyages\/voyage-en-terre-australe-lafrique-du-sud\/7-10-avril-dans-les-collines-de-citrusdal-cederberg\/20170408-img_3057\/\" data-orig-file=\"https:\/\/i0.wp.com\/vynz100photo.fr\/blog\/wp-content\/uploads\/2017\/05\/20170408-IMG_3057.jpg?fit=1024%2C683&amp;ssl=1\" data-orig-size=\"1024,683\" data-comments-opened=\"1\" data-image-meta=\"{&quot;aperture&quot;:&quot;2&quot;,&quot;credit&quot;:&quot;Vincent Verger&quot;,&quot;camera&quot;:&quot;Canon EOS 5D Mark II&quot;,&quot;caption&quot;:&quot;&quot;,&quot;created_timestamp&quot;:&quot;1491679745&quot;,&quot;copyright&quot;:&quot;\\u00a9 Vincent Verger&quot;,&quot;focal_length&quot;:&quot;35&quot;,&quot;iso&quot;:&quot;250&quot;,&quot;shutter_speed&quot;:&quot;0.008&quot;,&quot;title&quot;:&quot;&quot;,&quot;orientation&quot;:&quot;0&quot;}\" data-image-title=\"20170408-IMG_3057\" data-image-description=\"\" data-image-caption=\"\" data-large-file=\"https:\/\/i0.wp.com\/vynz100photo.fr\/blog\/wp-content\/uploads\/2017\/05\/20170408-IMG_3057.jpg?fit=800%2C534&amp;ssl=1\" class=\"alignnone size-full wp-image-4334 aligncenter\" src=\"https:\/\/i0.wp.com\/vynz100photo.fr\/blog\/wp-content\/uploads\/2017\/05\/20170408-IMG_3057.jpg?resize=800%2C534&#038;ssl=1\" alt=\"\" width=\"800\" height=\"534\" srcset=\"https:\/\/i0.wp.com\/vynz100photo.fr\/blog\/wp-content\/uploads\/2017\/05\/20170408-IMG_3057.jpg?w=1024&amp;ssl=1 1024w, https:\/\/i0.wp.com\/vynz100photo.fr\/blog\/wp-content\/uploads\/2017\/05\/20170408-IMG_3057.jpg?resize=300%2C200&amp;ssl=1 300w, https:\/\/i0.wp.com\/vynz100photo.fr\/blog\/wp-content\/uploads\/2017\/05\/20170408-IMG_3057.jpg?resize=768%2C512&amp;ssl=1 768w, https:\/\/i0.wp.com\/vynz100photo.fr\/blog\/wp-content\/uploads\/2017\/05\/20170408-IMG_3057.jpg?resize=250%2C167&amp;ssl=1 250w\" sizes=\"auto, (max-width: 800px) 100vw, 800px\" \/><\/p>\n<p style=\"text-align: justify;\">On est arriv\u00e9s \u00e0 temps, on va pouvoir profiter de notre maison obscure et de son \u00e9lectrom\u00e9nager ant\u00e9diluvien pour se pr\u00e9parer de d\u00e9licieuses mousses de citrons. On s&rsquo;ouvre une \u00ab\u00a0ginger beer\u00a0\u00bb artisanale achet\u00e9e le matin m\u00eame dans une ferme (\u00e7a d\u00e9cape et \u00e7a mousse!). L&rsquo;orage est pass\u00e9, mais la pleine lune emp\u00eache toute belle photo de nuit&#8230; dommage, ce ne sont pas les m\u00eames \u00e9toiles que chez nous, h\u00e9misph\u00e8re sud oblige&#8230;<\/p>\n<p><img data-recalc-dims=\"1\" loading=\"lazy\" decoding=\"async\" data-attachment-id=\"4333\" data-permalink=\"https:\/\/vynz100photo.fr\/blog\/voyages\/voyage-en-terre-australe-lafrique-du-sud\/7-10-avril-dans-les-collines-de-citrusdal-cederberg\/20170408-img_3061\/\" data-orig-file=\"https:\/\/i0.wp.com\/vynz100photo.fr\/blog\/wp-content\/uploads\/2017\/05\/20170408-IMG_3061.jpg?fit=1024%2C683&amp;ssl=1\" data-orig-size=\"1024,683\" data-comments-opened=\"1\" data-image-meta=\"{&quot;aperture&quot;:&quot;2&quot;,&quot;credit&quot;:&quot;Vincent Verger&quot;,&quot;camera&quot;:&quot;Canon EOS 5D Mark II&quot;,&quot;caption&quot;:&quot;&quot;,&quot;created_timestamp&quot;:&quot;1491685613&quot;,&quot;copyright&quot;:&quot;\\u00a9 Vincent Verger&quot;,&quot;focal_length&quot;:&quot;50&quot;,&quot;iso&quot;:&quot;3200&quot;,&quot;shutter_speed&quot;:&quot;0.076923076923077&quot;,&quot;title&quot;:&quot;&quot;,&quot;orientation&quot;:&quot;0&quot;}\" data-image-title=\"20170408-IMG_3061\" data-image-description=\"\" data-image-caption=\"\" data-large-file=\"https:\/\/i0.wp.com\/vynz100photo.fr\/blog\/wp-content\/uploads\/2017\/05\/20170408-IMG_3061.jpg?fit=800%2C534&amp;ssl=1\" class=\"alignnone size-full wp-image-4333 aligncenter\" src=\"https:\/\/i0.wp.com\/vynz100photo.fr\/blog\/wp-content\/uploads\/2017\/05\/20170408-IMG_3061.jpg?resize=800%2C534&#038;ssl=1\" alt=\"\" width=\"800\" height=\"534\" srcset=\"https:\/\/i0.wp.com\/vynz100photo.fr\/blog\/wp-content\/uploads\/2017\/05\/20170408-IMG_3061.jpg?w=1024&amp;ssl=1 1024w, https:\/\/i0.wp.com\/vynz100photo.fr\/blog\/wp-content\/uploads\/2017\/05\/20170408-IMG_3061.jpg?resize=300%2C200&amp;ssl=1 300w, https:\/\/i0.wp.com\/vynz100photo.fr\/blog\/wp-content\/uploads\/2017\/05\/20170408-IMG_3061.jpg?resize=768%2C512&amp;ssl=1 768w, https:\/\/i0.wp.com\/vynz100photo.fr\/blog\/wp-content\/uploads\/2017\/05\/20170408-IMG_3061.jpg?resize=250%2C167&amp;ssl=1 250w\" sizes=\"auto, (max-width: 800px) 100vw, 800px\" \/> <img data-recalc-dims=\"1\" loading=\"lazy\" decoding=\"async\" data-attachment-id=\"4332\" data-permalink=\"https:\/\/vynz100photo.fr\/blog\/voyages\/voyage-en-terre-australe-lafrique-du-sud\/7-10-avril-dans-les-collines-de-citrusdal-cederberg\/20170408-img_3059\/\" data-orig-file=\"https:\/\/i0.wp.com\/vynz100photo.fr\/blog\/wp-content\/uploads\/2017\/05\/20170408-IMG_3059.jpg?fit=683%2C1024&amp;ssl=1\" data-orig-size=\"683,1024\" data-comments-opened=\"1\" data-image-meta=\"{&quot;aperture&quot;:&quot;2&quot;,&quot;credit&quot;:&quot;Vincent Verger&quot;,&quot;camera&quot;:&quot;Canon EOS 5D Mark II&quot;,&quot;caption&quot;:&quot;&quot;,&quot;created_timestamp&quot;:&quot;1491682669&quot;,&quot;copyright&quot;:&quot;\\u00a9 Vincent Verger&quot;,&quot;focal_length&quot;:&quot;50&quot;,&quot;iso&quot;:&quot;3200&quot;,&quot;shutter_speed&quot;:&quot;0.025&quot;,&quot;title&quot;:&quot;&quot;,&quot;orientation&quot;:&quot;0&quot;}\" data-image-title=\"20170408-IMG_3059\" data-image-description=\"\" data-image-caption=\"\" data-large-file=\"https:\/\/i0.wp.com\/vynz100photo.fr\/blog\/wp-content\/uploads\/2017\/05\/20170408-IMG_3059.jpg?fit=683%2C1024&amp;ssl=1\" class=\"alignnone size-full wp-image-4332 aligncenter\" src=\"https:\/\/i0.wp.com\/vynz100photo.fr\/blog\/wp-content\/uploads\/2017\/05\/20170408-IMG_3059.jpg?resize=683%2C1024&#038;ssl=1\" alt=\"\" width=\"683\" height=\"1024\" srcset=\"https:\/\/i0.wp.com\/vynz100photo.fr\/blog\/wp-content\/uploads\/2017\/05\/20170408-IMG_3059.jpg?w=683&amp;ssl=1 683w, https:\/\/i0.wp.com\/vynz100photo.fr\/blog\/wp-content\/uploads\/2017\/05\/20170408-IMG_3059.jpg?resize=200%2C300&amp;ssl=1 200w, https:\/\/i0.wp.com\/vynz100photo.fr\/blog\/wp-content\/uploads\/2017\/05\/20170408-IMG_3059.jpg?resize=250%2C375&amp;ssl=1 250w\" sizes=\"auto, (max-width: 683px) 100vw, 683px\" \/><br \/>\n<img data-recalc-dims=\"1\" loading=\"lazy\" decoding=\"async\" data-attachment-id=\"4382\" data-permalink=\"https:\/\/vynz100photo.fr\/blog\/voyages\/voyage-en-terre-australe-lafrique-du-sud\/7-10-avril-dans-les-collines-de-citrusdal-cederberg\/20170409-img_3163-panorama\/\" data-orig-file=\"https:\/\/i0.wp.com\/vynz100photo.fr\/blog\/wp-content\/uploads\/2017\/05\/20170409-IMG_3163-Panorama.jpg?fit=483%2C1024&amp;ssl=1\" data-orig-size=\"483,1024\" data-comments-opened=\"1\" data-image-meta=\"{&quot;aperture&quot;:&quot;2&quot;,&quot;credit&quot;:&quot;Vincent Verger&quot;,&quot;camera&quot;:&quot;Canon EOS 5D Mark II&quot;,&quot;caption&quot;:&quot;&quot;,&quot;created_timestamp&quot;:&quot;1491769823&quot;,&quot;copyright&quot;:&quot;\\u00a9 Vincent Verger&quot;,&quot;focal_length&quot;:&quot;35&quot;,&quot;iso&quot;:&quot;250&quot;,&quot;shutter_speed&quot;:&quot;30&quot;,&quot;title&quot;:&quot;&quot;,&quot;orientation&quot;:&quot;0&quot;}\" data-image-title=\"20170409-IMG_3163-Panorama\" data-image-description=\"\" data-image-caption=\"\" data-large-file=\"https:\/\/i0.wp.com\/vynz100photo.fr\/blog\/wp-content\/uploads\/2017\/05\/20170409-IMG_3163-Panorama.jpg?fit=483%2C1024&amp;ssl=1\" class=\"alignnone size-full wp-image-4382 aligncenter\" src=\"https:\/\/i0.wp.com\/vynz100photo.fr\/blog\/wp-content\/uploads\/2017\/05\/20170409-IMG_3163-Panorama.jpg?resize=483%2C1024&#038;ssl=1\" alt=\"\" width=\"483\" height=\"1024\" srcset=\"https:\/\/i0.wp.com\/vynz100photo.fr\/blog\/wp-content\/uploads\/2017\/05\/20170409-IMG_3163-Panorama.jpg?w=483&amp;ssl=1 483w, https:\/\/i0.wp.com\/vynz100photo.fr\/blog\/wp-content\/uploads\/2017\/05\/20170409-IMG_3163-Panorama.jpg?resize=142%2C300&amp;ssl=1 142w, https:\/\/i0.wp.com\/vynz100photo.fr\/blog\/wp-content\/uploads\/2017\/05\/20170409-IMG_3163-Panorama.jpg?resize=250%2C530&amp;ssl=1 250w\" sizes=\"auto, (max-width: 483px) 100vw, 483px\" \/><\/p>\n<h2 style=\"text-align: justify;\"><span style=\"color: #ff6600;\">Dimanche 9 avril 2017 &#8211; derni\u00e8re journ\u00e9e dans le Cederberg<\/span><\/h2>\n<p style=\"text-align: justify;\">Cette fois-ci, on reste dans notre havre de paix&#8230; En effet, tout est ferm\u00e9 d&rsquo;une part, et d&rsquo;autre part la route pour quitter la vall\u00e9e (40 min) est vraiment p\u00e9nible et on craint toujours que notre berline ne nous l\u00e2che!<\/p>\n<p style=\"text-align: justify;\"><img data-recalc-dims=\"1\" loading=\"lazy\" decoding=\"async\" data-attachment-id=\"4331\" data-permalink=\"https:\/\/vynz100photo.fr\/blog\/voyages\/voyage-en-terre-australe-lafrique-du-sud\/7-10-avril-dans-les-collines-de-citrusdal-cederberg\/20170409-img_3064\/\" data-orig-file=\"https:\/\/i0.wp.com\/vynz100photo.fr\/blog\/wp-content\/uploads\/2017\/05\/20170409-IMG_3064.jpg?fit=791%2C1024&amp;ssl=1\" data-orig-size=\"791,1024\" data-comments-opened=\"1\" data-image-meta=\"{&quot;aperture&quot;:&quot;2&quot;,&quot;credit&quot;:&quot;Vincent Verger&quot;,&quot;camera&quot;:&quot;Canon EOS 5D Mark II&quot;,&quot;caption&quot;:&quot;&quot;,&quot;created_timestamp&quot;:&quot;1491726540&quot;,&quot;copyright&quot;:&quot;\\u00a9 Vincent Verger&quot;,&quot;focal_length&quot;:&quot;50&quot;,&quot;iso&quot;:&quot;200&quot;,&quot;shutter_speed&quot;:&quot;0.02&quot;,&quot;title&quot;:&quot;&quot;,&quot;orientation&quot;:&quot;0&quot;}\" data-image-title=\"20170409-IMG_3064\" data-image-description=\"\" data-image-caption=\"\" data-large-file=\"https:\/\/i0.wp.com\/vynz100photo.fr\/blog\/wp-content\/uploads\/2017\/05\/20170409-IMG_3064.jpg?fit=791%2C1024&amp;ssl=1\" class=\"alignnone size-full wp-image-4331\" src=\"https:\/\/i0.wp.com\/vynz100photo.fr\/blog\/wp-content\/uploads\/2017\/05\/20170409-IMG_3064.jpg?resize=791%2C1024&#038;ssl=1\" alt=\"\" width=\"791\" height=\"1024\" srcset=\"https:\/\/i0.wp.com\/vynz100photo.fr\/blog\/wp-content\/uploads\/2017\/05\/20170409-IMG_3064.jpg?w=791&amp;ssl=1 791w, https:\/\/i0.wp.com\/vynz100photo.fr\/blog\/wp-content\/uploads\/2017\/05\/20170409-IMG_3064.jpg?resize=232%2C300&amp;ssl=1 232w, https:\/\/i0.wp.com\/vynz100photo.fr\/blog\/wp-content\/uploads\/2017\/05\/20170409-IMG_3064.jpg?resize=768%2C994&amp;ssl=1 768w, https:\/\/i0.wp.com\/vynz100photo.fr\/blog\/wp-content\/uploads\/2017\/05\/20170409-IMG_3064.jpg?resize=250%2C324&amp;ssl=1 250w\" sizes=\"auto, (max-width: 791px) 100vw, 791px\" \/> <img data-recalc-dims=\"1\" loading=\"lazy\" decoding=\"async\" data-attachment-id=\"4330\" data-permalink=\"https:\/\/vynz100photo.fr\/blog\/voyages\/voyage-en-terre-australe-lafrique-du-sud\/7-10-avril-dans-les-collines-de-citrusdal-cederberg\/20170409-img_3077\/\" data-orig-file=\"https:\/\/i0.wp.com\/vynz100photo.fr\/blog\/wp-content\/uploads\/2017\/05\/20170409-IMG_3077.jpg?fit=683%2C1024&amp;ssl=1\" data-orig-size=\"683,1024\" data-comments-opened=\"1\" data-image-meta=\"{&quot;aperture&quot;:&quot;2.8&quot;,&quot;credit&quot;:&quot;Vincent Verger&quot;,&quot;camera&quot;:&quot;Canon EOS 5D Mark II&quot;,&quot;caption&quot;:&quot;&quot;,&quot;created_timestamp&quot;:&quot;1491728883&quot;,&quot;copyright&quot;:&quot;\\u00a9 Vincent Verger&quot;,&quot;focal_length&quot;:&quot;21&quot;,&quot;iso&quot;:&quot;100&quot;,&quot;shutter_speed&quot;:&quot;0.016666666666667&quot;,&quot;title&quot;:&quot;&quot;,&quot;orientation&quot;:&quot;0&quot;}\" data-image-title=\"20170409-IMG_3077\" data-image-description=\"\" data-image-caption=\"\" data-large-file=\"https:\/\/i0.wp.com\/vynz100photo.fr\/blog\/wp-content\/uploads\/2017\/05\/20170409-IMG_3077.jpg?fit=683%2C1024&amp;ssl=1\" class=\"alignnone size-full wp-image-4330\" src=\"https:\/\/i0.wp.com\/vynz100photo.fr\/blog\/wp-content\/uploads\/2017\/05\/20170409-IMG_3077.jpg?resize=683%2C1024&#038;ssl=1\" alt=\"\" width=\"683\" height=\"1024\" srcset=\"https:\/\/i0.wp.com\/vynz100photo.fr\/blog\/wp-content\/uploads\/2017\/05\/20170409-IMG_3077.jpg?w=683&amp;ssl=1 683w, https:\/\/i0.wp.com\/vynz100photo.fr\/blog\/wp-content\/uploads\/2017\/05\/20170409-IMG_3077.jpg?resize=200%2C300&amp;ssl=1 200w, https:\/\/i0.wp.com\/vynz100photo.fr\/blog\/wp-content\/uploads\/2017\/05\/20170409-IMG_3077.jpg?resize=250%2C375&amp;ssl=1 250w\" sizes=\"auto, (max-width: 683px) 100vw, 683px\" \/> <img data-recalc-dims=\"1\" loading=\"lazy\" decoding=\"async\" data-attachment-id=\"4329\" data-permalink=\"https:\/\/vynz100photo.fr\/blog\/voyages\/voyage-en-terre-australe-lafrique-du-sud\/7-10-avril-dans-les-collines-de-citrusdal-cederberg\/20170409-img_3073\/\" data-orig-file=\"https:\/\/i0.wp.com\/vynz100photo.fr\/blog\/wp-content\/uploads\/2017\/05\/20170409-IMG_3073.jpg?fit=683%2C1024&amp;ssl=1\" data-orig-size=\"683,1024\" data-comments-opened=\"1\" data-image-meta=\"{&quot;aperture&quot;:&quot;2&quot;,&quot;credit&quot;:&quot;Vincent Verger&quot;,&quot;camera&quot;:&quot;Canon EOS 5D Mark II&quot;,&quot;caption&quot;:&quot;&quot;,&quot;created_timestamp&quot;:&quot;1491728753&quot;,&quot;copyright&quot;:&quot;\\u00a9 Vincent Verger&quot;,&quot;focal_length&quot;:&quot;50&quot;,&quot;iso&quot;:&quot;100&quot;,&quot;shutter_speed&quot;:&quot;0.0125&quot;,&quot;title&quot;:&quot;&quot;,&quot;orientation&quot;:&quot;0&quot;}\" data-image-title=\"20170409-IMG_3073\" data-image-description=\"\" data-image-caption=\"\" data-large-file=\"https:\/\/i0.wp.com\/vynz100photo.fr\/blog\/wp-content\/uploads\/2017\/05\/20170409-IMG_3073.jpg?fit=683%2C1024&amp;ssl=1\" class=\"alignnone size-full wp-image-4329\" src=\"https:\/\/i0.wp.com\/vynz100photo.fr\/blog\/wp-content\/uploads\/2017\/05\/20170409-IMG_3073.jpg?resize=683%2C1024&#038;ssl=1\" alt=\"\" width=\"683\" height=\"1024\" srcset=\"https:\/\/i0.wp.com\/vynz100photo.fr\/blog\/wp-content\/uploads\/2017\/05\/20170409-IMG_3073.jpg?w=683&amp;ssl=1 683w, https:\/\/i0.wp.com\/vynz100photo.fr\/blog\/wp-content\/uploads\/2017\/05\/20170409-IMG_3073.jpg?resize=200%2C300&amp;ssl=1 200w, https:\/\/i0.wp.com\/vynz100photo.fr\/blog\/wp-content\/uploads\/2017\/05\/20170409-IMG_3073.jpg?resize=250%2C375&amp;ssl=1 250w\" sizes=\"auto, (max-width: 683px) 100vw, 683px\" \/> <img data-recalc-dims=\"1\" loading=\"lazy\" decoding=\"async\" data-attachment-id=\"4328\" data-permalink=\"https:\/\/vynz100photo.fr\/blog\/voyages\/voyage-en-terre-australe-lafrique-du-sud\/7-10-avril-dans-les-collines-de-citrusdal-cederberg\/20170409-img_3080\/\" data-orig-file=\"https:\/\/i0.wp.com\/vynz100photo.fr\/blog\/wp-content\/uploads\/2017\/05\/20170409-IMG_3080.jpg?fit=1024%2C683&amp;ssl=1\" data-orig-size=\"1024,683\" data-comments-opened=\"1\" data-image-meta=\"{&quot;aperture&quot;:&quot;2&quot;,&quot;credit&quot;:&quot;Vincent Verger&quot;,&quot;camera&quot;:&quot;Canon EOS 5D Mark II&quot;,&quot;caption&quot;:&quot;&quot;,&quot;created_timestamp&quot;:&quot;1491729002&quot;,&quot;copyright&quot;:&quot;\\u00a9 Vincent Verger&quot;,&quot;focal_length&quot;:&quot;50&quot;,&quot;iso&quot;:&quot;100&quot;,&quot;shutter_speed&quot;:&quot;0.003125&quot;,&quot;title&quot;:&quot;&quot;,&quot;orientation&quot;:&quot;0&quot;}\" data-image-title=\"20170409-IMG_3080\" data-image-description=\"\" data-image-caption=\"\" data-large-file=\"https:\/\/i0.wp.com\/vynz100photo.fr\/blog\/wp-content\/uploads\/2017\/05\/20170409-IMG_3080.jpg?fit=800%2C534&amp;ssl=1\" class=\"alignnone size-full wp-image-4328\" src=\"https:\/\/i0.wp.com\/vynz100photo.fr\/blog\/wp-content\/uploads\/2017\/05\/20170409-IMG_3080.jpg?resize=800%2C534&#038;ssl=1\" alt=\"\" width=\"800\" height=\"534\" srcset=\"https:\/\/i0.wp.com\/vynz100photo.fr\/blog\/wp-content\/uploads\/2017\/05\/20170409-IMG_3080.jpg?w=1024&amp;ssl=1 1024w, https:\/\/i0.wp.com\/vynz100photo.fr\/blog\/wp-content\/uploads\/2017\/05\/20170409-IMG_3080.jpg?resize=300%2C200&amp;ssl=1 300w, https:\/\/i0.wp.com\/vynz100photo.fr\/blog\/wp-content\/uploads\/2017\/05\/20170409-IMG_3080.jpg?resize=768%2C512&amp;ssl=1 768w, https:\/\/i0.wp.com\/vynz100photo.fr\/blog\/wp-content\/uploads\/2017\/05\/20170409-IMG_3080.jpg?resize=250%2C167&amp;ssl=1 250w\" sizes=\"auto, (max-width: 800px) 100vw, 800px\" \/> <img data-recalc-dims=\"1\" loading=\"lazy\" decoding=\"async\" data-attachment-id=\"4327\" data-permalink=\"https:\/\/vynz100photo.fr\/blog\/voyages\/voyage-en-terre-australe-lafrique-du-sud\/7-10-avril-dans-les-collines-de-citrusdal-cederberg\/20170409-img_3081\/\" data-orig-file=\"https:\/\/i0.wp.com\/vynz100photo.fr\/blog\/wp-content\/uploads\/2017\/05\/20170409-IMG_3081.jpg?fit=1024%2C729&amp;ssl=1\" data-orig-size=\"1024,729\" data-comments-opened=\"1\" data-image-meta=\"{&quot;aperture&quot;:&quot;2&quot;,&quot;credit&quot;:&quot;Vincent Verger&quot;,&quot;camera&quot;:&quot;Canon EOS 5D Mark II&quot;,&quot;caption&quot;:&quot;&quot;,&quot;created_timestamp&quot;:&quot;1491734966&quot;,&quot;copyright&quot;:&quot;\\u00a9 Vincent Verger&quot;,&quot;focal_length&quot;:&quot;50&quot;,&quot;iso&quot;:&quot;100&quot;,&quot;shutter_speed&quot;:&quot;0.0003125&quot;,&quot;title&quot;:&quot;&quot;,&quot;orientation&quot;:&quot;0&quot;}\" data-image-title=\"20170409-IMG_3081\" data-image-description=\"\" data-image-caption=\"\" data-large-file=\"https:\/\/i0.wp.com\/vynz100photo.fr\/blog\/wp-content\/uploads\/2017\/05\/20170409-IMG_3081.jpg?fit=800%2C570&amp;ssl=1\" class=\"alignnone size-full wp-image-4327\" src=\"https:\/\/i0.wp.com\/vynz100photo.fr\/blog\/wp-content\/uploads\/2017\/05\/20170409-IMG_3081.jpg?resize=800%2C570&#038;ssl=1\" alt=\"\" width=\"800\" height=\"570\" srcset=\"https:\/\/i0.wp.com\/vynz100photo.fr\/blog\/wp-content\/uploads\/2017\/05\/20170409-IMG_3081.jpg?w=1024&amp;ssl=1 1024w, https:\/\/i0.wp.com\/vynz100photo.fr\/blog\/wp-content\/uploads\/2017\/05\/20170409-IMG_3081.jpg?resize=300%2C214&amp;ssl=1 300w, https:\/\/i0.wp.com\/vynz100photo.fr\/blog\/wp-content\/uploads\/2017\/05\/20170409-IMG_3081.jpg?resize=768%2C547&amp;ssl=1 768w, https:\/\/i0.wp.com\/vynz100photo.fr\/blog\/wp-content\/uploads\/2017\/05\/20170409-IMG_3081.jpg?resize=250%2C178&amp;ssl=1 250w\" sizes=\"auto, (max-width: 800px) 100vw, 800px\" \/> <img data-recalc-dims=\"1\" loading=\"lazy\" decoding=\"async\" data-attachment-id=\"4326\" data-permalink=\"https:\/\/vynz100photo.fr\/blog\/voyages\/voyage-en-terre-australe-lafrique-du-sud\/7-10-avril-dans-les-collines-de-citrusdal-cederberg\/20170409-img_3084\/\" data-orig-file=\"https:\/\/i0.wp.com\/vynz100photo.fr\/blog\/wp-content\/uploads\/2017\/05\/20170409-IMG_3084.jpg?fit=1024%2C682&amp;ssl=1\" data-orig-size=\"1024,682\" data-comments-opened=\"1\" data-image-meta=\"{&quot;aperture&quot;:&quot;2&quot;,&quot;credit&quot;:&quot;Vincent Verger&quot;,&quot;camera&quot;:&quot;Canon EOS 5D Mark II&quot;,&quot;caption&quot;:&quot;&quot;,&quot;created_timestamp&quot;:&quot;1491741886&quot;,&quot;copyright&quot;:&quot;\\u00a9 Vincent Verger&quot;,&quot;focal_length&quot;:&quot;135&quot;,&quot;iso&quot;:&quot;100&quot;,&quot;shutter_speed&quot;:&quot;0.0005&quot;,&quot;title&quot;:&quot;&quot;,&quot;orientation&quot;:&quot;0&quot;}\" data-image-title=\"20170409-IMG_3084\" data-image-description=\"\" data-image-caption=\"\" data-large-file=\"https:\/\/i0.wp.com\/vynz100photo.fr\/blog\/wp-content\/uploads\/2017\/05\/20170409-IMG_3084.jpg?fit=800%2C533&amp;ssl=1\" class=\"alignnone size-full wp-image-4326\" src=\"https:\/\/i0.wp.com\/vynz100photo.fr\/blog\/wp-content\/uploads\/2017\/05\/20170409-IMG_3084.jpg?resize=800%2C533&#038;ssl=1\" alt=\"\" width=\"800\" height=\"533\" srcset=\"https:\/\/i0.wp.com\/vynz100photo.fr\/blog\/wp-content\/uploads\/2017\/05\/20170409-IMG_3084.jpg?w=1024&amp;ssl=1 1024w, https:\/\/i0.wp.com\/vynz100photo.fr\/blog\/wp-content\/uploads\/2017\/05\/20170409-IMG_3084.jpg?resize=300%2C200&amp;ssl=1 300w, https:\/\/i0.wp.com\/vynz100photo.fr\/blog\/wp-content\/uploads\/2017\/05\/20170409-IMG_3084.jpg?resize=768%2C512&amp;ssl=1 768w, https:\/\/i0.wp.com\/vynz100photo.fr\/blog\/wp-content\/uploads\/2017\/05\/20170409-IMG_3084.jpg?resize=250%2C167&amp;ssl=1 250w\" sizes=\"auto, (max-width: 800px) 100vw, 800px\" \/> <img data-recalc-dims=\"1\" loading=\"lazy\" decoding=\"async\" data-attachment-id=\"4325\" data-permalink=\"https:\/\/vynz100photo.fr\/blog\/voyages\/voyage-en-terre-australe-lafrique-du-sud\/7-10-avril-dans-les-collines-de-citrusdal-cederberg\/20170409-img_3096\/\" data-orig-file=\"https:\/\/i0.wp.com\/vynz100photo.fr\/blog\/wp-content\/uploads\/2017\/05\/20170409-IMG_3096.jpg?fit=683%2C1024&amp;ssl=1\" data-orig-size=\"683,1024\" data-comments-opened=\"1\" data-image-meta=\"{&quot;aperture&quot;:&quot;2&quot;,&quot;credit&quot;:&quot;Vincent Verger&quot;,&quot;camera&quot;:&quot;Canon EOS 5D Mark II&quot;,&quot;caption&quot;:&quot;&quot;,&quot;created_timestamp&quot;:&quot;1491744942&quot;,&quot;copyright&quot;:&quot;\\u00a9 Vincent Verger&quot;,&quot;focal_length&quot;:&quot;50&quot;,&quot;iso&quot;:&quot;250&quot;,&quot;shutter_speed&quot;:&quot;0.02&quot;,&quot;title&quot;:&quot;&quot;,&quot;orientation&quot;:&quot;0&quot;}\" data-image-title=\"20170409-IMG_3096\" data-image-description=\"\" data-image-caption=\"\" data-large-file=\"https:\/\/i0.wp.com\/vynz100photo.fr\/blog\/wp-content\/uploads\/2017\/05\/20170409-IMG_3096.jpg?fit=683%2C1024&amp;ssl=1\" class=\"alignnone size-full wp-image-4325\" src=\"https:\/\/i0.wp.com\/vynz100photo.fr\/blog\/wp-content\/uploads\/2017\/05\/20170409-IMG_3096.jpg?resize=683%2C1024&#038;ssl=1\" alt=\"\" width=\"683\" height=\"1024\" srcset=\"https:\/\/i0.wp.com\/vynz100photo.fr\/blog\/wp-content\/uploads\/2017\/05\/20170409-IMG_3096.jpg?w=683&amp;ssl=1 683w, https:\/\/i0.wp.com\/vynz100photo.fr\/blog\/wp-content\/uploads\/2017\/05\/20170409-IMG_3096.jpg?resize=200%2C300&amp;ssl=1 200w, https:\/\/i0.wp.com\/vynz100photo.fr\/blog\/wp-content\/uploads\/2017\/05\/20170409-IMG_3096.jpg?resize=250%2C375&amp;ssl=1 250w\" sizes=\"auto, (max-width: 683px) 100vw, 683px\" \/> <img data-recalc-dims=\"1\" loading=\"lazy\" decoding=\"async\" data-attachment-id=\"4324\" data-permalink=\"https:\/\/vynz100photo.fr\/blog\/voyages\/voyage-en-terre-australe-lafrique-du-sud\/7-10-avril-dans-les-collines-de-citrusdal-cederberg\/20170409-img_3093\/\" data-orig-file=\"https:\/\/i0.wp.com\/vynz100photo.fr\/blog\/wp-content\/uploads\/2017\/05\/20170409-IMG_3093.jpg?fit=1024%2C683&amp;ssl=1\" data-orig-size=\"1024,683\" data-comments-opened=\"1\" data-image-meta=\"{&quot;aperture&quot;:&quot;6.3&quot;,&quot;credit&quot;:&quot;Vincent Verger&quot;,&quot;camera&quot;:&quot;Canon EOS 5D Mark II&quot;,&quot;caption&quot;:&quot;&quot;,&quot;created_timestamp&quot;:&quot;1491744615&quot;,&quot;copyright&quot;:&quot;\\u00a9 Vincent Verger&quot;,&quot;focal_length&quot;:&quot;50&quot;,&quot;iso&quot;:&quot;100&quot;,&quot;shutter_speed&quot;:&quot;0.005&quot;,&quot;title&quot;:&quot;&quot;,&quot;orientation&quot;:&quot;0&quot;}\" data-image-title=\"20170409-IMG_3093\" data-image-description=\"\" data-image-caption=\"\" data-large-file=\"https:\/\/i0.wp.com\/vynz100photo.fr\/blog\/wp-content\/uploads\/2017\/05\/20170409-IMG_3093.jpg?fit=800%2C534&amp;ssl=1\" class=\"alignnone size-full wp-image-4324\" src=\"https:\/\/i0.wp.com\/vynz100photo.fr\/blog\/wp-content\/uploads\/2017\/05\/20170409-IMG_3093.jpg?resize=800%2C534&#038;ssl=1\" alt=\"\" width=\"800\" height=\"534\" srcset=\"https:\/\/i0.wp.com\/vynz100photo.fr\/blog\/wp-content\/uploads\/2017\/05\/20170409-IMG_3093.jpg?w=1024&amp;ssl=1 1024w, https:\/\/i0.wp.com\/vynz100photo.fr\/blog\/wp-content\/uploads\/2017\/05\/20170409-IMG_3093.jpg?resize=300%2C200&amp;ssl=1 300w, https:\/\/i0.wp.com\/vynz100photo.fr\/blog\/wp-content\/uploads\/2017\/05\/20170409-IMG_3093.jpg?resize=768%2C512&amp;ssl=1 768w, https:\/\/i0.wp.com\/vynz100photo.fr\/blog\/wp-content\/uploads\/2017\/05\/20170409-IMG_3093.jpg?resize=250%2C167&amp;ssl=1 250w\" sizes=\"auto, (max-width: 800px) 100vw, 800px\" \/><\/p>\n<p style=\"text-align: justify;\">On repart pour une petite promenade tranquille, alors que la nuit tombe&#8230; Loulou est ravie!<\/p>\n<p style=\"text-align: justify;\"><img data-recalc-dims=\"1\" loading=\"lazy\" decoding=\"async\" data-attachment-id=\"4393\" data-permalink=\"https:\/\/vynz100photo.fr\/blog\/voyages\/voyage-en-terre-australe-lafrique-du-sud\/7-10-avril-dans-les-collines-de-citrusdal-cederberg\/20170409-img_3109\/\" data-orig-file=\"https:\/\/i0.wp.com\/vynz100photo.fr\/blog\/wp-content\/uploads\/2017\/05\/20170409-IMG_3109.jpg?fit=1024%2C683&amp;ssl=1\" data-orig-size=\"1024,683\" data-comments-opened=\"1\" data-image-meta=\"{&quot;aperture&quot;:&quot;2&quot;,&quot;credit&quot;:&quot;Vincent Verger&quot;,&quot;camera&quot;:&quot;Canon EOS 5D Mark II&quot;,&quot;caption&quot;:&quot;&quot;,&quot;created_timestamp&quot;:&quot;1491766679&quot;,&quot;copyright&quot;:&quot;\\u00a9 Vincent Verger&quot;,&quot;focal_length&quot;:&quot;35&quot;,&quot;iso&quot;:&quot;320&quot;,&quot;shutter_speed&quot;:&quot;0.005&quot;,&quot;title&quot;:&quot;&quot;,&quot;orientation&quot;:&quot;0&quot;}\" data-image-title=\"20170409-IMG_3109\" data-image-description=\"\" data-image-caption=\"\" data-large-file=\"https:\/\/i0.wp.com\/vynz100photo.fr\/blog\/wp-content\/uploads\/2017\/05\/20170409-IMG_3109.jpg?fit=800%2C534&amp;ssl=1\" class=\"size-full wp-image-4393 aligncenter\" src=\"https:\/\/i0.wp.com\/vynz100photo.fr\/blog\/wp-content\/uploads\/2017\/05\/20170409-IMG_3109.jpg?resize=800%2C534&#038;ssl=1\" alt=\"\" width=\"800\" height=\"534\" srcset=\"https:\/\/i0.wp.com\/vynz100photo.fr\/blog\/wp-content\/uploads\/2017\/05\/20170409-IMG_3109.jpg?w=1024&amp;ssl=1 1024w, https:\/\/i0.wp.com\/vynz100photo.fr\/blog\/wp-content\/uploads\/2017\/05\/20170409-IMG_3109.jpg?resize=300%2C200&amp;ssl=1 300w, https:\/\/i0.wp.com\/vynz100photo.fr\/blog\/wp-content\/uploads\/2017\/05\/20170409-IMG_3109.jpg?resize=768%2C512&amp;ssl=1 768w, https:\/\/i0.wp.com\/vynz100photo.fr\/blog\/wp-content\/uploads\/2017\/05\/20170409-IMG_3109.jpg?resize=250%2C167&amp;ssl=1 250w\" sizes=\"auto, (max-width: 800px) 100vw, 800px\" \/><img data-recalc-dims=\"1\" loading=\"lazy\" decoding=\"async\" data-attachment-id=\"4323\" data-permalink=\"https:\/\/vynz100photo.fr\/blog\/voyages\/voyage-en-terre-australe-lafrique-du-sud\/7-10-avril-dans-les-collines-de-citrusdal-cederberg\/20170409-img_3100\/\" data-orig-file=\"https:\/\/i0.wp.com\/vynz100photo.fr\/blog\/wp-content\/uploads\/2017\/05\/20170409-IMG_3100.jpg?fit=1024%2C629&amp;ssl=1\" data-orig-size=\"1024,629\" data-comments-opened=\"1\" data-image-meta=\"{&quot;aperture&quot;:&quot;2&quot;,&quot;credit&quot;:&quot;Vincent Verger&quot;,&quot;camera&quot;:&quot;Canon EOS 5D Mark II&quot;,&quot;caption&quot;:&quot;&quot;,&quot;created_timestamp&quot;:&quot;1491766256&quot;,&quot;copyright&quot;:&quot;\\u00a9 Vincent Verger&quot;,&quot;focal_length&quot;:&quot;35&quot;,&quot;iso&quot;:&quot;100&quot;,&quot;shutter_speed&quot;:&quot;0.0125&quot;,&quot;title&quot;:&quot;&quot;,&quot;orientation&quot;:&quot;0&quot;}\" data-image-title=\"20170409-IMG_3100\" data-image-description=\"\" data-image-caption=\"\" data-large-file=\"https:\/\/i0.wp.com\/vynz100photo.fr\/blog\/wp-content\/uploads\/2017\/05\/20170409-IMG_3100.jpg?fit=800%2C491&amp;ssl=1\" class=\" wp-image-4323 aligncenter\" src=\"https:\/\/i0.wp.com\/vynz100photo.fr\/blog\/wp-content\/uploads\/2017\/05\/20170409-IMG_3100.jpg?resize=800%2C491&#038;ssl=1\" alt=\"\" width=\"800\" height=\"491\" srcset=\"https:\/\/i0.wp.com\/vynz100photo.fr\/blog\/wp-content\/uploads\/2017\/05\/20170409-IMG_3100.jpg?w=1024&amp;ssl=1 1024w, https:\/\/i0.wp.com\/vynz100photo.fr\/blog\/wp-content\/uploads\/2017\/05\/20170409-IMG_3100.jpg?resize=300%2C184&amp;ssl=1 300w, https:\/\/i0.wp.com\/vynz100photo.fr\/blog\/wp-content\/uploads\/2017\/05\/20170409-IMG_3100.jpg?resize=768%2C472&amp;ssl=1 768w, https:\/\/i0.wp.com\/vynz100photo.fr\/blog\/wp-content\/uploads\/2017\/05\/20170409-IMG_3100.jpg?resize=250%2C154&amp;ssl=1 250w\" sizes=\"auto, (max-width: 800px) 100vw, 800px\" \/> <img data-recalc-dims=\"1\" loading=\"lazy\" decoding=\"async\" data-attachment-id=\"4322\" data-permalink=\"https:\/\/vynz100photo.fr\/blog\/voyages\/voyage-en-terre-australe-lafrique-du-sud\/7-10-avril-dans-les-collines-de-citrusdal-cederberg\/20170409-img_3128\/\" data-orig-file=\"https:\/\/i0.wp.com\/vynz100photo.fr\/blog\/wp-content\/uploads\/2017\/05\/20170409-IMG_3128.jpg?fit=683%2C1024&amp;ssl=1\" data-orig-size=\"683,1024\" data-comments-opened=\"1\" data-image-meta=\"{&quot;aperture&quot;:&quot;2&quot;,&quot;credit&quot;:&quot;Vincent Verger&quot;,&quot;camera&quot;:&quot;Canon EOS 5D Mark II&quot;,&quot;caption&quot;:&quot;&quot;,&quot;created_timestamp&quot;:&quot;1491767606&quot;,&quot;copyright&quot;:&quot;\\u00a9 Vincent Verger&quot;,&quot;focal_length&quot;:&quot;35&quot;,&quot;iso&quot;:&quot;500&quot;,&quot;shutter_speed&quot;:&quot;0.033333333333333&quot;,&quot;title&quot;:&quot;&quot;,&quot;orientation&quot;:&quot;0&quot;}\" data-image-title=\"20170409-IMG_3128\" data-image-description=\"\" data-image-caption=\"\" data-large-file=\"https:\/\/i0.wp.com\/vynz100photo.fr\/blog\/wp-content\/uploads\/2017\/05\/20170409-IMG_3128.jpg?fit=683%2C1024&amp;ssl=1\" class=\"size-full wp-image-4322 aligncenter\" src=\"https:\/\/i0.wp.com\/vynz100photo.fr\/blog\/wp-content\/uploads\/2017\/05\/20170409-IMG_3128.jpg?resize=683%2C1024&#038;ssl=1\" alt=\"\" width=\"683\" height=\"1024\" srcset=\"https:\/\/i0.wp.com\/vynz100photo.fr\/blog\/wp-content\/uploads\/2017\/05\/20170409-IMG_3128.jpg?w=683&amp;ssl=1 683w, https:\/\/i0.wp.com\/vynz100photo.fr\/blog\/wp-content\/uploads\/2017\/05\/20170409-IMG_3128.jpg?resize=200%2C300&amp;ssl=1 200w, https:\/\/i0.wp.com\/vynz100photo.fr\/blog\/wp-content\/uploads\/2017\/05\/20170409-IMG_3128.jpg?resize=250%2C375&amp;ssl=1 250w\" sizes=\"auto, (max-width: 683px) 100vw, 683px\" \/> <img data-recalc-dims=\"1\" loading=\"lazy\" decoding=\"async\" data-attachment-id=\"4321\" data-permalink=\"https:\/\/vynz100photo.fr\/blog\/voyages\/voyage-en-terre-australe-lafrique-du-sud\/7-10-avril-dans-les-collines-de-citrusdal-cederberg\/20170409-img_3117\/\" data-orig-file=\"https:\/\/i0.wp.com\/vynz100photo.fr\/blog\/wp-content\/uploads\/2017\/05\/20170409-IMG_3117.jpg?fit=1024%2C683&amp;ssl=1\" data-orig-size=\"1024,683\" data-comments-opened=\"1\" data-image-meta=\"{&quot;aperture&quot;:&quot;2&quot;,&quot;credit&quot;:&quot;Vincent Verger&quot;,&quot;camera&quot;:&quot;Canon EOS 5D Mark II&quot;,&quot;caption&quot;:&quot;&quot;,&quot;created_timestamp&quot;:&quot;1491766952&quot;,&quot;copyright&quot;:&quot;\\u00a9 Vincent Verger&quot;,&quot;focal_length&quot;:&quot;35&quot;,&quot;iso&quot;:&quot;500&quot;,&quot;shutter_speed&quot;:&quot;0.0125&quot;,&quot;title&quot;:&quot;&quot;,&quot;orientation&quot;:&quot;0&quot;}\" data-image-title=\"20170409-IMG_3117\" data-image-description=\"\" data-image-caption=\"\" data-large-file=\"https:\/\/i0.wp.com\/vynz100photo.fr\/blog\/wp-content\/uploads\/2017\/05\/20170409-IMG_3117.jpg?fit=800%2C534&amp;ssl=1\" class=\"size-full wp-image-4321 aligncenter\" src=\"https:\/\/i0.wp.com\/vynz100photo.fr\/blog\/wp-content\/uploads\/2017\/05\/20170409-IMG_3117.jpg?resize=800%2C534&#038;ssl=1\" alt=\"\" width=\"800\" height=\"534\" srcset=\"https:\/\/i0.wp.com\/vynz100photo.fr\/blog\/wp-content\/uploads\/2017\/05\/20170409-IMG_3117.jpg?w=1024&amp;ssl=1 1024w, https:\/\/i0.wp.com\/vynz100photo.fr\/blog\/wp-content\/uploads\/2017\/05\/20170409-IMG_3117.jpg?resize=300%2C200&amp;ssl=1 300w, https:\/\/i0.wp.com\/vynz100photo.fr\/blog\/wp-content\/uploads\/2017\/05\/20170409-IMG_3117.jpg?resize=768%2C512&amp;ssl=1 768w, https:\/\/i0.wp.com\/vynz100photo.fr\/blog\/wp-content\/uploads\/2017\/05\/20170409-IMG_3117.jpg?resize=250%2C167&amp;ssl=1 250w\" sizes=\"auto, (max-width: 800px) 100vw, 800px\" \/> <img data-recalc-dims=\"1\" loading=\"lazy\" decoding=\"async\" data-attachment-id=\"4320\" data-permalink=\"https:\/\/vynz100photo.fr\/blog\/voyages\/voyage-en-terre-australe-lafrique-du-sud\/7-10-avril-dans-les-collines-de-citrusdal-cederberg\/20170409-img_3137\/\" data-orig-file=\"https:\/\/i0.wp.com\/vynz100photo.fr\/blog\/wp-content\/uploads\/2017\/05\/20170409-IMG_3137.jpg?fit=683%2C1024&amp;ssl=1\" data-orig-size=\"683,1024\" data-comments-opened=\"1\" data-image-meta=\"{&quot;aperture&quot;:&quot;2&quot;,&quot;credit&quot;:&quot;Vincent Verger&quot;,&quot;camera&quot;:&quot;Canon EOS 5D Mark II&quot;,&quot;caption&quot;:&quot;&quot;,&quot;created_timestamp&quot;:&quot;1491767813&quot;,&quot;copyright&quot;:&quot;\\u00a9 Vincent Verger&quot;,&quot;focal_length&quot;:&quot;35&quot;,&quot;iso&quot;:&quot;1000&quot;,&quot;shutter_speed&quot;:&quot;0.04&quot;,&quot;title&quot;:&quot;&quot;,&quot;orientation&quot;:&quot;0&quot;}\" data-image-title=\"20170409-IMG_3137\" data-image-description=\"\" data-image-caption=\"\" data-large-file=\"https:\/\/i0.wp.com\/vynz100photo.fr\/blog\/wp-content\/uploads\/2017\/05\/20170409-IMG_3137.jpg?fit=683%2C1024&amp;ssl=1\" class=\"size-full wp-image-4320 aligncenter\" src=\"https:\/\/i0.wp.com\/vynz100photo.fr\/blog\/wp-content\/uploads\/2017\/05\/20170409-IMG_3137.jpg?resize=683%2C1024&#038;ssl=1\" alt=\"\" width=\"683\" height=\"1024\" srcset=\"https:\/\/i0.wp.com\/vynz100photo.fr\/blog\/wp-content\/uploads\/2017\/05\/20170409-IMG_3137.jpg?w=683&amp;ssl=1 683w, https:\/\/i0.wp.com\/vynz100photo.fr\/blog\/wp-content\/uploads\/2017\/05\/20170409-IMG_3137.jpg?resize=200%2C300&amp;ssl=1 200w, https:\/\/i0.wp.com\/vynz100photo.fr\/blog\/wp-content\/uploads\/2017\/05\/20170409-IMG_3137.jpg?resize=250%2C375&amp;ssl=1 250w\" sizes=\"auto, (max-width: 683px) 100vw, 683px\" \/><\/p>\n<p style=\"text-align: justify;\">On se fait des cr\u00eapes dans le noir (pas facile), avec une po\u00eale en fonte qui p\u00e8se une tonne, mais au final on a ce que l&rsquo;on cherchait. Avec du miel de citron local, de la cr\u00e8me de citron maison, c&rsquo;est parfait!<\/p>\n<p style=\"text-align: justify;\"><img data-recalc-dims=\"1\" loading=\"lazy\" decoding=\"async\" data-attachment-id=\"4380\" data-permalink=\"https:\/\/vynz100photo.fr\/blog\/voyages\/voyage-en-terre-australe-lafrique-du-sud\/7-10-avril-dans-les-collines-de-citrusdal-cederberg\/20170409-img_3166\/\" data-orig-file=\"https:\/\/i0.wp.com\/vynz100photo.fr\/blog\/wp-content\/uploads\/2017\/05\/20170409-IMG_3166.jpg?fit=683%2C1024&amp;ssl=1\" data-orig-size=\"683,1024\" data-comments-opened=\"1\" data-image-meta=\"{&quot;aperture&quot;:&quot;2&quot;,&quot;credit&quot;:&quot;Vincent Verger&quot;,&quot;camera&quot;:&quot;Canon EOS 5D Mark II&quot;,&quot;caption&quot;:&quot;&quot;,&quot;created_timestamp&quot;:&quot;1491773495&quot;,&quot;copyright&quot;:&quot;\\u00a9 Vincent Verger&quot;,&quot;focal_length&quot;:&quot;35&quot;,&quot;iso&quot;:&quot;3200&quot;,&quot;shutter_speed&quot;:&quot;0.16666666666667&quot;,&quot;title&quot;:&quot;&quot;,&quot;orientation&quot;:&quot;0&quot;}\" data-image-title=\"20170409-IMG_3166\" data-image-description=\"\" data-image-caption=\"\" data-large-file=\"https:\/\/i0.wp.com\/vynz100photo.fr\/blog\/wp-content\/uploads\/2017\/05\/20170409-IMG_3166.jpg?fit=683%2C1024&amp;ssl=1\" class=\"size-full wp-image-4380 aligncenter\" src=\"https:\/\/i0.wp.com\/vynz100photo.fr\/blog\/wp-content\/uploads\/2017\/05\/20170409-IMG_3166.jpg?resize=683%2C1024&#038;ssl=1\" alt=\"\" width=\"683\" height=\"1024\" srcset=\"https:\/\/i0.wp.com\/vynz100photo.fr\/blog\/wp-content\/uploads\/2017\/05\/20170409-IMG_3166.jpg?w=683&amp;ssl=1 683w, https:\/\/i0.wp.com\/vynz100photo.fr\/blog\/wp-content\/uploads\/2017\/05\/20170409-IMG_3166.jpg?resize=200%2C300&amp;ssl=1 200w, https:\/\/i0.wp.com\/vynz100photo.fr\/blog\/wp-content\/uploads\/2017\/05\/20170409-IMG_3166.jpg?resize=250%2C375&amp;ssl=1 250w\" sizes=\"auto, (max-width: 683px) 100vw, 683px\" \/><\/p>\n<h2 style=\"text-align: justify;\"><span style=\"color: #ff6600;\">Lundi 10 avril 2017 &#8211; en route vers l&rsquo;est<\/span><\/h2>\n<p>Au r\u00e9veil, on retrouve une copine qui s&rsquo;\u00e9tait cach\u00e9e pendant quelques jours&#8230; ouf, on s&rsquo;inqui\u00e9tait!<\/p>\n<p><img data-recalc-dims=\"1\" loading=\"lazy\" decoding=\"async\" data-attachment-id=\"4379\" data-permalink=\"https:\/\/vynz100photo.fr\/blog\/voyages\/voyage-en-terre-australe-lafrique-du-sud\/7-10-avril-dans-les-collines-de-citrusdal-cederberg\/20170410-img_3172\/\" data-orig-file=\"https:\/\/i0.wp.com\/vynz100photo.fr\/blog\/wp-content\/uploads\/2017\/05\/20170410-IMG_3172.jpg?fit=683%2C1024&amp;ssl=1\" data-orig-size=\"683,1024\" data-comments-opened=\"1\" data-image-meta=\"{&quot;aperture&quot;:&quot;2&quot;,&quot;credit&quot;:&quot;Vincent Verger&quot;,&quot;camera&quot;:&quot;Canon EOS 5D Mark II&quot;,&quot;caption&quot;:&quot;&quot;,&quot;created_timestamp&quot;:&quot;1491816372&quot;,&quot;copyright&quot;:&quot;\\u00a9 Vincent Verger&quot;,&quot;focal_length&quot;:&quot;50&quot;,&quot;iso&quot;:&quot;400&quot;,&quot;shutter_speed&quot;:&quot;0.01&quot;,&quot;title&quot;:&quot;&quot;,&quot;orientation&quot;:&quot;0&quot;}\" data-image-title=\"20170410-IMG_3172\" data-image-description=\"\" data-image-caption=\"\" data-large-file=\"https:\/\/i0.wp.com\/vynz100photo.fr\/blog\/wp-content\/uploads\/2017\/05\/20170410-IMG_3172.jpg?fit=683%2C1024&amp;ssl=1\" class=\"alignnone size-full wp-image-4379 aligncenter\" src=\"https:\/\/i0.wp.com\/vynz100photo.fr\/blog\/wp-content\/uploads\/2017\/05\/20170410-IMG_3172.jpg?resize=683%2C1024&#038;ssl=1\" alt=\"\" width=\"683\" height=\"1024\" srcset=\"https:\/\/i0.wp.com\/vynz100photo.fr\/blog\/wp-content\/uploads\/2017\/05\/20170410-IMG_3172.jpg?w=683&amp;ssl=1 683w, https:\/\/i0.wp.com\/vynz100photo.fr\/blog\/wp-content\/uploads\/2017\/05\/20170410-IMG_3172.jpg?resize=200%2C300&amp;ssl=1 200w, https:\/\/i0.wp.com\/vynz100photo.fr\/blog\/wp-content\/uploads\/2017\/05\/20170410-IMG_3172.jpg?resize=250%2C375&amp;ssl=1 250w\" sizes=\"auto, (max-width: 683px) 100vw, 683px\" \/> <img data-recalc-dims=\"1\" loading=\"lazy\" decoding=\"async\" data-attachment-id=\"4378\" data-permalink=\"https:\/\/vynz100photo.fr\/blog\/voyages\/voyage-en-terre-australe-lafrique-du-sud\/7-10-avril-dans-les-collines-de-citrusdal-cederberg\/20170410-img_3184\/\" data-orig-file=\"https:\/\/i0.wp.com\/vynz100photo.fr\/blog\/wp-content\/uploads\/2017\/05\/20170410-IMG_3184.jpg?fit=1024%2C831&amp;ssl=1\" data-orig-size=\"1024,831\" data-comments-opened=\"1\" data-image-meta=\"{&quot;aperture&quot;:&quot;2.2&quot;,&quot;credit&quot;:&quot;Vincent Verger&quot;,&quot;camera&quot;:&quot;Canon EOS 5D Mark II&quot;,&quot;caption&quot;:&quot;&quot;,&quot;created_timestamp&quot;:&quot;1491816582&quot;,&quot;copyright&quot;:&quot;\\u00a9 Vincent Verger&quot;,&quot;focal_length&quot;:&quot;50&quot;,&quot;iso&quot;:&quot;1000&quot;,&quot;shutter_speed&quot;:&quot;0.01&quot;,&quot;title&quot;:&quot;&quot;,&quot;orientation&quot;:&quot;0&quot;}\" data-image-title=\"20170410-IMG_3184\" data-image-description=\"\" data-image-caption=\"\" data-large-file=\"https:\/\/i0.wp.com\/vynz100photo.fr\/blog\/wp-content\/uploads\/2017\/05\/20170410-IMG_3184.jpg?fit=800%2C649&amp;ssl=1\" class=\"alignnone size-full wp-image-4378 aligncenter\" src=\"https:\/\/i0.wp.com\/vynz100photo.fr\/blog\/wp-content\/uploads\/2017\/05\/20170410-IMG_3184.jpg?resize=800%2C649&#038;ssl=1\" alt=\"\" width=\"800\" height=\"649\" srcset=\"https:\/\/i0.wp.com\/vynz100photo.fr\/blog\/wp-content\/uploads\/2017\/05\/20170410-IMG_3184.jpg?w=1024&amp;ssl=1 1024w, https:\/\/i0.wp.com\/vynz100photo.fr\/blog\/wp-content\/uploads\/2017\/05\/20170410-IMG_3184.jpg?resize=300%2C243&amp;ssl=1 300w, https:\/\/i0.wp.com\/vynz100photo.fr\/blog\/wp-content\/uploads\/2017\/05\/20170410-IMG_3184.jpg?resize=768%2C623&amp;ssl=1 768w, https:\/\/i0.wp.com\/vynz100photo.fr\/blog\/wp-content\/uploads\/2017\/05\/20170410-IMG_3184.jpg?resize=250%2C203&amp;ssl=1 250w\" sizes=\"auto, (max-width: 800px) 100vw, 800px\" \/><\/p>\n<p>C&rsquo;est pass\u00e9 trop vite&#8230; il est temps de partir&#8230; direction la petite bourgade de MacGregor, o\u00f9 nous avons lou\u00e9 une maison. On passe par des montagnes, par le village de C\u00e9r\u00e8s, normalement ce sera pas mal!<\/p>\n","protected":false},"excerpt":{"rendered":"<p>Vendredi 7 avril 2017 &#8211; l&rsquo;arriv\u00e9e Apr\u00e8s 9h30 de vol (Qatar Airways, le plus court), on arrive enfin \u00e0 l&rsquo;a\u00e9roport de Capetown (ou Le Cap). Le temps de passer les formalit\u00e9s administratives, de prendre la voiture de location (qui est plus petite que pr\u00e9vue et donc tr\u00e8s bien remplie), et c&rsquo;est parti! Cap au nord [&hellip;]<\/p>\n","protected":false},"author":1,"featured_media":0,"parent":4310,"menu_order":1,"comment_status":"closed","ping_status":"closed","template":"full-width-page.php","meta":{"_mo_disable_npp":"","jetpack_post_was_ever_published":false,"footnotes":""},"class_list":["post-4319","page","type-page","status-publish","hentry"],"jetpack_sharing_enabled":true,"jetpack_shortlink":"https:\/\/wp.me\/P3QNY7-17F","jetpack_likes_enabled":true,"jetpack-related-posts":[{"id":4310,"url":"https:\/\/vynz100photo.fr\/blog\/voyages\/voyage-en-terre-australe-lafrique-du-sud\/","url_meta":{"origin":4319,"position":0},"title":"Voyage en terre australe: l&rsquo;Afrique du Sud","author":"Vincent","date":"28 mai 2017","format":false,"excerpt":"7 au 21 avril 2017 - Province du Cap Occidental \u00a0 Nous avons choisi une destination lointaine et verdoyante pour ces vacances d'avril... L'Afrique du Sud \u00e9tant un pays particuli\u00e8rement gigantesque, nous nous sommes cantonn\u00e9s pour ces 15 jours \u00e0 la Province du Cap Occidental, qui conjugue \u00e0 la fois\u2026","rel":"","context":"Article similaire","block_context":{"text":"Article similaire","link":""},"img":{"alt_text":"","src":"https:\/\/i0.wp.com\/vynz100photo.fr\/blog\/wp-content\/uploads\/2017\/05\/20170412-IMG_3481.jpg?fit=1024%2C683&ssl=1&resize=350%2C200","width":350,"height":200,"srcset":"https:\/\/i0.wp.com\/vynz100photo.fr\/blog\/wp-content\/uploads\/2017\/05\/20170412-IMG_3481.jpg?fit=1024%2C683&ssl=1&resize=350%2C200 1x, https:\/\/i0.wp.com\/vynz100photo.fr\/blog\/wp-content\/uploads\/2017\/05\/20170412-IMG_3481.jpg?fit=1024%2C683&ssl=1&resize=525%2C300 1.5x, https:\/\/i0.wp.com\/vynz100photo.fr\/blog\/wp-content\/uploads\/2017\/05\/20170412-IMG_3481.jpg?fit=1024%2C683&ssl=1&resize=700%2C400 2x"},"classes":[]},{"id":4753,"url":"https:\/\/vynz100photo.fr\/blog\/un-depart-mouvemente-15-avril\/","url_meta":{"origin":4319,"position":1},"title":"Un d\u00e9part mouvement\u00e9 (15-16 avril)","author":"Vincent","date":"28 avril 2019","format":false,"excerpt":"La voiture \u00e9tait d\u00e9j\u00e0 r\u00e9serv\u00e9e, la mat\u00e9riel de camping achet\u00e9, bref, on \u00e9tait super pr\u00eats... ce qui n'est pas habituel! On a notre v\u00e9hicule \u00e0 10h du matin, ce qui veut dire que si on roule bien, on est dans la soir\u00e9e pas tr\u00e8s loin des Smoky Moutains, notre premi\u00e8re\u2026","rel":"","context":"Article similaire","block_context":{"text":"Article similaire","link":""},"img":{"alt_text":"","src":"https:\/\/i0.wp.com\/vynz100photo.fr\/blog\/wp-content\/uploads\/2019\/04\/20190415-IMG_9738.jpg?fit=1024%2C683&ssl=1&resize=350%2C200","width":350,"height":200,"srcset":"https:\/\/i0.wp.com\/vynz100photo.fr\/blog\/wp-content\/uploads\/2019\/04\/20190415-IMG_9738.jpg?fit=1024%2C683&ssl=1&resize=350%2C200 1x, https:\/\/i0.wp.com\/vynz100photo.fr\/blog\/wp-content\/uploads\/2019\/04\/20190415-IMG_9738.jpg?fit=1024%2C683&ssl=1&resize=525%2C300 1.5x, https:\/\/i0.wp.com\/vynz100photo.fr\/blog\/wp-content\/uploads\/2019\/04\/20190415-IMG_9738.jpg?fit=1024%2C683&ssl=1&resize=700%2C400 2x"},"classes":[]},{"id":1777,"url":"https:\/\/vynz100photo.fr\/blog\/voyages\/armenie-aux-confins-de-leurope\/","url_meta":{"origin":4319,"position":2},"title":"Arm\u00e9nie, aux confins de l&rsquo;Europe&#8230; et de l&rsquo;Asie!","author":"Vincent","date":"19 novembre 2013","format":false,"excerpt":"20 avril 2012 - 3 mai 2012 Quelle destination \"exotique\"? On a d\u00e9j\u00e0 visit\u00e9 l'Afrique (Tanzanie), le Liban (Beyrouth et Byblos), Oman (\u00e0 plusieurs reprises), les Emirats, le N\u00e9pal... du coup, on h\u00e9site entre la Jordanie et... on ne sait pas trop quoi. \u00a0 Un souvenir nous revient en m\u00e9moire:\u2026","rel":"","context":"Article similaire","block_context":{"text":"Article similaire","link":""},"img":{"alt_text":"28042012-IMG_3469","src":"https:\/\/i0.wp.com\/vynz100photo.fr\/blog\/wp-content\/uploads\/2013\/11\/28042012-IMG_3469.jpg?resize=350%2C200","width":350,"height":200,"srcset":"https:\/\/i0.wp.com\/vynz100photo.fr\/blog\/wp-content\/uploads\/2013\/11\/28042012-IMG_3469.jpg?resize=350%2C200 1x, https:\/\/i0.wp.com\/vynz100photo.fr\/blog\/wp-content\/uploads\/2013\/11\/28042012-IMG_3469.jpg?resize=525%2C300 1.5x, https:\/\/i0.wp.com\/vynz100photo.fr\/blog\/wp-content\/uploads\/2013\/11\/28042012-IMG_3469.jpg?resize=700%2C400 2x"},"classes":[]},{"id":941,"url":"https:\/\/vynz100photo.fr\/blog\/voyages\/japon-hokkaido\/pause-a-ashibetsu-15-juillet\/","url_meta":{"origin":4319,"position":3},"title":"Pause \u00e0 Ashibetsu (15 juillet)","author":"Vincent","date":"15 ao\u00fbt 2013","format":false,"excerpt":"Ouf, le camping est parfait: grand, ombrag\u00e9, avec douches et machine \u00e0 laver, des prises \u00e9lectriques pour recharger les batteries des appareils photos, et le meilleur: il est vide d\u00e8s que le week-end se termine... Ce soir-l\u00e0, les filles se font plein de copains: les enfants ont des filets \u00e0\u2026","rel":"","context":"Article similaire","block_context":{"text":"Article similaire","link":""},"img":{"alt_text":"ashibetsu","src":"https:\/\/i0.wp.com\/vynz100photo.fr\/blog\/wp-content\/uploads\/2013\/08\/ashibetsu-1024x770.jpg?resize=350%2C200","width":350,"height":200,"srcset":"https:\/\/i0.wp.com\/vynz100photo.fr\/blog\/wp-content\/uploads\/2013\/08\/ashibetsu-1024x770.jpg?resize=350%2C200 1x, https:\/\/i0.wp.com\/vynz100photo.fr\/blog\/wp-content\/uploads\/2013\/08\/ashibetsu-1024x770.jpg?resize=525%2C300 1.5x, https:\/\/i0.wp.com\/vynz100photo.fr\/blog\/wp-content\/uploads\/2013\/08\/ashibetsu-1024x770.jpg?resize=700%2C400 2x"},"classes":[]},{"id":1804,"url":"https:\/\/vynz100photo.fr\/blog\/voyages\/au-pays-du-matin-calme-voyage-en-coree-du-sud-avril-mai-2013\/","url_meta":{"origin":4319,"position":4},"title":"Au pays du matin calme, voyage en Cor\u00e9e du Sud (avril-mai 2013)","author":"Vincent","date":"21 novembre 2013","format":false,"excerpt":"A venir... \u00a0 Nous sommes partis visiter un pays peu connu mais attachant, la Cor\u00e9e du Sud. Au menu, S\u00e9oul bien s\u00fbr, mais aussi Busan, la c\u00f4te sud et les temples du centre du pays...","rel":"","context":"Article similaire","block_context":{"text":"Article similaire","link":""},"img":{"alt_text":"","src":"https:\/\/i0.wp.com\/vynz100photo.fr\/blog\/wp-content\/uploads\/2013\/11\/20130424-IMG_8621.jpg?fit=1024%2C683&ssl=1&resize=350%2C200","width":350,"height":200,"srcset":"https:\/\/i0.wp.com\/vynz100photo.fr\/blog\/wp-content\/uploads\/2013\/11\/20130424-IMG_8621.jpg?fit=1024%2C683&ssl=1&resize=350%2C200 1x, https:\/\/i0.wp.com\/vynz100photo.fr\/blog\/wp-content\/uploads\/2013\/11\/20130424-IMG_8621.jpg?fit=1024%2C683&ssl=1&resize=525%2C300 1.5x, https:\/\/i0.wp.com\/vynz100photo.fr\/blog\/wp-content\/uploads\/2013\/11\/20130424-IMG_8621.jpg?fit=1024%2C683&ssl=1&resize=700%2C400 2x"},"classes":[]},{"id":4748,"url":"https:\/\/vynz100photo.fr\/blog\/15-25-avril-2019-en-route-vers-deep-south\/","url_meta":{"origin":4319,"position":5},"title":"15-25 avril 2019 &#8211; En route vers le Deep South!","author":"Vincent","date":"28 avril 2019","format":false,"excerpt":"Un voyage en voiture qui nous fera traverser plusieurs Etats, de l'Illinois \u00e0 la G\u00e9orgie, en passant par l'Indiana, le Kentucky, le Tennessee, la Caroline du Nord et la Caroline du Sud! Au programme, un long trajet un peu contrari\u00e9 pour une premi\u00e8re pause nature dans les Smoky Mountains, \u00e0\u2026","rel":"","context":"Article similaire","block_context":{"text":"Article similaire","link":""},"img":{"alt_text":"","src":"","width":0,"height":0},"classes":[]}],"_links":{"self":[{"href":"https:\/\/vynz100photo.fr\/blog\/wp-json\/wp\/v2\/pages\/4319","targetHints":{"allow":["GET"]}}],"collection":[{"href":"https:\/\/vynz100photo.fr\/blog\/wp-json\/wp\/v2\/pages"}],"about":[{"href":"https:\/\/vynz100photo.fr\/blog\/wp-json\/wp\/v2\/types\/page"}],"author":[{"embeddable":true,"href":"https:\/\/vynz100photo.fr\/blog\/wp-json\/wp\/v2\/users\/1"}],"replies":[{"embeddable":true,"href":"https:\/\/vynz100photo.fr\/blog\/wp-json\/wp\/v2\/comments?post=4319"}],"version-history":[{"count":0,"href":"https:\/\/vynz100photo.fr\/blog\/wp-json\/wp\/v2\/pages\/4319\/revisions"}],"up":[{"embeddable":true,"href":"https:\/\/vynz100photo.fr\/blog\/wp-json\/wp\/v2\/pages\/4310"}],"wp:attachment":[{"href":"https:\/\/vynz100photo.fr\/blog\/wp-json\/wp\/v2\/media?parent=4319"}],"curies":[{"name":"wp","href":"https:\/\/api.w.org\/{rel}","templated":true}]}}