{"id":1804,"date":"2013-11-21T11:00:20","date_gmt":"2013-11-21T03:00:20","guid":{"rendered":"http:\/\/vynz100photo.fr\/blog\/?page_id=1804"},"modified":"2014-05-13T09:04:38","modified_gmt":"2014-05-13T01:04:38","slug":"au-pays-du-matin-calme-voyage-en-coree-du-sud-avril-mai-2013","status":"publish","type":"page","link":"https:\/\/vynz100photo.fr\/blog\/voyages\/au-pays-du-matin-calme-voyage-en-coree-du-sud-avril-mai-2013\/","title":{"rendered":"Au pays du matin calme, voyage en Cor\u00e9e du Sud (avril-mai 2013)"},"content":{"rendered":"\n<p>A venir&#8230;<\/p>\n<p>&nbsp;<\/p>\n<p>Nous sommes partis visiter un pays peu connu mais attachant, la Cor\u00e9e du Sud. Au menu, S\u00e9oul bien s\u00fbr, mais aussi Busan, la c\u00f4te sud et les temples du centre du pays&#8230;<\/p>\n","protected":false},"excerpt":{"rendered":"<p>A venir&#8230; &nbsp; Nous sommes partis visiter un pays peu connu mais attachant, la Cor\u00e9e du Sud. Au menu, S\u00e9oul bien s\u00fbr, mais aussi Busan, la c\u00f4te sud et les temples du centre du pays&#8230;<\/p>\n","protected":false},"author":1,"featured_media":2884,"parent":624,"menu_order":0,"comment_status":"open","ping_status":"open","template":"","meta":{"_mo_disable_npp":"","jetpack_post_was_ever_published":false,"footnotes":""},"class_list":["post-1804","page","type-page","status-publish","has-post-thumbnail","hentry"],"jetpack_sharing_enabled":true,"jetpack_shortlink":"https:\/\/wp.me\/P3QNY7-t6","jetpack_likes_enabled":true,"jetpack-related-posts":[{"id":628,"url":"https:\/\/vynz100photo.fr\/blog\/voyages\/coree-du-sud\/","url_meta":{"origin":1804,"position":0},"title":"Cor\u00e9e du Sud","author":"Vincent","date":"3 ao\u00fbt 2013","format":false,"excerpt":"En avril 2013, nous avons pass\u00e9 deux semaines en Cor\u00e9e du Sud... Au menu, temples, restaurants, balades en for\u00eat...","rel":"","context":"Article similaire","block_context":{"text":"Article similaire","link":""},"img":{"alt_text":"","src":"","width":0,"height":0},"classes":[]},{"id":624,"url":"https:\/\/vynz100photo.fr\/blog\/voyages\/","url_meta":{"origin":1804,"position":1},"title":"Nos voyages","author":"Vincent","date":"3 ao\u00fbt 2013","format":false,"excerpt":"Nous avons fait quelques voyages ces derni\u00e8res ann\u00e9es, peut-\u00eatre que cela peut vous int\u00e9resser... Nous vivons actuellement en Chine, \u00e0 Shanghai... apr\u00e8s avoir visit\u00e9 diff\u00e9rentes villes, comme Beijing, Tongli, Hangzhou, Suzhou, Xiamen, il est temps de vous faire partager quelques aspects de cet immense pays que nous commen\u00e7ons tout juste\u2026","rel":"","context":"Article similaire","block_context":{"text":"Article similaire","link":""},"img":{"alt_text":"","src":"","width":0,"height":0},"classes":[]},{"id":4310,"url":"https:\/\/vynz100photo.fr\/blog\/voyages\/voyage-en-terre-australe-lafrique-du-sud\/","url_meta":{"origin":1804,"position":2},"title":"Voyage en terre australe: l&rsquo;Afrique du Sud","author":"Vincent","date":"28 mai 2017","format":false,"excerpt":"7 au 21 avril 2017 - Province du Cap Occidental \u00a0 Nous avons choisi une destination lointaine et verdoyante pour ces vacances d'avril... L'Afrique du Sud \u00e9tant un pays particuli\u00e8rement gigantesque, nous nous sommes cantonn\u00e9s pour ces 15 jours \u00e0 la Province du Cap Occidental, qui conjugue \u00e0 la fois\u2026","rel":"","context":"Article similaire","block_context":{"text":"Article similaire","link":""},"img":{"alt_text":"","src":"https:\/\/i0.wp.com\/vynz100photo.fr\/blog\/wp-content\/uploads\/2017\/05\/20170412-IMG_3481.jpg?fit=1024%2C683&ssl=1&resize=350%2C200","width":350,"height":200,"srcset":"https:\/\/i0.wp.com\/vynz100photo.fr\/blog\/wp-content\/uploads\/2017\/05\/20170412-IMG_3481.jpg?fit=1024%2C683&ssl=1&resize=350%2C200 1x, https:\/\/i0.wp.com\/vynz100photo.fr\/blog\/wp-content\/uploads\/2017\/05\/20170412-IMG_3481.jpg?fit=1024%2C683&ssl=1&resize=525%2C300 1.5x, https:\/\/i0.wp.com\/vynz100photo.fr\/blog\/wp-content\/uploads\/2017\/05\/20170412-IMG_3481.jpg?fit=1024%2C683&ssl=1&resize=700%2C400 2x"},"classes":[]},{"id":4744,"url":"https:\/\/vynz100photo.fr\/blog\/voyages\/aux-etats-unis\/","url_meta":{"origin":1804,"position":3},"title":"Aux Etats Unis&#8230;","author":"Vincent","date":"28 avril 2019","format":false,"excerpt":"Quelques voyages que nous pouvons faire dans cet immense pays, o\u00f9 nous vivons depuis ao\u00fbt 2018... Une visite en plein hiver dans le Wisconsin, un voyage aux allures de road-trip dans le sud vers Savannah et Charleston...","rel":"","context":"Article similaire","block_context":{"text":"Article similaire","link":""},"img":{"alt_text":"","src":"","width":0,"height":0},"classes":[]},{"id":4748,"url":"https:\/\/vynz100photo.fr\/blog\/15-25-avril-2019-en-route-vers-deep-south\/","url_meta":{"origin":1804,"position":4},"title":"15-25 avril 2019 &#8211; En route vers le Deep South!","author":"Vincent","date":"28 avril 2019","format":false,"excerpt":"Un voyage en voiture qui nous fera traverser plusieurs Etats, de l'Illinois \u00e0 la G\u00e9orgie, en passant par l'Indiana, le Kentucky, le Tennessee, la Caroline du Nord et la Caroline du Sud! Au programme, un long trajet un peu contrari\u00e9 pour une premi\u00e8re pause nature dans les Smoky Mountains, \u00e0\u2026","rel":"","context":"Article similaire","block_context":{"text":"Article similaire","link":""},"img":{"alt_text":"","src":"","width":0,"height":0},"classes":[]},{"id":4319,"url":"https:\/\/vynz100photo.fr\/blog\/voyages\/voyage-en-terre-australe-lafrique-du-sud\/7-10-avril-dans-les-collines-de-citrusdal-cederberg\/","url_meta":{"origin":1804,"position":5},"title":"7-10 avril: dans les collines de Citrusdal (Cederberg)","author":"Vincent","date":"28 mai 2017","format":false,"excerpt":"Vendredi 7 avril 2017 - l'arriv\u00e9e Apr\u00e8s 9h30 de vol (Qatar Airways, le plus court), on arrive enfin \u00e0 l'a\u00e9roport de Capetown (ou Le Cap). Le temps de passer les formalit\u00e9s administratives, de prendre la voiture de location (qui est plus petite que pr\u00e9vue et donc tr\u00e8s bien remplie), et\u2026","rel":"","context":"Article similaire","block_context":{"text":"Article similaire","link":""},"img":{"alt_text":"","src":"https:\/\/i0.wp.com\/vynz100photo.fr\/blog\/wp-content\/uploads\/2017\/05\/20170407-IMG_2864.jpg?resize=350%2C200","width":350,"height":200,"srcset":"https:\/\/i0.wp.com\/vynz100photo.fr\/blog\/wp-content\/uploads\/2017\/05\/20170407-IMG_2864.jpg?resize=350%2C200 1x, https:\/\/i0.wp.com\/vynz100photo.fr\/blog\/wp-content\/uploads\/2017\/05\/20170407-IMG_2864.jpg?resize=525%2C300 1.5x, https:\/\/i0.wp.com\/vynz100photo.fr\/blog\/wp-content\/uploads\/2017\/05\/20170407-IMG_2864.jpg?resize=700%2C400 2x"},"classes":[]}],"_links":{"self":[{"href":"https:\/\/vynz100photo.fr\/blog\/wp-json\/wp\/v2\/pages\/1804","targetHints":{"allow":["GET"]}}],"collection":[{"href":"https:\/\/vynz100photo.fr\/blog\/wp-json\/wp\/v2\/pages"}],"about":[{"href":"https:\/\/vynz100photo.fr\/blog\/wp-json\/wp\/v2\/types\/page"}],"author":[{"embeddable":true,"href":"https:\/\/vynz100photo.fr\/blog\/wp-json\/wp\/v2\/users\/1"}],"replies":[{"embeddable":true,"href":"https:\/\/vynz100photo.fr\/blog\/wp-json\/wp\/v2\/comments?post=1804"}],"version-history":[{"count":0,"href":"https:\/\/vynz100photo.fr\/blog\/wp-json\/wp\/v2\/pages\/1804\/revisions"}],"up":[{"embeddable":true,"href":"https:\/\/vynz100photo.fr\/blog\/wp-json\/wp\/v2\/pages\/624"}],"wp:featuredmedia":[{"embeddable":true,"href":"https:\/\/vynz100photo.fr\/blog\/wp-json\/wp\/v2\/media\/2884"}],"wp:attachment":[{"href":"https:\/\/vynz100photo.fr\/blog\/wp-json\/wp\/v2\/media?parent=1804"}],"curies":[{"name":"wp","href":"https:\/\/api.w.org\/{rel}","templated":true}]}}